{"id":1809,"date":"2018-01-23T09:38:10","date_gmt":"2018-01-23T09:38:10","guid":{"rendered":"https:\/\/museutapies.org\/?page_id=1809"},"modified":"2018-01-23T09:38:10","modified_gmt":"2018-01-23T09:38:10","slug":"2007-2009","status":"publish","type":"page","link":"https:\/\/museutapies.org\/en\/biography\/2007-2009\/","title":{"rendered":"2007-2009"},"content":{"rendered":"<p class=\"spip\"><strong class=\"spip\">2007<\/strong><br \/>\nEMMA-Espoo Museum of Modern Art is having the first retrospective exhibition of Antoni T\u00e0pies in Finland. To mark the occasion the catalogue\u00a0<i class=\"spip\">Antoni T\u00e0pies<\/i>\u00a0is to be published. On 5 November, the Fundaci\u00f3 Antoni T\u00e0pies presents the portfolio\u00a0<i class=\"spip\">7 poemes a Antoni T\u00e0pies<\/i>(7 poems to Antoni T\u00e0pies), with poems by Jordi Carri\u00f3 and a print by Antoni T\u00e0pies. The exhibition\u00a0<i class=\"spip\">T\u00e0pies Posters and the Public Sphere<\/i>, organised by the Fundaci\u00f3 Antoni T\u00e0pies, tours to the Cervantes Institute, Madrid, and to the Museu Valenci\u00e0 de la Il\u00b7lustraci\u00f3 i de la Modernitat (MuVIM) in Valencia.<\/p>\n<p>&nbsp;<\/p>\n<p class=\"spip\"><strong class=\"spip\">2008<\/strong><br \/>\nIn February, two almost simultaneous exhibitions \u2013 Galeria Toni T\u00e0pies, Barcelona, and Waddington Galleries, London \u2013 present the artist\u2019s most recent work, produced in his studios in Barcelona and Campins during spring and summer 2007. The retrospective exhibition\u00a0<i class=\"spip\">T\u00e0pies Posters and the Public Sphere<\/i>\u00a0tours to the Cervantes Institutes in Toulouse, Prague and Berlin. In May, Galerie Lelong, Zurich, exhibits a selection of drawings and sketches from the nineteen nineties and the present decade. At the end of November, an amended version of the exhibition tours to Galerie Lelong, Paris. In December, Galer\u00eda Soledad Lorenzo, Madrid, has an exhibition of the work produced by the artist during the summer in Campins. To mark the occasion of the artist\u2019s 85th birthday, D. Sam Abrams, Jordi Carri\u00f3, Marc Cuixart and Enric Satu\u00e9 have edited the portfolio\u00a0<i class=\"spip\">T\u00e0pies escriu<\/i>\u00a0(T\u00e0pies writes), with a selection of texts by Antoni T\u00e0pies and prints by Antoni Llena, Soledad Sevilla, Manel Esclusa, Pere Formiguera, Joan Fontcuberta and Eul\u00e0lia Valldosera. The portfolio will be presented on 13 December in the Auditorium of the Foment de les Arts i del Disseny (FAD).<\/p>\n<p>&nbsp;<\/p>\n<p class=\"spip\"><strong class=\"spip\">2009<\/strong><br \/>\nXavier Antich publishes the book Antoni T\u00e0pies.\u00a0<i class=\"spip\">En blanc i negre (1955-2003). Assaigs<\/i>, an anthology of texts by T\u00e0pies previously published in\u00a0<i class=\"spip\">La pr\u00e0ctica de l\u2019art<\/i>\u00a0(1970),\u00a0<i class=\"spip\">L\u2019art contra l\u2019est\u00e8tica<\/i>\u00a0(1974),\u00a0<i class=\"spip\">La realitat com a art<\/i>\u00a0(1982),\u00a0<i class=\"spip\">Per un art modern i progressista<\/i>\u00a0(1985),\u00a0<i class=\"spip\">Valor de l\u2019art<\/i>\u00a0(1993) i\u00a0<i class=\"spip\">L\u2019art i els seus llocs<\/i>\u00a0(1999). The book also includes an interview with Jean-Louis Andral, realised in Barcelona in 2002, and a text rewritten by the artist on the occasion of the award ceremony of the Premio Vel\u00e1zquez de Artes Pl\u00e1sticas in 2003. Together with Indiana University Press, the Fundaci\u00f3 Antoni T\u00e0pies publishes\u00a0<i class=\"spip\">A Personal Memoir. Fragments for an Autobiography (Complete Writings. Volume I)<\/i>, the first English version of the book by Antoni T\u00e0pies\u00a0<i class=\"spip\">Mem\u00f2ria personal. Fragment per a una autobiografia<\/i>\u00a0(1977), and the first volume of the artist\u2019s complete written works. The publication presents T\u00e0pies\u2019 memoirs, together with historical illustrations from various sources, including his own and his family\u2019s private archives, a chronology and a selection of works that show the development of T\u00e0pies\u2019 artistic language from the 1940s to today. From May to October, the exhibition\u00a0<i class=\"spip\">Antoni T\u00e0pies: The Resources of Rhetoric<\/i>\u00a0will be at the Dia: Beacon, New York. He participates in the visual creation of\u00a0<i class=\"spip\">Event (2009)<\/i>, presented by the Merce Cunningham Dance Company at the Mercat de les Flors, with five works from the Fundaci\u00f3 Antoni T\u00e0pies\u2019 Collection. Xavier Barral i Altet publishes Abecedari T\u00e0pies. The exhibition\u00a0<i class=\"spip\">Antoni T\u00e0pies: Materia e tempo<\/i>\u00a0opens at the MARCA Museum in Catanzaro.<\/p>\n","protected":false},"excerpt":{"rendered":"<p>2007 EMMA-Espoo Museum of Modern Art is having the first retrospective exhibition of Antoni T\u00e0pies in Finland. To mark the [&hellip;]<\/p>\n","protected":false},"author":1,"featured_media":1685,"parent":1265,"menu_order":21,"comment_status":"closed","ping_status":"closed","template":"template_sense-menu-lateral.php","meta":{"footnotes":""},"acf":[],"yoast_head":"<!-- This site is optimized with the Yoast SEO plugin v20.11 - https:\/\/yoast.com\/wordpress\/plugins\/seo\/ -->\n<title>2007-2009 - Museu T\u00e0pies<\/title>\n<meta name=\"robots\" content=\"index, follow, max-snippet:-1, max-image-preview:large, max-video-preview:-1\" \/>\n<meta property=\"og:locale\" content=\"en_US\" \/>\n<meta property=\"og:type\" content=\"article\" \/>\n<meta property=\"og:title\" content=\"2007-2009 - Museu T\u00e0pies\" \/>\n<meta property=\"og:description\" content=\"2007 EMMA-Espoo Museum of Modern Art is having the first retrospective exhibition of Antoni T\u00e0pies in Finland. To mark the [&hellip;]\" \/>\n<meta property=\"og:url\" content=\"https:\/\/museutapies.org\/en\/biography\/2007-2009\/\" \/>\n<meta property=\"og:site_name\" content=\"Museu T\u00e0pies\" \/>\n<meta property=\"article:publisher\" content=\"https:\/\/www.facebook.com\/museutapies\" \/>\n<meta property=\"og:image\" content=\"https:\/\/museutapies.org\/wp-content\/uploads\/2018\/01\/AT_2007-09-e1517244456110.jpg\" \/>\n\t<meta property=\"og:image:width\" content=\"2326\" \/>\n\t<meta property=\"og:image:height\" content=\"1595\" \/>\n\t<meta property=\"og:image:type\" content=\"image\/jpeg\" \/>\n<meta name=\"twitter:card\" content=\"summary_large_image\" \/>\n<meta name=\"twitter:label1\" content=\"Est. reading time\" \/>\n\t<meta name=\"twitter:data1\" content=\"3 minutes\" \/>\n<script type=\"application\/ld+json\" class=\"yoast-schema-graph\">{\"@context\":\"https:\/\/schema.org\",\"@graph\":[{\"@type\":\"WebPage\",\"@id\":\"https:\/\/museutapies.org\/en\/biography\/2007-2009\/\",\"url\":\"https:\/\/museutapies.org\/en\/biography\/2007-2009\/\",\"name\":\"2007-2009 - Museu T\u00e0pies\",\"isPartOf\":{\"@id\":\"https:\/\/museutapies.org\/en\/#website\"},\"datePublished\":\"2018-01-23T09:38:10+00:00\",\"dateModified\":\"2018-01-23T09:38:10+00:00\",\"breadcrumb\":{\"@id\":\"https:\/\/museutapies.org\/en\/biography\/2007-2009\/#breadcrumb\"},\"inLanguage\":\"en-US\",\"potentialAction\":[{\"@type\":\"ReadAction\",\"target\":[\"https:\/\/museutapies.org\/en\/biography\/2007-2009\/\"]}]},{\"@type\":\"BreadcrumbList\",\"@id\":\"https:\/\/museutapies.org\/en\/biography\/2007-2009\/#breadcrumb\",\"itemListElement\":[{\"@type\":\"ListItem\",\"position\":1,\"name\":\"Biography\",\"item\":\"https:\/\/museutapies.org\/en\/biography\/\"},{\"@type\":\"ListItem\",\"position\":2,\"name\":\"2007-2009\"}]},{\"@type\":\"WebSite\",\"@id\":\"https:\/\/museutapies.org\/en\/#website\",\"url\":\"https:\/\/museutapies.org\/en\/\",\"name\":\"Museu T\u00e0pies\",\"description\":\"\",\"publisher\":{\"@id\":\"https:\/\/museutapies.org\/en\/#organization\"},\"potentialAction\":[{\"@type\":\"SearchAction\",\"target\":{\"@type\":\"EntryPoint\",\"urlTemplate\":\"https:\/\/museutapies.org\/en\/?s={search_term_string}\"},\"query-input\":\"required name=search_term_string\"}],\"inLanguage\":\"en-US\"},{\"@type\":\"Organization\",\"@id\":\"https:\/\/museutapies.org\/en\/#organization\",\"name\":\"Museu T\u00e0pies\",\"url\":\"https:\/\/museutapies.org\/en\/\",\"logo\":{\"@type\":\"ImageObject\",\"inLanguage\":\"en-US\",\"@id\":\"https:\/\/museutapies.org\/en\/#\/schema\/logo\/image\/\",\"url\":\"https:\/\/museutapies.org\/wp-content\/uploads\/2024\/07\/mta.png\",\"contentUrl\":\"https:\/\/museutapies.org\/wp-content\/uploads\/2024\/07\/mta.png\",\"width\":244,\"height\":110,\"caption\":\"Museu T\u00e0pies\"},\"image\":{\"@id\":\"https:\/\/museutapies.org\/en\/#\/schema\/logo\/image\/\"},\"sameAs\":[\"https:\/\/www.facebook.com\/museutapies\",\"https:\/\/www.instagram.com\/museutapies\/\",\"https:\/\/www.youtube.com\/channel\/UCPi65HBb48RMeoa12lR51cQ\",\"https:\/\/x.com\/MuseuTapies\"]}]}<\/script>\n<!-- \/ Yoast SEO plugin. -->","yoast_head_json":{"title":"2007-2009 - Museu T\u00e0pies","robots":{"index":"index","follow":"follow","max-snippet":"max-snippet:-1","max-image-preview":"max-image-preview:large","max-video-preview":"max-video-preview:-1"},"og_locale":"en_US","og_type":"article","og_title":"2007-2009 - Museu T\u00e0pies","og_description":"2007 EMMA-Espoo Museum of Modern Art is having the first retrospective exhibition of Antoni T\u00e0pies in Finland. To mark the [&hellip;]","og_url":"https:\/\/museutapies.org\/en\/biography\/2007-2009\/","og_site_name":"Museu T\u00e0pies","article_publisher":"https:\/\/www.facebook.com\/museutapies","og_image":[{"width":2326,"height":1595,"url":"https:\/\/museutapies.org\/wp-content\/uploads\/2018\/01\/AT_2007-09-e1517244456110.jpg","type":"image\/jpeg"}],"twitter_card":"summary_large_image","twitter_misc":{"Est. reading time":"3 minutes"},"schema":{"@context":"https:\/\/schema.org","@graph":[{"@type":"WebPage","@id":"https:\/\/museutapies.org\/en\/biography\/2007-2009\/","url":"https:\/\/museutapies.org\/en\/biography\/2007-2009\/","name":"2007-2009 - Museu T\u00e0pies","isPartOf":{"@id":"https:\/\/museutapies.org\/en\/#website"},"datePublished":"2018-01-23T09:38:10+00:00","dateModified":"2018-01-23T09:38:10+00:00","breadcrumb":{"@id":"https:\/\/museutapies.org\/en\/biography\/2007-2009\/#breadcrumb"},"inLanguage":"en-US","potentialAction":[{"@type":"ReadAction","target":["https:\/\/museutapies.org\/en\/biography\/2007-2009\/"]}]},{"@type":"BreadcrumbList","@id":"https:\/\/museutapies.org\/en\/biography\/2007-2009\/#breadcrumb","itemListElement":[{"@type":"ListItem","position":1,"name":"Biography","item":"https:\/\/museutapies.org\/en\/biography\/"},{"@type":"ListItem","position":2,"name":"2007-2009"}]},{"@type":"WebSite","@id":"https:\/\/museutapies.org\/en\/#website","url":"https:\/\/museutapies.org\/en\/","name":"Museu T\u00e0pies","description":"","publisher":{"@id":"https:\/\/museutapies.org\/en\/#organization"},"potentialAction":[{"@type":"SearchAction","target":{"@type":"EntryPoint","urlTemplate":"https:\/\/museutapies.org\/en\/?s={search_term_string}"},"query-input":"required name=search_term_string"}],"inLanguage":"en-US"},{"@type":"Organization","@id":"https:\/\/museutapies.org\/en\/#organization","name":"Museu T\u00e0pies","url":"https:\/\/museutapies.org\/en\/","logo":{"@type":"ImageObject","inLanguage":"en-US","@id":"https:\/\/museutapies.org\/en\/#\/schema\/logo\/image\/","url":"https:\/\/museutapies.org\/wp-content\/uploads\/2024\/07\/mta.png","contentUrl":"https:\/\/museutapies.org\/wp-content\/uploads\/2024\/07\/mta.png","width":244,"height":110,"caption":"Museu T\u00e0pies"},"image":{"@id":"https:\/\/museutapies.org\/en\/#\/schema\/logo\/image\/"},"sameAs":["https:\/\/www.facebook.com\/museutapies","https:\/\/www.instagram.com\/museutapies\/","https:\/\/www.youtube.com\/channel\/UCPi65HBb48RMeoa12lR51cQ","https:\/\/x.com\/MuseuTapies"]}]}},"_links":{"self":[{"href":"https:\/\/museutapies.org\/en\/wp-json\/wp\/v2\/pages\/1809"}],"collection":[{"href":"https:\/\/museutapies.org\/en\/wp-json\/wp\/v2\/pages"}],"about":[{"href":"https:\/\/museutapies.org\/en\/wp-json\/wp\/v2\/types\/page"}],"author":[{"embeddable":true,"href":"https:\/\/museutapies.org\/en\/wp-json\/wp\/v2\/users\/1"}],"replies":[{"embeddable":true,"href":"https:\/\/museutapies.org\/en\/wp-json\/wp\/v2\/comments?post=1809"}],"version-history":[{"count":1,"href":"https:\/\/museutapies.org\/en\/wp-json\/wp\/v2\/pages\/1809\/revisions"}],"predecessor-version":[{"id":1810,"href":"https:\/\/museutapies.org\/en\/wp-json\/wp\/v2\/pages\/1809\/revisions\/1810"}],"up":[{"embeddable":true,"href":"https:\/\/museutapies.org\/en\/wp-json\/wp\/v2\/pages\/1265"}],"wp:featuredmedia":[{"embeddable":true,"href":"https:\/\/museutapies.org\/en\/wp-json\/wp\/v2\/media\/1685"}],"wp:attachment":[{"href":"https:\/\/museutapies.org\/en\/wp-json\/wp\/v2\/media?parent=1809"}],"curies":[{"name":"wp","href":"https:\/\/api.w.org\/{rel}","templated":true}]}}