{"id":31868,"date":"2024-02-20T16:06:23","date_gmt":"2024-02-20T16:06:23","guid":{"rendered":"https:\/\/museutapies.org\/?post_type=tribe_events&#038;p=31868"},"modified":"2024-11-26T15:26:53","modified_gmt":"2024-11-26T14:26:53","slug":"antoni-tapies-suitcase","status":"publish","type":"tribe_events","link":"https:\/\/museutapies.org\/en\/event\/antoni-tapies-suitcase\/","title":{"rendered":"Antoni T\u00e0pies\u2019 Suitcase"},"content":{"rendered":"<p><img loading=\"lazy\" decoding=\"async\" class=\"alignnone size-full wp-image-31577\" src=\"https:\/\/museutapies.org\/wp-content\/uploads\/2024\/02\/Les-maletes-de-Tapies-Fundacio-Antoni-Tapies-Any-Tapies.png\" alt=\"\" width=\"761\" height=\"526\" srcset=\"https:\/\/museutapies.org\/wp-content\/uploads\/2024\/02\/Les-maletes-de-Tapies-Fundacio-Antoni-Tapies-Any-Tapies.png 761w, https:\/\/museutapies.org\/wp-content\/uploads\/2024\/02\/Les-maletes-de-Tapies-Fundacio-Antoni-Tapies-Any-Tapies-500x346.png 500w, https:\/\/museutapies.org\/wp-content\/uploads\/2024\/02\/Les-maletes-de-Tapies-Fundacio-Antoni-Tapies-Any-Tapies-380x263.png 380w, https:\/\/museutapies.org\/wp-content\/uploads\/2024\/02\/Les-maletes-de-Tapies-Fundacio-Antoni-Tapies-Any-Tapies-600x415.png 600w\" sizes=\"(max-width: 761px) 100vw, 761px\" \/><\/p>\n<p>&nbsp;<\/p>\n<p><span style=\"font-weight: 400\">Antoni T\u00e0pies had two studios: one in Barcelona, on Carrer Saragossa, and the other in Campins, in the Montseny. The house-studio in Barcelona was designed by architect J. A. Coderch following the artist\u2019s requirements in terms of materials and the sober and calm environment he needed. The Campins farmhouse was acquired by the family in 1960 and was used, mainly in the summer months, as a retreat to escape the distractions of the city.<\/span><\/p>\n<p><span style=\"font-weight: 400\">When T\u00e0pies moved from one place to another, he carried with him a suitcase full of vinyl records, which were swapped and reviewed depending on personal interests and the musical fashions of the moment. Although T\u00e0pies did not mix his activities, that is, when he painted, he painted, and when he listened to music, he listened to music, from a very early age music had been his passion.<\/span><\/p>\n<p><span style=\"font-weight: 400\">After the artist\u2019s death, Miquel T\u00e0pies, his youngest son, listed the contents of one of the suitcases with the aim of generating an anthology of twentieth-century classics: Webern, Schoenberg, Scelsci, Ligeti, Xenakis, Feldman, Cage, Boulez\u2026<\/span><\/p>\n<p><span style=\"font-weight: 400\">As part of the celebration of the centenary of the birth of Antoni T\u00e0pies (<\/span><a href=\"https:\/\/museutapies.org\/en\/tapies-year\/\"><span style=\"font-weight: 400\">T\u00e0pies&#8217; Year<\/span><\/a><span style=\"font-weight: 400\">), the <\/span><a href=\"https:\/\/www.esmuc.cat\/\"><span style=\"font-weight: 400\">Escola Superior de M\u00fasica de Catalunya (ESMUC)<\/span><\/a><span style=\"font-weight: 400\"> is collaborating with Museu T\u00e0pies to stage a series of live performances in front of Tapies&#8217; works in othen institiutions. The cycle is titled <\/span><i><span style=\"font-weight: 400\">Antoni T\u00e0pies\u2019 Suitcase<\/span><\/i><span style=\"font-weight: 400\">, and features the work <\/span><i><span style=\"font-weight: 400\">Hyxos<\/span><\/i><span style=\"font-weight: 400\"> by Giacinto Scelsi, performed by ESMUC students.<\/span><\/p>\n<p>&nbsp;<\/p>\n<p><span style=\"text-decoration: underline\"><strong>Upcoming Performances<\/strong><\/span><\/p>\n<p>&nbsp;<\/p>\n<p>. December 11, 2024, at 7 p.m., the action will take place at the Museu T\u00e0pies<\/p>\n<p>&nbsp;<\/p>\n<p><span style=\"text-decoration: underline\"><strong>Programme of Performances<\/strong><\/span><\/p>\n<p>&nbsp;<\/p>\n<p>\u00b7 <span style=\"font-weight: 400\">13 December 2023, at 14 h, in the <strong>Parliament of Catalonia<\/strong>, the first performance of the cycle took place before the work <\/span><i><span style=\"font-weight: 400\">7 de novembre<\/span><\/i><span style=\"font-weight: 400\">, by Antoni T\u00e0pies. The event coincided with the start of the T\u00e0pies Centenary Year activities.<\/span><\/p>\n<p>\u00b7 <span style=\"font-weight: 400\">22 December 2023,\u00a0 in front of the work by Antoni T\u00e0pies titled <\/span><i><span style=\"font-weight: 400\">Complement<\/span><\/i><span style=\"font-weight: 400\">, exhibited in the <strong>Barcelona City Council<\/strong>.<\/span><\/p>\n<p>\u00b7\u00a0<span style=\"font-weight: 400\">12 January 2024, in front of the work by Antoni T\u00e0pies titled <\/span><i><span style=\"font-weight: 400\">Les quatre cr\u00f2niques<\/span><\/i><span style=\"font-weight: 400\">, in <strong>Palau de la Generalitat<\/strong>.<\/span><\/p>\n<p>\u00b7\u00a0<span style=\"font-weight: 400\">25 February 2024, at the <strong>Museu de Sant Boi<\/strong>, in front of the work by Antoni T\u00e0pies titled <\/span><i><span style=\"font-weight: 400\">11 de setembre<\/span><\/i><span style=\"font-weight: 400\">.<\/span><\/p>\n<p><span style=\"font-weight: 400\">\u00b7 4 March 2024, in <em>Sala de Reflexi\u00f3,<\/em> a work by Antoni T\u00e0pies, in <strong>Universitat Pompeu Fabra (UPF)<\/strong>, Barcelona (Campus de la Ciutadella, Carrer Ramon Trias Fargas, 25-27).\u00a0<\/span><\/p>\n<p>\u00b7 31 May 2024, at 7:30 p.m., at <strong>Museu de Valls<\/strong>, on the occasion of the &#8220;Antoni T\u00e0pies. Intervening Bronzes (1987-1989)&#8221; exhibition.<\/p>\n<p>\u00b7 21 June 2024, at 1.30 p.m., at the <strong>Institut Fran\u00e7ais<\/strong> in Barcelona.<\/p>\n<p>\u00b7 September 24, 2024, at 12 m. and 12:30 p.m., the performance will take place at the <strong>Recinte modernista de Sant Pau<\/strong> in Barcelona, featuring the participation of the Victoria de los \u00c1ngeles Foundation, <span style=\"font-weight: 400\">in front of the work by Antoni T\u00e0pies titled <em>Painted and Scraped Wood<\/em><\/span><span style=\"font-weight: 400\">.<\/span><\/p>\n<p>\u00b7 September 26, 2024, at 18.30 p.m., the performance will take place at the <strong>Museu d&#8217;Art Contemporani de Barcelona<\/strong>, in front of T\u00e0pies&#8217; <i><a href=\"https:\/\/www.macba.cat\/ca\/obra\/r1938-paisatge-blanc-i-negre-i\/\" target=\"_BLANK\" rel=\"noopener\">Paisatge blanc i negre I<\/a><\/i> (1985) and <i><a href=\"https:\/\/www.macba.cat\/ca\/obra\/r0660-dues-creus-negres\/\" target=\"_BLANK\" rel=\"noopener\">Dues creus negres<\/a><\/i> (1973), at the exhibition <a href=\"https:\/\/www.macba.cat\/ca\/exposicions\/colleccio-macba-preludi-intencio-poetica\/\" target=\"_BLANK\" rel=\"noopener\"><i>Col\u00b7lecci\u00f3 MACBA: Preludi. Intenci\u00f3 po\u00e8tica<\/i><\/a>.<\/p>\n<p>\u00b7 <strong>October 17, 2024<\/strong>, at <strong>18.30 p.m<\/strong>., the action was at the <strong>Fundaci\u00f3 Su\u00f1ol<\/strong> in Barcelona.<\/p>\n<p><strong>\u00b7 October 25, 2024<\/strong>, at<strong> 8 p.m<\/strong>., at the <strong>CCCB<\/strong> in Barcelona. Agn\u00e8s Varda had connections with and an interest in Catalan art. The CCCB exhibition includes, among other pieces, the Antoni T\u00e0pies painting\u00a0<em>Ocre-gris sobre marr\u00f3<\/em>\u00a0(Ochre-Grey over Brown, 1962), which dialogues with an excerpt from Varda\u2019s documentary film\u00a0<em>Les Glaneurs et la Glaneuse<\/em> (2004). In this film, Varda looks at the ceiling of her house, sees a damp patch, and says it reminds her of a work by T\u00e0pies. Concert by ESMUC students Juan Carlos Narvaez (alto flute) and \u00c1lvaro Ayuso (percussion) at the exhibition\u00a0<em>Agn\u00e8s Varda. Photograph, Film, Recycle<\/em>.<\/p>\n<p>\u00b7 <strong>November 18<\/strong>, 2024, at <strong>6:30 p.m.<\/strong>, performance at the Ateneu Barcelon\u00e8s. Sala Oriol Bohigas. Conversation between Imma Prieto, director of Museu T\u00e0pies, and Vicen\u00e7 Altay\u00f3, writer and art critic, moderated by Alba Font and B\u00e1rbara Astals. The musical pieces will be performed accompanied by the work entitled <em>Roig i Negre 2<\/em>, by Antoni T\u00e0pies, which is part of the artistic heritage of the Ateneu Barcelon\u00e8s. Concert with ESMUC students who will perform several musical works by the composer Alban Berg.<\/p>\n<p>\u00b7<strong> November 25, 2024<\/strong>, at <strong>8 p.m<\/strong>., at the<strong> Cercle del Liceu<\/strong>, in collaboration with the Lliga Jove del Cercle del Liceu.<\/p>\n<p>&nbsp;<\/p>\n<hr \/>\n<p>&nbsp;<\/p>\n<p><span style=\"text-decoration: underline\"><strong>List of records kept in the suitcase as noted by Miquel T\u00e0pies Barba<\/strong><\/span><\/p>\n<p>&nbsp;<\/p>\n<ul>\n<li><i><span style=\"font-weight: 400\">Contemporary piano music | <\/span><\/i><span style=\"font-weight: 400\">Hungaroton HCD 12659 | Klara Kormendi.<\/span><\/li>\n<li><span style=\"font-weight: 400\">Giacinto Scelsci | Wergo<\/span><i><span style=\"font-weight: 400\"> | Canti di capricornio.<\/span><\/i><\/li>\n<li><span style=\"font-weight: 400\">Iannis Xenakis <\/span><i><span style=\"font-weight: 400\">|<\/span><\/i><span style=\"font-weight: 400\"> WDR<\/span><i><span style=\"font-weight: 400\"> | Musique de chambre 1955-1990 | <\/span><\/i><span style=\"font-weight: 400\">Arditti String Quartet and Claude Helffer.<\/span><\/li>\n<li><span style=\"font-weight: 400\">Alban Berg | CBS<\/span><i><span style=\"font-weight: 400\"> | Three Orchestral Pieces, Op. 6 \u2013 Violin Concerto | <\/span><\/i><span style=\"font-weight: 400\">Pierre Boulez.<\/span><\/li>\n<li><span style=\"font-weight: 400\">Charles Ives | Wergo<\/span><i><span style=\"font-weight: 400\"> | Sonate fur Klavier No. 1<\/span><\/i><\/li>\n<li><span style=\"font-weight: 400\">Milton Babbitt | Harmonia Mundi<\/span><i><span style=\"font-weight: 400\"> | Piano Works | <\/span><\/i><span style=\"font-weight: 400\">Robert Taub.<\/span><\/li>\n<li><span style=\"font-weight: 400\">Arnold Schoenberg <\/span><i><span style=\"font-weight: 400\">| Ad\u00e8s | Pierrot Lunaire <\/span><\/i><span style=\"font-weight: 400\">\/<\/span><i><span style=\"font-weight: 400\"> Serenade | <\/span><\/i><span style=\"font-weight: 400\">Helga Pilarczyck.<\/span><\/li>\n<li><i><span style=\"font-weight: 400\"> Stockhausen | <\/span><\/i><span style=\"font-weight: 400\">Deutsche Grammophon | Suzane Stephens.<\/span><\/li>\n<li><i><span style=\"font-weight: 400\"> Xenakis | <\/span><\/i><span style=\"font-weight: 400\">Harmonia Mundi<\/span><i><span style=\"font-weight: 400\"> | Pl\u00e9iades | <\/span><\/i><span style=\"font-weight: 400\">Les Percussionistes de Strasbourg.<\/span><\/li>\n<li><span style=\"font-weight: 400\">Gurdjieff and Thomas de Hartmann<\/span><i><span style=\"font-weight: 400\"> | Journey to inaccessible places and other music | <\/span><\/i><span style=\"font-weight: 400\">Elan Sicroff.<\/span><\/li>\n<li><span style=\"font-weight: 400\">Charles Ives | CBS <\/span><i><span style=\"font-weight: 400\">| Symphony No. 3 and Orchestral Set No. 2 | <\/span><\/i><span style=\"font-weight: 400\">Michael Tilson Thomas and Concertgebouw Orchestra.<\/span><\/li>\n<li><i><span style=\"font-weight: 400\"> Berio | <\/span><\/i><span style=\"font-weight: 400\">Deutsche Grammophon<\/span><i><span style=\"font-weight: 400\"> | Coro | <\/span><\/i><span style=\"font-weight: 400\">K\u00f6lner Rundfunk-Sinfonie-Orchester.<\/span><\/li>\n<li><span style=\"font-weight: 400\">Antoine Tisn\u00e9<\/span><i><span style=\"font-weight: 400\"> | <\/span><\/i><span style=\"font-weight: 400\">Caliope<\/span><i><span style=\"font-weight: 400\"> | Ragas: Visions des temps imm\u00e9moriaux.<\/span><\/i><\/li>\n<li><span style=\"font-weight: 400\">Roberto Gerhard<\/span><i><span style=\"font-weight: 400\"> | <\/span><\/i><span style=\"font-weight: 400\">Auvidis<\/span><i><span style=\"font-weight: 400\"> | Symphony No. 4, New York and Metamorphosis (Symph. No. 2) | The plague <\/span><\/i><span style=\"font-weight: 400\">\/<\/span><i><span style=\"font-weight: 400\"> Epithalamion.<\/span><\/i><\/li>\n<li><span style=\"font-weight: 400\">Ligeti | Sony<\/span><i><span style=\"font-weight: 400\"> | Cello concerto, Piano concerto, Chamber concerto | <\/span><\/i><span style=\"font-weight: 400\">Ensemble Modern.<\/span><\/li>\n<li><span style=\"font-weight: 400\">Alban Berg | Accord<\/span><i><span style=\"font-weight: 400\"> | Portrait | <\/span><\/i><span style=\"font-weight: 400\">SIMC-IGNM.<\/span><\/li>\n<li><span style=\"font-weight: 400\">Lutoslawski | Naxos<\/span><i><span style=\"font-weight: 400\"> | Symphony No. 3<\/span><\/i><\/li>\n<li><span style=\"font-weight: 400\">Boulez | Wergo<\/span><i><span style=\"font-weight: 400\"> | Premi\u00e8re, deuxi\u00e8me et troisi\u00e8me sonate pour piano.<\/span><\/i><\/li>\n<li><span style=\"font-weight: 400\">Lutoslawski, Penderecki, Cage<\/span><i><span style=\"font-weight: 400\"> | <\/span><\/i><span style=\"font-weight: 400\">Deutsche Grammophon <\/span><i><span style=\"font-weight: 400\">| Mayuzumi | <\/span><\/i><span style=\"font-weight: 400\">LaSalle Quartet.<\/span><\/li>\n<li><i><span style=\"font-weight: 400\"> Xenakis\/Messiaen | <\/span><\/i><span style=\"font-weight: 400\">Denon | Yuji Takahashi.<\/span><\/li>\n<li><span style=\"font-weight: 400\">Pierre Boulez | Harmonia Mundi<\/span><i><span style=\"font-weight: 400\"> | Domaines | <\/span><\/i><span style=\"font-weight: 400\">Michel Portal, Diego Masson.<\/span><\/li>\n<\/ul>\n<p>&nbsp;<\/p>\n<p><span style=\"font-weight: 400;font-size: 10pt\">[Photograph: Performance at Barcelona City Council.]<\/span><\/p>\n","protected":false},"excerpt":{"rendered":"<p>As part of the celebration of the T\u00e0pies&#8217; Year, ESMUC is collaborating with the Museu T\u00e0pies to stage a series of live performances.<\/p>\n","protected":false},"author":3,"featured_media":31578,"comment_status":"closed","ping_status":"closed","template":"","meta":{"_tribe_events_status":"","_tribe_events_status_reason":"","_tribe_events_is_hybrid":"","_tribe_events_is_virtual":"","_tribe_events_virtual_video_source":"","_tribe_events_virtual_embed_video":"","_tribe_events_virtual_linked_button_text":"","_tribe_events_virtual_linked_button":"","_tribe_events_virtual_show_embed_at":"","_tribe_events_virtual_show_embed_to":[],"_tribe_events_virtual_show_on_event":"","_tribe_events_virtual_show_on_views":"","_tribe_events_virtual_url":"","footnotes":""},"tags":[],"tribe_events_cat":[5770],"acf":[],"yoast_head":"<!-- This site is optimized with the Yoast SEO plugin v20.11 - https:\/\/yoast.com\/wordpress\/plugins\/seo\/ -->\n<title>Antoni T\u00e0pies\u2019 Suitcase - Museu T\u00e0pies<\/title>\n<meta name=\"description\" content=\"As part of the celebration of the T\u00e0pies&#039; Year, ESMUC is collaborating with the Museu T\u00e0pies to stage a series of live performances.\" \/>\n<meta name=\"robots\" content=\"index, follow, max-snippet:-1, max-image-preview:large, max-video-preview:-1\" \/>\n<meta property=\"og:locale\" content=\"en_US\" \/>\n<meta property=\"og:type\" content=\"article\" \/>\n<meta property=\"og:title\" content=\"Antoni T\u00e0pies\u2019 Suitcase - Museu T\u00e0pies\" \/>\n<meta property=\"og:description\" content=\"As part of the celebration of the T\u00e0pies&#039; Year, ESMUC is collaborating with the Museu T\u00e0pies to stage a series of live performances.\" \/>\n<meta property=\"og:url\" content=\"https:\/\/museutapies.org\/en\/event\/antoni-tapies-suitcase\/\" \/>\n<meta property=\"og:site_name\" content=\"Museu T\u00e0pies\" \/>\n<meta property=\"article:publisher\" content=\"https:\/\/www.facebook.com\/museutapies\" \/>\n<meta property=\"article:modified_time\" content=\"2024-11-26T14:26:53+00:00\" \/>\n<meta property=\"og:image\" content=\"https:\/\/museutapies.org\/wp-content\/uploads\/2024\/02\/Les-maletes-de-Tapies-Fundacio-Antoni-Tapies-Any-Tapies.png\" \/>\n\t<meta property=\"og:image:width\" content=\"761\" \/>\n\t<meta property=\"og:image:height\" content=\"526\" \/>\n\t<meta property=\"og:image:type\" content=\"image\/png\" \/>\n<meta name=\"twitter:card\" content=\"summary_large_image\" \/>\n<meta name=\"twitter:label1\" content=\"Est. reading time\" \/>\n\t<meta name=\"twitter:data1\" content=\"6 minutes\" \/>\n<script type=\"application\/ld+json\" class=\"yoast-schema-graph\">{\"@context\":\"https:\/\/schema.org\",\"@graph\":[{\"@type\":\"WebPage\",\"@id\":\"https:\/\/museutapies.org\/en\/event\/antoni-tapies-suitcase\/\",\"url\":\"https:\/\/museutapies.org\/en\/event\/antoni-tapies-suitcase\/\",\"name\":\"Antoni T\u00e0pies\u2019 Suitcase - Museu T\u00e0pies\",\"isPartOf\":{\"@id\":\"https:\/\/museutapies.org\/en\/#website\"},\"datePublished\":\"2024-02-20T16:06:23+00:00\",\"dateModified\":\"2024-11-26T14:26:53+00:00\",\"description\":\"As part of the celebration of the T\u00e0pies' Year, ESMUC is collaborating with the Museu T\u00e0pies to stage a series of live performances.\",\"breadcrumb\":{\"@id\":\"https:\/\/museutapies.org\/en\/event\/antoni-tapies-suitcase\/#breadcrumb\"},\"inLanguage\":\"en-US\",\"potentialAction\":[{\"@type\":\"ReadAction\",\"target\":[\"https:\/\/museutapies.org\/en\/event\/antoni-tapies-suitcase\/\"]}]},{\"@type\":\"BreadcrumbList\",\"@id\":\"https:\/\/museutapies.org\/en\/event\/antoni-tapies-suitcase\/#breadcrumb\",\"itemListElement\":[{\"@type\":\"ListItem\",\"position\":1,\"name\":\"Esdeveniments\",\"item\":\"https:\/\/museutapies.org\/agenda\/\"},{\"@type\":\"ListItem\",\"position\":2,\"name\":\"Antoni T\u00e0pies\u2019 Suitcase\"}]},{\"@type\":\"WebSite\",\"@id\":\"https:\/\/museutapies.org\/en\/#website\",\"url\":\"https:\/\/museutapies.org\/en\/\",\"name\":\"Museu T\u00e0pies\",\"description\":\"\",\"publisher\":{\"@id\":\"https:\/\/museutapies.org\/en\/#organization\"},\"potentialAction\":[{\"@type\":\"SearchAction\",\"target\":{\"@type\":\"EntryPoint\",\"urlTemplate\":\"https:\/\/museutapies.org\/en\/?s={search_term_string}\"},\"query-input\":\"required name=search_term_string\"}],\"inLanguage\":\"en-US\"},{\"@type\":\"Organization\",\"@id\":\"https:\/\/museutapies.org\/en\/#organization\",\"name\":\"Museu T\u00e0pies\",\"url\":\"https:\/\/museutapies.org\/en\/\",\"logo\":{\"@type\":\"ImageObject\",\"inLanguage\":\"en-US\",\"@id\":\"https:\/\/museutapies.org\/en\/#\/schema\/logo\/image\/\",\"url\":\"https:\/\/museutapies.org\/wp-content\/uploads\/2024\/07\/mta.png\",\"contentUrl\":\"https:\/\/museutapies.org\/wp-content\/uploads\/2024\/07\/mta.png\",\"width\":244,\"height\":110,\"caption\":\"Museu T\u00e0pies\"},\"image\":{\"@id\":\"https:\/\/museutapies.org\/en\/#\/schema\/logo\/image\/\"},\"sameAs\":[\"https:\/\/www.facebook.com\/museutapies\",\"https:\/\/www.instagram.com\/museutapies\/\",\"https:\/\/www.youtube.com\/channel\/UCPi65HBb48RMeoa12lR51cQ\",\"https:\/\/x.com\/MuseuTapies\"]}]}<\/script>\n<!-- \/ Yoast SEO plugin. -->","yoast_head_json":{"title":"Antoni T\u00e0pies\u2019 Suitcase - Museu T\u00e0pies","description":"As part of the celebration of the T\u00e0pies' Year, ESMUC is collaborating with the Museu T\u00e0pies to stage a series of live performances.","robots":{"index":"index","follow":"follow","max-snippet":"max-snippet:-1","max-image-preview":"max-image-preview:large","max-video-preview":"max-video-preview:-1"},"og_locale":"en_US","og_type":"article","og_title":"Antoni T\u00e0pies\u2019 Suitcase - Museu T\u00e0pies","og_description":"As part of the celebration of the T\u00e0pies' Year, ESMUC is collaborating with the Museu T\u00e0pies to stage a series of live performances.","og_url":"https:\/\/museutapies.org\/en\/event\/antoni-tapies-suitcase\/","og_site_name":"Museu T\u00e0pies","article_publisher":"https:\/\/www.facebook.com\/museutapies","article_modified_time":"2024-11-26T14:26:53+00:00","og_image":[{"width":761,"height":526,"url":"https:\/\/museutapies.org\/wp-content\/uploads\/2024\/02\/Les-maletes-de-Tapies-Fundacio-Antoni-Tapies-Any-Tapies.png","type":"image\/png"}],"twitter_card":"summary_large_image","twitter_misc":{"Est. reading time":"6 minutes"},"schema":{"@context":"https:\/\/schema.org","@graph":[{"@type":"WebPage","@id":"https:\/\/museutapies.org\/en\/event\/antoni-tapies-suitcase\/","url":"https:\/\/museutapies.org\/en\/event\/antoni-tapies-suitcase\/","name":"Antoni T\u00e0pies\u2019 Suitcase - Museu T\u00e0pies","isPartOf":{"@id":"https:\/\/museutapies.org\/en\/#website"},"datePublished":"2024-02-20T16:06:23+00:00","dateModified":"2024-11-26T14:26:53+00:00","description":"As part of the celebration of the T\u00e0pies' Year, ESMUC is collaborating with the Museu T\u00e0pies to stage a series of live performances.","breadcrumb":{"@id":"https:\/\/museutapies.org\/en\/event\/antoni-tapies-suitcase\/#breadcrumb"},"inLanguage":"en-US","potentialAction":[{"@type":"ReadAction","target":["https:\/\/museutapies.org\/en\/event\/antoni-tapies-suitcase\/"]}]},{"@type":"BreadcrumbList","@id":"https:\/\/museutapies.org\/en\/event\/antoni-tapies-suitcase\/#breadcrumb","itemListElement":[{"@type":"ListItem","position":1,"name":"Esdeveniments","item":"https:\/\/museutapies.org\/agenda\/"},{"@type":"ListItem","position":2,"name":"Antoni T\u00e0pies\u2019 Suitcase"}]},{"@type":"WebSite","@id":"https:\/\/museutapies.org\/en\/#website","url":"https:\/\/museutapies.org\/en\/","name":"Museu T\u00e0pies","description":"","publisher":{"@id":"https:\/\/museutapies.org\/en\/#organization"},"potentialAction":[{"@type":"SearchAction","target":{"@type":"EntryPoint","urlTemplate":"https:\/\/museutapies.org\/en\/?s={search_term_string}"},"query-input":"required name=search_term_string"}],"inLanguage":"en-US"},{"@type":"Organization","@id":"https:\/\/museutapies.org\/en\/#organization","name":"Museu T\u00e0pies","url":"https:\/\/museutapies.org\/en\/","logo":{"@type":"ImageObject","inLanguage":"en-US","@id":"https:\/\/museutapies.org\/en\/#\/schema\/logo\/image\/","url":"https:\/\/museutapies.org\/wp-content\/uploads\/2024\/07\/mta.png","contentUrl":"https:\/\/museutapies.org\/wp-content\/uploads\/2024\/07\/mta.png","width":244,"height":110,"caption":"Museu T\u00e0pies"},"image":{"@id":"https:\/\/museutapies.org\/en\/#\/schema\/logo\/image\/"},"sameAs":["https:\/\/www.facebook.com\/museutapies","https:\/\/www.instagram.com\/museutapies\/","https:\/\/www.youtube.com\/channel\/UCPi65HBb48RMeoa12lR51cQ","https:\/\/x.com\/MuseuTapies"]}]}},"_links":{"self":[{"href":"https:\/\/museutapies.org\/en\/wp-json\/wp\/v2\/tribe_events\/31868"}],"collection":[{"href":"https:\/\/museutapies.org\/en\/wp-json\/wp\/v2\/tribe_events"}],"about":[{"href":"https:\/\/museutapies.org\/en\/wp-json\/wp\/v2\/types\/tribe_events"}],"author":[{"embeddable":true,"href":"https:\/\/museutapies.org\/en\/wp-json\/wp\/v2\/users\/3"}],"replies":[{"embeddable":true,"href":"https:\/\/museutapies.org\/en\/wp-json\/wp\/v2\/comments?post=31868"}],"version-history":[{"count":38,"href":"https:\/\/museutapies.org\/en\/wp-json\/wp\/v2\/tribe_events\/31868\/revisions"}],"predecessor-version":[{"id":36964,"href":"https:\/\/museutapies.org\/en\/wp-json\/wp\/v2\/tribe_events\/31868\/revisions\/36964"}],"wp:featuredmedia":[{"embeddable":true,"href":"https:\/\/museutapies.org\/en\/wp-json\/wp\/v2\/media\/31578"}],"wp:attachment":[{"href":"https:\/\/museutapies.org\/en\/wp-json\/wp\/v2\/media?parent=31868"}],"wp:term":[{"taxonomy":"post_tag","embeddable":true,"href":"https:\/\/museutapies.org\/en\/wp-json\/wp\/v2\/tags?post=31868"},{"taxonomy":"tribe_events_cat","embeddable":true,"href":"https:\/\/museutapies.org\/en\/wp-json\/wp\/v2\/tribe_events_cat?post=31868"}],"curies":[{"name":"wp","href":"https:\/\/api.w.org\/{rel}","templated":true}]}}