{"id":32787,"date":"2024-03-25T10:48:49","date_gmt":"2024-03-25T10:48:49","guid":{"rendered":"https:\/\/museutapies.org\/?post_type=tribe_events&#038;p=32787"},"modified":"2024-04-08T12:06:23","modified_gmt":"2024-04-08T12:06:23","slug":"today-is-tapies-marcelo-exposito-anna-pacheco","status":"publish","type":"tribe_events","link":"https:\/\/museutapies.org\/en\/event\/today-is-tapies-marcelo-exposito-anna-pacheco\/","title":{"rendered":"Today is T\u00e0pies. Marcelo Exp\u00f3sito &#8211; Anna Pacheco"},"content":{"rendered":"<div class=\"load-turitop\" data-service=\"P83\" data-lang=\"en\" data-embed=\"button\">Tickets<\/div>\n<p>&nbsp;<\/p>\n<p><img loading=\"lazy\" decoding=\"async\" class=\"alignnone size-medium wp-image-32961\" src=\"https:\/\/museutapies.org\/wp-content\/uploads\/2024\/01\/Exposito-Pacheco-800x567.jpg\" alt=\"\" width=\"800\" height=\"567\" srcset=\"https:\/\/museutapies.org\/wp-content\/uploads\/2024\/01\/Exposito-Pacheco-800x567.jpg 800w, https:\/\/museutapies.org\/wp-content\/uploads\/2024\/01\/Exposito-Pacheco-900x638.jpg 900w, https:\/\/museutapies.org\/wp-content\/uploads\/2024\/01\/Exposito-Pacheco-768x544.jpg 768w, https:\/\/museutapies.org\/wp-content\/uploads\/2024\/01\/Exposito-Pacheco-1536x1088.jpg 1536w, https:\/\/museutapies.org\/wp-content\/uploads\/2024\/01\/Exposito-Pacheco-500x355.jpg 500w, https:\/\/museutapies.org\/wp-content\/uploads\/2024\/01\/Exposito-Pacheco-380x269.jpg 380w, https:\/\/museutapies.org\/wp-content\/uploads\/2024\/01\/Exposito-Pacheco-600x425.jpg 600w, https:\/\/museutapies.org\/wp-content\/uploads\/2024\/01\/Exposito-Pacheco.jpg 1632w\" sizes=\"(max-width: 800px) 100vw, 800px\" \/><\/p>\n<p>&nbsp;<\/p>\n<p>Organised by the Fundaci\u00f3 Antoni T\u00e0pies as part of the T\u00e0pies Centenary Year,<a href=\"https:\/\/museutapies.org\/en\/series\/today-its-tapies\/\"><em> Today is T\u00e0pies<\/em><\/a> is a series of transgenerational and interdisciplinary conversations conducted and moderated by the cultural journalist Rita Roig (Terrassa, 1997). The aim is to interpret T\u00e0pies\u2019 texts as a starting point for reflecting on current issues such as ecology, the right to self-determination, interculturality and political commitment in art.<\/p>\n<p>The words and ideas of the artist will be revisited during a series of thirteen sessions, with invited participants from different generations and diverse professional fields (culture, education, science, politics, environment, health and human sciences) helping to construct a polyphonic story that will be collected in the form of a podcast. Thanks to the collaboration of Catalunya R\u00e0dio, the podcast will allow us to experience the generated knowledge in another format and in another context.<\/p>\n<p>&nbsp;<\/p>\n<p><strong>CHAPTER 5. POLITICS, FREEDOM AND OTHER CONTRADICTIONS<\/strong><\/p>\n<p>\u2018It is often said that important culture is left wing\u2019, said T\u00e0pies. Before this affirmation, he wondered what type of left do we refer to when we make such assertions. Because, is culture intrinsically radical and transformative? Does the left really believe in a progressive and revolutionary art? In this conversation, Anna Pacheco and Marcelo Exp\u00f3sito will talk about ideology and aesthetics, the social function of art and what type of culture should we be fighting for to defend our social rights.<\/p>\n<p>&nbsp;<\/p>\n<p><strong>PARTICIPANTS<\/strong><\/p>\n<p><strong>Marcelo Exp\u00f3sito<\/strong> is an artist, political activist and cultural critic. His artwork has been shown in museums, festivals and art centres, and he is the author of around twenty articles, such as <em>Walter Benjamin, productivista <\/em>(2013), <em>Conversaci\u00f3n con Manuel Borja-Villel <\/em>(2015) and <em>Discursos plebeyos<\/em> (2019). As a political activist, for the last three decades he has participated in social movements for democratic radicalisation, in civil platforms such as the 15-M Movement, Real Democracy Now and Platform for People Affected by Mortgages (PAH). He was an elected member of the Cortes Generales (Spanish Parliament) from 2016 to 2019.<\/p>\n<p>&nbsp;<\/p>\n<p><strong>Anna Pacheco<\/strong> is a journalist and writer. Her articles focus on social issues such as housing, work, feminisms and popular culture from a class and gender perspective. She has contributed to publications such as <em>Vice, Playground, La Marea,<\/em> <em>El Pa\u00eds<\/em> and <em>El Diario<\/em>, and co-presents the programme <em>Ciberlocutorio<\/em> at Radio Primavera Sound. She has taken part in various anthologies, such as the feminist texts <em>Aqu\u00ed estamos<\/em> (2019) and is the author of the book <em>Listas, guapas, limpias<\/em> (2019).<\/p>\n<p>&nbsp;<\/p>\n<p><a href=\"https:\/\/museutapies.org\/en\/series\/today-its-tapies\/\"><em>Today is T\u00e0pies<\/em><\/a> programme<\/p>\n<p><a href=\"https:\/\/www.ccma.cat\/3cat\/avui-es-tapies\/\">Podcasts <\/a><em>Today is T\u00e0pies,<\/em> by Catalunya R\u00e0dio.<\/p>\n","protected":false},"excerpt":{"rendered":"<p>Fifth session of the programme: Politics, freedom and other contradictions <\/p>\n","protected":false},"author":3,"featured_media":32961,"comment_status":"closed","ping_status":"closed","template":"","meta":{"_tribe_events_status":"","_tribe_events_status_reason":"","_tribe_events_is_hybrid":"","_tribe_events_is_virtual":"","_tribe_events_virtual_video_source":"","_tribe_events_virtual_embed_video":"","_tribe_events_virtual_linked_button_text":"","_tribe_events_virtual_linked_button":"","_tribe_events_virtual_show_embed_at":"","_tribe_events_virtual_show_embed_to":[],"_tribe_events_virtual_show_on_event":"","_tribe_events_virtual_show_on_views":"","_tribe_events_virtual_url":"","footnotes":""},"tags":[],"tribe_events_cat":[5770],"acf":[],"yoast_head":"<!-- This site is optimized with the Yoast SEO plugin v20.11 - https:\/\/yoast.com\/wordpress\/plugins\/seo\/ -->\n<title>Today is T\u00e0pies. Marcelo Exp\u00f3sito - Anna Pacheco - Museu T\u00e0pies<\/title>\n<meta name=\"description\" content=\"Avui \u00e9s T\u00e0pies: Marcelo Exp\u00f3sito \u2013 Anna Pacheco. Fifth session of the programme: Politics, freedom and other contradictions\" \/>\n<meta name=\"robots\" content=\"index, follow, max-snippet:-1, max-image-preview:large, max-video-preview:-1\" \/>\n<meta property=\"og:locale\" content=\"en_US\" \/>\n<meta property=\"og:type\" content=\"article\" \/>\n<meta property=\"og:title\" content=\"Today is T\u00e0pies. Marcelo Exp\u00f3sito - Anna Pacheco - Museu T\u00e0pies\" \/>\n<meta property=\"og:description\" content=\"Avui \u00e9s T\u00e0pies: Marcelo Exp\u00f3sito \u2013 Anna Pacheco. Fifth session of the programme: Politics, freedom and other contradictions\" \/>\n<meta property=\"og:url\" content=\"https:\/\/museutapies.org\/en\/event\/today-is-tapies-marcelo-exposito-anna-pacheco\/\" \/>\n<meta property=\"og:site_name\" content=\"Museu T\u00e0pies\" \/>\n<meta property=\"article:publisher\" content=\"https:\/\/www.facebook.com\/museutapies\" \/>\n<meta property=\"article:modified_time\" content=\"2024-04-08T12:06:23+00:00\" \/>\n<meta property=\"og:image\" content=\"https:\/\/museutapies.org\/wp-content\/uploads\/2024\/01\/Exposito-Pacheco.jpg\" \/>\n\t<meta property=\"og:image:width\" content=\"1632\" \/>\n\t<meta property=\"og:image:height\" content=\"1156\" \/>\n\t<meta property=\"og:image:type\" content=\"image\/jpeg\" \/>\n<meta name=\"twitter:card\" content=\"summary_large_image\" \/>\n<meta name=\"twitter:label1\" content=\"Est. reading time\" \/>\n\t<meta name=\"twitter:data1\" content=\"2 minutes\" \/>\n<script type=\"application\/ld+json\" class=\"yoast-schema-graph\">{\"@context\":\"https:\/\/schema.org\",\"@graph\":[{\"@type\":\"WebPage\",\"@id\":\"https:\/\/museutapies.org\/en\/event\/today-is-tapies-marcelo-exposito-anna-pacheco\/\",\"url\":\"https:\/\/museutapies.org\/en\/event\/today-is-tapies-marcelo-exposito-anna-pacheco\/\",\"name\":\"Today is T\u00e0pies. Marcelo Exp\u00f3sito - Anna Pacheco - Museu T\u00e0pies\",\"isPartOf\":{\"@id\":\"https:\/\/museutapies.org\/en\/#website\"},\"datePublished\":\"2024-03-25T10:48:49+00:00\",\"dateModified\":\"2024-04-08T12:06:23+00:00\",\"description\":\"Avui \u00e9s T\u00e0pies: Marcelo Exp\u00f3sito \u2013 Anna Pacheco. Fifth session of the programme: Politics, freedom and other contradictions\",\"breadcrumb\":{\"@id\":\"https:\/\/museutapies.org\/en\/event\/today-is-tapies-marcelo-exposito-anna-pacheco\/#breadcrumb\"},\"inLanguage\":\"en-US\",\"potentialAction\":[{\"@type\":\"ReadAction\",\"target\":[\"https:\/\/museutapies.org\/en\/event\/today-is-tapies-marcelo-exposito-anna-pacheco\/\"]}]},{\"@type\":\"BreadcrumbList\",\"@id\":\"https:\/\/museutapies.org\/en\/event\/today-is-tapies-marcelo-exposito-anna-pacheco\/#breadcrumb\",\"itemListElement\":[{\"@type\":\"ListItem\",\"position\":1,\"name\":\"Esdeveniments\",\"item\":\"https:\/\/museutapies.org\/agenda\/\"},{\"@type\":\"ListItem\",\"position\":2,\"name\":\"Today is T\u00e0pies. Marcelo Exp\u00f3sito &#8211; Anna Pacheco\"}]},{\"@type\":\"WebSite\",\"@id\":\"https:\/\/museutapies.org\/en\/#website\",\"url\":\"https:\/\/museutapies.org\/en\/\",\"name\":\"Museu T\u00e0pies\",\"description\":\"\",\"publisher\":{\"@id\":\"https:\/\/museutapies.org\/en\/#organization\"},\"potentialAction\":[{\"@type\":\"SearchAction\",\"target\":{\"@type\":\"EntryPoint\",\"urlTemplate\":\"https:\/\/museutapies.org\/en\/?s={search_term_string}\"},\"query-input\":\"required name=search_term_string\"}],\"inLanguage\":\"en-US\"},{\"@type\":\"Organization\",\"@id\":\"https:\/\/museutapies.org\/en\/#organization\",\"name\":\"Museu T\u00e0pies\",\"url\":\"https:\/\/museutapies.org\/en\/\",\"logo\":{\"@type\":\"ImageObject\",\"inLanguage\":\"en-US\",\"@id\":\"https:\/\/museutapies.org\/en\/#\/schema\/logo\/image\/\",\"url\":\"https:\/\/museutapies.org\/wp-content\/uploads\/2024\/07\/mta.png\",\"contentUrl\":\"https:\/\/museutapies.org\/wp-content\/uploads\/2024\/07\/mta.png\",\"width\":244,\"height\":110,\"caption\":\"Museu T\u00e0pies\"},\"image\":{\"@id\":\"https:\/\/museutapies.org\/en\/#\/schema\/logo\/image\/\"},\"sameAs\":[\"https:\/\/www.facebook.com\/museutapies\",\"https:\/\/www.instagram.com\/museutapies\/\",\"https:\/\/www.youtube.com\/channel\/UCPi65HBb48RMeoa12lR51cQ\",\"https:\/\/x.com\/MuseuTapies\"]}]}<\/script>\n<!-- \/ Yoast SEO plugin. -->","yoast_head_json":{"title":"Today is T\u00e0pies. Marcelo Exp\u00f3sito - Anna Pacheco - Museu T\u00e0pies","description":"Avui \u00e9s T\u00e0pies: Marcelo Exp\u00f3sito \u2013 Anna Pacheco. Fifth session of the programme: Politics, freedom and other contradictions","robots":{"index":"index","follow":"follow","max-snippet":"max-snippet:-1","max-image-preview":"max-image-preview:large","max-video-preview":"max-video-preview:-1"},"og_locale":"en_US","og_type":"article","og_title":"Today is T\u00e0pies. Marcelo Exp\u00f3sito - Anna Pacheco - Museu T\u00e0pies","og_description":"Avui \u00e9s T\u00e0pies: Marcelo Exp\u00f3sito \u2013 Anna Pacheco. Fifth session of the programme: Politics, freedom and other contradictions","og_url":"https:\/\/museutapies.org\/en\/event\/today-is-tapies-marcelo-exposito-anna-pacheco\/","og_site_name":"Museu T\u00e0pies","article_publisher":"https:\/\/www.facebook.com\/museutapies","article_modified_time":"2024-04-08T12:06:23+00:00","og_image":[{"width":1632,"height":1156,"url":"https:\/\/museutapies.org\/wp-content\/uploads\/2024\/01\/Exposito-Pacheco.jpg","type":"image\/jpeg"}],"twitter_card":"summary_large_image","twitter_misc":{"Est. reading time":"2 minutes"},"schema":{"@context":"https:\/\/schema.org","@graph":[{"@type":"WebPage","@id":"https:\/\/museutapies.org\/en\/event\/today-is-tapies-marcelo-exposito-anna-pacheco\/","url":"https:\/\/museutapies.org\/en\/event\/today-is-tapies-marcelo-exposito-anna-pacheco\/","name":"Today is T\u00e0pies. Marcelo Exp\u00f3sito - Anna Pacheco - Museu T\u00e0pies","isPartOf":{"@id":"https:\/\/museutapies.org\/en\/#website"},"datePublished":"2024-03-25T10:48:49+00:00","dateModified":"2024-04-08T12:06:23+00:00","description":"Avui \u00e9s T\u00e0pies: Marcelo Exp\u00f3sito \u2013 Anna Pacheco. Fifth session of the programme: Politics, freedom and other contradictions","breadcrumb":{"@id":"https:\/\/museutapies.org\/en\/event\/today-is-tapies-marcelo-exposito-anna-pacheco\/#breadcrumb"},"inLanguage":"en-US","potentialAction":[{"@type":"ReadAction","target":["https:\/\/museutapies.org\/en\/event\/today-is-tapies-marcelo-exposito-anna-pacheco\/"]}]},{"@type":"BreadcrumbList","@id":"https:\/\/museutapies.org\/en\/event\/today-is-tapies-marcelo-exposito-anna-pacheco\/#breadcrumb","itemListElement":[{"@type":"ListItem","position":1,"name":"Esdeveniments","item":"https:\/\/museutapies.org\/agenda\/"},{"@type":"ListItem","position":2,"name":"Today is T\u00e0pies. Marcelo Exp\u00f3sito &#8211; Anna Pacheco"}]},{"@type":"WebSite","@id":"https:\/\/museutapies.org\/en\/#website","url":"https:\/\/museutapies.org\/en\/","name":"Museu T\u00e0pies","description":"","publisher":{"@id":"https:\/\/museutapies.org\/en\/#organization"},"potentialAction":[{"@type":"SearchAction","target":{"@type":"EntryPoint","urlTemplate":"https:\/\/museutapies.org\/en\/?s={search_term_string}"},"query-input":"required name=search_term_string"}],"inLanguage":"en-US"},{"@type":"Organization","@id":"https:\/\/museutapies.org\/en\/#organization","name":"Museu T\u00e0pies","url":"https:\/\/museutapies.org\/en\/","logo":{"@type":"ImageObject","inLanguage":"en-US","@id":"https:\/\/museutapies.org\/en\/#\/schema\/logo\/image\/","url":"https:\/\/museutapies.org\/wp-content\/uploads\/2024\/07\/mta.png","contentUrl":"https:\/\/museutapies.org\/wp-content\/uploads\/2024\/07\/mta.png","width":244,"height":110,"caption":"Museu T\u00e0pies"},"image":{"@id":"https:\/\/museutapies.org\/en\/#\/schema\/logo\/image\/"},"sameAs":["https:\/\/www.facebook.com\/museutapies","https:\/\/www.instagram.com\/museutapies\/","https:\/\/www.youtube.com\/channel\/UCPi65HBb48RMeoa12lR51cQ","https:\/\/x.com\/MuseuTapies"]}]}},"_links":{"self":[{"href":"https:\/\/museutapies.org\/en\/wp-json\/wp\/v2\/tribe_events\/32787"}],"collection":[{"href":"https:\/\/museutapies.org\/en\/wp-json\/wp\/v2\/tribe_events"}],"about":[{"href":"https:\/\/museutapies.org\/en\/wp-json\/wp\/v2\/types\/tribe_events"}],"author":[{"embeddable":true,"href":"https:\/\/museutapies.org\/en\/wp-json\/wp\/v2\/users\/3"}],"replies":[{"embeddable":true,"href":"https:\/\/museutapies.org\/en\/wp-json\/wp\/v2\/comments?post=32787"}],"version-history":[{"count":11,"href":"https:\/\/museutapies.org\/en\/wp-json\/wp\/v2\/tribe_events\/32787\/revisions"}],"predecessor-version":[{"id":33277,"href":"https:\/\/museutapies.org\/en\/wp-json\/wp\/v2\/tribe_events\/32787\/revisions\/33277"}],"wp:featuredmedia":[{"embeddable":true,"href":"https:\/\/museutapies.org\/en\/wp-json\/wp\/v2\/media\/32961"}],"wp:attachment":[{"href":"https:\/\/museutapies.org\/en\/wp-json\/wp\/v2\/media?parent=32787"}],"wp:term":[{"taxonomy":"post_tag","embeddable":true,"href":"https:\/\/museutapies.org\/en\/wp-json\/wp\/v2\/tags?post=32787"},{"taxonomy":"tribe_events_cat","embeddable":true,"href":"https:\/\/museutapies.org\/en\/wp-json\/wp\/v2\/tribe_events_cat?post=32787"}],"curies":[{"name":"wp","href":"https:\/\/api.w.org\/{rel}","templated":true}]}}