{"id":33294,"date":"2024-04-08T12:55:24","date_gmt":"2024-04-08T12:55:24","guid":{"rendered":"https:\/\/museutapies.org\/?post_type=tribe_events&#038;p=33294"},"modified":"2024-11-11T11:53:58","modified_gmt":"2024-11-11T10:53:58","slug":"today-is-tapies-gemma-carbo-jordi-ferreiro","status":"publish","type":"tribe_events","link":"https:\/\/museutapies.org\/en\/event\/today-is-tapies-gemma-carbo-jordi-ferreiro\/","title":{"rendered":"Today is T\u00e0pies: Gemma Carb\u00f3 &#8211; Jordi Ferreiro"},"content":{"rendered":"<div class=\"load-turitop\" data-service=\"P90\" data-lang=\"en\" data-embed=\"button\">Tickets<\/div>\n<p>&nbsp;<\/p>\n<p><img loading=\"lazy\" decoding=\"async\" class=\"alignnone size-medium wp-image-36817\" src=\"https:\/\/museutapies.org\/wp-content\/uploads\/2024\/01\/Carbo-ferreiro-800x598.jpg\" alt=\"\" width=\"800\" height=\"598\" srcset=\"https:\/\/museutapies.org\/wp-content\/uploads\/2024\/01\/Carbo-ferreiro-800x598.jpg 800w, https:\/\/museutapies.org\/wp-content\/uploads\/2024\/01\/Carbo-ferreiro-900x673.jpg 900w, https:\/\/museutapies.org\/wp-content\/uploads\/2024\/01\/Carbo-ferreiro-768x574.jpg 768w, https:\/\/museutapies.org\/wp-content\/uploads\/2024\/01\/Carbo-ferreiro-1536x1148.jpg 1536w, https:\/\/museutapies.org\/wp-content\/uploads\/2024\/01\/Carbo-ferreiro-2048x1530.jpg 2048w, https:\/\/museutapies.org\/wp-content\/uploads\/2024\/01\/Carbo-ferreiro-500x374.jpg 500w, https:\/\/museutapies.org\/wp-content\/uploads\/2024\/01\/Carbo-ferreiro-380x284.jpg 380w, https:\/\/museutapies.org\/wp-content\/uploads\/2024\/01\/Carbo-ferreiro-600x448.jpg 600w\" sizes=\"(max-width: 800px) 100vw, 800px\" \/><\/p>\n<p>Organised by the Fundaci\u00f3 Antoni T\u00e0pies as part of the T\u00e0pies Centenary Year,<a href=\"https:\/\/museutapies.org\/en\/series\/today-its-tapies\/\"><em> Today is T\u00e0pies<\/em><\/a> is a series of transgenerational and interdisciplinary conversations conducted and moderated by the cultural journalist Rita Roig (Terrassa, 1997). The aim is to interpret T\u00e0pies\u2019 texts as a starting point for reflecting on current issues such as ecology, the right to self-determination, interculturality and political commitment in art.<\/p>\n<p>The words and ideas of the artist will be revisited during a series of thirteen sessions, with invited participants from different generations and diverse professional fields (culture, education, science, politics, environment, health and human sciences) helping to construct a polyphonic story that will be collected in the form of a podcast. Thanks to the collaboration of Catalunya R\u00e0dio, the podcast will allow us to experience the generated knowledge in another format and in another context.<\/p>\n<p>&nbsp;<\/p>\n<p><strong>Chapter 12: The Coordinates of Artistic Practice and Mediation<\/strong><\/p>\n<p>T\u00e0pies associated visual culture with a critical spirit. This is why he always argued for an aesthetic education inculcated from early childhood and reaching as much of the population as possible. According to the artist, making the public aesthetically aware was a guarantee of progress, especially if it consisted of a \u201cproper\u201d aesthetic education. This means one that covered everything: \u201cDefending natural landscapes, fighting pollution, against dreadful town planning for \u2018profit\u2019, against the din of advertising&#8230;\u201d In this conversation, Gemma Carb\u00f3 and Jordi Ferreiro will be talking about visual culture, democracy, pedagogy and the responsibility of artists and cultural institutions to act as mediators in the media-saturated context in which we live.<\/p>\n<p>&nbsp;<\/p>\n<p><strong>PARTICIPANTS<\/strong><\/p>\n<p><strong>Gemma Carb\u00f3 <\/strong>is director of the Museum of Rural Life, Catalonia. She is a historian, arts administrator and doctor of education, specialising in the field of cultural and educational policy. She has always taken an interest in connections between the world of culture, education and sustainable development, and argues for culture as an axis for public policy to achieve social change. She is president of the Fundaci\u00f3 Interarts, which works in international cultural cooperation, and of the Associaci\u00f3 ConArte Internacional for arts in education. She also lectures in teacher training and arts administration at the University of Girona and the UOC, the Catalan open university.<\/p>\n<p>&nbsp;<\/p>\n<p><strong>Jordi Ferreiro<\/strong>, artist and educator, sees no distinction between the disciplines in which he works. He combines teaching with artistic practice and arts administration on projects aiming to transform the relationship between artists, the public and museums through participatory structures, entertainment and surprise. Examples of this include choreographed tours, passive performances, interactive audioguides and social sculptures. He also explores out of the ordinary pedagogical situations, affect and meaningful learning and experimental systems of assessment. He is currently the coordinator of education and mediation at Manifesta 15.<\/p>\n<p><strong>\u00a0<\/strong><\/p>\n<p>&nbsp;<\/p>\n<p><a href=\"https:\/\/museutapies.org\/en\/series\/today-its-tapies\/\"><em>Today is T\u00e0pies<\/em><\/a> programme<\/p>\n<p><a href=\"https:\/\/www.ccma.cat\/3cat\/avui-es-tapies\/\">Podcasts <\/a><em>Today is T\u00e0pies,<\/em> by Catalunya R\u00e0dio.<\/p>\n<p>&nbsp;<\/p>\n","protected":false},"excerpt":{"rendered":"<p>Chapter 12: The Coordinates of Artistic Practice and Mediation<\/p>\n","protected":false},"author":3,"featured_media":36817,"comment_status":"closed","ping_status":"closed","template":"","meta":{"_tribe_events_status":"","_tribe_events_status_reason":"","_tribe_events_is_hybrid":"","_tribe_events_is_virtual":"","_tribe_events_virtual_video_source":"","_tribe_events_virtual_embed_video":"","_tribe_events_virtual_linked_button_text":"","_tribe_events_virtual_linked_button":"","_tribe_events_virtual_show_embed_at":"","_tribe_events_virtual_show_embed_to":[],"_tribe_events_virtual_show_on_event":"","_tribe_events_virtual_show_on_views":"","_tribe_events_virtual_url":"","footnotes":""},"tags":[],"tribe_events_cat":[5770],"acf":[],"yoast_head":"<!-- This site is optimized with the Yoast SEO plugin v20.11 - https:\/\/yoast.com\/wordpress\/plugins\/seo\/ -->\n<title>Today is T\u00e0pies: Gemma Carb\u00f3 - Jordi Ferreiro - Museu T\u00e0pies<\/title>\n<meta name=\"description\" content=\"Today is T\u00e0pies: Gemma Carb\u00f3 - Jordi Ferreiro. Chapter 12: The Coordinates of Artistic Practice and Mediation\" \/>\n<meta name=\"robots\" content=\"index, follow, max-snippet:-1, max-image-preview:large, max-video-preview:-1\" \/>\n<meta property=\"og:locale\" content=\"en_US\" \/>\n<meta property=\"og:type\" content=\"article\" \/>\n<meta property=\"og:title\" content=\"Today is T\u00e0pies: Gemma Carb\u00f3 - Jordi Ferreiro - Museu T\u00e0pies\" \/>\n<meta property=\"og:description\" content=\"Today is T\u00e0pies: Gemma Carb\u00f3 - Jordi Ferreiro. Chapter 12: The Coordinates of Artistic Practice and Mediation\" \/>\n<meta property=\"og:url\" content=\"https:\/\/museutapies.org\/en\/event\/today-is-tapies-gemma-carbo-jordi-ferreiro\/\" \/>\n<meta property=\"og:site_name\" content=\"Museu T\u00e0pies\" \/>\n<meta property=\"article:publisher\" content=\"https:\/\/www.facebook.com\/museutapies\" \/>\n<meta property=\"article:modified_time\" content=\"2024-11-11T10:53:58+00:00\" \/>\n<meta property=\"og:image\" content=\"https:\/\/museutapies.org\/wp-content\/uploads\/2024\/01\/Carbo-ferreiro-scaled.jpg\" \/>\n\t<meta property=\"og:image:width\" content=\"2560\" \/>\n\t<meta property=\"og:image:height\" content=\"1913\" \/>\n\t<meta property=\"og:image:type\" content=\"image\/jpeg\" \/>\n<meta name=\"twitter:card\" content=\"summary_large_image\" \/>\n<meta name=\"twitter:label1\" content=\"Est. reading time\" \/>\n\t<meta name=\"twitter:data1\" content=\"3 minutes\" \/>\n<script type=\"application\/ld+json\" class=\"yoast-schema-graph\">{\"@context\":\"https:\/\/schema.org\",\"@graph\":[{\"@type\":\"WebPage\",\"@id\":\"https:\/\/museutapies.org\/en\/event\/today-is-tapies-gemma-carbo-jordi-ferreiro\/\",\"url\":\"https:\/\/museutapies.org\/en\/event\/today-is-tapies-gemma-carbo-jordi-ferreiro\/\",\"name\":\"Today is T\u00e0pies: Gemma Carb\u00f3 - Jordi Ferreiro - Museu T\u00e0pies\",\"isPartOf\":{\"@id\":\"https:\/\/museutapies.org\/en\/#website\"},\"datePublished\":\"2024-04-08T12:55:24+00:00\",\"dateModified\":\"2024-11-11T10:53:58+00:00\",\"description\":\"Today is T\u00e0pies: Gemma Carb\u00f3 - Jordi Ferreiro. Chapter 12: The Coordinates of Artistic Practice and Mediation\",\"breadcrumb\":{\"@id\":\"https:\/\/museutapies.org\/en\/event\/today-is-tapies-gemma-carbo-jordi-ferreiro\/#breadcrumb\"},\"inLanguage\":\"en-US\",\"potentialAction\":[{\"@type\":\"ReadAction\",\"target\":[\"https:\/\/museutapies.org\/en\/event\/today-is-tapies-gemma-carbo-jordi-ferreiro\/\"]}]},{\"@type\":\"BreadcrumbList\",\"@id\":\"https:\/\/museutapies.org\/en\/event\/today-is-tapies-gemma-carbo-jordi-ferreiro\/#breadcrumb\",\"itemListElement\":[{\"@type\":\"ListItem\",\"position\":1,\"name\":\"Esdeveniments\",\"item\":\"https:\/\/museutapies.org\/agenda\/\"},{\"@type\":\"ListItem\",\"position\":2,\"name\":\"Today is T\u00e0pies: Gemma Carb\u00f3 &#8211; Jordi Ferreiro\"}]},{\"@type\":\"WebSite\",\"@id\":\"https:\/\/museutapies.org\/en\/#website\",\"url\":\"https:\/\/museutapies.org\/en\/\",\"name\":\"Museu T\u00e0pies\",\"description\":\"\",\"publisher\":{\"@id\":\"https:\/\/museutapies.org\/en\/#organization\"},\"potentialAction\":[{\"@type\":\"SearchAction\",\"target\":{\"@type\":\"EntryPoint\",\"urlTemplate\":\"https:\/\/museutapies.org\/en\/?s={search_term_string}\"},\"query-input\":\"required name=search_term_string\"}],\"inLanguage\":\"en-US\"},{\"@type\":\"Organization\",\"@id\":\"https:\/\/museutapies.org\/en\/#organization\",\"name\":\"Museu T\u00e0pies\",\"url\":\"https:\/\/museutapies.org\/en\/\",\"logo\":{\"@type\":\"ImageObject\",\"inLanguage\":\"en-US\",\"@id\":\"https:\/\/museutapies.org\/en\/#\/schema\/logo\/image\/\",\"url\":\"https:\/\/museutapies.org\/wp-content\/uploads\/2024\/07\/mta.png\",\"contentUrl\":\"https:\/\/museutapies.org\/wp-content\/uploads\/2024\/07\/mta.png\",\"width\":244,\"height\":110,\"caption\":\"Museu T\u00e0pies\"},\"image\":{\"@id\":\"https:\/\/museutapies.org\/en\/#\/schema\/logo\/image\/\"},\"sameAs\":[\"https:\/\/www.facebook.com\/museutapies\",\"https:\/\/www.instagram.com\/museutapies\/\",\"https:\/\/www.youtube.com\/channel\/UCPi65HBb48RMeoa12lR51cQ\",\"https:\/\/x.com\/MuseuTapies\"]}]}<\/script>\n<!-- \/ Yoast SEO plugin. -->","yoast_head_json":{"title":"Today is T\u00e0pies: Gemma Carb\u00f3 - Jordi Ferreiro - Museu T\u00e0pies","description":"Today is T\u00e0pies: Gemma Carb\u00f3 - Jordi Ferreiro. Chapter 12: The Coordinates of Artistic Practice and Mediation","robots":{"index":"index","follow":"follow","max-snippet":"max-snippet:-1","max-image-preview":"max-image-preview:large","max-video-preview":"max-video-preview:-1"},"og_locale":"en_US","og_type":"article","og_title":"Today is T\u00e0pies: Gemma Carb\u00f3 - Jordi Ferreiro - Museu T\u00e0pies","og_description":"Today is T\u00e0pies: Gemma Carb\u00f3 - Jordi Ferreiro. Chapter 12: The Coordinates of Artistic Practice and Mediation","og_url":"https:\/\/museutapies.org\/en\/event\/today-is-tapies-gemma-carbo-jordi-ferreiro\/","og_site_name":"Museu T\u00e0pies","article_publisher":"https:\/\/www.facebook.com\/museutapies","article_modified_time":"2024-11-11T10:53:58+00:00","og_image":[{"width":2560,"height":1913,"url":"https:\/\/museutapies.org\/wp-content\/uploads\/2024\/01\/Carbo-ferreiro-scaled.jpg","type":"image\/jpeg"}],"twitter_card":"summary_large_image","twitter_misc":{"Est. reading time":"3 minutes"},"schema":{"@context":"https:\/\/schema.org","@graph":[{"@type":"WebPage","@id":"https:\/\/museutapies.org\/en\/event\/today-is-tapies-gemma-carbo-jordi-ferreiro\/","url":"https:\/\/museutapies.org\/en\/event\/today-is-tapies-gemma-carbo-jordi-ferreiro\/","name":"Today is T\u00e0pies: Gemma Carb\u00f3 - Jordi Ferreiro - Museu T\u00e0pies","isPartOf":{"@id":"https:\/\/museutapies.org\/en\/#website"},"datePublished":"2024-04-08T12:55:24+00:00","dateModified":"2024-11-11T10:53:58+00:00","description":"Today is T\u00e0pies: Gemma Carb\u00f3 - Jordi Ferreiro. Chapter 12: The Coordinates of Artistic Practice and Mediation","breadcrumb":{"@id":"https:\/\/museutapies.org\/en\/event\/today-is-tapies-gemma-carbo-jordi-ferreiro\/#breadcrumb"},"inLanguage":"en-US","potentialAction":[{"@type":"ReadAction","target":["https:\/\/museutapies.org\/en\/event\/today-is-tapies-gemma-carbo-jordi-ferreiro\/"]}]},{"@type":"BreadcrumbList","@id":"https:\/\/museutapies.org\/en\/event\/today-is-tapies-gemma-carbo-jordi-ferreiro\/#breadcrumb","itemListElement":[{"@type":"ListItem","position":1,"name":"Esdeveniments","item":"https:\/\/museutapies.org\/agenda\/"},{"@type":"ListItem","position":2,"name":"Today is T\u00e0pies: Gemma Carb\u00f3 &#8211; Jordi Ferreiro"}]},{"@type":"WebSite","@id":"https:\/\/museutapies.org\/en\/#website","url":"https:\/\/museutapies.org\/en\/","name":"Museu T\u00e0pies","description":"","publisher":{"@id":"https:\/\/museutapies.org\/en\/#organization"},"potentialAction":[{"@type":"SearchAction","target":{"@type":"EntryPoint","urlTemplate":"https:\/\/museutapies.org\/en\/?s={search_term_string}"},"query-input":"required name=search_term_string"}],"inLanguage":"en-US"},{"@type":"Organization","@id":"https:\/\/museutapies.org\/en\/#organization","name":"Museu T\u00e0pies","url":"https:\/\/museutapies.org\/en\/","logo":{"@type":"ImageObject","inLanguage":"en-US","@id":"https:\/\/museutapies.org\/en\/#\/schema\/logo\/image\/","url":"https:\/\/museutapies.org\/wp-content\/uploads\/2024\/07\/mta.png","contentUrl":"https:\/\/museutapies.org\/wp-content\/uploads\/2024\/07\/mta.png","width":244,"height":110,"caption":"Museu T\u00e0pies"},"image":{"@id":"https:\/\/museutapies.org\/en\/#\/schema\/logo\/image\/"},"sameAs":["https:\/\/www.facebook.com\/museutapies","https:\/\/www.instagram.com\/museutapies\/","https:\/\/www.youtube.com\/channel\/UCPi65HBb48RMeoa12lR51cQ","https:\/\/x.com\/MuseuTapies"]}]}},"_links":{"self":[{"href":"https:\/\/museutapies.org\/en\/wp-json\/wp\/v2\/tribe_events\/33294"}],"collection":[{"href":"https:\/\/museutapies.org\/en\/wp-json\/wp\/v2\/tribe_events"}],"about":[{"href":"https:\/\/museutapies.org\/en\/wp-json\/wp\/v2\/types\/tribe_events"}],"author":[{"embeddable":true,"href":"https:\/\/museutapies.org\/en\/wp-json\/wp\/v2\/users\/3"}],"replies":[{"embeddable":true,"href":"https:\/\/museutapies.org\/en\/wp-json\/wp\/v2\/comments?post=33294"}],"version-history":[{"count":3,"href":"https:\/\/museutapies.org\/en\/wp-json\/wp\/v2\/tribe_events\/33294\/revisions"}],"predecessor-version":[{"id":36822,"href":"https:\/\/museutapies.org\/en\/wp-json\/wp\/v2\/tribe_events\/33294\/revisions\/36822"}],"wp:featuredmedia":[{"embeddable":true,"href":"https:\/\/museutapies.org\/en\/wp-json\/wp\/v2\/media\/36817"}],"wp:attachment":[{"href":"https:\/\/museutapies.org\/en\/wp-json\/wp\/v2\/media?parent=33294"}],"wp:term":[{"taxonomy":"post_tag","embeddable":true,"href":"https:\/\/museutapies.org\/en\/wp-json\/wp\/v2\/tags?post=33294"},{"taxonomy":"tribe_events_cat","embeddable":true,"href":"https:\/\/museutapies.org\/en\/wp-json\/wp\/v2\/tribe_events_cat?post=33294"}],"curies":[{"name":"wp","href":"https:\/\/api.w.org\/{rel}","templated":true}]}}