{"id":33416,"date":"2024-04-23T16:11:14","date_gmt":"2024-04-23T14:11:14","guid":{"rendered":"https:\/\/museutapies.org\/?post_type=tribe_events&#038;p=33416"},"modified":"2024-05-21T14:30:18","modified_gmt":"2024-05-21T12:30:18","slug":"the-chairs-of-tapies-bartolome-ferrando","status":"publish","type":"tribe_events","link":"https:\/\/museutapies.org\/en\/event\/the-chairs-of-tapies-bartolome-ferrando\/","title":{"rendered":"The Chairs of T\u00e0pies: Bartolom\u00e9 Ferrando"},"content":{"rendered":"<div class=\"load-turitop\" data-service=\"P104\" data-lang=\"en\" data-embed=\"button\">Tickets<\/div>\n<p><img loading=\"lazy\" decoding=\"async\" class=\"alignnone size-medium wp-image-33409\" src=\"https:\/\/museutapies.org\/wp-content\/uploads\/2024\/01\/Ferrando.-Decadence-Festival.-Valencia.-2015-1.-Foto-Imke-Zeinstra.-Homenaje.-Poema-sonoro-800x533.jpg\" alt=\"\" width=\"800\" height=\"533\" srcset=\"https:\/\/museutapies.org\/wp-content\/uploads\/2024\/01\/Ferrando.-Decadence-Festival.-Valencia.-2015-1.-Foto-Imke-Zeinstra.-Homenaje.-Poema-sonoro-800x533.jpg 800w, https:\/\/museutapies.org\/wp-content\/uploads\/2024\/01\/Ferrando.-Decadence-Festival.-Valencia.-2015-1.-Foto-Imke-Zeinstra.-Homenaje.-Poema-sonoro-900x600.jpg 900w, https:\/\/museutapies.org\/wp-content\/uploads\/2024\/01\/Ferrando.-Decadence-Festival.-Valencia.-2015-1.-Foto-Imke-Zeinstra.-Homenaje.-Poema-sonoro-768x512.jpg 768w, https:\/\/museutapies.org\/wp-content\/uploads\/2024\/01\/Ferrando.-Decadence-Festival.-Valencia.-2015-1.-Foto-Imke-Zeinstra.-Homenaje.-Poema-sonoro-1536x1024.jpg 1536w, https:\/\/museutapies.org\/wp-content\/uploads\/2024\/01\/Ferrando.-Decadence-Festival.-Valencia.-2015-1.-Foto-Imke-Zeinstra.-Homenaje.-Poema-sonoro-2048x1365.jpg 2048w, https:\/\/museutapies.org\/wp-content\/uploads\/2024\/01\/Ferrando.-Decadence-Festival.-Valencia.-2015-1.-Foto-Imke-Zeinstra.-Homenaje.-Poema-sonoro-500x333.jpg 500w, https:\/\/museutapies.org\/wp-content\/uploads\/2024\/01\/Ferrando.-Decadence-Festival.-Valencia.-2015-1.-Foto-Imke-Zeinstra.-Homenaje.-Poema-sonoro-380x253.jpg 380w, https:\/\/museutapies.org\/wp-content\/uploads\/2024\/01\/Ferrando.-Decadence-Festival.-Valencia.-2015-1.-Foto-Imke-Zeinstra.-Homenaje.-Poema-sonoro-600x400.jpg 600w\" sizes=\"(max-width: 800px) 100vw, 800px\" \/><\/p>\n<p>&nbsp;<\/p>\n<p><a href=\"https:\/\/museutapies.org\/en\/series\/the-chairs-of-tapies\/\"><em>The Chairs of T\u00e0pies<\/em><\/a> is a series of multidisciplinary sound actions organised in the context of the <a href=\"https:\/\/museutapies.org\/en\/tapies-year\/\">T\u00e0pies Centenary Year<\/a>, with the collaboration of Pompeu Fabra University. The proposal focuses on the voice and words to create a sound accompaniment to oral memory. In this way, each of the thirteen sessions will feature a creator whose starting point will be the chair, taken as a performative object, linking back to the creative universe of T\u00e0pies through the expressive languages and settings of the present day.<\/p>\n<p>The action for this seventh chair of T\u00e0pies is <em>Brief Phonetic Actions<\/em>, a proposal by Bartolom\u00e9 Ferrando. The project brings together short pieces based on the decomposition and re-composition of the voice and words, with some dedicated to Antoni T\u00e0pies. A few of the pieces are grounded in phonetic poetry, situated part-way between speech and music, derived from dadaism and related to Concrete Poetry and Lettrism. In most of these actions, Ferrando addresses the improvised emission of language, in the search for the traits of oral primitivism.<\/p>\n<p>&nbsp;<\/p>\n<p><strong>Bartolom\u00e9 Ferrando<\/strong> is Professor of Intermedia Art and Performance at the Polytechnic University of Valencia. As a performer, he has participated in international festivals and encounters held in Europe, the Americas and Asia. He has coordinated various international festivals at IVAM (Valencia) and MNCARS (Madrid). Ferrando has exhibited his visual poetry in various cities in Spain, Italy and France, and is a member of the groups SIC and dosentredos. Furthermore, he has published the journal <em>Texto po\u00e9tico <\/em>and the books <em>Hacia una poes\u00eda del hacer<\/em>, <em>La mirada m\u00f3vil<\/em>, <em>El arte intermedia<\/em>,<em> El arte de la performance, elementos de creaci\u00f3n<\/em>, and <em>De la poes\u00eda visual al arte de acci\u00f3n<\/em>, amongst others. He has also produced various recordings on cassette tape, vinyl and CD, as well as videos and DVDs of performance work.<\/p>\n<p>&nbsp;<\/p>\n<p>[Photography: Bartolom\u00e9 Ferrando. Decadence Festival. Val\u00e8ncia. 2015-1. Foto Imke Zeinstra. Homenatge. Poema sonor.]<\/p>\n<p>&nbsp;<\/p>\n","protected":false},"excerpt":{"rendered":"<p>Voice and words by Bartolom\u00e9 Ferrando for the seventh session of T\u00e0pies Chairs&#8217; programme<\/p>\n","protected":false},"author":3,"featured_media":33409,"comment_status":"closed","ping_status":"closed","template":"","meta":{"_tribe_events_status":"","_tribe_events_status_reason":"","_tribe_events_is_hybrid":"","_tribe_events_is_virtual":"","_tribe_events_virtual_video_source":"","_tribe_events_virtual_embed_video":"","_tribe_events_virtual_linked_button_text":"","_tribe_events_virtual_linked_button":"","_tribe_events_virtual_show_embed_at":"","_tribe_events_virtual_show_embed_to":[],"_tribe_events_virtual_show_on_event":"","_tribe_events_virtual_show_on_views":"","_tribe_events_virtual_url":"","footnotes":""},"tags":[],"tribe_events_cat":[5770],"acf":[],"yoast_head":"<!-- This site is optimized with the Yoast SEO plugin v20.11 - https:\/\/yoast.com\/wordpress\/plugins\/seo\/ -->\n<title>The Chairs of T\u00e0pies: Bartolom\u00e9 Ferrando - Museu T\u00e0pies<\/title>\n<meta name=\"description\" content=\"Voice and words by Bartolom\u00e9 Ferrando for the seventh session of T\u00e0pies Chairs&#039; programme\" \/>\n<meta name=\"robots\" content=\"index, follow, max-snippet:-1, max-image-preview:large, max-video-preview:-1\" \/>\n<meta property=\"og:locale\" content=\"en_US\" \/>\n<meta property=\"og:type\" content=\"article\" \/>\n<meta property=\"og:title\" content=\"The Chairs of T\u00e0pies: Bartolom\u00e9 Ferrando - Museu T\u00e0pies\" \/>\n<meta property=\"og:description\" content=\"Voice and words by Bartolom\u00e9 Ferrando for the seventh session of T\u00e0pies Chairs&#039; programme\" \/>\n<meta property=\"og:url\" content=\"https:\/\/museutapies.org\/en\/event\/the-chairs-of-tapies-bartolome-ferrando\/\" \/>\n<meta property=\"og:site_name\" content=\"Museu T\u00e0pies\" \/>\n<meta property=\"article:publisher\" content=\"https:\/\/www.facebook.com\/museutapies\" \/>\n<meta property=\"article:modified_time\" content=\"2024-05-21T12:30:18+00:00\" \/>\n<meta property=\"og:image\" content=\"https:\/\/museutapies.org\/wp-content\/uploads\/2024\/01\/Ferrando.-Decadence-Festival.-Valencia.-2015-1.-Foto-Imke-Zeinstra.-Homenaje.-Poema-sonoro-scaled.jpg\" \/>\n\t<meta property=\"og:image:width\" content=\"2560\" \/>\n\t<meta property=\"og:image:height\" content=\"1707\" \/>\n\t<meta property=\"og:image:type\" content=\"image\/jpeg\" \/>\n<meta name=\"twitter:card\" content=\"summary_large_image\" \/>\n<meta name=\"twitter:label1\" content=\"Est. reading time\" \/>\n\t<meta name=\"twitter:data1\" content=\"2 minutes\" \/>\n<script type=\"application\/ld+json\" class=\"yoast-schema-graph\">{\"@context\":\"https:\/\/schema.org\",\"@graph\":[{\"@type\":\"WebPage\",\"@id\":\"https:\/\/museutapies.org\/en\/event\/the-chairs-of-tapies-bartolome-ferrando\/\",\"url\":\"https:\/\/museutapies.org\/en\/event\/the-chairs-of-tapies-bartolome-ferrando\/\",\"name\":\"The Chairs of T\u00e0pies: Bartolom\u00e9 Ferrando - Museu T\u00e0pies\",\"isPartOf\":{\"@id\":\"https:\/\/museutapies.org\/en\/#website\"},\"datePublished\":\"2024-04-23T14:11:14+00:00\",\"dateModified\":\"2024-05-21T12:30:18+00:00\",\"description\":\"Voice and words by Bartolom\u00e9 Ferrando for the seventh session of T\u00e0pies Chairs' programme\",\"breadcrumb\":{\"@id\":\"https:\/\/museutapies.org\/en\/event\/the-chairs-of-tapies-bartolome-ferrando\/#breadcrumb\"},\"inLanguage\":\"en-US\",\"potentialAction\":[{\"@type\":\"ReadAction\",\"target\":[\"https:\/\/museutapies.org\/en\/event\/the-chairs-of-tapies-bartolome-ferrando\/\"]}]},{\"@type\":\"BreadcrumbList\",\"@id\":\"https:\/\/museutapies.org\/en\/event\/the-chairs-of-tapies-bartolome-ferrando\/#breadcrumb\",\"itemListElement\":[{\"@type\":\"ListItem\",\"position\":1,\"name\":\"Esdeveniments\",\"item\":\"https:\/\/museutapies.org\/agenda\/\"},{\"@type\":\"ListItem\",\"position\":2,\"name\":\"The Chairs of T\u00e0pies: Bartolom\u00e9 Ferrando\"}]},{\"@type\":\"WebSite\",\"@id\":\"https:\/\/museutapies.org\/en\/#website\",\"url\":\"https:\/\/museutapies.org\/en\/\",\"name\":\"Museu T\u00e0pies\",\"description\":\"\",\"publisher\":{\"@id\":\"https:\/\/museutapies.org\/en\/#organization\"},\"potentialAction\":[{\"@type\":\"SearchAction\",\"target\":{\"@type\":\"EntryPoint\",\"urlTemplate\":\"https:\/\/museutapies.org\/en\/?s={search_term_string}\"},\"query-input\":\"required name=search_term_string\"}],\"inLanguage\":\"en-US\"},{\"@type\":\"Organization\",\"@id\":\"https:\/\/museutapies.org\/en\/#organization\",\"name\":\"Museu T\u00e0pies\",\"url\":\"https:\/\/museutapies.org\/en\/\",\"logo\":{\"@type\":\"ImageObject\",\"inLanguage\":\"en-US\",\"@id\":\"https:\/\/museutapies.org\/en\/#\/schema\/logo\/image\/\",\"url\":\"https:\/\/museutapies.org\/wp-content\/uploads\/2024\/07\/mta.png\",\"contentUrl\":\"https:\/\/museutapies.org\/wp-content\/uploads\/2024\/07\/mta.png\",\"width\":244,\"height\":110,\"caption\":\"Museu T\u00e0pies\"},\"image\":{\"@id\":\"https:\/\/museutapies.org\/en\/#\/schema\/logo\/image\/\"},\"sameAs\":[\"https:\/\/www.facebook.com\/museutapies\",\"https:\/\/www.instagram.com\/museutapies\/\",\"https:\/\/www.youtube.com\/channel\/UCPi65HBb48RMeoa12lR51cQ\",\"https:\/\/x.com\/MuseuTapies\"]}]}<\/script>\n<!-- \/ Yoast SEO plugin. -->","yoast_head_json":{"title":"The Chairs of T\u00e0pies: Bartolom\u00e9 Ferrando - Museu T\u00e0pies","description":"Voice and words by Bartolom\u00e9 Ferrando for the seventh session of T\u00e0pies Chairs' programme","robots":{"index":"index","follow":"follow","max-snippet":"max-snippet:-1","max-image-preview":"max-image-preview:large","max-video-preview":"max-video-preview:-1"},"og_locale":"en_US","og_type":"article","og_title":"The Chairs of T\u00e0pies: Bartolom\u00e9 Ferrando - Museu T\u00e0pies","og_description":"Voice and words by Bartolom\u00e9 Ferrando for the seventh session of T\u00e0pies Chairs' programme","og_url":"https:\/\/museutapies.org\/en\/event\/the-chairs-of-tapies-bartolome-ferrando\/","og_site_name":"Museu T\u00e0pies","article_publisher":"https:\/\/www.facebook.com\/museutapies","article_modified_time":"2024-05-21T12:30:18+00:00","og_image":[{"width":2560,"height":1707,"url":"https:\/\/museutapies.org\/wp-content\/uploads\/2024\/01\/Ferrando.-Decadence-Festival.-Valencia.-2015-1.-Foto-Imke-Zeinstra.-Homenaje.-Poema-sonoro-scaled.jpg","type":"image\/jpeg"}],"twitter_card":"summary_large_image","twitter_misc":{"Est. reading time":"2 minutes"},"schema":{"@context":"https:\/\/schema.org","@graph":[{"@type":"WebPage","@id":"https:\/\/museutapies.org\/en\/event\/the-chairs-of-tapies-bartolome-ferrando\/","url":"https:\/\/museutapies.org\/en\/event\/the-chairs-of-tapies-bartolome-ferrando\/","name":"The Chairs of T\u00e0pies: Bartolom\u00e9 Ferrando - Museu T\u00e0pies","isPartOf":{"@id":"https:\/\/museutapies.org\/en\/#website"},"datePublished":"2024-04-23T14:11:14+00:00","dateModified":"2024-05-21T12:30:18+00:00","description":"Voice and words by Bartolom\u00e9 Ferrando for the seventh session of T\u00e0pies Chairs' programme","breadcrumb":{"@id":"https:\/\/museutapies.org\/en\/event\/the-chairs-of-tapies-bartolome-ferrando\/#breadcrumb"},"inLanguage":"en-US","potentialAction":[{"@type":"ReadAction","target":["https:\/\/museutapies.org\/en\/event\/the-chairs-of-tapies-bartolome-ferrando\/"]}]},{"@type":"BreadcrumbList","@id":"https:\/\/museutapies.org\/en\/event\/the-chairs-of-tapies-bartolome-ferrando\/#breadcrumb","itemListElement":[{"@type":"ListItem","position":1,"name":"Esdeveniments","item":"https:\/\/museutapies.org\/agenda\/"},{"@type":"ListItem","position":2,"name":"The Chairs of T\u00e0pies: Bartolom\u00e9 Ferrando"}]},{"@type":"WebSite","@id":"https:\/\/museutapies.org\/en\/#website","url":"https:\/\/museutapies.org\/en\/","name":"Museu T\u00e0pies","description":"","publisher":{"@id":"https:\/\/museutapies.org\/en\/#organization"},"potentialAction":[{"@type":"SearchAction","target":{"@type":"EntryPoint","urlTemplate":"https:\/\/museutapies.org\/en\/?s={search_term_string}"},"query-input":"required name=search_term_string"}],"inLanguage":"en-US"},{"@type":"Organization","@id":"https:\/\/museutapies.org\/en\/#organization","name":"Museu T\u00e0pies","url":"https:\/\/museutapies.org\/en\/","logo":{"@type":"ImageObject","inLanguage":"en-US","@id":"https:\/\/museutapies.org\/en\/#\/schema\/logo\/image\/","url":"https:\/\/museutapies.org\/wp-content\/uploads\/2024\/07\/mta.png","contentUrl":"https:\/\/museutapies.org\/wp-content\/uploads\/2024\/07\/mta.png","width":244,"height":110,"caption":"Museu T\u00e0pies"},"image":{"@id":"https:\/\/museutapies.org\/en\/#\/schema\/logo\/image\/"},"sameAs":["https:\/\/www.facebook.com\/museutapies","https:\/\/www.instagram.com\/museutapies\/","https:\/\/www.youtube.com\/channel\/UCPi65HBb48RMeoa12lR51cQ","https:\/\/x.com\/MuseuTapies"]}]}},"_links":{"self":[{"href":"https:\/\/museutapies.org\/en\/wp-json\/wp\/v2\/tribe_events\/33416"}],"collection":[{"href":"https:\/\/museutapies.org\/en\/wp-json\/wp\/v2\/tribe_events"}],"about":[{"href":"https:\/\/museutapies.org\/en\/wp-json\/wp\/v2\/types\/tribe_events"}],"author":[{"embeddable":true,"href":"https:\/\/museutapies.org\/en\/wp-json\/wp\/v2\/users\/3"}],"replies":[{"embeddable":true,"href":"https:\/\/museutapies.org\/en\/wp-json\/wp\/v2\/comments?post=33416"}],"version-history":[{"count":4,"href":"https:\/\/museutapies.org\/en\/wp-json\/wp\/v2\/tribe_events\/33416\/revisions"}],"predecessor-version":[{"id":33724,"href":"https:\/\/museutapies.org\/en\/wp-json\/wp\/v2\/tribe_events\/33416\/revisions\/33724"}],"wp:featuredmedia":[{"embeddable":true,"href":"https:\/\/museutapies.org\/en\/wp-json\/wp\/v2\/media\/33409"}],"wp:attachment":[{"href":"https:\/\/museutapies.org\/en\/wp-json\/wp\/v2\/media?parent=33416"}],"wp:term":[{"taxonomy":"post_tag","embeddable":true,"href":"https:\/\/museutapies.org\/en\/wp-json\/wp\/v2\/tags?post=33416"},{"taxonomy":"tribe_events_cat","embeddable":true,"href":"https:\/\/museutapies.org\/en\/wp-json\/wp\/v2\/tribe_events_cat?post=33416"}],"curies":[{"name":"wp","href":"https:\/\/api.w.org\/{rel}","templated":true}]}}