{"id":33676,"date":"2024-05-15T14:23:04","date_gmt":"2024-05-15T12:23:04","guid":{"rendered":"https:\/\/museutapies.org\/?post_type=tribe_events&#038;p=33676"},"modified":"2024-10-29T10:31:44","modified_gmt":"2024-10-29T09:31:44","slug":"the-chairs-of-tapies-mal-pelo","status":"publish","type":"tribe_events","link":"https:\/\/museutapies.org\/en\/event\/the-chairs-of-tapies-mal-pelo\/","title":{"rendered":"The Chairs of T\u00e0pies: Mal Pelo"},"content":{"rendered":"<p><img loading=\"lazy\" decoding=\"async\" class=\"alignnone size-medium wp-image-33666\" src=\"https:\/\/museutapies.org\/wp-content\/uploads\/2024\/01\/MAL-PELO-a-la-Fundacio-Antoni-Tapies-800x450.jpg\" alt=\"\" width=\"800\" height=\"450\" srcset=\"https:\/\/museutapies.org\/wp-content\/uploads\/2024\/01\/MAL-PELO-a-la-Fundacio-Antoni-Tapies-800x450.jpg 800w, https:\/\/museutapies.org\/wp-content\/uploads\/2024\/01\/MAL-PELO-a-la-Fundacio-Antoni-Tapies-900x506.jpg 900w, https:\/\/museutapies.org\/wp-content\/uploads\/2024\/01\/MAL-PELO-a-la-Fundacio-Antoni-Tapies-768x432.jpg 768w, https:\/\/museutapies.org\/wp-content\/uploads\/2024\/01\/MAL-PELO-a-la-Fundacio-Antoni-Tapies-500x281.jpg 500w, https:\/\/museutapies.org\/wp-content\/uploads\/2024\/01\/MAL-PELO-a-la-Fundacio-Antoni-Tapies-380x214.jpg 380w, https:\/\/museutapies.org\/wp-content\/uploads\/2024\/01\/MAL-PELO-a-la-Fundacio-Antoni-Tapies-600x337.jpg 600w, https:\/\/museutapies.org\/wp-content\/uploads\/2024\/01\/MAL-PELO-a-la-Fundacio-Antoni-Tapies.jpg 1334w\" sizes=\"(max-width: 800px) 100vw, 800px\" \/><\/p>\n<p>&nbsp;<\/p>\n<p><a href=\"https:\/\/museutapies.org\/en\/activitat\/programme-tapies-chairs\/\"><i><span style=\"font-weight: 400\">The Chairs of T\u00e0pies<\/span><\/i><\/a><span style=\"font-weight: 400\"> is a series of multidisciplinary sound actions organised in the context of the <a href=\"https:\/\/museutapies.org\/en\/tapies-year\/\">T\u00e0pies Centenary Year<\/a>, with the collaboration of Universitat Pompeu Fabra (UPF). The proposal focuses on the voice and words to create a sound accompaniment to oral memory. In this way, each of the thirteen sessions will feature a creator whose starting point will be the chair, taken as a performative object, linking back to the creative universe of T\u00e0pies through the expressive languages and settings of the present day. <\/span><span style=\"font-weight: 400\">The proposal for the month of November is Mal Pelo.\u00a0<\/span><\/p>\n<p>&nbsp;<\/p>\n<p><span style=\"font-weight: 400\"><strong>Mal Pelo<\/strong>, a creative theatre group under the artistic direction of Pep Ramis and Mar\u00eda Mu\u00f1oz, is known for its practice of shared authorship, arising from dialogue between creators from various disciplines (dance, philosophy, music, audiovisual). Over the course of its long career, it has developed its own artistic language through movement and the creation of theatrical performances, featuring text, original soundtracks, live music and the construction of stage settings, as well as light and video, amongst other theatrical techniques. The overall symbiosis makes it possible to understand space by means of the careful and peculiar capacity to listen to bodies and to objects. This in turn generates a personalised world, characterised by an amalgam of gestures and stimulations that approximate the work of Mal Pelo to a type of dance-essay, understood as a dialogue between body, text and sound.\u00a0<\/span><\/p>\n<p>&nbsp;<\/p>\n<p><span style=\"font-weight: 400\">Mar\u00eda Mu\u00f1oz and Pep Ramis have found on the stage an ideal place to express their urge to experiment, query and share subjects that are essential to their trajectory. Mal Pelo has presented the shows <\/span><i><span style=\"font-weight: 400\">Quarere<\/span><\/i><span style=\"font-weight: 400\"> (1989), <\/span><i><span style=\"font-weight: 400\">Sur, Perros del Sur<\/span><\/i><span style=\"font-weight: 400\"> (1992), <\/span><i><span style=\"font-weight: 400\">Dol<\/span><\/i><span style=\"font-weight: 400\"> (1994), <\/span><i><span style=\"font-weight: 400\">La calle del Imaginero<\/span><\/i><span style=\"font-weight: 400\"> (1996), <\/span><i><span style=\"font-weight: 400\">Orache <\/span><\/i><span style=\"font-weight: 400\">(1998), <\/span><i><span style=\"font-weight: 400\">El alma del bicho<\/span><\/i><span style=\"font-weight: 400\"> (1999), <\/span><i><span style=\"font-weight: 400\">L\u2019animal a l\u2019esquena<\/span><\/i><span style=\"font-weight: 400\"> (2001), <\/span><i><span style=\"font-weight: 400\">Atr\u00e1s los ojos<\/span><\/i><span style=\"font-weight: 400\"> (2002), <\/span><i><span style=\"font-weight: 400\">An (el silenci)<\/span><\/i><span style=\"font-weight: 400\"> (2003), <\/span><i><span style=\"font-weight: 400\">BACH<\/span><\/i><span style=\"font-weight: 400\"> (2004), <\/span><i><span style=\"font-weight: 400\">ATLAS<\/span><\/i><span style=\"font-weight: 400\"> (2005), <\/span><i><span style=\"font-weight: 400\">Testimoni de llops<\/span><\/i><span style=\"font-weight: 400\"> (2006), <\/span><i><span style=\"font-weight: 400\">He visto caballos<\/span><\/i><span style=\"font-weight: 400\"> (2008), <\/span><i><span style=\"font-weight: 400\">Tots els noms<\/span><\/i><span style=\"font-weight: 400\"> (2010), <\/span><i><span style=\"font-weight: 400\">Ca\u00edn &amp; Ca\u00edn <\/span><\/i><span style=\"font-weight: 400\">(2011), <\/span><i><span style=\"font-weight: 400\">L\u2019esperan\u00e7a de vida d\u2019una llebre<\/span><\/i><span style=\"font-weight: 400\"> (2013), <\/span><i><span style=\"font-weight: 400\">El cinqu\u00e8 hivern<\/span><\/i><span style=\"font-weight: 400\"> (2015), <\/span><i><span style=\"font-weight: 400\">7 lunas<\/span><\/i><span style=\"font-weight: 400\"> (2015), <\/span><i><span style=\"font-weight: 400\">The Mountain, the Truth and the Paradise<\/span><\/i><span style=\"font-weight: 400\"> (2017), <\/span><i><span style=\"font-weight: 400\">On Goldberg Variations \/ Variations <\/span><\/i><span style=\"font-weight: 400\">(2019), <\/span><i><span style=\"font-weight: 400\">Inventions <\/span><\/i><span style=\"font-weight: 400\">(2020), <\/span><i><span style=\"font-weight: 400\">Highlands<\/span><\/i><span style=\"font-weight: 400\"> (2021), <\/span><i><span style=\"font-weight: 400\">De haber nacido<\/span><\/i><span style=\"font-weight: 400\"> (2023) and <\/span><i><span style=\"font-weight: 400\">Double Infinite \u2013 The Bluebird Call<\/span><\/i><span style=\"font-weight: 400\"> (2023), amongst others.<\/span><\/p>\n<p>&nbsp;<\/p>\n<p><span style=\"font-weight: 400\">Over the course of their career, Mal Pelo has collaborated with various creators and projects, including John Berger, Erri de Luca, Lisa Nelson, \u00c0ngels Margarit, Steve Noble, N\u00faria Font, Steve Paxton, Eduard Fern\u00e1ndez, Andr\u00e9s Corchero, Toni Serra, Lilo Baur, Cesc Gelabert, Faustin Linyekula, Raffaella Giordano, Bar\u00f3 d\u2019Evel, Leonor Leal, Ni\u00f1o de Elche and Marta Izquierdo, amongst others.\u00a0<\/span><\/p>\n<p>&nbsp;<\/p>\n<p><span style=\"font-weight: 400\">The company has received numerous distinctions, including the National Culture Award of Catalonia, the City of Barcelona Award and the Spanish National Culture Award, acknowledging its career in the field of choreography, as well its achievements opening up new paths in contemporary dance.\u00a0<\/span><\/p>\n<p>&nbsp;<\/p>\n<p><span style=\"font-weight: 400\">In 2001, Mar\u00eda Mu\u00f1oz and Pep Ramis initiated the project L\u2019Animal a l\u2019Esquena, a creation and research centre located at Mas Espolla, in Celr\u00e0, Girona. The centre is conceived to enliven the intersection of various disciplines and interests, leading to artistic interchange through a working model based on creative residencies. Its location enhances the relationship between creators and the centre\u2019s natural surroundings, intensifying the possibility of new dialogues between art and nature.\u00a0<\/span><\/p>\n<p><span style=\"font-weight: 400\">[Photo credit: Mal Pelo]<\/span><\/p>\n","protected":false},"excerpt":{"rendered":"<p>The proposal of the programme &#8220;The Chairs of T\u00e0pies&#8221; for the month of November at Fundaci\u00f3 Antoni T\u00e0pies is Mal Pelo.\u00a0<\/p>\n","protected":false},"author":3,"featured_media":33666,"comment_status":"closed","ping_status":"closed","template":"","meta":{"_tribe_events_status":"","_tribe_events_status_reason":"","_tribe_events_is_hybrid":"","_tribe_events_is_virtual":"","_tribe_events_virtual_video_source":"","_tribe_events_virtual_embed_video":"","_tribe_events_virtual_linked_button_text":"","_tribe_events_virtual_linked_button":"","_tribe_events_virtual_show_embed_at":"","_tribe_events_virtual_show_embed_to":[],"_tribe_events_virtual_show_on_event":"","_tribe_events_virtual_show_on_views":"","_tribe_events_virtual_url":"","footnotes":""},"tags":[],"tribe_events_cat":[5770],"acf":[],"yoast_head":"<!-- This site is optimized with the Yoast SEO plugin v20.11 - https:\/\/yoast.com\/wordpress\/plugins\/seo\/ -->\n<title>The Chairs of T\u00e0pies: Mal Pelo - Museu T\u00e0pies<\/title>\n<meta name=\"description\" content=\"The proposal of the programme &quot;The Chairs of T\u00e0pies&quot; for the month of November at Fundaci\u00f3 Antoni T\u00e0pies is Mal Pelo.\u00a0\" \/>\n<meta name=\"robots\" content=\"index, follow, max-snippet:-1, max-image-preview:large, max-video-preview:-1\" \/>\n<meta property=\"og:locale\" content=\"en_US\" \/>\n<meta property=\"og:type\" content=\"article\" \/>\n<meta property=\"og:title\" content=\"The Chairs of T\u00e0pies: Mal Pelo - Museu T\u00e0pies\" \/>\n<meta property=\"og:description\" content=\"The proposal of the programme &quot;The Chairs of T\u00e0pies&quot; for the month of November at Fundaci\u00f3 Antoni T\u00e0pies is Mal Pelo.\u00a0\" \/>\n<meta property=\"og:url\" content=\"https:\/\/museutapies.org\/en\/event\/the-chairs-of-tapies-mal-pelo\/\" \/>\n<meta property=\"og:site_name\" content=\"Museu T\u00e0pies\" \/>\n<meta property=\"article:publisher\" content=\"https:\/\/www.facebook.com\/museutapies\" \/>\n<meta property=\"article:modified_time\" content=\"2024-10-29T09:31:44+00:00\" \/>\n<meta property=\"og:image\" content=\"https:\/\/museutapies.org\/wp-content\/uploads\/2024\/01\/MAL-PELO-a-la-Fundacio-Antoni-Tapies.jpg\" \/>\n\t<meta property=\"og:image:width\" content=\"1334\" \/>\n\t<meta property=\"og:image:height\" content=\"750\" \/>\n\t<meta property=\"og:image:type\" content=\"image\/jpeg\" \/>\n<meta name=\"twitter:card\" content=\"summary_large_image\" \/>\n<meta name=\"twitter:label1\" content=\"Est. reading time\" \/>\n\t<meta name=\"twitter:data1\" content=\"4 minutes\" \/>\n<script type=\"application\/ld+json\" class=\"yoast-schema-graph\">{\"@context\":\"https:\/\/schema.org\",\"@graph\":[{\"@type\":\"WebPage\",\"@id\":\"https:\/\/museutapies.org\/en\/event\/the-chairs-of-tapies-mal-pelo\/\",\"url\":\"https:\/\/museutapies.org\/en\/event\/the-chairs-of-tapies-mal-pelo\/\",\"name\":\"The Chairs of T\u00e0pies: Mal Pelo - Museu T\u00e0pies\",\"isPartOf\":{\"@id\":\"https:\/\/museutapies.org\/en\/#website\"},\"datePublished\":\"2024-05-15T12:23:04+00:00\",\"dateModified\":\"2024-10-29T09:31:44+00:00\",\"description\":\"The proposal of the programme \\\"The Chairs of T\u00e0pies\\\" for the month of November at Fundaci\u00f3 Antoni T\u00e0pies is Mal Pelo.\u00a0\",\"breadcrumb\":{\"@id\":\"https:\/\/museutapies.org\/en\/event\/the-chairs-of-tapies-mal-pelo\/#breadcrumb\"},\"inLanguage\":\"en-US\",\"potentialAction\":[{\"@type\":\"ReadAction\",\"target\":[\"https:\/\/museutapies.org\/en\/event\/the-chairs-of-tapies-mal-pelo\/\"]}]},{\"@type\":\"BreadcrumbList\",\"@id\":\"https:\/\/museutapies.org\/en\/event\/the-chairs-of-tapies-mal-pelo\/#breadcrumb\",\"itemListElement\":[{\"@type\":\"ListItem\",\"position\":1,\"name\":\"Esdeveniments\",\"item\":\"https:\/\/museutapies.org\/agenda\/\"},{\"@type\":\"ListItem\",\"position\":2,\"name\":\"The Chairs of T\u00e0pies: Mal Pelo\"}]},{\"@type\":\"WebSite\",\"@id\":\"https:\/\/museutapies.org\/en\/#website\",\"url\":\"https:\/\/museutapies.org\/en\/\",\"name\":\"Museu T\u00e0pies\",\"description\":\"\",\"publisher\":{\"@id\":\"https:\/\/museutapies.org\/en\/#organization\"},\"potentialAction\":[{\"@type\":\"SearchAction\",\"target\":{\"@type\":\"EntryPoint\",\"urlTemplate\":\"https:\/\/museutapies.org\/en\/?s={search_term_string}\"},\"query-input\":\"required name=search_term_string\"}],\"inLanguage\":\"en-US\"},{\"@type\":\"Organization\",\"@id\":\"https:\/\/museutapies.org\/en\/#organization\",\"name\":\"Museu T\u00e0pies\",\"url\":\"https:\/\/museutapies.org\/en\/\",\"logo\":{\"@type\":\"ImageObject\",\"inLanguage\":\"en-US\",\"@id\":\"https:\/\/museutapies.org\/en\/#\/schema\/logo\/image\/\",\"url\":\"https:\/\/museutapies.org\/wp-content\/uploads\/2024\/07\/mta.png\",\"contentUrl\":\"https:\/\/museutapies.org\/wp-content\/uploads\/2024\/07\/mta.png\",\"width\":244,\"height\":110,\"caption\":\"Museu T\u00e0pies\"},\"image\":{\"@id\":\"https:\/\/museutapies.org\/en\/#\/schema\/logo\/image\/\"},\"sameAs\":[\"https:\/\/www.facebook.com\/museutapies\",\"https:\/\/www.instagram.com\/museutapies\/\",\"https:\/\/www.youtube.com\/channel\/UCPi65HBb48RMeoa12lR51cQ\",\"https:\/\/x.com\/MuseuTapies\"]}]}<\/script>\n<!-- \/ Yoast SEO plugin. -->","yoast_head_json":{"title":"The Chairs of T\u00e0pies: Mal Pelo - Museu T\u00e0pies","description":"The proposal of the programme \"The Chairs of T\u00e0pies\" for the month of November at Fundaci\u00f3 Antoni T\u00e0pies is Mal Pelo.\u00a0","robots":{"index":"index","follow":"follow","max-snippet":"max-snippet:-1","max-image-preview":"max-image-preview:large","max-video-preview":"max-video-preview:-1"},"og_locale":"en_US","og_type":"article","og_title":"The Chairs of T\u00e0pies: Mal Pelo - Museu T\u00e0pies","og_description":"The proposal of the programme \"The Chairs of T\u00e0pies\" for the month of November at Fundaci\u00f3 Antoni T\u00e0pies is Mal Pelo.\u00a0","og_url":"https:\/\/museutapies.org\/en\/event\/the-chairs-of-tapies-mal-pelo\/","og_site_name":"Museu T\u00e0pies","article_publisher":"https:\/\/www.facebook.com\/museutapies","article_modified_time":"2024-10-29T09:31:44+00:00","og_image":[{"width":1334,"height":750,"url":"https:\/\/museutapies.org\/wp-content\/uploads\/2024\/01\/MAL-PELO-a-la-Fundacio-Antoni-Tapies.jpg","type":"image\/jpeg"}],"twitter_card":"summary_large_image","twitter_misc":{"Est. reading time":"4 minutes"},"schema":{"@context":"https:\/\/schema.org","@graph":[{"@type":"WebPage","@id":"https:\/\/museutapies.org\/en\/event\/the-chairs-of-tapies-mal-pelo\/","url":"https:\/\/museutapies.org\/en\/event\/the-chairs-of-tapies-mal-pelo\/","name":"The Chairs of T\u00e0pies: Mal Pelo - Museu T\u00e0pies","isPartOf":{"@id":"https:\/\/museutapies.org\/en\/#website"},"datePublished":"2024-05-15T12:23:04+00:00","dateModified":"2024-10-29T09:31:44+00:00","description":"The proposal of the programme \"The Chairs of T\u00e0pies\" for the month of November at Fundaci\u00f3 Antoni T\u00e0pies is Mal Pelo.\u00a0","breadcrumb":{"@id":"https:\/\/museutapies.org\/en\/event\/the-chairs-of-tapies-mal-pelo\/#breadcrumb"},"inLanguage":"en-US","potentialAction":[{"@type":"ReadAction","target":["https:\/\/museutapies.org\/en\/event\/the-chairs-of-tapies-mal-pelo\/"]}]},{"@type":"BreadcrumbList","@id":"https:\/\/museutapies.org\/en\/event\/the-chairs-of-tapies-mal-pelo\/#breadcrumb","itemListElement":[{"@type":"ListItem","position":1,"name":"Esdeveniments","item":"https:\/\/museutapies.org\/agenda\/"},{"@type":"ListItem","position":2,"name":"The Chairs of T\u00e0pies: Mal Pelo"}]},{"@type":"WebSite","@id":"https:\/\/museutapies.org\/en\/#website","url":"https:\/\/museutapies.org\/en\/","name":"Museu T\u00e0pies","description":"","publisher":{"@id":"https:\/\/museutapies.org\/en\/#organization"},"potentialAction":[{"@type":"SearchAction","target":{"@type":"EntryPoint","urlTemplate":"https:\/\/museutapies.org\/en\/?s={search_term_string}"},"query-input":"required name=search_term_string"}],"inLanguage":"en-US"},{"@type":"Organization","@id":"https:\/\/museutapies.org\/en\/#organization","name":"Museu T\u00e0pies","url":"https:\/\/museutapies.org\/en\/","logo":{"@type":"ImageObject","inLanguage":"en-US","@id":"https:\/\/museutapies.org\/en\/#\/schema\/logo\/image\/","url":"https:\/\/museutapies.org\/wp-content\/uploads\/2024\/07\/mta.png","contentUrl":"https:\/\/museutapies.org\/wp-content\/uploads\/2024\/07\/mta.png","width":244,"height":110,"caption":"Museu T\u00e0pies"},"image":{"@id":"https:\/\/museutapies.org\/en\/#\/schema\/logo\/image\/"},"sameAs":["https:\/\/www.facebook.com\/museutapies","https:\/\/www.instagram.com\/museutapies\/","https:\/\/www.youtube.com\/channel\/UCPi65HBb48RMeoa12lR51cQ","https:\/\/x.com\/MuseuTapies"]}]}},"_links":{"self":[{"href":"https:\/\/museutapies.org\/en\/wp-json\/wp\/v2\/tribe_events\/33676"}],"collection":[{"href":"https:\/\/museutapies.org\/en\/wp-json\/wp\/v2\/tribe_events"}],"about":[{"href":"https:\/\/museutapies.org\/en\/wp-json\/wp\/v2\/types\/tribe_events"}],"author":[{"embeddable":true,"href":"https:\/\/museutapies.org\/en\/wp-json\/wp\/v2\/users\/3"}],"replies":[{"embeddable":true,"href":"https:\/\/museutapies.org\/en\/wp-json\/wp\/v2\/comments?post=33676"}],"version-history":[{"count":5,"href":"https:\/\/museutapies.org\/en\/wp-json\/wp\/v2\/tribe_events\/33676\/revisions"}],"predecessor-version":[{"id":36638,"href":"https:\/\/museutapies.org\/en\/wp-json\/wp\/v2\/tribe_events\/33676\/revisions\/36638"}],"wp:featuredmedia":[{"embeddable":true,"href":"https:\/\/museutapies.org\/en\/wp-json\/wp\/v2\/media\/33666"}],"wp:attachment":[{"href":"https:\/\/museutapies.org\/en\/wp-json\/wp\/v2\/media?parent=33676"}],"wp:term":[{"taxonomy":"post_tag","embeddable":true,"href":"https:\/\/museutapies.org\/en\/wp-json\/wp\/v2\/tags?post=33676"},{"taxonomy":"tribe_events_cat","embeddable":true,"href":"https:\/\/museutapies.org\/en\/wp-json\/wp\/v2\/tribe_events_cat?post=33676"}],"curies":[{"name":"wp","href":"https:\/\/api.w.org\/{rel}","templated":true}]}}