{"id":34978,"date":"2024-07-18T09:38:05","date_gmt":"2024-07-18T07:38:05","guid":{"rendered":"https:\/\/museutapies.org\/?post_type=tribe_events&#038;p=34978"},"modified":"2024-11-19T11:46:54","modified_gmt":"2024-11-19T10:46:54","slug":"international-symposium-representation-and-enigma-from-the-threshold-of-images","status":"publish","type":"tribe_events","link":"https:\/\/museutapies.org\/en\/event\/international-symposium-representation-and-enigma-from-the-threshold-of-images\/","title":{"rendered":"International Symposium: Representation and Enigma. From the Threshold of Images"},"content":{"rendered":"<p><img loading=\"lazy\" decoding=\"async\" class=\"alignnone size-medium wp-image-36353\" src=\"https:\/\/museutapies.org\/wp-content\/uploads\/2024\/07\/ftapies240718_127-800x532.jpg\" alt=\"\" width=\"800\" height=\"532\" srcset=\"https:\/\/museutapies.org\/wp-content\/uploads\/2024\/07\/ftapies240718_127-800x532.jpg 800w, https:\/\/museutapies.org\/wp-content\/uploads\/2024\/07\/ftapies240718_127-900x599.jpg 900w, https:\/\/museutapies.org\/wp-content\/uploads\/2024\/07\/ftapies240718_127-768x511.jpg 768w, https:\/\/museutapies.org\/wp-content\/uploads\/2024\/07\/ftapies240718_127-1536x1022.jpg 1536w, https:\/\/museutapies.org\/wp-content\/uploads\/2024\/07\/ftapies240718_127-2048x1363.jpg 2048w, https:\/\/museutapies.org\/wp-content\/uploads\/2024\/07\/ftapies240718_127-500x333.jpg 500w, https:\/\/museutapies.org\/wp-content\/uploads\/2024\/07\/ftapies240718_127-380x253.jpg 380w, https:\/\/museutapies.org\/wp-content\/uploads\/2024\/07\/ftapies240718_127-600x399.jpg 600w\" sizes=\"(max-width: 800px) 100vw, 800px\" \/><\/p>\n<p>&nbsp;<\/p>\n<p>The Museu T\u00e0pies wants the celebration of the T\u00e0pies Year to culminate in an international symposium to encourage new interpretations and new ways of approaching the artist\u2019s legacy today, given that we are currently rewriting certain historiographical genealogies. As has been pointed out repeatedly, the centenary of Antoni T\u00e0pies\u2019 birth involves not only a homage to the past but also a celebration of all that is to come. In this respect, it is absolutely necessary for us to be able to rethink a legacy that still speaks to us and in which there still remain many layers of interpretation to reveal and discover.<\/p>\n<p>The international symposium <em>Representation and Enigma: From the Threshold of Images<\/em>, coordinated by Imma Prieto, director of the Museu T\u00e0pies, Manuel Borja-Villel and Judith Barn\u00e9s, public programmes coordinator of the Museu T\u00e0pies will revolve around three conceptual areas:<\/p>\n<ul>\n<li>Representation and non-representation, focusing on the inherent dychotomy of the reflection of reality, and on the pair of figuration and abstraction, generating new, more permeable nominal situations.<\/li>\n<li>Time and non-time, concentrating on the continuity and otherwise of techniques, of symbolic languages, breaking with linearity and with the chronological sense of the creative process.<\/li>\n<li>Enigma and specificness, relating creation to magic, incorporating the concept of the demiurge and highlighting the multiple layers of interpretation of a work of art and the active role of the viewer in activating narratives.<\/li>\n<\/ul>\n<p>Through these three areas, and with the works by Antoni T\u00e0pies that make up the retrospective as a backdrop, participants in the symposium will be encourage adopting a free, personal approach, to allow them to look again at a visual and though code in order to rethink it and rethink ourselves today. As indicated in the symposium programme, the invitation goes out to researchers, academics and curators from Spain and abroad without any apparent connection with the artist, precisely to encourage this disruption.<\/p>\n<p>The three sessions of the international symposium will begin with an initial talk, followed by two replies to encourage criticism and dialogue between the guests. The programme features Hans D. Christ, Nausika\u00e4 El-Mecky, Isabel de Naver\u00e1n, Leda Martins, Carmen Pardo, Jos\u00e9 A. S\u00e1nchez, Rita Segato, Mar\u00eda Sierra and Amador Vega.<\/p>\n<p>&nbsp;<\/p>\n<p>SESSION 1. Enigma and Concretion | Date: 13 November 2024<\/p>\n<p>5 pm Presentation and welcome by Imma Prieto<\/p>\n<p>5.10 pm Talk \u201cT\u00e0pies&#8217; Crossroad\u201d by Amador Vega<\/p>\n<p>6 pm Break<\/p>\n<p>6.15 pm Approach \u201cUnder the Eyelids\u201d by Isabel de Naver\u00e1n<\/p>\n<p>6.45 pm Approach \u201cAppearance, Disappearance and Violence\u201d by Nausika\u00e4 El-Mecky<\/p>\n<p>7.15 pm Discussion between Amador Vega, Isabel de Naver\u00e1n and Nausika\u00e4 El-Mecky, moderated by Manuel Borja-Villel<\/p>\n<p>7.45 pm Open discussion<\/p>\n<p>8.15 pm Closing<\/p>\n<p>&nbsp;<\/p>\n<p>SESSION 2. Time and Non-Time | Date: 14 November 2024<\/p>\n<p>5 pm Talk &#8220;Six Moments for Another Time&#8221; by Manuel Borja-Villel<\/p>\n<p>5.50 pm Break<\/p>\n<p>6.05 pm Approach \u201cTimes of an Ear: Fragment by T\u00e0pies\u201d by Carmen Pardo<\/p>\n<p>6.35 pm Approach \u00a0&#8220;On Negativity&#8221; by Jos\u00e9 A. S\u00e1nchez<\/p>\n<p>7.05 pm Discussion between Manuel Borja-Villel, Carmen Pardo and Jos\u00e9 A. S\u00e1nchez, moderated by Judith Barn\u00e9s<\/p>\n<p>7.35 pm Open discussion<\/p>\n<p>20.00 pm Closing<\/p>\n<p>&nbsp;<\/p>\n<p>SESSION 3. Representation and Non-Representation | Date: 15 November 2024<\/p>\n<p>5 pm Talk \u201cThe Path of Art: from Representation to Deconstruction\u201d by Rita Segato<\/p>\n<p>5.50 pm Break<\/p>\n<p>6.05 pm Approach &#8220;The Image of the Romany People: Overexposure as a Form of (non) Representation&#8221; by Mar\u00eda Sierra<\/p>\n<p>6.35 pm Approach \u201cThe Fortune of the Abstraction\u201d by Hans D. Christ<\/p>\n<p>7.05 pm Discussion between Rita Segato, Mar\u00eda Sierra and Hans D. Christ, moderated by Imma Prieto<\/p>\n<p>7.35 pm Open discussion<\/p>\n<p>08.05 pm Conclusions and close by Imma Prieto<\/p>\n<p>08.30 pm Closing<\/p>\n<p>&nbsp;<\/p>\n","protected":false},"excerpt":{"rendered":"<p>New ways of approaching the artist\u2019s legacy today with Manuel Borja-Villel, Hans D. Christ, Nausika\u00e4 El-Mecky, Isabel de Naver\u00e1n, Carmen Pardo, Jos\u00e9 A. S\u00e1nchez, Rita Segato, Mar\u00eda Sierra and Amador Vega.<\/p>\n","protected":false},"author":208,"featured_media":36353,"comment_status":"closed","ping_status":"closed","template":"","meta":{"_tribe_events_status":"","_tribe_events_status_reason":"","_tribe_events_is_hybrid":"","_tribe_events_is_virtual":"","_tribe_events_virtual_video_source":"","_tribe_events_virtual_embed_video":"","_tribe_events_virtual_linked_button_text":"","_tribe_events_virtual_linked_button":"","_tribe_events_virtual_show_embed_at":"","_tribe_events_virtual_show_embed_to":[],"_tribe_events_virtual_show_on_event":"","_tribe_events_virtual_show_on_views":"","_tribe_events_virtual_url":"","footnotes":""},"tags":[],"tribe_events_cat":[5770],"acf":[],"yoast_head":"<!-- This site is optimized with the Yoast SEO plugin v20.11 - https:\/\/yoast.com\/wordpress\/plugins\/seo\/ -->\n<title>International Symposium: Representation and Enigma. From the Threshold of Images - Museu T\u00e0pies<\/title>\n<meta name=\"description\" content=\"The programme at Museu T\u00e0pies features Hans D. Christ, Nausika\u00e4 El-Mecky, Isabel de Naver\u00e1n, Carmen Pardo, Jos\u00e9 A. S\u00e1nchez, Rita Segato, Mar\u00eda Sierra and Amador Vega\" \/>\n<meta name=\"robots\" content=\"index, follow, max-snippet:-1, max-image-preview:large, max-video-preview:-1\" \/>\n<meta property=\"og:locale\" content=\"en_US\" \/>\n<meta property=\"og:type\" content=\"article\" \/>\n<meta property=\"og:title\" content=\"International Symposium: Representation and Enigma. From the Threshold of Images - Museu T\u00e0pies\" \/>\n<meta property=\"og:description\" content=\"The programme at Museu T\u00e0pies features Hans D. Christ, Nausika\u00e4 El-Mecky, Isabel de Naver\u00e1n, Carmen Pardo, Jos\u00e9 A. S\u00e1nchez, Rita Segato, Mar\u00eda Sierra and Amador Vega\" \/>\n<meta property=\"og:url\" content=\"https:\/\/museutapies.org\/en\/event\/international-symposium-representation-and-enigma-from-the-threshold-of-images\/\" \/>\n<meta property=\"og:site_name\" content=\"Museu T\u00e0pies\" \/>\n<meta property=\"article:publisher\" content=\"https:\/\/www.facebook.com\/museutapies\" \/>\n<meta property=\"article:modified_time\" content=\"2024-11-19T10:46:54+00:00\" \/>\n<meta property=\"og:image\" content=\"https:\/\/museutapies.org\/wp-content\/uploads\/2024\/07\/ftapies240718_127-scaled.jpg\" \/>\n\t<meta property=\"og:image:width\" content=\"2560\" \/>\n\t<meta property=\"og:image:height\" content=\"1703\" \/>\n\t<meta property=\"og:image:type\" content=\"image\/jpeg\" \/>\n<meta name=\"twitter:card\" content=\"summary_large_image\" \/>\n<meta name=\"twitter:label1\" content=\"Est. reading time\" \/>\n\t<meta name=\"twitter:data1\" content=\"4 minutes\" \/>\n<script type=\"application\/ld+json\" class=\"yoast-schema-graph\">{\"@context\":\"https:\/\/schema.org\",\"@graph\":[{\"@type\":\"WebPage\",\"@id\":\"https:\/\/museutapies.org\/en\/event\/international-symposium-representation-and-enigma-from-the-threshold-of-images\/\",\"url\":\"https:\/\/museutapies.org\/en\/event\/international-symposium-representation-and-enigma-from-the-threshold-of-images\/\",\"name\":\"International Symposium: Representation and Enigma. From the Threshold of Images - Museu T\u00e0pies\",\"isPartOf\":{\"@id\":\"https:\/\/museutapies.org\/en\/#website\"},\"datePublished\":\"2024-07-18T07:38:05+00:00\",\"dateModified\":\"2024-11-19T10:46:54+00:00\",\"description\":\"The programme at Museu T\u00e0pies features Hans D. Christ, Nausika\u00e4 El-Mecky, Isabel de Naver\u00e1n, Carmen Pardo, Jos\u00e9 A. S\u00e1nchez, Rita Segato, Mar\u00eda Sierra and Amador Vega\",\"breadcrumb\":{\"@id\":\"https:\/\/museutapies.org\/en\/event\/international-symposium-representation-and-enigma-from-the-threshold-of-images\/#breadcrumb\"},\"inLanguage\":\"en-US\",\"potentialAction\":[{\"@type\":\"ReadAction\",\"target\":[\"https:\/\/museutapies.org\/en\/event\/international-symposium-representation-and-enigma-from-the-threshold-of-images\/\"]}]},{\"@type\":\"BreadcrumbList\",\"@id\":\"https:\/\/museutapies.org\/en\/event\/international-symposium-representation-and-enigma-from-the-threshold-of-images\/#breadcrumb\",\"itemListElement\":[{\"@type\":\"ListItem\",\"position\":1,\"name\":\"Esdeveniments\",\"item\":\"https:\/\/museutapies.org\/agenda\/\"},{\"@type\":\"ListItem\",\"position\":2,\"name\":\"International Symposium: Representation and Enigma. From the Threshold of Images\"}]},{\"@type\":\"WebSite\",\"@id\":\"https:\/\/museutapies.org\/en\/#website\",\"url\":\"https:\/\/museutapies.org\/en\/\",\"name\":\"Museu T\u00e0pies\",\"description\":\"\",\"publisher\":{\"@id\":\"https:\/\/museutapies.org\/en\/#organization\"},\"potentialAction\":[{\"@type\":\"SearchAction\",\"target\":{\"@type\":\"EntryPoint\",\"urlTemplate\":\"https:\/\/museutapies.org\/en\/?s={search_term_string}\"},\"query-input\":\"required name=search_term_string\"}],\"inLanguage\":\"en-US\"},{\"@type\":\"Organization\",\"@id\":\"https:\/\/museutapies.org\/en\/#organization\",\"name\":\"Museu T\u00e0pies\",\"url\":\"https:\/\/museutapies.org\/en\/\",\"logo\":{\"@type\":\"ImageObject\",\"inLanguage\":\"en-US\",\"@id\":\"https:\/\/museutapies.org\/en\/#\/schema\/logo\/image\/\",\"url\":\"https:\/\/museutapies.org\/wp-content\/uploads\/2024\/07\/mta.png\",\"contentUrl\":\"https:\/\/museutapies.org\/wp-content\/uploads\/2024\/07\/mta.png\",\"width\":244,\"height\":110,\"caption\":\"Museu T\u00e0pies\"},\"image\":{\"@id\":\"https:\/\/museutapies.org\/en\/#\/schema\/logo\/image\/\"},\"sameAs\":[\"https:\/\/www.facebook.com\/museutapies\",\"https:\/\/www.instagram.com\/museutapies\/\",\"https:\/\/www.youtube.com\/channel\/UCPi65HBb48RMeoa12lR51cQ\",\"https:\/\/x.com\/MuseuTapies\"]}]}<\/script>\n<!-- \/ Yoast SEO plugin. -->","yoast_head_json":{"title":"International Symposium: Representation and Enigma. From the Threshold of Images - Museu T\u00e0pies","description":"The programme at Museu T\u00e0pies features Hans D. Christ, Nausika\u00e4 El-Mecky, Isabel de Naver\u00e1n, Carmen Pardo, Jos\u00e9 A. S\u00e1nchez, Rita Segato, Mar\u00eda Sierra and Amador Vega","robots":{"index":"index","follow":"follow","max-snippet":"max-snippet:-1","max-image-preview":"max-image-preview:large","max-video-preview":"max-video-preview:-1"},"og_locale":"en_US","og_type":"article","og_title":"International Symposium: Representation and Enigma. From the Threshold of Images - Museu T\u00e0pies","og_description":"The programme at Museu T\u00e0pies features Hans D. Christ, Nausika\u00e4 El-Mecky, Isabel de Naver\u00e1n, Carmen Pardo, Jos\u00e9 A. S\u00e1nchez, Rita Segato, Mar\u00eda Sierra and Amador Vega","og_url":"https:\/\/museutapies.org\/en\/event\/international-symposium-representation-and-enigma-from-the-threshold-of-images\/","og_site_name":"Museu T\u00e0pies","article_publisher":"https:\/\/www.facebook.com\/museutapies","article_modified_time":"2024-11-19T10:46:54+00:00","og_image":[{"width":2560,"height":1703,"url":"https:\/\/museutapies.org\/wp-content\/uploads\/2024\/07\/ftapies240718_127-scaled.jpg","type":"image\/jpeg"}],"twitter_card":"summary_large_image","twitter_misc":{"Est. reading time":"4 minutes"},"schema":{"@context":"https:\/\/schema.org","@graph":[{"@type":"WebPage","@id":"https:\/\/museutapies.org\/en\/event\/international-symposium-representation-and-enigma-from-the-threshold-of-images\/","url":"https:\/\/museutapies.org\/en\/event\/international-symposium-representation-and-enigma-from-the-threshold-of-images\/","name":"International Symposium: Representation and Enigma. From the Threshold of Images - Museu T\u00e0pies","isPartOf":{"@id":"https:\/\/museutapies.org\/en\/#website"},"datePublished":"2024-07-18T07:38:05+00:00","dateModified":"2024-11-19T10:46:54+00:00","description":"The programme at Museu T\u00e0pies features Hans D. Christ, Nausika\u00e4 El-Mecky, Isabel de Naver\u00e1n, Carmen Pardo, Jos\u00e9 A. S\u00e1nchez, Rita Segato, Mar\u00eda Sierra and Amador Vega","breadcrumb":{"@id":"https:\/\/museutapies.org\/en\/event\/international-symposium-representation-and-enigma-from-the-threshold-of-images\/#breadcrumb"},"inLanguage":"en-US","potentialAction":[{"@type":"ReadAction","target":["https:\/\/museutapies.org\/en\/event\/international-symposium-representation-and-enigma-from-the-threshold-of-images\/"]}]},{"@type":"BreadcrumbList","@id":"https:\/\/museutapies.org\/en\/event\/international-symposium-representation-and-enigma-from-the-threshold-of-images\/#breadcrumb","itemListElement":[{"@type":"ListItem","position":1,"name":"Esdeveniments","item":"https:\/\/museutapies.org\/agenda\/"},{"@type":"ListItem","position":2,"name":"International Symposium: Representation and Enigma. From the Threshold of Images"}]},{"@type":"WebSite","@id":"https:\/\/museutapies.org\/en\/#website","url":"https:\/\/museutapies.org\/en\/","name":"Museu T\u00e0pies","description":"","publisher":{"@id":"https:\/\/museutapies.org\/en\/#organization"},"potentialAction":[{"@type":"SearchAction","target":{"@type":"EntryPoint","urlTemplate":"https:\/\/museutapies.org\/en\/?s={search_term_string}"},"query-input":"required name=search_term_string"}],"inLanguage":"en-US"},{"@type":"Organization","@id":"https:\/\/museutapies.org\/en\/#organization","name":"Museu T\u00e0pies","url":"https:\/\/museutapies.org\/en\/","logo":{"@type":"ImageObject","inLanguage":"en-US","@id":"https:\/\/museutapies.org\/en\/#\/schema\/logo\/image\/","url":"https:\/\/museutapies.org\/wp-content\/uploads\/2024\/07\/mta.png","contentUrl":"https:\/\/museutapies.org\/wp-content\/uploads\/2024\/07\/mta.png","width":244,"height":110,"caption":"Museu T\u00e0pies"},"image":{"@id":"https:\/\/museutapies.org\/en\/#\/schema\/logo\/image\/"},"sameAs":["https:\/\/www.facebook.com\/museutapies","https:\/\/www.instagram.com\/museutapies\/","https:\/\/www.youtube.com\/channel\/UCPi65HBb48RMeoa12lR51cQ","https:\/\/x.com\/MuseuTapies"]}]}},"_links":{"self":[{"href":"https:\/\/museutapies.org\/en\/wp-json\/wp\/v2\/tribe_events\/34978"}],"collection":[{"href":"https:\/\/museutapies.org\/en\/wp-json\/wp\/v2\/tribe_events"}],"about":[{"href":"https:\/\/museutapies.org\/en\/wp-json\/wp\/v2\/types\/tribe_events"}],"author":[{"embeddable":true,"href":"https:\/\/museutapies.org\/en\/wp-json\/wp\/v2\/users\/208"}],"replies":[{"embeddable":true,"href":"https:\/\/museutapies.org\/en\/wp-json\/wp\/v2\/comments?post=34978"}],"version-history":[{"count":19,"href":"https:\/\/museutapies.org\/en\/wp-json\/wp\/v2\/tribe_events\/34978\/revisions"}],"predecessor-version":[{"id":36879,"href":"https:\/\/museutapies.org\/en\/wp-json\/wp\/v2\/tribe_events\/34978\/revisions\/36879"}],"wp:featuredmedia":[{"embeddable":true,"href":"https:\/\/museutapies.org\/en\/wp-json\/wp\/v2\/media\/36353"}],"wp:attachment":[{"href":"https:\/\/museutapies.org\/en\/wp-json\/wp\/v2\/media?parent=34978"}],"wp:term":[{"taxonomy":"post_tag","embeddable":true,"href":"https:\/\/museutapies.org\/en\/wp-json\/wp\/v2\/tags?post=34978"},{"taxonomy":"tribe_events_cat","embeddable":true,"href":"https:\/\/museutapies.org\/en\/wp-json\/wp\/v2\/tribe_events_cat?post=34978"}],"curies":[{"name":"wp","href":"https:\/\/api.w.org\/{rel}","templated":true}]}}