{"id":36119,"date":"2024-10-01T09:54:11","date_gmt":"2024-10-01T07:54:11","guid":{"rendered":"https:\/\/museutapies.org\/?post_type=tribe_events&#038;p=36119"},"modified":"2024-10-04T16:08:02","modified_gmt":"2024-10-04T14:08:02","slug":"oliver-marchart-conflictual-aesthetics-artistic-activism-and-the-public-sphere","status":"publish","type":"tribe_events","link":"https:\/\/museutapies.org\/en\/event\/oliver-marchart-conflictual-aesthetics-artistic-activism-and-the-public-sphere\/","title":{"rendered":"Oliver Marchart. Conflictual Aesthetics: Artistic Activism and the Public Sphere"},"content":{"rendered":"<p><img loading=\"lazy\" decoding=\"async\" class=\"alignnone size-full wp-image-36215\" src=\"https:\/\/museutapies.org\/wp-content\/uploads\/2024\/09\/Oliver-Marchart.png\" alt=\"\" width=\"623\" height=\"413\" srcset=\"https:\/\/museutapies.org\/wp-content\/uploads\/2024\/09\/Oliver-Marchart.png 623w, https:\/\/museutapies.org\/wp-content\/uploads\/2024\/09\/Oliver-Marchart-500x331.png 500w, https:\/\/museutapies.org\/wp-content\/uploads\/2024\/09\/Oliver-Marchart-380x252.png 380w, https:\/\/museutapies.org\/wp-content\/uploads\/2024\/09\/Oliver-Marchart-600x398.png 600w\" sizes=\"(max-width: 623px) 100vw, 623px\" \/><\/p>\n<p>The NED publishing house has recently released the book <em>Est\u00e9tica conflictual. Activismo art\u00edstico y esfera p\u00fablica<\/em> [Conflictual Aesthetics: Artistic Activism and the Public Sphere] by Oliver Marchart, with a prologue by Laura Llevadot. This publication explores the relationship between artistic practices featuring political activism and art\u2019s political power as expressed through the activism of the past decade, upholding present-day liberal revolutions.<\/p>\n<p>In this regard, in the last twenty years two events have particularly stood out: the crisis of 2008 and the COVID-19 pandemic. This convulsive political moment has given rise to various activist initiatives that have challenged neoliberalism\u2019s demands for austerity and imposed precariousness. Rather than finding haven amidst comfortable institutions, art has claimed a political vocation for itself by intervening in the articulation of activist positions, broadening spaces of conflict and dissent so as to conceive of other possible ways of living in the public sphere.<\/p>\n<p>The Museu T\u00e0pies will host a presentation of this book, accompanied by a debate on the activist turn in contemporary art in recent decades and art\u2019s capacity to intervene in the public sphere. Participants will be Imma Prieto, director of the Museu T\u00e0pies; Carles Guerra, independent curator; Laura Llevadot, philosopher and teacher; and Oliver Marchart, author of the book and of other publications, including <em>Post-Foundational Political Thought<\/em> (2007) and <em>Thinking Antagonism: Political Ontology after Laclau<\/em> (2018).<\/p>\n<p>&nbsp;<\/p>\n<p>Programme:<\/p>\n<p>11h-11.30 am\u00a0 \u00a0 Presentation of the book by Oliver Marchart, Est\u00e8tica conflictual (NED, 2024).<br \/>\n11h.\u00a0 \u00a0 \u00a0 \u00a0 \u00a0 \u00a0 \u00a0 \u00a0 \u00a0 \u00a0Laura Llevadot: Pensament posfundacional i est\u00e8tica posfundacional.<br \/>\n11.10 h.\u00a0 \u00a0 \u00a0 \u00a0 \u00a0 \u00a0 Juan Evaristo Valls Boix: Oliver Marchart i la q\u00fcesti\u00f3 de l&#8217;art pol\u00edtic<br \/>\n11.20 h.\u00a0 \u00a0 \u00a0 \u00a0 \u00a0 \u00a0Oliver Marchart: Est\u00e8tica Conflictual (Conflictual Aesthetics)<\/p>\n<p>11.30-12.30 h. Conversation: Activism in Contemporary Art<br \/>\n11.30 h.\u00a0 \u00a0 \u00a0 \u00a0 \u00a0 \u00a0 Imma Prieto (Director, Museu T\u00e0pies): Art activista i art pol\u00edtic<br \/>\n11. 45 h.\u00a0 \u00a0 \u00a0 \u00a0 \u00a0 \u00a0Carles Guerra (Independent research): Art activista i art pol\u00edtic<br \/>\n12h.\u00a0 \u00a0 \u00a0 \u00a0 \u00a0 \u00a0 \u00a0 \u00a0 \u00a0 Oliver Marchart<br \/>\n12.25 h.\u00a0 \u00a0 \u00a0 \u00a0 \u00a0 \u00a0Laura Llevadot: questions and conclusions<\/p>\n<p>&nbsp;<\/p>\n<p><img loading=\"lazy\" decoding=\"async\" class=\"alignnone size-medium wp-image-36008\" src=\"https:\/\/museutapies.org\/wp-content\/uploads\/2024\/09\/olivier-marchant-800x800.jpg\" alt=\"\" width=\"800\" height=\"800\" srcset=\"https:\/\/museutapies.org\/wp-content\/uploads\/2024\/09\/olivier-marchant-800x800.jpg 800w, https:\/\/museutapies.org\/wp-content\/uploads\/2024\/09\/olivier-marchant-700x700.jpg 700w, https:\/\/museutapies.org\/wp-content\/uploads\/2024\/09\/olivier-marchant-768x768.jpg 768w, https:\/\/museutapies.org\/wp-content\/uploads\/2024\/09\/olivier-marchant-500x500.jpg 500w, https:\/\/museutapies.org\/wp-content\/uploads\/2024\/09\/olivier-marchant-380x380.jpg 380w, https:\/\/museutapies.org\/wp-content\/uploads\/2024\/09\/olivier-marchant-350x350.jpg 350w, https:\/\/museutapies.org\/wp-content\/uploads\/2024\/09\/olivier-marchant-300x300.jpg 300w, https:\/\/museutapies.org\/wp-content\/uploads\/2024\/09\/olivier-marchant-600x600.jpg 600w, https:\/\/museutapies.org\/wp-content\/uploads\/2024\/09\/olivier-marchant-100x100.jpg 100w, https:\/\/museutapies.org\/wp-content\/uploads\/2024\/09\/olivier-marchant.jpg 1080w\" sizes=\"(max-width: 800px) 100vw, 800px\" \/><\/p>\n","protected":false},"excerpt":{"rendered":"<p>Presentation of the book Est\u00e9tica conflictual, by Oliver Marchart, with Laura Llevadot, Juan Evaristo Valle, Carles Guerra and Imma Prieto, director, Museu T\u00e0pies.<\/p>\n","protected":false},"author":207,"featured_media":36215,"comment_status":"closed","ping_status":"closed","template":"","meta":{"_tribe_events_status":"","_tribe_events_status_reason":"","_tribe_events_is_hybrid":"","_tribe_events_is_virtual":"","_tribe_events_virtual_video_source":"","_tribe_events_virtual_embed_video":"","_tribe_events_virtual_linked_button_text":"","_tribe_events_virtual_linked_button":"","_tribe_events_virtual_show_embed_at":"","_tribe_events_virtual_show_embed_to":[],"_tribe_events_virtual_show_on_event":"","_tribe_events_virtual_show_on_views":"","_tribe_events_virtual_url":"","footnotes":""},"tags":[],"tribe_events_cat":[5770],"acf":[],"yoast_head":"<!-- This site is optimized with the Yoast SEO plugin v20.11 - https:\/\/yoast.com\/wordpress\/plugins\/seo\/ -->\n<title>Oliver Marchart. Conflictual Aesthetics: Artistic Activism and the Public Sphere - Museu T\u00e0pies<\/title>\n<meta name=\"description\" content=\"Presentation of the book Est\u00e9tica conflictual, by Oliver Marchart, with Laura Llevadot, Juan Evaristo Valle, Carles Guerra and Imma Prieto, director, Museu T\u00e0pies.\" \/>\n<meta name=\"robots\" content=\"index, follow, max-snippet:-1, max-image-preview:large, max-video-preview:-1\" \/>\n<meta property=\"og:locale\" content=\"en_US\" \/>\n<meta property=\"og:type\" content=\"article\" \/>\n<meta property=\"og:title\" content=\"Oliver Marchart. Conflictual Aesthetics: Artistic Activism and the Public Sphere - Museu T\u00e0pies\" \/>\n<meta property=\"og:description\" content=\"Presentation of the book Est\u00e9tica conflictual, by Oliver Marchart, with Laura Llevadot, Juan Evaristo Valle, Carles Guerra and Imma Prieto, director, Museu T\u00e0pies.\" \/>\n<meta property=\"og:url\" content=\"https:\/\/museutapies.org\/en\/event\/oliver-marchart-conflictual-aesthetics-artistic-activism-and-the-public-sphere\/\" \/>\n<meta property=\"og:site_name\" content=\"Museu T\u00e0pies\" \/>\n<meta property=\"article:publisher\" content=\"https:\/\/www.facebook.com\/museutapies\" \/>\n<meta property=\"article:modified_time\" content=\"2024-10-04T14:08:02+00:00\" \/>\n<meta property=\"og:image\" content=\"https:\/\/museutapies.org\/wp-content\/uploads\/2024\/09\/Oliver-Marchart.png\" \/>\n\t<meta property=\"og:image:width\" content=\"623\" \/>\n\t<meta property=\"og:image:height\" content=\"413\" \/>\n\t<meta property=\"og:image:type\" content=\"image\/png\" \/>\n<meta name=\"twitter:card\" content=\"summary_large_image\" \/>\n<meta name=\"twitter:label1\" content=\"Est. reading time\" \/>\n\t<meta name=\"twitter:data1\" content=\"3 minutes\" \/>\n<script type=\"application\/ld+json\" class=\"yoast-schema-graph\">{\"@context\":\"https:\/\/schema.org\",\"@graph\":[{\"@type\":\"WebPage\",\"@id\":\"https:\/\/museutapies.org\/en\/event\/oliver-marchart-conflictual-aesthetics-artistic-activism-and-the-public-sphere\/\",\"url\":\"https:\/\/museutapies.org\/en\/event\/oliver-marchart-conflictual-aesthetics-artistic-activism-and-the-public-sphere\/\",\"name\":\"Oliver Marchart. Conflictual Aesthetics: Artistic Activism and the Public Sphere - Museu T\u00e0pies\",\"isPartOf\":{\"@id\":\"https:\/\/museutapies.org\/en\/#website\"},\"datePublished\":\"2024-10-01T07:54:11+00:00\",\"dateModified\":\"2024-10-04T14:08:02+00:00\",\"description\":\"Presentation of the book Est\u00e9tica conflictual, by Oliver Marchart, with Laura Llevadot, Juan Evaristo Valle, Carles Guerra and Imma Prieto, director, Museu T\u00e0pies.\",\"breadcrumb\":{\"@id\":\"https:\/\/museutapies.org\/en\/event\/oliver-marchart-conflictual-aesthetics-artistic-activism-and-the-public-sphere\/#breadcrumb\"},\"inLanguage\":\"en-US\",\"potentialAction\":[{\"@type\":\"ReadAction\",\"target\":[\"https:\/\/museutapies.org\/en\/event\/oliver-marchart-conflictual-aesthetics-artistic-activism-and-the-public-sphere\/\"]}]},{\"@type\":\"BreadcrumbList\",\"@id\":\"https:\/\/museutapies.org\/en\/event\/oliver-marchart-conflictual-aesthetics-artistic-activism-and-the-public-sphere\/#breadcrumb\",\"itemListElement\":[{\"@type\":\"ListItem\",\"position\":1,\"name\":\"Esdeveniments\",\"item\":\"https:\/\/museutapies.org\/agenda\/\"},{\"@type\":\"ListItem\",\"position\":2,\"name\":\"Oliver Marchart. Conflictual Aesthetics: Artistic Activism and the Public Sphere\"}]},{\"@type\":\"WebSite\",\"@id\":\"https:\/\/museutapies.org\/en\/#website\",\"url\":\"https:\/\/museutapies.org\/en\/\",\"name\":\"Museu T\u00e0pies\",\"description\":\"\",\"publisher\":{\"@id\":\"https:\/\/museutapies.org\/en\/#organization\"},\"potentialAction\":[{\"@type\":\"SearchAction\",\"target\":{\"@type\":\"EntryPoint\",\"urlTemplate\":\"https:\/\/museutapies.org\/en\/?s={search_term_string}\"},\"query-input\":\"required name=search_term_string\"}],\"inLanguage\":\"en-US\"},{\"@type\":\"Organization\",\"@id\":\"https:\/\/museutapies.org\/en\/#organization\",\"name\":\"Museu T\u00e0pies\",\"url\":\"https:\/\/museutapies.org\/en\/\",\"logo\":{\"@type\":\"ImageObject\",\"inLanguage\":\"en-US\",\"@id\":\"https:\/\/museutapies.org\/en\/#\/schema\/logo\/image\/\",\"url\":\"https:\/\/museutapies.org\/wp-content\/uploads\/2024\/07\/mta.png\",\"contentUrl\":\"https:\/\/museutapies.org\/wp-content\/uploads\/2024\/07\/mta.png\",\"width\":244,\"height\":110,\"caption\":\"Museu T\u00e0pies\"},\"image\":{\"@id\":\"https:\/\/museutapies.org\/en\/#\/schema\/logo\/image\/\"},\"sameAs\":[\"https:\/\/www.facebook.com\/museutapies\",\"https:\/\/www.instagram.com\/museutapies\/\",\"https:\/\/www.youtube.com\/channel\/UCPi65HBb48RMeoa12lR51cQ\",\"https:\/\/x.com\/MuseuTapies\"]}]}<\/script>\n<!-- \/ Yoast SEO plugin. -->","yoast_head_json":{"title":"Oliver Marchart. Conflictual Aesthetics: Artistic Activism and the Public Sphere - Museu T\u00e0pies","description":"Presentation of the book Est\u00e9tica conflictual, by Oliver Marchart, with Laura Llevadot, Juan Evaristo Valle, Carles Guerra and Imma Prieto, director, Museu T\u00e0pies.","robots":{"index":"index","follow":"follow","max-snippet":"max-snippet:-1","max-image-preview":"max-image-preview:large","max-video-preview":"max-video-preview:-1"},"og_locale":"en_US","og_type":"article","og_title":"Oliver Marchart. Conflictual Aesthetics: Artistic Activism and the Public Sphere - Museu T\u00e0pies","og_description":"Presentation of the book Est\u00e9tica conflictual, by Oliver Marchart, with Laura Llevadot, Juan Evaristo Valle, Carles Guerra and Imma Prieto, director, Museu T\u00e0pies.","og_url":"https:\/\/museutapies.org\/en\/event\/oliver-marchart-conflictual-aesthetics-artistic-activism-and-the-public-sphere\/","og_site_name":"Museu T\u00e0pies","article_publisher":"https:\/\/www.facebook.com\/museutapies","article_modified_time":"2024-10-04T14:08:02+00:00","og_image":[{"width":623,"height":413,"url":"https:\/\/museutapies.org\/wp-content\/uploads\/2024\/09\/Oliver-Marchart.png","type":"image\/png"}],"twitter_card":"summary_large_image","twitter_misc":{"Est. reading time":"3 minutes"},"schema":{"@context":"https:\/\/schema.org","@graph":[{"@type":"WebPage","@id":"https:\/\/museutapies.org\/en\/event\/oliver-marchart-conflictual-aesthetics-artistic-activism-and-the-public-sphere\/","url":"https:\/\/museutapies.org\/en\/event\/oliver-marchart-conflictual-aesthetics-artistic-activism-and-the-public-sphere\/","name":"Oliver Marchart. Conflictual Aesthetics: Artistic Activism and the Public Sphere - Museu T\u00e0pies","isPartOf":{"@id":"https:\/\/museutapies.org\/en\/#website"},"datePublished":"2024-10-01T07:54:11+00:00","dateModified":"2024-10-04T14:08:02+00:00","description":"Presentation of the book Est\u00e9tica conflictual, by Oliver Marchart, with Laura Llevadot, Juan Evaristo Valle, Carles Guerra and Imma Prieto, director, Museu T\u00e0pies.","breadcrumb":{"@id":"https:\/\/museutapies.org\/en\/event\/oliver-marchart-conflictual-aesthetics-artistic-activism-and-the-public-sphere\/#breadcrumb"},"inLanguage":"en-US","potentialAction":[{"@type":"ReadAction","target":["https:\/\/museutapies.org\/en\/event\/oliver-marchart-conflictual-aesthetics-artistic-activism-and-the-public-sphere\/"]}]},{"@type":"BreadcrumbList","@id":"https:\/\/museutapies.org\/en\/event\/oliver-marchart-conflictual-aesthetics-artistic-activism-and-the-public-sphere\/#breadcrumb","itemListElement":[{"@type":"ListItem","position":1,"name":"Esdeveniments","item":"https:\/\/museutapies.org\/agenda\/"},{"@type":"ListItem","position":2,"name":"Oliver Marchart. Conflictual Aesthetics: Artistic Activism and the Public Sphere"}]},{"@type":"WebSite","@id":"https:\/\/museutapies.org\/en\/#website","url":"https:\/\/museutapies.org\/en\/","name":"Museu T\u00e0pies","description":"","publisher":{"@id":"https:\/\/museutapies.org\/en\/#organization"},"potentialAction":[{"@type":"SearchAction","target":{"@type":"EntryPoint","urlTemplate":"https:\/\/museutapies.org\/en\/?s={search_term_string}"},"query-input":"required name=search_term_string"}],"inLanguage":"en-US"},{"@type":"Organization","@id":"https:\/\/museutapies.org\/en\/#organization","name":"Museu T\u00e0pies","url":"https:\/\/museutapies.org\/en\/","logo":{"@type":"ImageObject","inLanguage":"en-US","@id":"https:\/\/museutapies.org\/en\/#\/schema\/logo\/image\/","url":"https:\/\/museutapies.org\/wp-content\/uploads\/2024\/07\/mta.png","contentUrl":"https:\/\/museutapies.org\/wp-content\/uploads\/2024\/07\/mta.png","width":244,"height":110,"caption":"Museu T\u00e0pies"},"image":{"@id":"https:\/\/museutapies.org\/en\/#\/schema\/logo\/image\/"},"sameAs":["https:\/\/www.facebook.com\/museutapies","https:\/\/www.instagram.com\/museutapies\/","https:\/\/www.youtube.com\/channel\/UCPi65HBb48RMeoa12lR51cQ","https:\/\/x.com\/MuseuTapies"]}]}},"_links":{"self":[{"href":"https:\/\/museutapies.org\/en\/wp-json\/wp\/v2\/tribe_events\/36119"}],"collection":[{"href":"https:\/\/museutapies.org\/en\/wp-json\/wp\/v2\/tribe_events"}],"about":[{"href":"https:\/\/museutapies.org\/en\/wp-json\/wp\/v2\/types\/tribe_events"}],"author":[{"embeddable":true,"href":"https:\/\/museutapies.org\/en\/wp-json\/wp\/v2\/users\/207"}],"replies":[{"embeddable":true,"href":"https:\/\/museutapies.org\/en\/wp-json\/wp\/v2\/comments?post=36119"}],"version-history":[{"count":6,"href":"https:\/\/museutapies.org\/en\/wp-json\/wp\/v2\/tribe_events\/36119\/revisions"}],"predecessor-version":[{"id":36294,"href":"https:\/\/museutapies.org\/en\/wp-json\/wp\/v2\/tribe_events\/36119\/revisions\/36294"}],"wp:featuredmedia":[{"embeddable":true,"href":"https:\/\/museutapies.org\/en\/wp-json\/wp\/v2\/media\/36215"}],"wp:attachment":[{"href":"https:\/\/museutapies.org\/en\/wp-json\/wp\/v2\/media?parent=36119"}],"wp:term":[{"taxonomy":"post_tag","embeddable":true,"href":"https:\/\/museutapies.org\/en\/wp-json\/wp\/v2\/tags?post=36119"},{"taxonomy":"tribe_events_cat","embeddable":true,"href":"https:\/\/museutapies.org\/en\/wp-json\/wp\/v2\/tribe_events_cat?post=36119"}],"curies":[{"name":"wp","href":"https:\/\/api.w.org\/{rel}","templated":true}]}}