{"id":41812,"date":"2025-10-24T15:08:30","date_gmt":"2025-10-24T13:08:30","guid":{"rendered":"https:\/\/museutapies.org\/?post_type=tribe_events&#038;p=41812"},"modified":"2025-11-27T10:41:14","modified_gmt":"2025-11-27T09:41:14","slug":"mireia-calafell-fe-ri-des-wounds","status":"publish","type":"tribe_events","link":"https:\/\/museutapies.org\/en\/event\/mireia-calafell-fe-ri-des-wounds\/","title":{"rendered":"Mireia Calafell. FE-RI-DES (WOUNDS)"},"content":{"rendered":"<p><img loading=\"lazy\" decoding=\"async\" class=\"alignnone size-medium wp-image-41773\" src=\"https:\/\/museutapies.org\/wp-content\/uploads\/2025\/10\/mcalafell-2025-Alex_Espuny_7_2-1-800x533.jpg\" alt=\"\" width=\"800\" height=\"533\" srcset=\"https:\/\/museutapies.org\/wp-content\/uploads\/2025\/10\/mcalafell-2025-Alex_Espuny_7_2-1-800x533.jpg 800w, https:\/\/museutapies.org\/wp-content\/uploads\/2025\/10\/mcalafell-2025-Alex_Espuny_7_2-1-900x600.jpg 900w, https:\/\/museutapies.org\/wp-content\/uploads\/2025\/10\/mcalafell-2025-Alex_Espuny_7_2-1-768x512.jpg 768w, https:\/\/museutapies.org\/wp-content\/uploads\/2025\/10\/mcalafell-2025-Alex_Espuny_7_2-1-1536x1024.jpg 1536w, https:\/\/museutapies.org\/wp-content\/uploads\/2025\/10\/mcalafell-2025-Alex_Espuny_7_2-1-2048x1366.jpg 2048w, https:\/\/museutapies.org\/wp-content\/uploads\/2025\/10\/mcalafell-2025-Alex_Espuny_7_2-1-500x333.jpg 500w, https:\/\/museutapies.org\/wp-content\/uploads\/2025\/10\/mcalafell-2025-Alex_Espuny_7_2-1-380x253.jpg 380w, https:\/\/museutapies.org\/wp-content\/uploads\/2025\/10\/mcalafell-2025-Alex_Espuny_7_2-1-600x400.jpg 600w\" sizes=\"(max-width: 800px) 100vw, 800px\" \/><\/p>\n<p><i><span style=\"font-weight: 400\">What does it mean to think through wounds? What is it like to experience life through them? Can poets write about scars without using metaphors? Is it even worth trying?<\/span><\/i><\/p>\n<p>&nbsp;<\/p>\n<p><span style=\"font-weight: 400\">The beginning is marked by a chair placed next to another, that is, a meeting between friends and the opportunity to pronounce wounds. Mireia Calafell uses friendship as a means of talking and reflecting on scars through the reading of her own poems, along with the words of others. She is joined by Fina Birul\u00e9s, Miquel Miss\u00e9, Pol Guasch and other voices who deserve to be heard when we talk about wounds. All this accompanied by another friend, composer <\/span>Clara Peya<span style=\"font-weight: 400\">, and her piano.<\/span><\/p>\n<p><span style=\"font-weight: 400\">This activity is supported and endorsed by the Maria Canals International Piano Competition in Barcelona. As part of the second edition of the action cycle <a href=\"https:\/\/museutapies.org\/en\/series\/the-chairs-of-tapies\/\">The chairs of T\u00e0pies<\/a>, by Judith Barn\u00e9s, head of public programs at the Museu T\u00e0pies.<\/span><\/p>\n<p>&nbsp;<\/p>\n<p><b>Mireia Calafell<\/b><span style=\"font-weight: 400\"> is a poet. She is the author of <\/span><i><span style=\"font-weight: 400\">Po\u00e8tiques del cos<\/span><\/i><span style=\"font-weight: 400\"> (2006), <\/span><i><span style=\"font-weight: 400\">Costures<\/span><\/i><span style=\"font-weight: 400\"> (2010), <\/span><i><span style=\"font-weight: 400\">Tantes mudes<\/span><\/i><span style=\"font-weight: 400\"> (2014), <\/span><i><span style=\"font-weight: 400\">Nosaltres, qui<\/span><\/i><span style=\"font-weight: 400\"> (2020) and <\/span><i><span style=\"font-weight: 400\">Si una emerg\u00e8ncia<\/span><\/i><span style=\"font-weight: 400\"> (2024). She has received several awards, including the Lletra d\u2019Or for Best Book in 2014, the Josep Maria Llopart Award for Best Poetry Collection Published in 2020 and the Carles Riba Award in 2023.\u00a0<\/span><span style=\"font-weight: 400\">Calafell is co-director of the La Sullivan cultural production company and was formerly co-director of the POESIA i + (2015\u20132016) and Barcelona Poesia (2018\u20132021) festivals.<\/span><\/p>\n<p><strong>Clara Peya<\/strong> is a pianist, composer and one of the most unique creators of the Catalan music scene. With a career that fuses jazz, pop, and electronica, she has released thirteen albums and has written numerous soundtracks for stage shows and cinema. Awarded the Premi Nacional de Cultura (2019), her work addresses issues such as feminism, dissidence, and vulnerability with great poetic and scenic power.<\/p>\n<p>&nbsp;<\/p>\n<p><strong>A collaboration with the Maria Canals International Piano Competition<\/strong><\/p>\n<p><span style=\"font-weight: 400\">Antoni T\u00e0pies had an ongoing relationship with music throughout his career. His interest included contemporary music\u2014which he was close to on an intellectual and creative level\u2014and musical practice, understood as a universal language of communication. It was not fortuitous that T\u00e0pies worked in collaboration with various initiatives where music and the arts were in dialogue, such as those organised by Club 49, a key space for the promotion of the artistic avant-garde in postwar Barcelona.<\/span><\/p>\n<p><span style=\"font-weight: 400\">As part of the current collaboration between the Museu T\u00e0pies and the Maria Canals Competition, for three days (November 28, 29 &amp; 30, 2025) a piano from the event will be installed inside the exhibition <\/span><a href=\"https:\/\/museutapies.org\/en\/exposicio\/antoni-tapies-the-imagination-of-the-world\/\"><i><span style=\"font-weight: 400\">Antoni T\u00e0pies: The Imagination of the World<\/span><\/i><\/a><span style=\"font-weight: 400\">, in dialogue with the broad presentation of invitations for cultural activities organised by Club 49. The proximity between the piano and these documents makes it possible to delve more deeply into the ambience of creative exchange T\u00e0pies found himself in, as well as into the role played in it by contemporary music.<\/span><\/p>\n<p><span style=\"font-weight: 400\">In parallel with the recovery of democracy, T\u00e0pies sought to intensify his participation in cultural and social projects by creating posters, which he considered an accessible form of communication. This is the context of the poster the artist created for the 50th anniversary of the <a href=\"https:\/\/mariacanals.org\/en\/\">Maria Canals International Piano Competition<\/a>, which arose out of his personal connection with the Barcelona music scene. T\u00e0pies\u2019 involvement was made possible due to the mediation of the Gaspar Farreras family and Galeria Gaspar, in particular through Elvira Farreras de Gaspar and her daughter Elvira Gaspar Farreras. The friendship between T\u00e0pies and the musician Rossend Llates, the husband of pianist Maria Canals, is seen in the poster with the initials R. LL. on it, which likewise features those of the competition\u2019s founder.<\/span><\/p>\n<p><span style=\"font-weight: 400\">In the museum gallery we find T\u00e0pies\u2019 original artwork from which the poster was printed, making it possible to place the work in its context: dialogue between the visual arts and music, complicity between creators and cultural institutions, and the role of T\u00e0pies as an artist closely aligned with the social and cultural fabric of the Catalonia of his time.<\/span><\/p>\n<p>&nbsp;<\/p>\n<p><span style=\"font-size: 10pt\">[Ph<span style=\"font-weight: 400\">otography by \u00c0lex Espuny]<\/span><\/span><\/p>\n","protected":false},"excerpt":{"rendered":"<p>Action as part of the second edition of the action cycle &#8220;The Chairs of T\u00e0pies&#8221;. With the collaboration of the pianist Clara Peya<\/p>\n","protected":false},"author":3,"featured_media":41773,"comment_status":"closed","ping_status":"closed","template":"","meta":{"_tribe_events_status":"","_tribe_events_status_reason":"","_tribe_events_is_hybrid":"","_tribe_events_is_virtual":"","_tribe_events_virtual_video_source":"","_tribe_events_virtual_embed_video":"","_tribe_events_virtual_linked_button_text":"","_tribe_events_virtual_linked_button":"","_tribe_events_virtual_show_embed_at":"","_tribe_events_virtual_show_embed_to":[],"_tribe_events_virtual_show_on_event":"","_tribe_events_virtual_show_on_views":"","_tribe_events_virtual_url":"","footnotes":""},"tags":[],"tribe_events_cat":[5770],"acf":[],"yoast_head":"<!-- This site is optimized with the Yoast SEO plugin v20.11 - https:\/\/yoast.com\/wordpress\/plugins\/seo\/ -->\n<title>Mireia Calafell. FE-RI-DES (WOUNDS) - Museu T\u00e0pies<\/title>\n<meta name=\"description\" content=\"As part of the second edition of the action cycle The T\u00e0pie&#039;s Chairs, by Judith Barn\u00e9s, head of public programs at the Museu T\u00e0pies.\" \/>\n<meta name=\"robots\" content=\"index, follow, max-snippet:-1, max-image-preview:large, max-video-preview:-1\" \/>\n<meta property=\"og:locale\" content=\"en_US\" \/>\n<meta property=\"og:type\" content=\"article\" \/>\n<meta property=\"og:title\" content=\"Mireia Calafell. FE-RI-DES (WOUNDS) - Museu T\u00e0pies\" \/>\n<meta property=\"og:description\" content=\"As part of the second edition of the action cycle The T\u00e0pie&#039;s Chairs, by Judith Barn\u00e9s, head of public programs at the Museu T\u00e0pies.\" \/>\n<meta property=\"og:url\" content=\"https:\/\/museutapies.org\/en\/event\/mireia-calafell-fe-ri-des-wounds\/\" \/>\n<meta property=\"og:site_name\" content=\"Museu T\u00e0pies\" \/>\n<meta property=\"article:publisher\" content=\"https:\/\/www.facebook.com\/museutapies\" \/>\n<meta property=\"article:modified_time\" content=\"2025-11-27T09:41:14+00:00\" \/>\n<meta property=\"og:image\" content=\"https:\/\/museutapies.org\/wp-content\/uploads\/2025\/10\/mcalafell-2025-Alex_Espuny_7_2-1.jpg\" \/>\n\t<meta property=\"og:image:width\" content=\"2116\" \/>\n\t<meta property=\"og:image:height\" content=\"1411\" \/>\n\t<meta property=\"og:image:type\" content=\"image\/jpeg\" \/>\n<meta name=\"twitter:card\" content=\"summary_large_image\" \/>\n<meta name=\"twitter:label1\" content=\"Est. reading time\" \/>\n\t<meta name=\"twitter:data1\" content=\"4 minutes\" \/>\n<script type=\"application\/ld+json\" class=\"yoast-schema-graph\">{\"@context\":\"https:\/\/schema.org\",\"@graph\":[{\"@type\":\"WebPage\",\"@id\":\"https:\/\/museutapies.org\/en\/event\/mireia-calafell-fe-ri-des-wounds\/\",\"url\":\"https:\/\/museutapies.org\/en\/event\/mireia-calafell-fe-ri-des-wounds\/\",\"name\":\"Mireia Calafell. FE-RI-DES (WOUNDS) - Museu T\u00e0pies\",\"isPartOf\":{\"@id\":\"https:\/\/museutapies.org\/en\/#website\"},\"datePublished\":\"2025-10-24T13:08:30+00:00\",\"dateModified\":\"2025-11-27T09:41:14+00:00\",\"description\":\"As part of the second edition of the action cycle The T\u00e0pie's Chairs, by Judith Barn\u00e9s, head of public programs at the Museu T\u00e0pies.\",\"breadcrumb\":{\"@id\":\"https:\/\/museutapies.org\/en\/event\/mireia-calafell-fe-ri-des-wounds\/#breadcrumb\"},\"inLanguage\":\"en-US\",\"potentialAction\":[{\"@type\":\"ReadAction\",\"target\":[\"https:\/\/museutapies.org\/en\/event\/mireia-calafell-fe-ri-des-wounds\/\"]}]},{\"@type\":\"BreadcrumbList\",\"@id\":\"https:\/\/museutapies.org\/en\/event\/mireia-calafell-fe-ri-des-wounds\/#breadcrumb\",\"itemListElement\":[{\"@type\":\"ListItem\",\"position\":1,\"name\":\"Esdeveniments\",\"item\":\"https:\/\/museutapies.org\/agenda\/\"},{\"@type\":\"ListItem\",\"position\":2,\"name\":\"Mireia Calafell. FE-RI-DES (WOUNDS)\"}]},{\"@type\":\"WebSite\",\"@id\":\"https:\/\/museutapies.org\/en\/#website\",\"url\":\"https:\/\/museutapies.org\/en\/\",\"name\":\"Museu T\u00e0pies\",\"description\":\"\",\"publisher\":{\"@id\":\"https:\/\/museutapies.org\/en\/#organization\"},\"potentialAction\":[{\"@type\":\"SearchAction\",\"target\":{\"@type\":\"EntryPoint\",\"urlTemplate\":\"https:\/\/museutapies.org\/en\/?s={search_term_string}\"},\"query-input\":\"required name=search_term_string\"}],\"inLanguage\":\"en-US\"},{\"@type\":\"Organization\",\"@id\":\"https:\/\/museutapies.org\/en\/#organization\",\"name\":\"Museu T\u00e0pies\",\"url\":\"https:\/\/museutapies.org\/en\/\",\"logo\":{\"@type\":\"ImageObject\",\"inLanguage\":\"en-US\",\"@id\":\"https:\/\/museutapies.org\/en\/#\/schema\/logo\/image\/\",\"url\":\"https:\/\/museutapies.org\/wp-content\/uploads\/2024\/07\/mta.png\",\"contentUrl\":\"https:\/\/museutapies.org\/wp-content\/uploads\/2024\/07\/mta.png\",\"width\":244,\"height\":110,\"caption\":\"Museu T\u00e0pies\"},\"image\":{\"@id\":\"https:\/\/museutapies.org\/en\/#\/schema\/logo\/image\/\"},\"sameAs\":[\"https:\/\/www.facebook.com\/museutapies\",\"https:\/\/www.instagram.com\/museutapies\/\",\"https:\/\/www.youtube.com\/channel\/UCPi65HBb48RMeoa12lR51cQ\",\"https:\/\/x.com\/MuseuTapies\"]}]}<\/script>\n<!-- \/ Yoast SEO plugin. -->","yoast_head_json":{"title":"Mireia Calafell. FE-RI-DES (WOUNDS) - Museu T\u00e0pies","description":"As part of the second edition of the action cycle The T\u00e0pie's Chairs, by Judith Barn\u00e9s, head of public programs at the Museu T\u00e0pies.","robots":{"index":"index","follow":"follow","max-snippet":"max-snippet:-1","max-image-preview":"max-image-preview:large","max-video-preview":"max-video-preview:-1"},"og_locale":"en_US","og_type":"article","og_title":"Mireia Calafell. FE-RI-DES (WOUNDS) - Museu T\u00e0pies","og_description":"As part of the second edition of the action cycle The T\u00e0pie's Chairs, by Judith Barn\u00e9s, head of public programs at the Museu T\u00e0pies.","og_url":"https:\/\/museutapies.org\/en\/event\/mireia-calafell-fe-ri-des-wounds\/","og_site_name":"Museu T\u00e0pies","article_publisher":"https:\/\/www.facebook.com\/museutapies","article_modified_time":"2025-11-27T09:41:14+00:00","og_image":[{"width":2116,"height":1411,"url":"https:\/\/museutapies.org\/wp-content\/uploads\/2025\/10\/mcalafell-2025-Alex_Espuny_7_2-1.jpg","type":"image\/jpeg"}],"twitter_card":"summary_large_image","twitter_misc":{"Est. reading time":"4 minutes"},"schema":{"@context":"https:\/\/schema.org","@graph":[{"@type":"WebPage","@id":"https:\/\/museutapies.org\/en\/event\/mireia-calafell-fe-ri-des-wounds\/","url":"https:\/\/museutapies.org\/en\/event\/mireia-calafell-fe-ri-des-wounds\/","name":"Mireia Calafell. FE-RI-DES (WOUNDS) - Museu T\u00e0pies","isPartOf":{"@id":"https:\/\/museutapies.org\/en\/#website"},"datePublished":"2025-10-24T13:08:30+00:00","dateModified":"2025-11-27T09:41:14+00:00","description":"As part of the second edition of the action cycle The T\u00e0pie's Chairs, by Judith Barn\u00e9s, head of public programs at the Museu T\u00e0pies.","breadcrumb":{"@id":"https:\/\/museutapies.org\/en\/event\/mireia-calafell-fe-ri-des-wounds\/#breadcrumb"},"inLanguage":"en-US","potentialAction":[{"@type":"ReadAction","target":["https:\/\/museutapies.org\/en\/event\/mireia-calafell-fe-ri-des-wounds\/"]}]},{"@type":"BreadcrumbList","@id":"https:\/\/museutapies.org\/en\/event\/mireia-calafell-fe-ri-des-wounds\/#breadcrumb","itemListElement":[{"@type":"ListItem","position":1,"name":"Esdeveniments","item":"https:\/\/museutapies.org\/agenda\/"},{"@type":"ListItem","position":2,"name":"Mireia Calafell. FE-RI-DES (WOUNDS)"}]},{"@type":"WebSite","@id":"https:\/\/museutapies.org\/en\/#website","url":"https:\/\/museutapies.org\/en\/","name":"Museu T\u00e0pies","description":"","publisher":{"@id":"https:\/\/museutapies.org\/en\/#organization"},"potentialAction":[{"@type":"SearchAction","target":{"@type":"EntryPoint","urlTemplate":"https:\/\/museutapies.org\/en\/?s={search_term_string}"},"query-input":"required name=search_term_string"}],"inLanguage":"en-US"},{"@type":"Organization","@id":"https:\/\/museutapies.org\/en\/#organization","name":"Museu T\u00e0pies","url":"https:\/\/museutapies.org\/en\/","logo":{"@type":"ImageObject","inLanguage":"en-US","@id":"https:\/\/museutapies.org\/en\/#\/schema\/logo\/image\/","url":"https:\/\/museutapies.org\/wp-content\/uploads\/2024\/07\/mta.png","contentUrl":"https:\/\/museutapies.org\/wp-content\/uploads\/2024\/07\/mta.png","width":244,"height":110,"caption":"Museu T\u00e0pies"},"image":{"@id":"https:\/\/museutapies.org\/en\/#\/schema\/logo\/image\/"},"sameAs":["https:\/\/www.facebook.com\/museutapies","https:\/\/www.instagram.com\/museutapies\/","https:\/\/www.youtube.com\/channel\/UCPi65HBb48RMeoa12lR51cQ","https:\/\/x.com\/MuseuTapies"]}]}},"_links":{"self":[{"href":"https:\/\/museutapies.org\/en\/wp-json\/wp\/v2\/tribe_events\/41812"}],"collection":[{"href":"https:\/\/museutapies.org\/en\/wp-json\/wp\/v2\/tribe_events"}],"about":[{"href":"https:\/\/museutapies.org\/en\/wp-json\/wp\/v2\/types\/tribe_events"}],"author":[{"embeddable":true,"href":"https:\/\/museutapies.org\/en\/wp-json\/wp\/v2\/users\/3"}],"replies":[{"embeddable":true,"href":"https:\/\/museutapies.org\/en\/wp-json\/wp\/v2\/comments?post=41812"}],"version-history":[{"count":15,"href":"https:\/\/museutapies.org\/en\/wp-json\/wp\/v2\/tribe_events\/41812\/revisions"}],"predecessor-version":[{"id":42670,"href":"https:\/\/museutapies.org\/en\/wp-json\/wp\/v2\/tribe_events\/41812\/revisions\/42670"}],"wp:featuredmedia":[{"embeddable":true,"href":"https:\/\/museutapies.org\/en\/wp-json\/wp\/v2\/media\/41773"}],"wp:attachment":[{"href":"https:\/\/museutapies.org\/en\/wp-json\/wp\/v2\/media?parent=41812"}],"wp:term":[{"taxonomy":"post_tag","embeddable":true,"href":"https:\/\/museutapies.org\/en\/wp-json\/wp\/v2\/tags?post=41812"},{"taxonomy":"tribe_events_cat","embeddable":true,"href":"https:\/\/museutapies.org\/en\/wp-json\/wp\/v2\/tribe_events_cat?post=41812"}],"curies":[{"name":"wp","href":"https:\/\/api.w.org\/{rel}","templated":true}]}}