{"id":1718,"date":"2018-01-22T11:51:43","date_gmt":"2018-01-22T11:51:43","guid":{"rendered":"https:\/\/museutapies.org\/?page_id=1718"},"modified":"2018-01-22T11:51:43","modified_gmt":"2018-01-22T11:51:43","slug":"1983-1985","status":"publish","type":"page","link":"https:\/\/museutapies.org\/es\/biografia\/1983-1985\/","title":{"rendered":"1983-1985"},"content":{"rendered":"<p><strong>1983<\/strong><br \/>\nSe inaugura en Barcelona su escultura monumental en homenaje a Picasso. Realiza el pavimento de la pla\u00e7a Catalunya de Sant Boi de Llobregat (Barcelona), asistido por J. Gardy Artigas. Le conceden la Medalla de Oro de la Generalitat de Catalunya. Es nombrado Officier des Arts et des Lettres por el gobierno franc\u00e9s. Realiza carteles para el Comit\u00e9 de Artistas del Mundo contra el Apartheid como contribuci\u00f3n a la lucha contra la discriminaci\u00f3n racial en el mundo, para el Comit\u00e8 Catal\u00e0 d\u2019Acci\u00f3 per la Pau i el Desarmament y para la conmemoraci\u00f3n del d\u00e9cimo aniversario de la muerte de Salvador Allende. Asiste a la inauguraci\u00f3n de su exposici\u00f3n en la Abbaye de S\u00e9nanque (Gordes, Francia). La Fundaci\u00f3 Joan Mir\u00f3, de Barcelona, acoge una exposici\u00f3n antol\u00f3gica de sus carteles, portadas de libros y fundas de disco. Otras exposiciones individuales en Hannover, Z\u00farich, Par\u00eds y Barcelona.<\/p>\n<p>&nbsp;<\/p>\n<p><strong>1984<\/strong><br \/>\nEn Z\u00farich, asiste a la inauguraci\u00f3n de su exposici\u00f3n de esculturas de cer\u00e1mica producidas entre 1981 y 1983 (Galerie Maeght Lelong). Viaja a San Sebasti\u00e1n con motivo de su exposici\u00f3n antol\u00f3gica en el Museo de San Telmo. La Asociaci\u00f3n para las Naciones Unidas en Espa\u00f1a le concede el Premio de la Paz y la Johann Wolfgang von Goethe Stiftung de Basilea le otorga el Premio Rembrandt. Se publica el libro de bibli\u00f3filo<em> L\u2019estaci\u00f3<\/em>, con un texto de J.V. Foix y grabados de T\u00e0pies. Colabora con Edmond Jab\u00e8s en el libro <em>Dans la double d\u00e9pendance du dit<\/em>. Vict\u00f2ria Combalia publica la monograf\u00eda <em>T\u00e0pies<\/em>. Por iniciativa del propio artista, se constituye en Barcelona la Fundaci\u00f3 Antoni T\u00e0pies. Exposiciones individuales en Berl\u00edn Occidental, Par\u00eds, Colonia, Madrid, Estocolmo, Se\u00fal, Tokio, Nueva York y Frankfurt.<\/p>\n<p>&nbsp;<\/p>\n<p><strong>1985<\/strong><br \/>\nPublica <em>Per un art modern i progressista<\/em>, nueva recopilaci\u00f3n de escritos publicados anteriormente. Viaja a Mil\u00e1n con motivo de su exposici\u00f3n retrospectiva en el Palazzo Reale -organizada por el Ayuntamiento de la ciudad- y, simult\u00e1neamente, en cuatro galer\u00edas de la ciudad. En Bruselas, asiste a la inauguraci\u00f3n de una nueva exposici\u00f3n antol\u00f3gica de su obra (Mus\u00e9e d\u2019art moderne), organizada en el marco de Europalia 85. El gobierno franc\u00e9s le concede el Prix National de Peinture, y es nombrado miembro de la Kungliga Akadamien f\u00f6r de Fria Konsterna de Estocolmo. Recibe, as\u00ed mismo, el Premio de la Internationale Triennale f\u00fcr farbige Originalgrafik de Grenchen, Suiza. Se publica Llull-T\u00e0pies (proyecto iniciado en 1973), con grabados del artista, una selecci\u00f3n de textos de Ramon Llull a cargo de Pere Gimferrer y un ep\u00edlogo de Miquel Batllori. Exposiciones individuales en Barcelona, San Francisco, Madrid, Mil\u00e1n, D\u00fcsseldorf, Helsinki, Knokke-le-Zoute, Alcoi, Albacete y Par\u00eds.<\/p>\n","protected":false},"excerpt":{"rendered":"<p>1983 Se inaugura en Barcelona su escultura monumental en homenaje a Picasso. Realiza el pavimento de la pla\u00e7a Catalunya de [&hellip;]<\/p>\n","protected":false},"author":1,"featured_media":1657,"parent":1266,"menu_order":12,"comment_status":"closed","ping_status":"closed","template":"template_sense-menu-lateral.php","meta":{"footnotes":""},"acf":[],"yoast_head":"<!-- This site is optimized with the Yoast SEO plugin v20.11 - https:\/\/yoast.com\/wordpress\/plugins\/seo\/ -->\n<title>1983-1985 - Museu T\u00e0pies<\/title>\n<meta name=\"robots\" content=\"index, follow, max-snippet:-1, max-image-preview:large, max-video-preview:-1\" \/>\n<meta property=\"og:locale\" content=\"es_ES\" \/>\n<meta property=\"og:type\" content=\"article\" \/>\n<meta property=\"og:title\" content=\"1983-1985 - Museu T\u00e0pies\" \/>\n<meta property=\"og:description\" content=\"1983 Se inaugura en Barcelona su escultura monumental en homenaje a Picasso. Realiza el pavimento de la pla\u00e7a Catalunya de [&hellip;]\" \/>\n<meta property=\"og:url\" content=\"https:\/\/museutapies.org\/es\/biografia\/1983-1985\/\" \/>\n<meta property=\"og:site_name\" content=\"Museu T\u00e0pies\" \/>\n<meta property=\"article:publisher\" content=\"https:\/\/www.facebook.com\/museutapies\" \/>\n<meta property=\"og:image\" content=\"https:\/\/museutapies.org\/wp-content\/uploads\/2018\/01\/AT_1983-85.jpg\" \/>\n\t<meta property=\"og:image:width\" content=\"841\" \/>\n\t<meta property=\"og:image:height\" content=\"600\" \/>\n\t<meta property=\"og:image:type\" content=\"image\/jpeg\" \/>\n<meta name=\"twitter:card\" content=\"summary_large_image\" \/>\n<meta name=\"twitter:label1\" content=\"Tiempo de lectura\" \/>\n\t<meta name=\"twitter:data1\" content=\"2 minutos\" \/>\n<script type=\"application\/ld+json\" class=\"yoast-schema-graph\">{\"@context\":\"https:\/\/schema.org\",\"@graph\":[{\"@type\":\"WebPage\",\"@id\":\"https:\/\/museutapies.org\/es\/biografia\/1983-1985\/\",\"url\":\"https:\/\/museutapies.org\/es\/biografia\/1983-1985\/\",\"name\":\"1983-1985 - Museu T\u00e0pies\",\"isPartOf\":{\"@id\":\"https:\/\/museutapies.org\/en\/#website\"},\"datePublished\":\"2018-01-22T11:51:43+00:00\",\"dateModified\":\"2018-01-22T11:51:43+00:00\",\"breadcrumb\":{\"@id\":\"https:\/\/museutapies.org\/es\/biografia\/1983-1985\/#breadcrumb\"},\"inLanguage\":\"es\",\"potentialAction\":[{\"@type\":\"ReadAction\",\"target\":[\"https:\/\/museutapies.org\/es\/biografia\/1983-1985\/\"]}]},{\"@type\":\"BreadcrumbList\",\"@id\":\"https:\/\/museutapies.org\/es\/biografia\/1983-1985\/#breadcrumb\",\"itemListElement\":[{\"@type\":\"ListItem\",\"position\":1,\"name\":\"Biograf\u00eda\",\"item\":\"https:\/\/museutapies.org\/es\/biografia\/\"},{\"@type\":\"ListItem\",\"position\":2,\"name\":\"1983-1985\"}]},{\"@type\":\"WebSite\",\"@id\":\"https:\/\/museutapies.org\/en\/#website\",\"url\":\"https:\/\/museutapies.org\/en\/\",\"name\":\"Museu T\u00e0pies\",\"description\":\"\",\"publisher\":{\"@id\":\"https:\/\/museutapies.org\/en\/#organization\"},\"potentialAction\":[{\"@type\":\"SearchAction\",\"target\":{\"@type\":\"EntryPoint\",\"urlTemplate\":\"https:\/\/museutapies.org\/en\/?s={search_term_string}\"},\"query-input\":\"required name=search_term_string\"}],\"inLanguage\":\"es\"},{\"@type\":\"Organization\",\"@id\":\"https:\/\/museutapies.org\/en\/#organization\",\"name\":\"Museu T\u00e0pies\",\"url\":\"https:\/\/museutapies.org\/en\/\",\"logo\":{\"@type\":\"ImageObject\",\"inLanguage\":\"es\",\"@id\":\"https:\/\/museutapies.org\/en\/#\/schema\/logo\/image\/\",\"url\":\"https:\/\/museutapies.org\/wp-content\/uploads\/2024\/07\/mta.png\",\"contentUrl\":\"https:\/\/museutapies.org\/wp-content\/uploads\/2024\/07\/mta.png\",\"width\":244,\"height\":110,\"caption\":\"Museu T\u00e0pies\"},\"image\":{\"@id\":\"https:\/\/museutapies.org\/en\/#\/schema\/logo\/image\/\"},\"sameAs\":[\"https:\/\/www.facebook.com\/museutapies\",\"https:\/\/www.instagram.com\/museutapies\/\",\"https:\/\/www.youtube.com\/channel\/UCPi65HBb48RMeoa12lR51cQ\",\"https:\/\/x.com\/MuseuTapies\"]}]}<\/script>\n<!-- \/ Yoast SEO plugin. -->","yoast_head_json":{"title":"1983-1985 - Museu T\u00e0pies","robots":{"index":"index","follow":"follow","max-snippet":"max-snippet:-1","max-image-preview":"max-image-preview:large","max-video-preview":"max-video-preview:-1"},"og_locale":"es_ES","og_type":"article","og_title":"1983-1985 - Museu T\u00e0pies","og_description":"1983 Se inaugura en Barcelona su escultura monumental en homenaje a Picasso. Realiza el pavimento de la pla\u00e7a Catalunya de [&hellip;]","og_url":"https:\/\/museutapies.org\/es\/biografia\/1983-1985\/","og_site_name":"Museu T\u00e0pies","article_publisher":"https:\/\/www.facebook.com\/museutapies","og_image":[{"width":841,"height":600,"url":"https:\/\/museutapies.org\/wp-content\/uploads\/2018\/01\/AT_1983-85.jpg","type":"image\/jpeg"}],"twitter_card":"summary_large_image","twitter_misc":{"Tiempo de lectura":"2 minutos"},"schema":{"@context":"https:\/\/schema.org","@graph":[{"@type":"WebPage","@id":"https:\/\/museutapies.org\/es\/biografia\/1983-1985\/","url":"https:\/\/museutapies.org\/es\/biografia\/1983-1985\/","name":"1983-1985 - Museu T\u00e0pies","isPartOf":{"@id":"https:\/\/museutapies.org\/en\/#website"},"datePublished":"2018-01-22T11:51:43+00:00","dateModified":"2018-01-22T11:51:43+00:00","breadcrumb":{"@id":"https:\/\/museutapies.org\/es\/biografia\/1983-1985\/#breadcrumb"},"inLanguage":"es","potentialAction":[{"@type":"ReadAction","target":["https:\/\/museutapies.org\/es\/biografia\/1983-1985\/"]}]},{"@type":"BreadcrumbList","@id":"https:\/\/museutapies.org\/es\/biografia\/1983-1985\/#breadcrumb","itemListElement":[{"@type":"ListItem","position":1,"name":"Biograf\u00eda","item":"https:\/\/museutapies.org\/es\/biografia\/"},{"@type":"ListItem","position":2,"name":"1983-1985"}]},{"@type":"WebSite","@id":"https:\/\/museutapies.org\/en\/#website","url":"https:\/\/museutapies.org\/en\/","name":"Museu T\u00e0pies","description":"","publisher":{"@id":"https:\/\/museutapies.org\/en\/#organization"},"potentialAction":[{"@type":"SearchAction","target":{"@type":"EntryPoint","urlTemplate":"https:\/\/museutapies.org\/en\/?s={search_term_string}"},"query-input":"required name=search_term_string"}],"inLanguage":"es"},{"@type":"Organization","@id":"https:\/\/museutapies.org\/en\/#organization","name":"Museu T\u00e0pies","url":"https:\/\/museutapies.org\/en\/","logo":{"@type":"ImageObject","inLanguage":"es","@id":"https:\/\/museutapies.org\/en\/#\/schema\/logo\/image\/","url":"https:\/\/museutapies.org\/wp-content\/uploads\/2024\/07\/mta.png","contentUrl":"https:\/\/museutapies.org\/wp-content\/uploads\/2024\/07\/mta.png","width":244,"height":110,"caption":"Museu T\u00e0pies"},"image":{"@id":"https:\/\/museutapies.org\/en\/#\/schema\/logo\/image\/"},"sameAs":["https:\/\/www.facebook.com\/museutapies","https:\/\/www.instagram.com\/museutapies\/","https:\/\/www.youtube.com\/channel\/UCPi65HBb48RMeoa12lR51cQ","https:\/\/x.com\/MuseuTapies"]}]}},"_links":{"self":[{"href":"https:\/\/museutapies.org\/es\/wp-json\/wp\/v2\/pages\/1718"}],"collection":[{"href":"https:\/\/museutapies.org\/es\/wp-json\/wp\/v2\/pages"}],"about":[{"href":"https:\/\/museutapies.org\/es\/wp-json\/wp\/v2\/types\/page"}],"author":[{"embeddable":true,"href":"https:\/\/museutapies.org\/es\/wp-json\/wp\/v2\/users\/1"}],"replies":[{"embeddable":true,"href":"https:\/\/museutapies.org\/es\/wp-json\/wp\/v2\/comments?post=1718"}],"version-history":[{"count":1,"href":"https:\/\/museutapies.org\/es\/wp-json\/wp\/v2\/pages\/1718\/revisions"}],"predecessor-version":[{"id":1719,"href":"https:\/\/museutapies.org\/es\/wp-json\/wp\/v2\/pages\/1718\/revisions\/1719"}],"up":[{"embeddable":true,"href":"https:\/\/museutapies.org\/es\/wp-json\/wp\/v2\/pages\/1266"}],"wp:featuredmedia":[{"embeddable":true,"href":"https:\/\/museutapies.org\/es\/wp-json\/wp\/v2\/media\/1657"}],"wp:attachment":[{"href":"https:\/\/museutapies.org\/es\/wp-json\/wp\/v2\/media?parent=1718"}],"curies":[{"name":"wp","href":"https:\/\/api.w.org\/{rel}","templated":true}]}}