{"id":1747,"date":"2018-01-23T08:59:36","date_gmt":"2018-01-23T08:59:36","guid":{"rendered":"https:\/\/museutapies.org\/?page_id=1747"},"modified":"2024-05-15T12:19:03","modified_gmt":"2024-05-15T10:19:03","slug":"1997-2000","status":"publish","type":"page","link":"https:\/\/museutapies.org\/es\/biografia\/1997-2000\/","title":{"rendered":"1997-2000"},"content":{"rendered":"<p><strong>1997<\/strong><br \/>\nViaja a Prato, en Italia, donde el Museo Pecci de Prato acoge una exposici\u00f3n retrospectiva de su obra. Acude, as\u00ed mismo, a la inauguraci\u00f3n de su exposici\u00f3n individual en la Galleria Christian Stein de Mil\u00e1n. Recibe la Medalla de Oro de la Universidad de Oporto. La Kestner Gesellschaft de Hannover expone una amplia selecci\u00f3n de sus obras realizadas entre 1981 y 1997, presentada por Carl Haenlein; la muestra viaja, posteriormente, a la ciudad austr\u00edaca de Krems. Otras exposiciones individuales en Zaragoza, Frankfurt, Oporto y Z\u00farich.<\/p>\n<p>&nbsp;<\/p>\n<p><strong>1998<\/strong><br \/>\nLa Fundaci\u00f3 Antoni T\u00e0pies acoge la exposici\u00f3n<em> T\u00e0pies. El tatuatge i el cos<\/em>, amplia muestra de la producci\u00f3n sobre papel y cart\u00f3n del artista a lo largo de m\u00e1s de cincuenta a\u00f1os. Nueva exposici\u00f3n retrospectiva en Locarno (Casa Rusca, Pinacoteca Comunale). Es investido doctor honoris causa por la Academia de Bellas Artes de Budapest. Su obra Rinzen, presentada en la Bienal de Venecia de 1993 y galardonada con el Le\u00f3n de Oro de este cert\u00e1men, se instala definitivamente en el Museu d\u2019Art Contemporani de Barcelona (MACBA). Colabora con Antonio Gamoneda en el libro <em>\u00bfT\u00fa?<\/em>, para el que realiza siete aguafuertes. Asiste, en Madrid, a la inauguraci\u00f3n de su exposici\u00f3n en la Galer\u00eda Antonio Mach\u00f3n, donde se muestran los treinta dibujos de la serie <em>Mira la m\u00e0<\/em>. La Galeria Toni T\u00e0pies, de Barcelona, muestra una selecci\u00f3n de su obra reciente. Otras exposiciones individuales en Par\u00eds, Soria, Madrid, Miengo y Bilbao.<\/p>\n<p>&nbsp;<\/p>\n<p><strong>1999<\/strong><br \/>\nLa exposici\u00f3n<em> T\u00e0pies. El tatuatge i el cos<\/em> obtiene el premio Ciutat de Barcelona. Publica <em>El arte y sus lugares<\/em>, que re\u00fane textos del artista y reproducciones de obras de arte de todos los tiempos y culturas seleccionadas por el propio artista. Exposiciones individuales en Nueva York, Burgos, Logro\u00f1o, Palma de Mallorca y San Sebasti\u00e1n. Participa en la exposici\u00f3n <em>L\u2019Art m\u00e9decin<\/em> (Mus\u00e9e Picasso, Antibes).<\/p>\n<p>&nbsp;<\/p>\n<p><strong>2000<\/strong><br \/>\nViaja a Madrid, donde asiste a la inauguraci\u00f3n de su exposici\u00f3n retrospectiva en el Museo Nacional Centro de Arte Reina Sof\u00eda, comisariada por Manuel J. Borja-Villel, que posteriormente se exhibir\u00e1 en la Haus der Kunst, de M\u00fanich. El Muzeum Narodowe, de Cracovia, acoge la exposici\u00f3n <em>T\u00e0pies. Certeses sentides<\/em>. La galer\u00eda Pace Wildenstein, de Nueva York, y la Galerie Lelong, de Par\u00eds, exponen sendas selecciones de su obra m\u00e1s reciente. Participa en la exposici\u00f3n <em>Encounters. New Art from Old<\/em>, en la National Gallery de Londres, junto con Balthus, Louise Bourgeois, Richard Hamilton, Jasper Johns, Bill Viola y Jeff Wall, entre otros. Exposiciones individuales en Barcelona, L\u00fcdenscheid, Laval, Arcueil, M\u00e1laga y Silos.<\/p>\n","protected":false},"excerpt":{"rendered":"<p>1997 Viaja a Prato, en Italia, donde el Museo Pecci de Prato acoge una exposici\u00f3n retrospectiva de su obra. Acude, [&hellip;]<\/p>\n","protected":false},"author":1,"featured_media":4270,"parent":1266,"menu_order":18,"comment_status":"closed","ping_status":"closed","template":"template_sense-menu-lateral.php","meta":{"footnotes":""},"acf":[],"yoast_head":"<!-- This site is optimized with the Yoast SEO plugin v20.11 - https:\/\/yoast.com\/wordpress\/plugins\/seo\/ -->\n<title>1997-2000 - Museu T\u00e0pies<\/title>\n<meta name=\"robots\" content=\"index, follow, max-snippet:-1, max-image-preview:large, max-video-preview:-1\" \/>\n<meta property=\"og:locale\" content=\"es_ES\" \/>\n<meta property=\"og:type\" content=\"article\" \/>\n<meta property=\"og:title\" content=\"1997-2000 - Museu T\u00e0pies\" \/>\n<meta property=\"og:description\" content=\"1997 Viaja a Prato, en Italia, donde el Museo Pecci de Prato acoge una exposici\u00f3n retrospectiva de su obra. Acude, [&hellip;]\" \/>\n<meta property=\"og:url\" content=\"https:\/\/museutapies.org\/es\/biografia\/1997-2000\/\" \/>\n<meta property=\"og:site_name\" content=\"Museu T\u00e0pies\" \/>\n<meta property=\"article:publisher\" content=\"https:\/\/www.facebook.com\/museutapies\" \/>\n<meta property=\"article:modified_time\" content=\"2024-05-15T10:19:03+00:00\" \/>\n<meta property=\"og:image\" content=\"https:\/\/museutapies.org\/wp-content\/uploads\/2018\/01\/AT_1997-2000.jpg\" \/>\n\t<meta property=\"og:image:width\" content=\"2389\" \/>\n\t<meta property=\"og:image:height\" content=\"1751\" \/>\n\t<meta property=\"og:image:type\" content=\"image\/jpeg\" \/>\n<meta name=\"twitter:card\" content=\"summary_large_image\" \/>\n<meta name=\"twitter:label1\" content=\"Tiempo de lectura\" \/>\n\t<meta name=\"twitter:data1\" content=\"2 minutos\" \/>\n<script type=\"application\/ld+json\" class=\"yoast-schema-graph\">{\"@context\":\"https:\/\/schema.org\",\"@graph\":[{\"@type\":\"WebPage\",\"@id\":\"https:\/\/museutapies.org\/es\/biografia\/1997-2000\/\",\"url\":\"https:\/\/museutapies.org\/es\/biografia\/1997-2000\/\",\"name\":\"1997-2000 - Museu T\u00e0pies\",\"isPartOf\":{\"@id\":\"https:\/\/museutapies.org\/en\/#website\"},\"datePublished\":\"2018-01-23T08:59:36+00:00\",\"dateModified\":\"2024-05-15T10:19:03+00:00\",\"breadcrumb\":{\"@id\":\"https:\/\/museutapies.org\/es\/biografia\/1997-2000\/#breadcrumb\"},\"inLanguage\":\"es\",\"potentialAction\":[{\"@type\":\"ReadAction\",\"target\":[\"https:\/\/museutapies.org\/es\/biografia\/1997-2000\/\"]}]},{\"@type\":\"BreadcrumbList\",\"@id\":\"https:\/\/museutapies.org\/es\/biografia\/1997-2000\/#breadcrumb\",\"itemListElement\":[{\"@type\":\"ListItem\",\"position\":1,\"name\":\"Biograf\u00eda\",\"item\":\"https:\/\/museutapies.org\/es\/biografia\/\"},{\"@type\":\"ListItem\",\"position\":2,\"name\":\"1997-2000\"}]},{\"@type\":\"WebSite\",\"@id\":\"https:\/\/museutapies.org\/en\/#website\",\"url\":\"https:\/\/museutapies.org\/en\/\",\"name\":\"Museu T\u00e0pies\",\"description\":\"\",\"publisher\":{\"@id\":\"https:\/\/museutapies.org\/en\/#organization\"},\"potentialAction\":[{\"@type\":\"SearchAction\",\"target\":{\"@type\":\"EntryPoint\",\"urlTemplate\":\"https:\/\/museutapies.org\/en\/?s={search_term_string}\"},\"query-input\":\"required name=search_term_string\"}],\"inLanguage\":\"es\"},{\"@type\":\"Organization\",\"@id\":\"https:\/\/museutapies.org\/en\/#organization\",\"name\":\"Museu T\u00e0pies\",\"url\":\"https:\/\/museutapies.org\/en\/\",\"logo\":{\"@type\":\"ImageObject\",\"inLanguage\":\"es\",\"@id\":\"https:\/\/museutapies.org\/en\/#\/schema\/logo\/image\/\",\"url\":\"https:\/\/museutapies.org\/wp-content\/uploads\/2024\/07\/mta.png\",\"contentUrl\":\"https:\/\/museutapies.org\/wp-content\/uploads\/2024\/07\/mta.png\",\"width\":244,\"height\":110,\"caption\":\"Museu T\u00e0pies\"},\"image\":{\"@id\":\"https:\/\/museutapies.org\/en\/#\/schema\/logo\/image\/\"},\"sameAs\":[\"https:\/\/www.facebook.com\/museutapies\",\"https:\/\/www.instagram.com\/museutapies\/\",\"https:\/\/www.youtube.com\/channel\/UCPi65HBb48RMeoa12lR51cQ\",\"https:\/\/x.com\/MuseuTapies\"]}]}<\/script>\n<!-- \/ Yoast SEO plugin. -->","yoast_head_json":{"title":"1997-2000 - Museu T\u00e0pies","robots":{"index":"index","follow":"follow","max-snippet":"max-snippet:-1","max-image-preview":"max-image-preview:large","max-video-preview":"max-video-preview:-1"},"og_locale":"es_ES","og_type":"article","og_title":"1997-2000 - Museu T\u00e0pies","og_description":"1997 Viaja a Prato, en Italia, donde el Museo Pecci de Prato acoge una exposici\u00f3n retrospectiva de su obra. Acude, [&hellip;]","og_url":"https:\/\/museutapies.org\/es\/biografia\/1997-2000\/","og_site_name":"Museu T\u00e0pies","article_publisher":"https:\/\/www.facebook.com\/museutapies","article_modified_time":"2024-05-15T10:19:03+00:00","og_image":[{"width":2389,"height":1751,"url":"https:\/\/museutapies.org\/wp-content\/uploads\/2018\/01\/AT_1997-2000.jpg","type":"image\/jpeg"}],"twitter_card":"summary_large_image","twitter_misc":{"Tiempo de lectura":"2 minutos"},"schema":{"@context":"https:\/\/schema.org","@graph":[{"@type":"WebPage","@id":"https:\/\/museutapies.org\/es\/biografia\/1997-2000\/","url":"https:\/\/museutapies.org\/es\/biografia\/1997-2000\/","name":"1997-2000 - Museu T\u00e0pies","isPartOf":{"@id":"https:\/\/museutapies.org\/en\/#website"},"datePublished":"2018-01-23T08:59:36+00:00","dateModified":"2024-05-15T10:19:03+00:00","breadcrumb":{"@id":"https:\/\/museutapies.org\/es\/biografia\/1997-2000\/#breadcrumb"},"inLanguage":"es","potentialAction":[{"@type":"ReadAction","target":["https:\/\/museutapies.org\/es\/biografia\/1997-2000\/"]}]},{"@type":"BreadcrumbList","@id":"https:\/\/museutapies.org\/es\/biografia\/1997-2000\/#breadcrumb","itemListElement":[{"@type":"ListItem","position":1,"name":"Biograf\u00eda","item":"https:\/\/museutapies.org\/es\/biografia\/"},{"@type":"ListItem","position":2,"name":"1997-2000"}]},{"@type":"WebSite","@id":"https:\/\/museutapies.org\/en\/#website","url":"https:\/\/museutapies.org\/en\/","name":"Museu T\u00e0pies","description":"","publisher":{"@id":"https:\/\/museutapies.org\/en\/#organization"},"potentialAction":[{"@type":"SearchAction","target":{"@type":"EntryPoint","urlTemplate":"https:\/\/museutapies.org\/en\/?s={search_term_string}"},"query-input":"required name=search_term_string"}],"inLanguage":"es"},{"@type":"Organization","@id":"https:\/\/museutapies.org\/en\/#organization","name":"Museu T\u00e0pies","url":"https:\/\/museutapies.org\/en\/","logo":{"@type":"ImageObject","inLanguage":"es","@id":"https:\/\/museutapies.org\/en\/#\/schema\/logo\/image\/","url":"https:\/\/museutapies.org\/wp-content\/uploads\/2024\/07\/mta.png","contentUrl":"https:\/\/museutapies.org\/wp-content\/uploads\/2024\/07\/mta.png","width":244,"height":110,"caption":"Museu T\u00e0pies"},"image":{"@id":"https:\/\/museutapies.org\/en\/#\/schema\/logo\/image\/"},"sameAs":["https:\/\/www.facebook.com\/museutapies","https:\/\/www.instagram.com\/museutapies\/","https:\/\/www.youtube.com\/channel\/UCPi65HBb48RMeoa12lR51cQ","https:\/\/x.com\/MuseuTapies"]}]}},"_links":{"self":[{"href":"https:\/\/museutapies.org\/es\/wp-json\/wp\/v2\/pages\/1747"}],"collection":[{"href":"https:\/\/museutapies.org\/es\/wp-json\/wp\/v2\/pages"}],"about":[{"href":"https:\/\/museutapies.org\/es\/wp-json\/wp\/v2\/types\/page"}],"author":[{"embeddable":true,"href":"https:\/\/museutapies.org\/es\/wp-json\/wp\/v2\/users\/1"}],"replies":[{"embeddable":true,"href":"https:\/\/museutapies.org\/es\/wp-json\/wp\/v2\/comments?post=1747"}],"version-history":[{"count":2,"href":"https:\/\/museutapies.org\/es\/wp-json\/wp\/v2\/pages\/1747\/revisions"}],"predecessor-version":[{"id":33663,"href":"https:\/\/museutapies.org\/es\/wp-json\/wp\/v2\/pages\/1747\/revisions\/33663"}],"up":[{"embeddable":true,"href":"https:\/\/museutapies.org\/es\/wp-json\/wp\/v2\/pages\/1266"}],"wp:featuredmedia":[{"embeddable":true,"href":"https:\/\/museutapies.org\/es\/wp-json\/wp\/v2\/media\/4270"}],"wp:attachment":[{"href":"https:\/\/museutapies.org\/es\/wp-json\/wp\/v2\/media?parent=1747"}],"curies":[{"name":"wp","href":"https:\/\/api.w.org\/{rel}","templated":true}]}}