{"id":5381,"date":"2018-01-16T13:42:59","date_gmt":"2018-01-16T13:42:59","guid":{"rendered":"https:\/\/museutapies.org\/ledifici\/"},"modified":"2024-09-30T15:53:44","modified_gmt":"2024-09-30T13:53:44","slug":"edificio","status":"publish","type":"page","link":"https:\/\/museutapies.org\/es\/edificio\/","title":{"rendered":"Edificio"},"content":{"rendered":"<p>&nbsp;<\/p>\n<div id=\"attachment_18501\" style=\"width: 810px\" class=\"wp-caption alignnone\"><img loading=\"lazy\" decoding=\"async\" aria-describedby=\"caption-attachment-18501\" class=\"size-medium wp-image-18501\" src=\"https:\/\/museutapies.org\/wp-content\/uploads\/2021\/02\/2013_Facana_Bover_01_web-800x674.jpg\" alt=\"\" width=\"800\" height=\"674\" srcset=\"https:\/\/museutapies.org\/wp-content\/uploads\/2021\/02\/2013_Facana_Bover_01_web-800x674.jpg 800w, https:\/\/museutapies.org\/wp-content\/uploads\/2021\/02\/2013_Facana_Bover_01_web-768x647.jpg 768w, https:\/\/museutapies.org\/wp-content\/uploads\/2021\/02\/2013_Facana_Bover_01_web-831x700.jpg 831w, https:\/\/museutapies.org\/wp-content\/uploads\/2021\/02\/2013_Facana_Bover_01_web-500x421.jpg 500w, https:\/\/museutapies.org\/wp-content\/uploads\/2021\/02\/2013_Facana_Bover_01_web-380x320.jpg 380w, https:\/\/museutapies.org\/wp-content\/uploads\/2021\/02\/2013_Facana_Bover_01_web-600x506.jpg 600w, https:\/\/museutapies.org\/wp-content\/uploads\/2021\/02\/2013_Facana_Bover_01_web.jpg 1500w\" sizes=\"(max-width: 800px) 100vw, 800px\" \/><p id=\"caption-attachment-18501\" class=\"wp-caption-text\">Llu\u00eds Bover. \u00a9 Museu T\u00e0pies<\/p><\/div>\n<p>&nbsp;<\/p>\n<p><span style=\"font-size: 12pt\">El Museu T\u00e0pies abr\u00eda sus puertas -como Fundaci\u00f3 Antoni T\u00e0pies- en junio de 1990 en la sede de la antigua Editorial Montaner y Sim\u00f3n, obra del arquitecto modernista Llu\u00eds Dom\u00e8nech y Montaner, restaurada y acondicionada por los arquitectos Roser Amad\u00f3 y Llu\u00eds Dom\u00e8nech Girbau.<\/span><\/p>\n<p>&nbsp;<\/p>\n<p><span style=\"font-size: 12pt\">Construido entre 1880 y 1881 \u00f3 1882, este edificio fue el primero del Ensanche barcelon\u00e9s que integraba la tipolog\u00eda y la tecnolog\u00eda industrial, combinando hierro y ladrillo visto, en el tejido del centro urbano.<\/span><\/p>\n<p>&nbsp;<\/p>\n<p><span style=\"font-size: 12pt\">La Editorial Montaner y Sim\u00f3n es junto con la casa Vicens de Antoni Gaud\u00ed, uno de los pocos ejemplos que quedan de una manera de construir hoy en d\u00eda desaparecida y ejemplifica tambi\u00e9n el paso de una arquitectura ecl\u00e9ctica propia del siglo XIX a un nuevo estilo, el modernismo. Llu\u00eds Dom\u00e8nech i Montaner y Antoni Gaud\u00ed establecieron las bases arquitect\u00f3nicas que definieron dos v\u00edas de desarrollo diferentes: Gaud\u00ed encarnaba una corriente \u00abexpresionista\u00bb, mientras que Dom\u00e8nech i Montaner se decantaba por el racionalismo.<\/span><\/p>\n<p>&nbsp;<\/p>\n<p><img loading=\"lazy\" decoding=\"async\" class=\"alignnone wp-image-4386 size-medium\" src=\"https:\/\/museutapies.org\/wp-content\/uploads\/2018\/01\/Historia-800x573.jpg\" alt=\"\" width=\"800\" height=\"573\" srcset=\"https:\/\/museutapies.org\/wp-content\/uploads\/2018\/01\/Historia-800x573.jpg 800w, https:\/\/museutapies.org\/wp-content\/uploads\/2018\/01\/Historia-768x550.jpg 768w, https:\/\/museutapies.org\/wp-content\/uploads\/2018\/01\/Historia-900x645.jpg 900w, https:\/\/museutapies.org\/wp-content\/uploads\/2018\/01\/Historia-500x358.jpg 500w, https:\/\/museutapies.org\/wp-content\/uploads\/2018\/01\/Historia-380x272.jpg 380w, https:\/\/museutapies.org\/wp-content\/uploads\/2018\/01\/Historia-600x430.jpg 600w, https:\/\/museutapies.org\/wp-content\/uploads\/2018\/01\/Historia.jpg 1200w\" sizes=\"(max-width: 800px) 100vw, 800px\" \/><\/p>\n<p>&nbsp;<\/p>\n<p><span style=\"font-size: 12pt\">En 1879 Dom\u00e8nech i Montaner realiz\u00f3 los planos de la Editorial Montaner y Sim\u00f3n. Este edificio recoge muchas de sus preocupaciones respecto a la arquitectura, que no conceb\u00eda como un elemento aut\u00f3nomo, sino vinculado a un contexto social e hist\u00f3rico concreto. En ese sentido, en 1878 public\u00f3 en la revista <em>La Renaixensa<\/em> el art\u00edculo \u00abEn busca de una arquitectura nacional\u00bb, en el que, m\u00e1s que llegar a conclusiones definitivas o dar respuestas concretas, planteaba por primera vez una serie de cuestiones sobre la necesidad de una arquitectura nacional, que fuera a la vez la expresi\u00f3n de las inquietudes de la modernidad de una nueva era.<\/span><\/p>\n<p>&nbsp;<\/p>\n<p><span style=\"font-size: 12pt\">El edificio del Museu T\u00e0pies est\u00e1 &#8220;encajado&#8221; entre las dos paredes medianeras de las casas contiguas. Para elevar su altura y subrayar su nueva identidad, Antoni T\u00e0pies cre\u00f3 la escultura que corona el edificio, titulada <em><strong>N\u00favol i cadira (Nube y silla, 1990)<\/strong><\/em>. La escultura representa una silla que sobresale de una gran nube. La silla, motivo recurrente en la obra de T\u00e0pies, alude a una actitud meditativa y de contemplaci\u00f3n est\u00e9tica.<\/span><\/p>\n<p>&nbsp;<\/p>\n\n\t\t<style type=\"text\/css\">\n\t\t\t#gallery-1 {\n\t\t\t\tmargin: auto;\n\t\t\t}\n\t\t\t#gallery-1 .gallery-item {\n\t\t\t\tfloat: left;\n\t\t\t\tmargin-top: 10px;\n\t\t\t\ttext-align: center;\n\t\t\t\twidth: 50%;\n\t\t\t}\n\t\t\t#gallery-1 img {\n\t\t\t\tborder: 2px solid #cfcfcf;\n\t\t\t}\n\t\t\t#gallery-1 .gallery-caption {\n\t\t\t\tmargin-left: 0;\n\t\t\t}\n\t\t\t\/* see gallery_shortcode() in wp-includes\/media.php *\/\n\t\t<\/style>\n\t\t<div id='gallery-1' class='gallery galleryid-5381 gallery-columns-2 gallery-size-medium'><dl class='gallery-item'>\n\t\t\t<dt class='gallery-icon landscape'>\n\t\t\t\t<img loading=\"lazy\" decoding=\"async\" width=\"800\" height=\"531\" src=\"https:\/\/museutapies.org\/wp-content\/uploads\/2018\/01\/Fundacio_Antoni_Tapies_Barcelona_-_panoramio-2-800x531.jpg\" class=\"attachment-medium size-medium\" alt=\"\" srcset=\"https:\/\/museutapies.org\/wp-content\/uploads\/2018\/01\/Fundacio_Antoni_Tapies_Barcelona_-_panoramio-2-800x531.jpg 800w, https:\/\/museutapies.org\/wp-content\/uploads\/2018\/01\/Fundacio_Antoni_Tapies_Barcelona_-_panoramio-2-768x510.jpg 768w, https:\/\/museutapies.org\/wp-content\/uploads\/2018\/01\/Fundacio_Antoni_Tapies_Barcelona_-_panoramio-2-900x598.jpg 900w, https:\/\/museutapies.org\/wp-content\/uploads\/2018\/01\/Fundacio_Antoni_Tapies_Barcelona_-_panoramio-2-500x332.jpg 500w, https:\/\/museutapies.org\/wp-content\/uploads\/2018\/01\/Fundacio_Antoni_Tapies_Barcelona_-_panoramio-2-380x252.jpg 380w, https:\/\/museutapies.org\/wp-content\/uploads\/2018\/01\/Fundacio_Antoni_Tapies_Barcelona_-_panoramio-2-600x398.jpg 600w, https:\/\/museutapies.org\/wp-content\/uploads\/2018\/01\/Fundacio_Antoni_Tapies_Barcelona_-_panoramio-2.jpg 1280w\" sizes=\"(max-width: 800px) 100vw, 800px\" \/>\n\t\t\t<\/dt><\/dl><dl class='gallery-item'>\n\t\t\t<dt class='gallery-icon landscape'>\n\t\t\t\t<img loading=\"lazy\" decoding=\"async\" width=\"800\" height=\"533\" src=\"https:\/\/museutapies.org\/wp-content\/uploads\/2018\/01\/IMG_9927-e1517388966679-800x533.jpg\" class=\"attachment-medium size-medium\" alt=\"\" srcset=\"https:\/\/museutapies.org\/wp-content\/uploads\/2018\/01\/IMG_9927-e1517388966679-800x533.jpg 800w, https:\/\/museutapies.org\/wp-content\/uploads\/2018\/01\/IMG_9927-e1517388966679-768x512.jpg 768w, https:\/\/museutapies.org\/wp-content\/uploads\/2018\/01\/IMG_9927-e1517388966679-900x600.jpg 900w, https:\/\/museutapies.org\/wp-content\/uploads\/2018\/01\/IMG_9927-e1517388966679-500x333.jpg 500w, https:\/\/museutapies.org\/wp-content\/uploads\/2018\/01\/IMG_9927-e1517388966679-380x253.jpg 380w, https:\/\/museutapies.org\/wp-content\/uploads\/2018\/01\/IMG_9927-e1517388966679-600x400.jpg 600w\" sizes=\"(max-width: 800px) 100vw, 800px\" \/>\n\t\t\t<\/dt><\/dl><br style=\"clear: both\" \/>\n\t\t<\/div>\n\n<p>&nbsp;<\/p>\n<p>La fachada de este edificio combina influencias estil\u00edsticas cl\u00e1sicas, visibles en la puerta del centro y los dos cuerpos laterales sim\u00e9tricos, y musulmanas, como el uso del ladrillo sin pulir, los elementos de tipo moz\u00e1rabe y la composici\u00f3n geom\u00e9trica arabesca.<\/p>\n<p>&nbsp;<\/p>\n\n\t\t<style type=\"text\/css\">\n\t\t\t#gallery-2 {\n\t\t\t\tmargin: auto;\n\t\t\t}\n\t\t\t#gallery-2 .gallery-item {\n\t\t\t\tfloat: left;\n\t\t\t\tmargin-top: 10px;\n\t\t\t\ttext-align: center;\n\t\t\t\twidth: 50%;\n\t\t\t}\n\t\t\t#gallery-2 img {\n\t\t\t\tborder: 2px solid #cfcfcf;\n\t\t\t}\n\t\t\t#gallery-2 .gallery-caption {\n\t\t\t\tmargin-left: 0;\n\t\t\t}\n\t\t\t\/* see gallery_shortcode() in wp-includes\/media.php *\/\n\t\t<\/style>\n\t\t<div id='gallery-2' class='gallery galleryid-5381 gallery-columns-2 gallery-size-medium'><dl class='gallery-item'>\n\t\t\t<dt class='gallery-icon landscape'>\n\t\t\t\t<img loading=\"lazy\" decoding=\"async\" width=\"800\" height=\"533\" src=\"https:\/\/museutapies.org\/wp-content\/uploads\/2018\/01\/IMG_9891-800x533.jpg\" class=\"attachment-medium size-medium\" alt=\"\" srcset=\"https:\/\/museutapies.org\/wp-content\/uploads\/2018\/01\/IMG_9891-800x533.jpg 800w, https:\/\/museutapies.org\/wp-content\/uploads\/2018\/01\/IMG_9891-768x512.jpg 768w, https:\/\/museutapies.org\/wp-content\/uploads\/2018\/01\/IMG_9891-900x600.jpg 900w, https:\/\/museutapies.org\/wp-content\/uploads\/2018\/01\/IMG_9891-500x333.jpg 500w, https:\/\/museutapies.org\/wp-content\/uploads\/2018\/01\/IMG_9891-380x253.jpg 380w, https:\/\/museutapies.org\/wp-content\/uploads\/2018\/01\/IMG_9891-600x400.jpg 600w\" sizes=\"(max-width: 800px) 100vw, 800px\" \/>\n\t\t\t<\/dt><\/dl><dl class='gallery-item'>\n\t\t\t<dt class='gallery-icon landscape'>\n\t\t\t\t<img loading=\"lazy\" decoding=\"async\" width=\"800\" height=\"533\" src=\"https:\/\/museutapies.org\/wp-content\/uploads\/2018\/01\/IMG_9910-800x533.jpg\" class=\"attachment-medium size-medium\" alt=\"\" srcset=\"https:\/\/museutapies.org\/wp-content\/uploads\/2018\/01\/IMG_9910-800x533.jpg 800w, https:\/\/museutapies.org\/wp-content\/uploads\/2018\/01\/IMG_9910-768x512.jpg 768w, https:\/\/museutapies.org\/wp-content\/uploads\/2018\/01\/IMG_9910-900x600.jpg 900w, https:\/\/museutapies.org\/wp-content\/uploads\/2018\/01\/IMG_9910-500x333.jpg 500w, https:\/\/museutapies.org\/wp-content\/uploads\/2018\/01\/IMG_9910-380x253.jpg 380w, https:\/\/museutapies.org\/wp-content\/uploads\/2018\/01\/IMG_9910-600x400.jpg 600w\" sizes=\"(max-width: 800px) 100vw, 800px\" \/>\n\t\t\t<\/dt><\/dl><br style=\"clear: both\" \/><dl class='gallery-item'>\n\t\t\t<dt class='gallery-icon landscape'>\n\t\t\t\t<img loading=\"lazy\" decoding=\"async\" width=\"800\" height=\"533\" src=\"https:\/\/museutapies.org\/wp-content\/uploads\/2018\/01\/IMG_9882-800x533.jpg\" class=\"attachment-medium size-medium\" alt=\"\" srcset=\"https:\/\/museutapies.org\/wp-content\/uploads\/2018\/01\/IMG_9882-800x533.jpg 800w, https:\/\/museutapies.org\/wp-content\/uploads\/2018\/01\/IMG_9882-768x512.jpg 768w, https:\/\/museutapies.org\/wp-content\/uploads\/2018\/01\/IMG_9882-900x600.jpg 900w, https:\/\/museutapies.org\/wp-content\/uploads\/2018\/01\/IMG_9882-500x333.jpg 500w, https:\/\/museutapies.org\/wp-content\/uploads\/2018\/01\/IMG_9882-380x253.jpg 380w, https:\/\/museutapies.org\/wp-content\/uploads\/2018\/01\/IMG_9882-600x400.jpg 600w\" sizes=\"(max-width: 800px) 100vw, 800px\" \/>\n\t\t\t<\/dt><\/dl><dl class='gallery-item'>\n\t\t\t<dt class='gallery-icon landscape'>\n\t\t\t\t<img loading=\"lazy\" decoding=\"async\" width=\"800\" height=\"533\" src=\"https:\/\/museutapies.org\/wp-content\/uploads\/2018\/01\/IMG_0362-800x533.jpg\" class=\"attachment-medium size-medium\" alt=\"\" srcset=\"https:\/\/museutapies.org\/wp-content\/uploads\/2018\/01\/IMG_0362-800x533.jpg 800w, https:\/\/museutapies.org\/wp-content\/uploads\/2018\/01\/IMG_0362-768x511.jpg 768w, https:\/\/museutapies.org\/wp-content\/uploads\/2018\/01\/IMG_0362-900x599.jpg 900w, https:\/\/museutapies.org\/wp-content\/uploads\/2018\/01\/IMG_0362-500x333.jpg 500w, https:\/\/museutapies.org\/wp-content\/uploads\/2018\/01\/IMG_0362-380x253.jpg 380w, https:\/\/museutapies.org\/wp-content\/uploads\/2018\/01\/IMG_0362-600x399.jpg 600w\" sizes=\"(max-width: 800px) 100vw, 800px\" \/>\n\t\t\t<\/dt><\/dl><br style=\"clear: both\" \/>\n\t\t<\/div>\n\n<p>La sede del Museu T\u00e0pies fue declarada <strong>monumento hist\u00f3rico en 1997<\/strong>.<\/p>\n<p>&nbsp;<\/p>\n<p>De 2008 a 2010 el estudio \u00c1balos+Sentkiewicz Arquitectos lleva a cabo una <strong>segunda reforma del edificio<\/strong> para adecuarlo a las normas actuales de accesibilidad y para recuperar su car\u00e1cter industrial original. En esta ocasi\u00f3n, se instala la obra de Antoni T\u00e0pies <strong>Mitj\u00f3 (Calcet\u00edn: maqueta, 1991; obra, 2010)<\/strong> en la terraza del Museu T\u00e0pies, situada en lo alto del nuevo edificio de oficinas.<\/p>\n<p>&nbsp;<\/p>\n<p><strong>PLANOS<\/strong><\/p>\n<p><a href=\"https:\/\/museutapies.org\/wp-content\/uploads\/2020\/01\/03.Nivell-1.pdf\">Nivel 1: Sala y Biblioteca<\/a><\/p>\n<p><a href=\"https:\/\/museutapies.org\/wp-content\/uploads\/2020\/01\/05.Nivell-1.pdf\">Nivel -1: Sala principal y Auditorio<\/a><\/p>\n<p><a href=\"https:\/\/museutapies.org\/wp-content\/uploads\/2020\/01\/09.Espai-D-1.pdf\">Nivel -2. Sala Trapecio<\/a><\/p>\n<p><a href=\"https:\/\/museutapies.org\/wp-content\/uploads\/2020\/01\/10.Espai-D-2.pdf\">Nivel -2. Sala Larga<\/a><\/p>\n<p><a href=\"https:\/\/museutapies.org\/wp-content\/uploads\/2020\/01\/01.Nivell-2.pdf\">Nivell 2: Sala y Terraza<\/a><\/p>\n<p>&nbsp;<\/p>\n<p>&nbsp;<\/p>\n","protected":false},"excerpt":{"rendered":"<p>&nbsp; &nbsp; El Museu T\u00e0pies abr\u00eda sus puertas -como Fundaci\u00f3 Antoni T\u00e0pies- en junio de 1990 en la sede de [&hellip;]<\/p>\n","protected":false},"author":1,"featured_media":0,"parent":0,"menu_order":0,"comment_status":"closed","ping_status":"closed","template":"template-edifici.php","meta":{"footnotes":""},"acf":[],"yoast_head":"<!-- This site is optimized with the Yoast SEO plugin v20.11 - https:\/\/yoast.com\/wordpress\/plugins\/seo\/ -->\n<title>Edificio - Museu T\u00e0pies<\/title>\n<meta name=\"description\" content=\"La sede de la Fundaci\u00f3 Antoni T\u00e0pies es el primer edificio modernista de Barcelona, antigua editorial Montaner y Simon, obra de Llu\u00eds Dom\u00e8nech i Montaner.\" \/>\n<meta name=\"robots\" content=\"index, follow, max-snippet:-1, max-image-preview:large, max-video-preview:-1\" \/>\n<meta property=\"og:locale\" content=\"es_ES\" \/>\n<meta property=\"og:type\" content=\"article\" \/>\n<meta property=\"og:title\" content=\"Edificio - Museu T\u00e0pies\" \/>\n<meta property=\"og:description\" content=\"La sede de la Fundaci\u00f3 Antoni T\u00e0pies es el primer edificio modernista de Barcelona, antigua editorial Montaner y Simon, obra de Llu\u00eds Dom\u00e8nech i Montaner.\" \/>\n<meta property=\"og:url\" content=\"https:\/\/museutapies.org\/es\/edificio\/\" \/>\n<meta property=\"og:site_name\" content=\"Museu T\u00e0pies\" \/>\n<meta property=\"article:publisher\" content=\"https:\/\/www.facebook.com\/museutapies\" \/>\n<meta property=\"article:modified_time\" content=\"2024-09-30T13:53:44+00:00\" \/>\n<meta property=\"og:image\" content=\"https:\/\/museutapies.org\/wp-content\/uploads\/2018\/01\/Fundacio_Antoni_Tapies_Barcelona_-_panoramio-2-800x531.jpg\" \/>\n<meta name=\"twitter:card\" content=\"summary_large_image\" \/>\n<meta name=\"twitter:label1\" content=\"Tiempo de lectura\" \/>\n\t<meta name=\"twitter:data1\" content=\"4 minutos\" \/>\n<script type=\"application\/ld+json\" class=\"yoast-schema-graph\">{\"@context\":\"https:\/\/schema.org\",\"@graph\":[{\"@type\":\"WebPage\",\"@id\":\"https:\/\/museutapies.org\/es\/edificio\/\",\"url\":\"https:\/\/museutapies.org\/es\/edificio\/\",\"name\":\"Edificio - Museu T\u00e0pies\",\"isPartOf\":{\"@id\":\"https:\/\/museutapies.org\/en\/#website\"},\"datePublished\":\"2018-01-16T13:42:59+00:00\",\"dateModified\":\"2024-09-30T13:53:44+00:00\",\"description\":\"La sede de la Fundaci\u00f3 Antoni T\u00e0pies es el primer edificio modernista de Barcelona, antigua editorial Montaner y Simon, obra de Llu\u00eds Dom\u00e8nech i Montaner.\",\"inLanguage\":\"es\",\"potentialAction\":[{\"@type\":\"ReadAction\",\"target\":[\"https:\/\/museutapies.org\/es\/edificio\/\"]}]},{\"@type\":\"WebSite\",\"@id\":\"https:\/\/museutapies.org\/en\/#website\",\"url\":\"https:\/\/museutapies.org\/en\/\",\"name\":\"Museu T\u00e0pies\",\"description\":\"\",\"publisher\":{\"@id\":\"https:\/\/museutapies.org\/en\/#organization\"},\"potentialAction\":[{\"@type\":\"SearchAction\",\"target\":{\"@type\":\"EntryPoint\",\"urlTemplate\":\"https:\/\/museutapies.org\/en\/?s={search_term_string}\"},\"query-input\":\"required name=search_term_string\"}],\"inLanguage\":\"es\"},{\"@type\":\"Organization\",\"@id\":\"https:\/\/museutapies.org\/en\/#organization\",\"name\":\"Museu T\u00e0pies\",\"url\":\"https:\/\/museutapies.org\/en\/\",\"logo\":{\"@type\":\"ImageObject\",\"inLanguage\":\"es\",\"@id\":\"https:\/\/museutapies.org\/en\/#\/schema\/logo\/image\/\",\"url\":\"https:\/\/museutapies.org\/wp-content\/uploads\/2024\/07\/mta.png\",\"contentUrl\":\"https:\/\/museutapies.org\/wp-content\/uploads\/2024\/07\/mta.png\",\"width\":244,\"height\":110,\"caption\":\"Museu T\u00e0pies\"},\"image\":{\"@id\":\"https:\/\/museutapies.org\/en\/#\/schema\/logo\/image\/\"},\"sameAs\":[\"https:\/\/www.facebook.com\/museutapies\",\"https:\/\/www.instagram.com\/museutapies\/\",\"https:\/\/www.youtube.com\/channel\/UCPi65HBb48RMeoa12lR51cQ\",\"https:\/\/x.com\/MuseuTapies\"]}]}<\/script>\n<!-- \/ Yoast SEO plugin. -->","yoast_head_json":{"title":"Edificio - Museu T\u00e0pies","description":"La sede de la Fundaci\u00f3 Antoni T\u00e0pies es el primer edificio modernista de Barcelona, antigua editorial Montaner y Simon, obra de Llu\u00eds Dom\u00e8nech i Montaner.","robots":{"index":"index","follow":"follow","max-snippet":"max-snippet:-1","max-image-preview":"max-image-preview:large","max-video-preview":"max-video-preview:-1"},"og_locale":"es_ES","og_type":"article","og_title":"Edificio - Museu T\u00e0pies","og_description":"La sede de la Fundaci\u00f3 Antoni T\u00e0pies es el primer edificio modernista de Barcelona, antigua editorial Montaner y Simon, obra de Llu\u00eds Dom\u00e8nech i Montaner.","og_url":"https:\/\/museutapies.org\/es\/edificio\/","og_site_name":"Museu T\u00e0pies","article_publisher":"https:\/\/www.facebook.com\/museutapies","article_modified_time":"2024-09-30T13:53:44+00:00","og_image":[{"url":"https:\/\/museutapies.org\/wp-content\/uploads\/2018\/01\/Fundacio_Antoni_Tapies_Barcelona_-_panoramio-2-800x531.jpg"}],"twitter_card":"summary_large_image","twitter_misc":{"Tiempo de lectura":"4 minutos"},"schema":{"@context":"https:\/\/schema.org","@graph":[{"@type":"WebPage","@id":"https:\/\/museutapies.org\/es\/edificio\/","url":"https:\/\/museutapies.org\/es\/edificio\/","name":"Edificio - Museu T\u00e0pies","isPartOf":{"@id":"https:\/\/museutapies.org\/en\/#website"},"datePublished":"2018-01-16T13:42:59+00:00","dateModified":"2024-09-30T13:53:44+00:00","description":"La sede de la Fundaci\u00f3 Antoni T\u00e0pies es el primer edificio modernista de Barcelona, antigua editorial Montaner y Simon, obra de Llu\u00eds Dom\u00e8nech i Montaner.","inLanguage":"es","potentialAction":[{"@type":"ReadAction","target":["https:\/\/museutapies.org\/es\/edificio\/"]}]},{"@type":"WebSite","@id":"https:\/\/museutapies.org\/en\/#website","url":"https:\/\/museutapies.org\/en\/","name":"Museu T\u00e0pies","description":"","publisher":{"@id":"https:\/\/museutapies.org\/en\/#organization"},"potentialAction":[{"@type":"SearchAction","target":{"@type":"EntryPoint","urlTemplate":"https:\/\/museutapies.org\/en\/?s={search_term_string}"},"query-input":"required name=search_term_string"}],"inLanguage":"es"},{"@type":"Organization","@id":"https:\/\/museutapies.org\/en\/#organization","name":"Museu T\u00e0pies","url":"https:\/\/museutapies.org\/en\/","logo":{"@type":"ImageObject","inLanguage":"es","@id":"https:\/\/museutapies.org\/en\/#\/schema\/logo\/image\/","url":"https:\/\/museutapies.org\/wp-content\/uploads\/2024\/07\/mta.png","contentUrl":"https:\/\/museutapies.org\/wp-content\/uploads\/2024\/07\/mta.png","width":244,"height":110,"caption":"Museu T\u00e0pies"},"image":{"@id":"https:\/\/museutapies.org\/en\/#\/schema\/logo\/image\/"},"sameAs":["https:\/\/www.facebook.com\/museutapies","https:\/\/www.instagram.com\/museutapies\/","https:\/\/www.youtube.com\/channel\/UCPi65HBb48RMeoa12lR51cQ","https:\/\/x.com\/MuseuTapies"]}]}},"_links":{"self":[{"href":"https:\/\/museutapies.org\/es\/wp-json\/wp\/v2\/pages\/5381"}],"collection":[{"href":"https:\/\/museutapies.org\/es\/wp-json\/wp\/v2\/pages"}],"about":[{"href":"https:\/\/museutapies.org\/es\/wp-json\/wp\/v2\/types\/page"}],"author":[{"embeddable":true,"href":"https:\/\/museutapies.org\/es\/wp-json\/wp\/v2\/users\/1"}],"replies":[{"embeddable":true,"href":"https:\/\/museutapies.org\/es\/wp-json\/wp\/v2\/comments?post=5381"}],"version-history":[{"count":11,"href":"https:\/\/museutapies.org\/es\/wp-json\/wp\/v2\/pages\/5381\/revisions"}],"predecessor-version":[{"id":36116,"href":"https:\/\/museutapies.org\/es\/wp-json\/wp\/v2\/pages\/5381\/revisions\/36116"}],"wp:attachment":[{"href":"https:\/\/museutapies.org\/es\/wp-json\/wp\/v2\/media?parent=5381"}],"curies":[{"name":"wp","href":"https:\/\/api.w.org\/{rel}","templated":true}]}}