{"id":31586,"date":"2024-02-06T15:44:34","date_gmt":"2024-02-06T15:44:34","guid":{"rendered":"https:\/\/museutapies.org\/?post_type=tribe_events&#038;p=31586"},"modified":"2024-11-26T15:25:08","modified_gmt":"2024-11-26T14:25:08","slug":"la-maleta-de-antoni-tapies","status":"publish","type":"tribe_events","link":"https:\/\/museutapies.org\/es\/event\/la-maleta-de-antoni-tapies\/","title":{"rendered":"La maleta de Antoni T\u00e0pies"},"content":{"rendered":"<p><img loading=\"lazy\" decoding=\"async\" class=\"alignnone size-full wp-image-31577\" src=\"https:\/\/museutapies.org\/wp-content\/uploads\/2024\/02\/Les-maletes-de-Tapies-Fundacio-Antoni-Tapies-Any-Tapies.png\" alt=\"\" width=\"761\" height=\"526\" srcset=\"https:\/\/museutapies.org\/wp-content\/uploads\/2024\/02\/Les-maletes-de-Tapies-Fundacio-Antoni-Tapies-Any-Tapies.png 761w, https:\/\/museutapies.org\/wp-content\/uploads\/2024\/02\/Les-maletes-de-Tapies-Fundacio-Antoni-Tapies-Any-Tapies-500x346.png 500w, https:\/\/museutapies.org\/wp-content\/uploads\/2024\/02\/Les-maletes-de-Tapies-Fundacio-Antoni-Tapies-Any-Tapies-380x263.png 380w, https:\/\/museutapies.org\/wp-content\/uploads\/2024\/02\/Les-maletes-de-Tapies-Fundacio-Antoni-Tapies-Any-Tapies-600x415.png 600w\" sizes=\"(max-width: 761px) 100vw, 761px\" \/><\/p>\n<p>&nbsp;<\/p>\n<p>Antoni T\u00e0pies ten\u00eda dos estudios de pintura: uno en Barcelona, en la calle de Zaragoza, y el otro Campins, en el Montseny. La casa-estudio de Barcelona fue dise\u00f1ada por el arquitecto J.A.Coderch, siguiendo las exigencias del artista, tanto en lo que se refiere a los materiales como al temperamento sobrio y calmado del ambiente que necesitaba. La mas\u00eda de Campins fue adquirida por parte de la familia en 1956 con los primeros ahorros que hicieron con la voluntad de retirarse algunas temporadas, principalmente en verano, y rehuir de la dispersi\u00f3n de la ciudad.<\/p>\n<p>Cuando Antoni T\u00e0pies se desplazaba de un lugar a otro, llevaba una maleta llena de LP del momento, que iba cambiando y revisando en funci\u00f3n de los intereses personales y de las tendencias musicales del momento. Pese a que T\u00e0pies no mezclaba las acciones, es decir, cuando pintaba, pintaba y cuando escuchaba m\u00fasica, escuchaba m\u00fasica, era un gran mel\u00f3mano, una pasi\u00f3n que le fue transmitida desde muy peque\u00f1o.<\/p>\n<p>Tras la muerte del pintor, Miquel T\u00e0pies, el hijo peque\u00f1o del artista, list\u00f3 el contenido de una de las maletas con la voluntad de generar una propuesta musical que recogiera los cl\u00e1sicos del siglo XX: A. Webern, A. Schonberg, G. Scelsci, G. \u00a6Ligeti, I. Xenakis, M. Feldman, J. Cage, P. Boulez, etc.<\/p>\n<p>Con motivo de la celebraci\u00f3n del centenario del nacimiento de Antoni T\u00e0pies (<a href=\"https:\/\/museutapies.org\/es\/any-tapies\/\">A\u00f1o T\u00e0pies<\/a>), la<a href=\"https:\/\/www.esmuc.cat\/intervencions-musicals-de-la-maleta-dantoni-tapies\/#\"> Escola Superior de M\u00fasica de Catalunya (ESMUC)<\/a> colabora con el Museu T\u00e0pies con una serie de actuaciones en direct ante obras del artista en diversas instituciones. El ciclo lleva por t\u00edtulo de <em>La maleta de Antoni T\u00e0pies<\/em>. Los diferentes conciertos son protagonizados por estudiantes de la ESMUC.<\/p>\n<p>&nbsp;<\/p>\n<p><strong><span style=\"text-decoration: underline\">Pr\u00f3ximas actuaciones<\/span><\/strong><\/p>\n<p>&nbsp;<\/p>\n<p>.<strong> 11 de diciembre,<\/strong> a las<strong>\u00a019.00 h<\/strong>, en el <strong>Museu T\u00e0pies<\/strong>, en el marco del acto de entrega de los premios del<span class=\"\">\u00a0 <\/span><a class=\"\" href=\"https:\/\/museutapies.org\/es\/event\/premio-de-escritura-critica\/\">Primer Concurs Teresa Barba d\u2019Escriptura Cr\u00edtica\u00a0<\/a>.<\/p>\n<p>&nbsp;<\/p>\n<p>&nbsp;<\/p>\n<p><strong><span style=\"text-decoration: underline\">Programa de actuaciones realizadas<\/span><\/strong><\/p>\n<p>&nbsp;<\/p>\n<p>\u00b7 El mi\u00e9rcoles 13 de diciembre de 2023, a las 14 h, en el <strong>Parlament de Catalunya<\/strong>, tuvo lugar la primera actuaci\u00f3n del ciclo ante la obra <em>7 de novembre<\/em>, de Antoni T\u00e0pies. El acto coincidi\u00f3 con el inicio de las actividades del <em>A\u00f1o T\u00e0pies.<\/em><\/p>\n<p>\u00b7 El 22 de diciembre de 2023,\u00a0 ante la obra de Antoni T\u00e0pies titulada <em>Complement<\/em>, realizada en 1999, y que se expone en el <strong>Ajuntament de Barcelona<\/strong>.<\/p>\n<p>\u00b7 El 12 de enero de 2024, ante la obra de Antoni T\u00e0pies titulada <em>Les quatre cr\u00f2niques<\/em>\u00a0(1990), en el <strong>Palau de la Generalitat<\/strong>.<\/p>\n<p>\u00b7 El 25 de febrero de 2024, en el <strong>Museu de Sant Boi<\/strong>, ante la obra de Antoni T\u00e0pies titulada <em>11 de setembre<\/em><em>.<\/em><\/p>\n<p>\u00b7 El 4 de marzo de 2024, tres sesiones a las 10:30, a las 11.00 h y a las 11:30 h en la <em>Sala de Reflexi\u00f3<\/em><em>, <\/em>una instalaci\u00f3n de Antoni T\u00e0pies en la <strong>Universitat Pompeu Fabra<\/strong> (UPF) de Barcelona (campus de la Ciutadella, C\/Ramon Trias Fargas, 25-27).<\/p>\n<p>\u00b7 El 4 de marzo de 2024,\u00a0 en el <strong>Palau Marc<\/strong> de Barcelona (La Rambla, 8), sede de la <strong>Conselleria de Cultura de la Generalitat de Catalunya<\/strong>, a las 13.00 h, frente a la obra <em>Trespeus (lava)<\/em> (1985) de Antoni T\u00e0pies.<\/p>\n<p>\u00b7 El 31 de mayo de 2024, a las 19.30 h, en el <strong>Museu de Valls<\/strong>, con motivo de la exposici\u00f3n &#8220;Antoni T\u00e0pies. Bronces intervenidos (1987-1989)&#8221;.<\/p>\n<p>\u00b7 El 20 de junio de 2024, a las 12.00 h, en el <strong>Institut Fran\u00e7ais<\/strong> de Barcelona.<\/p>\n<p>\u00b7 El 24 de septiembre de 2024, a las 12 h y a las 12.30 h, en el <strong>Recinte modernista de Sant Pau<\/strong> (sala Dom\u00e8nech i Montaner) de Barcelona con la participaci\u00f3n de Fundaci\u00f3 Victoria de los \u00c1ngeles, frente a la obra <em>Fusta pintada i rascada\u00a0<\/em>(1960) d&#8217;Antoni T\u00e0pies.<\/p>\n<p>\u00b7 El 26 de septiembre de 2024, a las 18.30 h, en el <strong>Museu d&#8217;Art Contemporani de Barcelona, <\/strong>en la sala donde se muestran las obras de T\u00e0pies <i><a href=\"https:\/\/www.macba.cat\/ca\/obra\/r1938-paisatge-blanc-i-negre-i\/\" target=\"_BLANK\" rel=\"noopener\">Paisatge blanc i negre I<\/a><\/i> (1985) y <i><a href=\"https:\/\/www.macba.cat\/ca\/obra\/r0660-dues-creus-negres\/\" target=\"_BLANK\" rel=\"noopener\">Dues creus negres<\/a><\/i> (1973) como parte de la exposici\u00f3n <a href=\"https:\/\/www.macba.cat\/ca\/exposicions\/colleccio-macba-preludi-intencio-poetica\/\" target=\"_BLANK\" rel=\"noopener\"><i>Col\u00b7lecci\u00f3 MACBA: Preludi. Intenci\u00f3 po\u00e8tica<\/i><\/a>.<\/p>\n<p>\u00b7 <strong>17 de octubre, <\/strong>a las<strong> 18.30 h,<\/strong> actuaci\u00f3n en la <strong>Fundaci\u00f3 Su\u00f1ol<\/strong> de Barcelona.<\/p>\n<p>. <strong>25 de octubre<\/strong>, a las <strong>20 h<\/strong>, tendr\u00e1 lugar la actuaci\u00f3n en el\u00a0 <strong>Centre de Cultura Contempor\u00e0nia de Barcelona<\/strong> <strong>CCCB<\/strong>. Agn\u00e8s Varda tuvo v\u00ednculos e inter\u00e9s por el arte catal\u00e1n. La exposici\u00f3n del CCCB incluye, entre otras piezas, el cuadro de Antoni T\u00e0pies \u00abOcre-gris sobre marr\u00f3n\u00bb (1962), una obra que dialoga con un fragmento de la pel\u00edcula documental de Varda <em>Les glaneurs et la glaneuse<\/em> (2004). En este filme, la cineasta mira el techo de su casa, ve una mancha de humedad y dice que le recuerda una obra de T\u00e0pies. Concierto a cargo de los estudiantes del ESMUC Juan Carlos Narv\u00e1ez (flauta en sol) y \u00c1lvaro Ayuso (percusi\u00f3n), que actuar\u00e1n en la exposici\u00f3n \u00abAgn\u00e8s Varda. Fotografiar, filmar, reciclar\u00bb.<\/p>\n<p>\u00b7 <strong>18 de noviembre<\/strong> de 2024, a las <strong>18.30 h<\/strong>, actuaci\u00f3n en el Ateneu Barcelon\u00e8s. Sala Oriol Bohigas. Conversaci\u00f3n entre Imma Prieto, directora del Museu T\u00e0pies, y Vicen\u00e7 Altay\u00f3, escritor y cr\u00edtico de arte, moderada por Alba Font y B\u00e1rbara Astals. Las piezas musicales se interpretar\u00e1n acompa\u00f1adas de la obra titulada <em>Roig i Negre 2<\/em>, de Antoni T\u00e0pies, que forma parte del patrimonio art\u00edstico del Ateneu Barcelon\u00e8s. Concierto con alumnos de ESMUC que interpretar\u00e1n diversas obras musicales del compositor Alban Berg.<\/p>\n<p>\u00b7<strong> 25 de noviembre<\/strong>, a las <strong>20 h<\/strong>, actuaci\u00f3n en el <strong>Cercle del Liceu<\/strong>, en colaboraci\u00f3n con la Lliga Jove del Cercle del Liceu. Concierto con alumnos de ESMUC que interpretar\u00e1n diversas obras musicales del compositor Alban Berg.<\/p>\n<p>&nbsp;<\/p>\n<hr \/>\n<p>&nbsp;<\/p>\n<p><span style=\"text-decoration: underline\"><strong>Relaci\u00f3n de grabaciones guardadas en la maleta y anotadas por Miquel\u00a0 T\u00e0pies Barba<\/strong><\/span><\/p>\n<p>&nbsp;<\/p>\n<p><b>\u00b7 Contemporary piano music |\u00a0<\/b><span style=\"font-weight: 400\">Hungaroton HCD 12659 |\u00a0<\/span><span style=\"font-weight: 400\">Klara Kormendi, pf\u00a0<\/span><\/p>\n<p><b>\u00b7 G.Scelsci |\u00a0<\/b><span style=\"font-weight: 400\">Wergo\u00a0 | <\/span><em><span style=\"font-weight: 400\">Canti di capricornio\u00a0<\/span><\/em><\/p>\n<p><b>\u00b7 Iannis Xenakis | <\/b><span style=\"font-weight: 400\">WDR |\u00a0<\/span><em><span style=\"font-weight: 400\">Musique de chambre 1955\/1990 |\u00a0<\/span><\/em><span style=\"font-weight: 400\">Arditti string quartet | <\/span><span style=\"font-weight: 400\">Claude Helffer |\u00a0<\/span><span style=\"font-weight: 400\">Zukerman<\/span><\/p>\n<p><b>\u00b7 Alban Berg | <\/b><span style=\"font-weight: 400\">CBS |\u00a0<\/span><span style=\"font-weight: 400\"><em>Berg violin concerto, 3 peces orq. Op6<\/em> | <\/span>Boulez<\/p>\n<p><b>\u00b7 Charles Ives | <\/b><span style=\"font-weight: 400\">Wergo |\u00a0<\/span><em><span style=\"font-weight: 400\">Sonate fur Klavier Nr1\u00a0<\/span><\/em><\/p>\n<p><b>\u00a0\u00b7 Milton Babbitt | <\/b><span style=\"font-weight: 400\">Harmonia Mundi |\u00a0<\/span><span style=\"font-weight: 400\">Robert Taub\u00a0<\/span><\/p>\n<p><b>\u00b7 Arnold Schoenberg | <\/b><span style=\"font-weight: 400\">Ados |\u00a0<\/span><span style=\"font-weight: 400\">Pierrot Lunaire |\u00a0<\/span><span style=\"font-weight: 400\">Helga Pilarczyck |\u00a0<\/span><em><span style=\"font-weight: 400\">Serenade\u00a0<\/span><\/em><\/p>\n<p><b>\u00b7 Stockhausen |\u00a0<\/b><span style=\"font-weight: 400\">Deutsches Grampophone |\u00a0<\/span><span style=\"font-weight: 400\">Suzane Stephens<\/span><\/p>\n<p><b>\u00b7 Xenakis | <\/b><span style=\"font-weight: 400\">Harmonia Mundi |\u00a0<\/span><em><span style=\"font-weight: 400\">Pl\u00e9iades |\u00a0<\/span><\/em><span style=\"font-weight: 400\">Les percussionistes de Strasbourg\u00a0<\/span><\/p>\n<p><b>\u00b7 Gurdjieff <\/b><span style=\"font-weight: 400\">i <\/span><b>Thomas de Hartmann |\u00a0<\/b><em><span style=\"font-weight: 400\">Journey to inaccesible places and other music | <\/span><\/em><span style=\"font-weight: 400\">Elan Sicroff, piano\u00a0<\/span><\/p>\n<p><b>\u00b7 Charles Ives |\u00a0<\/b><span style=\"font-weight: 400\">CBS |\u00a0<\/span><em><span style=\"font-weight: 400\">Symphony n\u00ba3 i Orchestral Set n\u00ba2 |\u00a0<\/span><\/em><span style=\"font-weight: 400\">M.Tilson Thomas Concertgebouw Orchestra\u00a0<\/span><\/p>\n<p><b>\u00b7 Berio |\u00a0<\/b><span style=\"font-weight: 400\">Deutsches Granophon Coro\u00a0<\/span><\/p>\n<p><b>\u00b7 Antoine Tisn\u00e9 <\/b><span style=\"font-weight: 400\">Caliope | <\/span><span style=\"font-weight: 400\">Ragas |\u00a0<\/span><em><span style=\"font-weight: 400\">Visions des temps imm\u00e9moriaux<\/span><\/em><\/p>\n<p><b>\u00b7 Roberto Gerhard | <\/b><span style=\"font-weight: 400\">1 i 2 Auvidis |\u00a0<\/span><span style=\"font-weight: 400\"><em>Symphony n\u00ba4, New York<\/em> i<em> Metamorphosis (Symph n\u00ba2) |\u00a0<\/em><\/span><span style=\"font-weight: 400\">The plague i Epithalamion\u00a0<\/span><\/p>\n<p><b>\u00b7 Ligeti |\u00a0<\/b><span style=\"font-weight: 400\">Sony |\u00a0<\/span><em><span style=\"font-weight: 400\">Celo concerto, Piano concerto <\/span><\/em><span style=\"font-weight: 400\">i<\/span><em><span style=\"font-weight: 400\"> Chamber concerto |\u00a0<\/span><\/em><span style=\"font-weight: 400\">Ensemble modern\u00a0<\/span><\/p>\n<p><b>\u00b7 Alban Berg |\u00a0<\/b><span style=\"font-weight: 400\">Accord |\u00a0<\/span><em><span style=\"font-weight: 400\">Portrait |\u00a0<\/span><\/em><span style=\"font-weight: 400\">SIMC-IGNM\u00a0<\/span><\/p>\n<p><b>\u00b7Lutoslawski |\u00a0<\/b><span style=\"font-weight: 400\">Naxos | S<\/span><em><span style=\"font-weight: 400\">ymphony n\u00ba3\u00a0<\/span><\/em><\/p>\n<p><b>\u00b7 Boulez | <\/b><span style=\"font-weight: 400\">Wergo |\u00a0<\/span><em><span style=\"font-weight: 400\">Premiere, deuxieme et troisieme sonate pour piano\u00a0<\/span><\/em><\/p>\n<p><b>\u00b7 Lutoslawski, Penderecki, Cage |\u00a0<\/b><em><span style=\"font-weight: 400\">Mayuzumi |\u00a0<\/span><\/em><span style=\"font-weight: 400\">Deutsche Gramophon |\u00a0<\/span><span style=\"font-weight: 400\">LaSalle quartet\u00a0<\/span><\/p>\n<p><b>\u00b7 Xenakis\/Messiaen |\u00a0<\/b><span style=\"font-weight: 400\">Denon |\u00a0<\/span><span style=\"font-weight: 400\">Yuji Takahashi\u00a0<\/span><\/p>\n<p><b>\u00b7 Pierre Boulez | <\/b><span style=\"font-weight: 400\">Harmonia Mundi |\u00a0<\/span><em><span style=\"font-weight: 400\">Domaines |\u00a0<\/span><\/em><span style=\"font-weight: 400\">Michel Portal, Diego Masson<\/span><\/p>\n<p>&nbsp;<\/p>\n<p><span style=\"font-size: 10pt\">[Fotografia: Actuaci\u00f3n en el Ajuntament de Barcelona.]<\/span><\/p>\n","protected":false},"excerpt":{"rendered":"<p>Con motivo del A\u00f1o T\u00e0pies, el ESMUC colabora con el Museu T\u00e0pies con una serie de actuaciones en directo.<\/p>\n","protected":false},"author":3,"featured_media":31579,"comment_status":"closed","ping_status":"closed","template":"","meta":{"_tribe_events_status":"","_tribe_events_status_reason":"","_tribe_events_is_hybrid":"","_tribe_events_is_virtual":"","_tribe_events_virtual_video_source":"","_tribe_events_virtual_embed_video":"","_tribe_events_virtual_linked_button_text":"","_tribe_events_virtual_linked_button":"","_tribe_events_virtual_show_embed_at":"","_tribe_events_virtual_show_embed_to":[],"_tribe_events_virtual_show_on_event":"","_tribe_events_virtual_show_on_views":"","_tribe_events_virtual_url":"","footnotes":""},"tags":[],"tribe_events_cat":[5769],"acf":[],"yoast_head":"<!-- This site is optimized with the Yoast SEO plugin v20.11 - https:\/\/yoast.com\/wordpress\/plugins\/seo\/ -->\n<title>La maleta de Antoni T\u00e0pies - Museu T\u00e0pies<\/title>\n<meta name=\"description\" content=\"Con motivo de la celebraci\u00f3n del A\u00f1o T\u00e0pies, el ESMUC colabora con el Museu T\u00e0pies con una serie de actuaciones en directo.\" \/>\n<meta name=\"robots\" content=\"index, follow, max-snippet:-1, max-image-preview:large, max-video-preview:-1\" \/>\n<meta property=\"og:locale\" content=\"es_ES\" \/>\n<meta property=\"og:type\" content=\"article\" \/>\n<meta property=\"og:title\" content=\"La maleta de Antoni T\u00e0pies - Museu T\u00e0pies\" \/>\n<meta property=\"og:description\" content=\"Con motivo de la celebraci\u00f3n del A\u00f1o T\u00e0pies, el ESMUC colabora con el Museu T\u00e0pies con una serie de actuaciones en directo.\" \/>\n<meta property=\"og:url\" content=\"https:\/\/museutapies.org\/es\/event\/la-maleta-de-antoni-tapies\/\" \/>\n<meta property=\"og:site_name\" content=\"Museu T\u00e0pies\" \/>\n<meta property=\"article:publisher\" content=\"https:\/\/www.facebook.com\/museutapies\" \/>\n<meta property=\"article:modified_time\" content=\"2024-11-26T14:25:08+00:00\" \/>\n<meta property=\"og:image\" content=\"https:\/\/museutapies.org\/wp-content\/uploads\/2024\/02\/Les-maletes-de-Tapies-Fundacio-Antoni-Tapies-Any-Tapies.png\" \/>\n\t<meta property=\"og:image:width\" content=\"761\" \/>\n\t<meta property=\"og:image:height\" content=\"526\" \/>\n\t<meta property=\"og:image:type\" content=\"image\/png\" \/>\n<meta name=\"twitter:card\" content=\"summary_large_image\" \/>\n<meta name=\"twitter:label1\" content=\"Tiempo de lectura\" \/>\n\t<meta name=\"twitter:data1\" content=\"7 minutos\" \/>\n<script type=\"application\/ld+json\" class=\"yoast-schema-graph\">{\"@context\":\"https:\/\/schema.org\",\"@graph\":[{\"@type\":\"WebPage\",\"@id\":\"https:\/\/museutapies.org\/es\/event\/la-maleta-de-antoni-tapies\/\",\"url\":\"https:\/\/museutapies.org\/es\/event\/la-maleta-de-antoni-tapies\/\",\"name\":\"La maleta de Antoni T\u00e0pies - Museu T\u00e0pies\",\"isPartOf\":{\"@id\":\"https:\/\/museutapies.org\/en\/#website\"},\"datePublished\":\"2024-02-06T15:44:34+00:00\",\"dateModified\":\"2024-11-26T14:25:08+00:00\",\"description\":\"Con motivo de la celebraci\u00f3n del A\u00f1o T\u00e0pies, el ESMUC colabora con el Museu T\u00e0pies con una serie de actuaciones en directo.\",\"breadcrumb\":{\"@id\":\"https:\/\/museutapies.org\/es\/event\/la-maleta-de-antoni-tapies\/#breadcrumb\"},\"inLanguage\":\"es\",\"potentialAction\":[{\"@type\":\"ReadAction\",\"target\":[\"https:\/\/museutapies.org\/es\/event\/la-maleta-de-antoni-tapies\/\"]}]},{\"@type\":\"BreadcrumbList\",\"@id\":\"https:\/\/museutapies.org\/es\/event\/la-maleta-de-antoni-tapies\/#breadcrumb\",\"itemListElement\":[{\"@type\":\"ListItem\",\"position\":1,\"name\":\"Esdeveniments\",\"item\":\"https:\/\/museutapies.org\/agenda\/\"},{\"@type\":\"ListItem\",\"position\":2,\"name\":\"La maleta de Antoni T\u00e0pies\"}]},{\"@type\":\"WebSite\",\"@id\":\"https:\/\/museutapies.org\/en\/#website\",\"url\":\"https:\/\/museutapies.org\/en\/\",\"name\":\"Museu T\u00e0pies\",\"description\":\"\",\"publisher\":{\"@id\":\"https:\/\/museutapies.org\/en\/#organization\"},\"potentialAction\":[{\"@type\":\"SearchAction\",\"target\":{\"@type\":\"EntryPoint\",\"urlTemplate\":\"https:\/\/museutapies.org\/en\/?s={search_term_string}\"},\"query-input\":\"required name=search_term_string\"}],\"inLanguage\":\"es\"},{\"@type\":\"Organization\",\"@id\":\"https:\/\/museutapies.org\/en\/#organization\",\"name\":\"Museu T\u00e0pies\",\"url\":\"https:\/\/museutapies.org\/en\/\",\"logo\":{\"@type\":\"ImageObject\",\"inLanguage\":\"es\",\"@id\":\"https:\/\/museutapies.org\/en\/#\/schema\/logo\/image\/\",\"url\":\"https:\/\/museutapies.org\/wp-content\/uploads\/2024\/07\/mta.png\",\"contentUrl\":\"https:\/\/museutapies.org\/wp-content\/uploads\/2024\/07\/mta.png\",\"width\":244,\"height\":110,\"caption\":\"Museu T\u00e0pies\"},\"image\":{\"@id\":\"https:\/\/museutapies.org\/en\/#\/schema\/logo\/image\/\"},\"sameAs\":[\"https:\/\/www.facebook.com\/museutapies\",\"https:\/\/www.instagram.com\/museutapies\/\",\"https:\/\/www.youtube.com\/channel\/UCPi65HBb48RMeoa12lR51cQ\",\"https:\/\/x.com\/MuseuTapies\"]}]}<\/script>\n<!-- \/ Yoast SEO plugin. -->","yoast_head_json":{"title":"La maleta de Antoni T\u00e0pies - Museu T\u00e0pies","description":"Con motivo de la celebraci\u00f3n del A\u00f1o T\u00e0pies, el ESMUC colabora con el Museu T\u00e0pies con una serie de actuaciones en directo.","robots":{"index":"index","follow":"follow","max-snippet":"max-snippet:-1","max-image-preview":"max-image-preview:large","max-video-preview":"max-video-preview:-1"},"og_locale":"es_ES","og_type":"article","og_title":"La maleta de Antoni T\u00e0pies - Museu T\u00e0pies","og_description":"Con motivo de la celebraci\u00f3n del A\u00f1o T\u00e0pies, el ESMUC colabora con el Museu T\u00e0pies con una serie de actuaciones en directo.","og_url":"https:\/\/museutapies.org\/es\/event\/la-maleta-de-antoni-tapies\/","og_site_name":"Museu T\u00e0pies","article_publisher":"https:\/\/www.facebook.com\/museutapies","article_modified_time":"2024-11-26T14:25:08+00:00","og_image":[{"width":761,"height":526,"url":"https:\/\/museutapies.org\/wp-content\/uploads\/2024\/02\/Les-maletes-de-Tapies-Fundacio-Antoni-Tapies-Any-Tapies.png","type":"image\/png"}],"twitter_card":"summary_large_image","twitter_misc":{"Tiempo de lectura":"7 minutos"},"schema":{"@context":"https:\/\/schema.org","@graph":[{"@type":"WebPage","@id":"https:\/\/museutapies.org\/es\/event\/la-maleta-de-antoni-tapies\/","url":"https:\/\/museutapies.org\/es\/event\/la-maleta-de-antoni-tapies\/","name":"La maleta de Antoni T\u00e0pies - Museu T\u00e0pies","isPartOf":{"@id":"https:\/\/museutapies.org\/en\/#website"},"datePublished":"2024-02-06T15:44:34+00:00","dateModified":"2024-11-26T14:25:08+00:00","description":"Con motivo de la celebraci\u00f3n del A\u00f1o T\u00e0pies, el ESMUC colabora con el Museu T\u00e0pies con una serie de actuaciones en directo.","breadcrumb":{"@id":"https:\/\/museutapies.org\/es\/event\/la-maleta-de-antoni-tapies\/#breadcrumb"},"inLanguage":"es","potentialAction":[{"@type":"ReadAction","target":["https:\/\/museutapies.org\/es\/event\/la-maleta-de-antoni-tapies\/"]}]},{"@type":"BreadcrumbList","@id":"https:\/\/museutapies.org\/es\/event\/la-maleta-de-antoni-tapies\/#breadcrumb","itemListElement":[{"@type":"ListItem","position":1,"name":"Esdeveniments","item":"https:\/\/museutapies.org\/agenda\/"},{"@type":"ListItem","position":2,"name":"La maleta de Antoni T\u00e0pies"}]},{"@type":"WebSite","@id":"https:\/\/museutapies.org\/en\/#website","url":"https:\/\/museutapies.org\/en\/","name":"Museu T\u00e0pies","description":"","publisher":{"@id":"https:\/\/museutapies.org\/en\/#organization"},"potentialAction":[{"@type":"SearchAction","target":{"@type":"EntryPoint","urlTemplate":"https:\/\/museutapies.org\/en\/?s={search_term_string}"},"query-input":"required name=search_term_string"}],"inLanguage":"es"},{"@type":"Organization","@id":"https:\/\/museutapies.org\/en\/#organization","name":"Museu T\u00e0pies","url":"https:\/\/museutapies.org\/en\/","logo":{"@type":"ImageObject","inLanguage":"es","@id":"https:\/\/museutapies.org\/en\/#\/schema\/logo\/image\/","url":"https:\/\/museutapies.org\/wp-content\/uploads\/2024\/07\/mta.png","contentUrl":"https:\/\/museutapies.org\/wp-content\/uploads\/2024\/07\/mta.png","width":244,"height":110,"caption":"Museu T\u00e0pies"},"image":{"@id":"https:\/\/museutapies.org\/en\/#\/schema\/logo\/image\/"},"sameAs":["https:\/\/www.facebook.com\/museutapies","https:\/\/www.instagram.com\/museutapies\/","https:\/\/www.youtube.com\/channel\/UCPi65HBb48RMeoa12lR51cQ","https:\/\/x.com\/MuseuTapies"]}]}},"_links":{"self":[{"href":"https:\/\/museutapies.org\/es\/wp-json\/wp\/v2\/tribe_events\/31586"}],"collection":[{"href":"https:\/\/museutapies.org\/es\/wp-json\/wp\/v2\/tribe_events"}],"about":[{"href":"https:\/\/museutapies.org\/es\/wp-json\/wp\/v2\/types\/tribe_events"}],"author":[{"embeddable":true,"href":"https:\/\/museutapies.org\/es\/wp-json\/wp\/v2\/users\/3"}],"replies":[{"embeddable":true,"href":"https:\/\/museutapies.org\/es\/wp-json\/wp\/v2\/comments?post=31586"}],"version-history":[{"count":57,"href":"https:\/\/museutapies.org\/es\/wp-json\/wp\/v2\/tribe_events\/31586\/revisions"}],"predecessor-version":[{"id":36963,"href":"https:\/\/museutapies.org\/es\/wp-json\/wp\/v2\/tribe_events\/31586\/revisions\/36963"}],"wp:featuredmedia":[{"embeddable":true,"href":"https:\/\/museutapies.org\/es\/wp-json\/wp\/v2\/media\/31579"}],"wp:attachment":[{"href":"https:\/\/museutapies.org\/es\/wp-json\/wp\/v2\/media?parent=31586"}],"wp:term":[{"taxonomy":"post_tag","embeddable":true,"href":"https:\/\/museutapies.org\/es\/wp-json\/wp\/v2\/tags?post=31586"},{"taxonomy":"tribe_events_cat","embeddable":true,"href":"https:\/\/museutapies.org\/es\/wp-json\/wp\/v2\/tribe_events_cat?post=31586"}],"curies":[{"name":"wp","href":"https:\/\/api.w.org\/{rel}","templated":true}]}}