{"id":31816,"date":"2024-02-19T16:23:56","date_gmt":"2024-02-19T16:23:56","guid":{"rendered":"https:\/\/museutapies.org\/?post_type=tribe_events&#038;p=31816"},"modified":"2024-02-19T17:42:15","modified_gmt":"2024-02-19T17:42:15","slug":"cantar-el-mundo-notas-ritmos-y-otras-variaciones-ciclo-hoy-es-tapies","status":"publish","type":"tribe_events","link":"https:\/\/museutapies.org\/es\/event\/cantar-el-mundo-notas-ritmos-y-otras-variaciones-ciclo-hoy-es-tapies\/","title":{"rendered":"Cantar el mundo. Notas, ritmos y otras variaciones"},"content":{"rendered":"<div class=\"load-turitop\" data-service=\"P65\" data-lang=\"es\" data-embed=\"button\">Entradas<\/div>\n<p>&nbsp;<\/p>\n<p><img loading=\"lazy\" decoding=\"async\" class=\"alignnone size-full wp-image-31630\" src=\"https:\/\/museutapies.org\/wp-content\/uploads\/2024\/02\/Pilar-Ikram-2-1.jpg\" alt=\"\" width=\"496\" height=\"344\" srcset=\"https:\/\/museutapies.org\/wp-content\/uploads\/2024\/02\/Pilar-Ikram-2-1.jpg 496w, https:\/\/museutapies.org\/wp-content\/uploads\/2024\/02\/Pilar-Ikram-2-1-380x264.jpg 380w\" sizes=\"(max-width: 496px) 100vw, 496px\" \/><\/p>\n<p>&nbsp;<\/p>\n<p><a href=\"https:\/\/museutapies.org\/es\/series\/hoy-es-tapies\/\"><em>Hoy es T\u00e0pies<\/em><\/a> es un ciclo de conversaciones intergeneracional e interdisciplinario conducido y moderado por la periodista cultural Rita Roig (Terrassa, 1997) y organizado por la Fundaci\u00f3 Antoni T\u00e0pies en el marco del <a href=\"https:\/\/museutapies.org\/es\/any-tapies\/\">A\u00f1o T\u00e0pies<\/a>. Tiene la voluntad de interpretar los textos del artista como punto de partida para hablar sobre problemas actuales como, por ejemplo, el ecologismo, la autodeterminaci\u00f3n de los pueblos, la interculturalidad o el compromiso pol\u00edtico del arte.<\/p>\n<p>&nbsp;<\/p>\n<p>El ciclo invitar\u00e1 a recordar las palabras y el pensamiento del artista por medio de trece encuentros a la Fundaci\u00f3 Antoni T\u00e0pies en que participar\u00e1n personas de \u00e1mbitos profesionales diversos (cultura, educaci\u00f3n, ciencia, pol\u00edtica, medio ambiente, salud y ciencias humanas) y de diferentes generaciones. El conjunto permitir\u00e1 construir un relato polif\u00f3nico que quedar\u00e1 recogido en forma de <em>podcast<\/em>, gracias a la colaboraci\u00f3n de Catalunya R\u00e0dio, para recuperar y vivir el conocimiento generado en otro formato y en otro contexto.<\/p>\n<p>&nbsp;<\/p>\n<p>A la capacidad de los artistas para captar las vibraciones del momento en que viven y saberlas transmitir, T\u00e0pies lo llamaba \u201ccantar el mundo\u201d. Esta expresi\u00f3n se enmarca dentro del amor que el artista ten\u00eda por esta disciplina, donde la radio, la m\u00fasica popular y los grandes compositores, como Wagner, Brahms, Beethoven o Pau Casals, ten\u00edan el mismo valor.<\/p>\n<p>&nbsp;<\/p>\n<p>Pero qu\u00e9 nos dice la m\u00fasica actual sobre el mundo en que habitamos? Cu\u00e1les son los ritmos del presente que los m\u00fasicos tienen que saber captar? Y como se relaciona la m\u00fasica con otras disciplinas? Nos haremos estas preguntas de la mano de Pilar Bayer y\u00a0Ikram\u00a0Bouloum.<\/p>\n<p>&nbsp;<\/p>\n<p><strong>PARTICIPANTES<\/strong><\/p>\n<p><strong>Pilar Bayer<\/strong> es pianista y matem\u00e1tica algebrista, especializada en la teor\u00eda de los n\u00fameros. Fue una de las primeras mujeres en obtener un doctorado en la Universitat de Barcelona. Su filosof\u00eda implica considerar que un problema de matem\u00e1ticas es un acto creativo que implica un descubrimiento, seguramente influenciada por su formaci\u00f3n musical. Bayer estudi\u00f3 m\u00fasica paralelamente a matem\u00e1ticas y obtuvo el t\u00edtulo de profesora de piano. Para ella, la m\u00fasica y las matem\u00e1ticas son dos lenguajes extraordinarios que nos permiten explicar hechos y sensaciones que las palabras no pueden expresar.<\/p>\n<p>&nbsp;<\/p>\n<p><strong>Ikram\u00a0Bouloum<\/strong> es una creadora polifac\u00e9tica, productora y DJ. Sus sesiones se pueden considerar literatura sonora, porque el artista nos quiere narrar un tr\u00e1fico por territorios inexplorados a trav\u00e9s de un estilo h\u00edbrido, deconstruido y de ritmos en\u00e9rgicos, que oscila entre sonidos contempor\u00e1neos dif\u00edciles de encasillar como el <em>reggaeton<\/em>, el <em>gqom,<\/em> el<em> tarratxo<\/em>, el <em>dembow,<\/em> el <em>bass<\/em> o electr\u00f3nicas m\u00e1s experimentales. De padres marroqu\u00edes, en sus conciertos combina el amazic, el catal\u00e1n y el ingl\u00e9s para construir puentes entre tradiciones musicales y literarias, sin dejar de hablar desde un presente raudo.<\/p>\n<p>&nbsp;<\/p>\n<p>El ciclo <em>Hoy es T\u00e0pies<\/em> ser\u00e1 grabado en directo como <em>podcast<\/em> para Catalunya R\u00e0dio. <a href=\"https:\/\/www.ccma.cat\/3cat\/avui-es-tapies\">Acceso a todos los<em> podcast<\/em><\/a>.<\/p>\n<p>Programa completo del ciclo <a href=\"https:\/\/museutapies.org\/es\/series\/hoy-es-tapies\/\"><em>Hoy es T\u00e0pies<\/em><\/a>.<\/p>\n","protected":false},"excerpt":{"rendered":"<p>Como se relaciona la m\u00fasica con otras disciplinas? Nos haremos estas preguntas de la mano de Pilar Bayer y\u00a0Ikram\u00a0Bouloum.<\/p>\n","protected":false},"author":3,"featured_media":31817,"comment_status":"closed","ping_status":"closed","template":"","meta":{"_tribe_events_status":"","_tribe_events_status_reason":"","_tribe_events_is_hybrid":"","_tribe_events_is_virtual":"","_tribe_events_virtual_video_source":"","_tribe_events_virtual_embed_video":"","_tribe_events_virtual_linked_button_text":"","_tribe_events_virtual_linked_button":"","_tribe_events_virtual_show_embed_at":"","_tribe_events_virtual_show_embed_to":[],"_tribe_events_virtual_show_on_event":"","_tribe_events_virtual_show_on_views":"","_tribe_events_virtual_url":"","footnotes":""},"tags":[],"tribe_events_cat":[5769],"acf":[],"yoast_head":"<!-- This site is optimized with the Yoast SEO plugin v20.11 - https:\/\/yoast.com\/wordpress\/plugins\/seo\/ -->\n<title>Cantar el mundo. Notas, ritmos y otras variaciones - Museu T\u00e0pies<\/title>\n<meta name=\"description\" content=\"Como se relaciona la m\u00fasica con otras disciplinas? Nos haremos estas preguntas de la mano de Pilar Bayer y\u00a0Ikram\u00a0Bouloum.\" \/>\n<meta name=\"robots\" content=\"index, follow, max-snippet:-1, max-image-preview:large, max-video-preview:-1\" \/>\n<meta property=\"og:locale\" content=\"es_ES\" \/>\n<meta property=\"og:type\" content=\"article\" \/>\n<meta property=\"og:title\" content=\"Cantar el mundo. Notas, ritmos y otras variaciones - Museu T\u00e0pies\" \/>\n<meta property=\"og:description\" content=\"Como se relaciona la m\u00fasica con otras disciplinas? Nos haremos estas preguntas de la mano de Pilar Bayer y\u00a0Ikram\u00a0Bouloum.\" \/>\n<meta property=\"og:url\" content=\"https:\/\/museutapies.org\/es\/event\/cantar-el-mundo-notas-ritmos-y-otras-variaciones-ciclo-hoy-es-tapies\/\" \/>\n<meta property=\"og:site_name\" content=\"Museu T\u00e0pies\" \/>\n<meta property=\"article:publisher\" content=\"https:\/\/www.facebook.com\/museutapies\" \/>\n<meta property=\"article:modified_time\" content=\"2024-02-19T17:42:15+00:00\" \/>\n<meta property=\"og:image\" content=\"https:\/\/museutapies.org\/wp-content\/uploads\/2024\/02\/Pilar-Bayer-i-Ikram-Bouloum.jpg\" \/>\n\t<meta property=\"og:image:width\" content=\"496\" \/>\n\t<meta property=\"og:image:height\" content=\"344\" \/>\n\t<meta property=\"og:image:type\" content=\"image\/jpeg\" \/>\n<meta name=\"twitter:card\" content=\"summary_large_image\" \/>\n<meta name=\"twitter:label1\" content=\"Tiempo de lectura\" \/>\n\t<meta name=\"twitter:data1\" content=\"3 minutos\" \/>\n<script type=\"application\/ld+json\" class=\"yoast-schema-graph\">{\"@context\":\"https:\/\/schema.org\",\"@graph\":[{\"@type\":\"WebPage\",\"@id\":\"https:\/\/museutapies.org\/es\/event\/cantar-el-mundo-notas-ritmos-y-otras-variaciones-ciclo-hoy-es-tapies\/\",\"url\":\"https:\/\/museutapies.org\/es\/event\/cantar-el-mundo-notas-ritmos-y-otras-variaciones-ciclo-hoy-es-tapies\/\",\"name\":\"Cantar el mundo. Notas, ritmos y otras variaciones - Museu T\u00e0pies\",\"isPartOf\":{\"@id\":\"https:\/\/museutapies.org\/en\/#website\"},\"datePublished\":\"2024-02-19T16:23:56+00:00\",\"dateModified\":\"2024-02-19T17:42:15+00:00\",\"description\":\"Como se relaciona la m\u00fasica con otras disciplinas? Nos haremos estas preguntas de la mano de Pilar Bayer y\u00a0Ikram\u00a0Bouloum.\",\"breadcrumb\":{\"@id\":\"https:\/\/museutapies.org\/es\/event\/cantar-el-mundo-notas-ritmos-y-otras-variaciones-ciclo-hoy-es-tapies\/#breadcrumb\"},\"inLanguage\":\"es\",\"potentialAction\":[{\"@type\":\"ReadAction\",\"target\":[\"https:\/\/museutapies.org\/es\/event\/cantar-el-mundo-notas-ritmos-y-otras-variaciones-ciclo-hoy-es-tapies\/\"]}]},{\"@type\":\"BreadcrumbList\",\"@id\":\"https:\/\/museutapies.org\/es\/event\/cantar-el-mundo-notas-ritmos-y-otras-variaciones-ciclo-hoy-es-tapies\/#breadcrumb\",\"itemListElement\":[{\"@type\":\"ListItem\",\"position\":1,\"name\":\"Esdeveniments\",\"item\":\"https:\/\/museutapies.org\/agenda\/\"},{\"@type\":\"ListItem\",\"position\":2,\"name\":\"Cantar el mundo. Notas, ritmos y otras variaciones\"}]},{\"@type\":\"WebSite\",\"@id\":\"https:\/\/museutapies.org\/en\/#website\",\"url\":\"https:\/\/museutapies.org\/en\/\",\"name\":\"Museu T\u00e0pies\",\"description\":\"\",\"publisher\":{\"@id\":\"https:\/\/museutapies.org\/en\/#organization\"},\"potentialAction\":[{\"@type\":\"SearchAction\",\"target\":{\"@type\":\"EntryPoint\",\"urlTemplate\":\"https:\/\/museutapies.org\/en\/?s={search_term_string}\"},\"query-input\":\"required name=search_term_string\"}],\"inLanguage\":\"es\"},{\"@type\":\"Organization\",\"@id\":\"https:\/\/museutapies.org\/en\/#organization\",\"name\":\"Museu T\u00e0pies\",\"url\":\"https:\/\/museutapies.org\/en\/\",\"logo\":{\"@type\":\"ImageObject\",\"inLanguage\":\"es\",\"@id\":\"https:\/\/museutapies.org\/en\/#\/schema\/logo\/image\/\",\"url\":\"https:\/\/museutapies.org\/wp-content\/uploads\/2024\/07\/mta.png\",\"contentUrl\":\"https:\/\/museutapies.org\/wp-content\/uploads\/2024\/07\/mta.png\",\"width\":244,\"height\":110,\"caption\":\"Museu T\u00e0pies\"},\"image\":{\"@id\":\"https:\/\/museutapies.org\/en\/#\/schema\/logo\/image\/\"},\"sameAs\":[\"https:\/\/www.facebook.com\/museutapies\",\"https:\/\/www.instagram.com\/museutapies\/\",\"https:\/\/www.youtube.com\/channel\/UCPi65HBb48RMeoa12lR51cQ\",\"https:\/\/x.com\/MuseuTapies\"]}]}<\/script>\n<!-- \/ Yoast SEO plugin. -->","yoast_head_json":{"title":"Cantar el mundo. Notas, ritmos y otras variaciones - Museu T\u00e0pies","description":"Como se relaciona la m\u00fasica con otras disciplinas? Nos haremos estas preguntas de la mano de Pilar Bayer y\u00a0Ikram\u00a0Bouloum.","robots":{"index":"index","follow":"follow","max-snippet":"max-snippet:-1","max-image-preview":"max-image-preview:large","max-video-preview":"max-video-preview:-1"},"og_locale":"es_ES","og_type":"article","og_title":"Cantar el mundo. Notas, ritmos y otras variaciones - Museu T\u00e0pies","og_description":"Como se relaciona la m\u00fasica con otras disciplinas? Nos haremos estas preguntas de la mano de Pilar Bayer y\u00a0Ikram\u00a0Bouloum.","og_url":"https:\/\/museutapies.org\/es\/event\/cantar-el-mundo-notas-ritmos-y-otras-variaciones-ciclo-hoy-es-tapies\/","og_site_name":"Museu T\u00e0pies","article_publisher":"https:\/\/www.facebook.com\/museutapies","article_modified_time":"2024-02-19T17:42:15+00:00","og_image":[{"width":496,"height":344,"url":"https:\/\/museutapies.org\/wp-content\/uploads\/2024\/02\/Pilar-Bayer-i-Ikram-Bouloum.jpg","type":"image\/jpeg"}],"twitter_card":"summary_large_image","twitter_misc":{"Tiempo de lectura":"3 minutos"},"schema":{"@context":"https:\/\/schema.org","@graph":[{"@type":"WebPage","@id":"https:\/\/museutapies.org\/es\/event\/cantar-el-mundo-notas-ritmos-y-otras-variaciones-ciclo-hoy-es-tapies\/","url":"https:\/\/museutapies.org\/es\/event\/cantar-el-mundo-notas-ritmos-y-otras-variaciones-ciclo-hoy-es-tapies\/","name":"Cantar el mundo. Notas, ritmos y otras variaciones - Museu T\u00e0pies","isPartOf":{"@id":"https:\/\/museutapies.org\/en\/#website"},"datePublished":"2024-02-19T16:23:56+00:00","dateModified":"2024-02-19T17:42:15+00:00","description":"Como se relaciona la m\u00fasica con otras disciplinas? Nos haremos estas preguntas de la mano de Pilar Bayer y\u00a0Ikram\u00a0Bouloum.","breadcrumb":{"@id":"https:\/\/museutapies.org\/es\/event\/cantar-el-mundo-notas-ritmos-y-otras-variaciones-ciclo-hoy-es-tapies\/#breadcrumb"},"inLanguage":"es","potentialAction":[{"@type":"ReadAction","target":["https:\/\/museutapies.org\/es\/event\/cantar-el-mundo-notas-ritmos-y-otras-variaciones-ciclo-hoy-es-tapies\/"]}]},{"@type":"BreadcrumbList","@id":"https:\/\/museutapies.org\/es\/event\/cantar-el-mundo-notas-ritmos-y-otras-variaciones-ciclo-hoy-es-tapies\/#breadcrumb","itemListElement":[{"@type":"ListItem","position":1,"name":"Esdeveniments","item":"https:\/\/museutapies.org\/agenda\/"},{"@type":"ListItem","position":2,"name":"Cantar el mundo. Notas, ritmos y otras variaciones"}]},{"@type":"WebSite","@id":"https:\/\/museutapies.org\/en\/#website","url":"https:\/\/museutapies.org\/en\/","name":"Museu T\u00e0pies","description":"","publisher":{"@id":"https:\/\/museutapies.org\/en\/#organization"},"potentialAction":[{"@type":"SearchAction","target":{"@type":"EntryPoint","urlTemplate":"https:\/\/museutapies.org\/en\/?s={search_term_string}"},"query-input":"required name=search_term_string"}],"inLanguage":"es"},{"@type":"Organization","@id":"https:\/\/museutapies.org\/en\/#organization","name":"Museu T\u00e0pies","url":"https:\/\/museutapies.org\/en\/","logo":{"@type":"ImageObject","inLanguage":"es","@id":"https:\/\/museutapies.org\/en\/#\/schema\/logo\/image\/","url":"https:\/\/museutapies.org\/wp-content\/uploads\/2024\/07\/mta.png","contentUrl":"https:\/\/museutapies.org\/wp-content\/uploads\/2024\/07\/mta.png","width":244,"height":110,"caption":"Museu T\u00e0pies"},"image":{"@id":"https:\/\/museutapies.org\/en\/#\/schema\/logo\/image\/"},"sameAs":["https:\/\/www.facebook.com\/museutapies","https:\/\/www.instagram.com\/museutapies\/","https:\/\/www.youtube.com\/channel\/UCPi65HBb48RMeoa12lR51cQ","https:\/\/x.com\/MuseuTapies"]}]}},"_links":{"self":[{"href":"https:\/\/museutapies.org\/es\/wp-json\/wp\/v2\/tribe_events\/31816"}],"collection":[{"href":"https:\/\/museutapies.org\/es\/wp-json\/wp\/v2\/tribe_events"}],"about":[{"href":"https:\/\/museutapies.org\/es\/wp-json\/wp\/v2\/types\/tribe_events"}],"author":[{"embeddable":true,"href":"https:\/\/museutapies.org\/es\/wp-json\/wp\/v2\/users\/3"}],"replies":[{"embeddable":true,"href":"https:\/\/museutapies.org\/es\/wp-json\/wp\/v2\/comments?post=31816"}],"version-history":[{"count":3,"href":"https:\/\/museutapies.org\/es\/wp-json\/wp\/v2\/tribe_events\/31816\/revisions"}],"predecessor-version":[{"id":31857,"href":"https:\/\/museutapies.org\/es\/wp-json\/wp\/v2\/tribe_events\/31816\/revisions\/31857"}],"wp:featuredmedia":[{"embeddable":true,"href":"https:\/\/museutapies.org\/es\/wp-json\/wp\/v2\/media\/31817"}],"wp:attachment":[{"href":"https:\/\/museutapies.org\/es\/wp-json\/wp\/v2\/media?parent=31816"}],"wp:term":[{"taxonomy":"post_tag","embeddable":true,"href":"https:\/\/museutapies.org\/es\/wp-json\/wp\/v2\/tags?post=31816"},{"taxonomy":"tribe_events_cat","embeddable":true,"href":"https:\/\/museutapies.org\/es\/wp-json\/wp\/v2\/tribe_events_cat?post=31816"}],"curies":[{"name":"wp","href":"https:\/\/api.w.org\/{rel}","templated":true}]}}