{"id":31944,"date":"2024-02-26T20:29:18","date_gmt":"2024-02-26T20:29:18","guid":{"rendered":"https:\/\/museutapies.org\/?post_type=tribe_events&#038;p=31944"},"modified":"2026-03-02T15:31:09","modified_gmt":"2026-03-02T14:31:09","slug":"polvo-laboratorio-de-investigacion-colaborativa","status":"publish","type":"tribe_events","link":"https:\/\/museutapies.org\/es\/event\/polvo-laboratorio-de-investigacion-colaborativa\/","title":{"rendered":"Polvo. Laboratorio de investigaci\u00f3n colaborativa"},"content":{"rendered":"<p><img loading=\"lazy\" decoding=\"async\" class=\"size-medium wp-image-31930\" src=\"https:\/\/museutapies.org\/wp-content\/uploads\/2024\/02\/Pols.-Laboratori-de-recerca-col\u00b7laborativa-800x444.jpg\" alt=\"\" width=\"800\" height=\"444\" srcset=\"https:\/\/museutapies.org\/wp-content\/uploads\/2024\/02\/Pols.-Laboratori-de-recerca-col\u00b7laborativa-800x444.jpg 800w, https:\/\/museutapies.org\/wp-content\/uploads\/2024\/02\/Pols.-Laboratori-de-recerca-col\u00b7laborativa-900x500.jpg 900w, https:\/\/museutapies.org\/wp-content\/uploads\/2024\/02\/Pols.-Laboratori-de-recerca-col\u00b7laborativa-768x426.jpg 768w, https:\/\/museutapies.org\/wp-content\/uploads\/2024\/02\/Pols.-Laboratori-de-recerca-col\u00b7laborativa-1536x853.jpg 1536w, https:\/\/museutapies.org\/wp-content\/uploads\/2024\/02\/Pols.-Laboratori-de-recerca-col\u00b7laborativa-500x278.jpg 500w, https:\/\/museutapies.org\/wp-content\/uploads\/2024\/02\/Pols.-Laboratori-de-recerca-col\u00b7laborativa-380x211.jpg 380w, https:\/\/museutapies.org\/wp-content\/uploads\/2024\/02\/Pols.-Laboratori-de-recerca-col\u00b7laborativa-600x333.jpg 600w, https:\/\/museutapies.org\/wp-content\/uploads\/2024\/02\/Pols.-Laboratori-de-recerca-col\u00b7laborativa.jpg 1538w\" sizes=\"(max-width: 800px) 100vw, 800px\" \/><\/p>\n<p><span style=\"font-weight: 400\">La Sala d\u2019Art Jove y el Museu T\u00e0pies presentan la convocatoria <\/span><i><span style=\"font-weight: 400\">Polvo. Laboratorio de investigaci\u00f3n colaborativa<\/span><\/i><span style=\"font-weight: 400\">.<\/span><\/p>\n<p><span style=\"font-weight: 400\">El objetivo de esta convocatoria es la selecci\u00f3n de un grupo de tres artistas que hayan pasado por la Sala d\u2019Art Jove de la Generalitat de Catalunya en las \u00faltimas cinco ediciones para configurar un grupo de trabajo que investigue la materialidad en la creaci\u00f3n contempor\u00e1nea y que ponga en contacto a las personas seleccionadas con las l\u00edneas vigentes del Museu T\u00e0pies.<\/span><\/p>\n<p><span style=\"font-weight: 400\">Con la convocatoria <\/span><i><span style=\"font-weight: 400\">Polvo. Laboratorio de investigaci\u00f3n colaborativa<\/span><\/i><span style=\"font-weight: 400\"> se quiere incentivar la investigaci\u00f3n y la experimentaci\u00f3n mat\u00e9rica, generando un espacio de trabajo colectivo y colaborativo donde se establezcan v\u00ednculos entre las personas seleccionadas y el Museu T\u00e0pies.\u00a0<\/span><\/p>\n<p>Actividad realizada en colaboraci\u00f3n con la <a href=\"http:\/\/saladartjove.cat\/\">Sala d\u2019Art Jove<\/a>.<\/p>\n<p>\u00b7 <a href=\"https:\/\/museutapies.org\/blog\/pols-laboratori-de-recerca-collaborativa-2024\/\">Polvo. Laboratorio de investigaci\u00f3n colaborativa 2024<\/a><\/p>\n<p>\u00b7 <a href=\"https:\/\/museutapies.org\/es\/blog\/polvo-laboratorio-de-investigacion-colaborativa-2025\/\">Polvo. Laboratorio de investigaci\u00f3n colaborativa 2025<\/a><\/p>\n<p>&nbsp;<\/p>\n<p><span style=\"font-size: 10pt\">[Fotografia: \u00a9 NASA Goddard, 2024.]<\/span><\/p>\n<p>&nbsp;<\/p>\n","protected":false},"excerpt":{"rendered":"<p>Con motivo del A\u00f1o T\u00e0pies, la Sala d\u2019Art Jove y la Fundaci\u00f3 Antoni T\u00e0pies presentan esta convocatoria art\u00edstica. Resoluci\u00f3n 18.03.2024<\/p>\n","protected":false},"author":3,"featured_media":31930,"comment_status":"closed","ping_status":"closed","template":"","meta":{"_tribe_events_status":"","_tribe_events_status_reason":"","_tribe_events_is_hybrid":"","_tribe_events_is_virtual":"","_tribe_events_virtual_video_source":"","_tribe_events_virtual_embed_video":"","_tribe_events_virtual_linked_button_text":"","_tribe_events_virtual_linked_button":"","_tribe_events_virtual_show_embed_at":"","_tribe_events_virtual_show_embed_to":[],"_tribe_events_virtual_show_on_event":"","_tribe_events_virtual_show_on_views":"","_tribe_events_virtual_url":"","footnotes":""},"tags":[],"tribe_events_cat":[5772],"acf":[],"yoast_head":"<!-- This site is optimized with the Yoast SEO plugin v20.11 - https:\/\/yoast.com\/wordpress\/plugins\/seo\/ -->\n<title>Polvo. Laboratorio de investigaci\u00f3n colaborativa - Museu T\u00e0pies<\/title>\n<meta name=\"description\" content=\"Con motivo del A\u00f1o T\u00e0pies, la Sala d\u2019Art Jove y la Fundaci\u00f3 Antoni T\u00e0pies presentan esta convocatoria art\u00edstica.\" \/>\n<meta name=\"robots\" content=\"index, follow, max-snippet:-1, max-image-preview:large, max-video-preview:-1\" \/>\n<meta property=\"og:locale\" content=\"es_ES\" \/>\n<meta property=\"og:type\" content=\"article\" \/>\n<meta property=\"og:title\" content=\"Polvo. Laboratorio de investigaci\u00f3n colaborativa - Museu T\u00e0pies\" \/>\n<meta property=\"og:description\" content=\"Con motivo del A\u00f1o T\u00e0pies, la Sala d\u2019Art Jove y la Fundaci\u00f3 Antoni T\u00e0pies presentan esta convocatoria art\u00edstica.\" \/>\n<meta property=\"og:url\" content=\"https:\/\/museutapies.org\/es\/event\/polvo-laboratorio-de-investigacion-colaborativa\/\" \/>\n<meta property=\"og:site_name\" content=\"Museu T\u00e0pies\" \/>\n<meta property=\"article:publisher\" content=\"https:\/\/www.facebook.com\/museutapies\" \/>\n<meta property=\"article:modified_time\" content=\"2026-03-02T14:31:09+00:00\" \/>\n<meta property=\"og:image\" content=\"https:\/\/museutapies.org\/wp-content\/uploads\/2024\/02\/Pols.-Laboratori-de-recerca-col\u00b7laborativa.jpg\" \/>\n\t<meta property=\"og:image:width\" content=\"1538\" \/>\n\t<meta property=\"og:image:height\" content=\"854\" \/>\n\t<meta property=\"og:image:type\" content=\"image\/jpeg\" \/>\n<meta name=\"twitter:card\" content=\"summary_large_image\" \/>\n<meta name=\"twitter:label1\" content=\"Tiempo de lectura\" \/>\n\t<meta name=\"twitter:data1\" content=\"1 minuto\" \/>\n<script type=\"application\/ld+json\" class=\"yoast-schema-graph\">{\"@context\":\"https:\/\/schema.org\",\"@graph\":[{\"@type\":\"WebPage\",\"@id\":\"https:\/\/museutapies.org\/es\/event\/polvo-laboratorio-de-investigacion-colaborativa\/\",\"url\":\"https:\/\/museutapies.org\/es\/event\/polvo-laboratorio-de-investigacion-colaborativa\/\",\"name\":\"Polvo. Laboratorio de investigaci\u00f3n colaborativa - Museu T\u00e0pies\",\"isPartOf\":{\"@id\":\"https:\/\/museutapies.org\/en\/#website\"},\"datePublished\":\"2024-02-26T20:29:18+00:00\",\"dateModified\":\"2026-03-02T14:31:09+00:00\",\"description\":\"Con motivo del A\u00f1o T\u00e0pies, la Sala d\u2019Art Jove y la Fundaci\u00f3 Antoni T\u00e0pies presentan esta convocatoria art\u00edstica.\",\"breadcrumb\":{\"@id\":\"https:\/\/museutapies.org\/es\/event\/polvo-laboratorio-de-investigacion-colaborativa\/#breadcrumb\"},\"inLanguage\":\"es\",\"potentialAction\":[{\"@type\":\"ReadAction\",\"target\":[\"https:\/\/museutapies.org\/es\/event\/polvo-laboratorio-de-investigacion-colaborativa\/\"]}]},{\"@type\":\"BreadcrumbList\",\"@id\":\"https:\/\/museutapies.org\/es\/event\/polvo-laboratorio-de-investigacion-colaborativa\/#breadcrumb\",\"itemListElement\":[{\"@type\":\"ListItem\",\"position\":1,\"name\":\"Esdeveniments\",\"item\":\"https:\/\/museutapies.org\/agenda\/\"},{\"@type\":\"ListItem\",\"position\":2,\"name\":\"Polvo. Laboratorio de investigaci\u00f3n colaborativa\"}]},{\"@type\":\"WebSite\",\"@id\":\"https:\/\/museutapies.org\/en\/#website\",\"url\":\"https:\/\/museutapies.org\/en\/\",\"name\":\"Museu T\u00e0pies\",\"description\":\"\",\"publisher\":{\"@id\":\"https:\/\/museutapies.org\/en\/#organization\"},\"potentialAction\":[{\"@type\":\"SearchAction\",\"target\":{\"@type\":\"EntryPoint\",\"urlTemplate\":\"https:\/\/museutapies.org\/en\/?s={search_term_string}\"},\"query-input\":\"required name=search_term_string\"}],\"inLanguage\":\"es\"},{\"@type\":\"Organization\",\"@id\":\"https:\/\/museutapies.org\/en\/#organization\",\"name\":\"Museu T\u00e0pies\",\"url\":\"https:\/\/museutapies.org\/en\/\",\"logo\":{\"@type\":\"ImageObject\",\"inLanguage\":\"es\",\"@id\":\"https:\/\/museutapies.org\/en\/#\/schema\/logo\/image\/\",\"url\":\"https:\/\/museutapies.org\/wp-content\/uploads\/2024\/07\/mta.png\",\"contentUrl\":\"https:\/\/museutapies.org\/wp-content\/uploads\/2024\/07\/mta.png\",\"width\":244,\"height\":110,\"caption\":\"Museu T\u00e0pies\"},\"image\":{\"@id\":\"https:\/\/museutapies.org\/en\/#\/schema\/logo\/image\/\"},\"sameAs\":[\"https:\/\/www.facebook.com\/museutapies\",\"https:\/\/www.instagram.com\/museutapies\/\",\"https:\/\/www.youtube.com\/channel\/UCPi65HBb48RMeoa12lR51cQ\",\"https:\/\/x.com\/MuseuTapies\"]}]}<\/script>\n<!-- \/ Yoast SEO plugin. -->","yoast_head_json":{"title":"Polvo. Laboratorio de investigaci\u00f3n colaborativa - Museu T\u00e0pies","description":"Con motivo del A\u00f1o T\u00e0pies, la Sala d\u2019Art Jove y la Fundaci\u00f3 Antoni T\u00e0pies presentan esta convocatoria art\u00edstica.","robots":{"index":"index","follow":"follow","max-snippet":"max-snippet:-1","max-image-preview":"max-image-preview:large","max-video-preview":"max-video-preview:-1"},"og_locale":"es_ES","og_type":"article","og_title":"Polvo. Laboratorio de investigaci\u00f3n colaborativa - Museu T\u00e0pies","og_description":"Con motivo del A\u00f1o T\u00e0pies, la Sala d\u2019Art Jove y la Fundaci\u00f3 Antoni T\u00e0pies presentan esta convocatoria art\u00edstica.","og_url":"https:\/\/museutapies.org\/es\/event\/polvo-laboratorio-de-investigacion-colaborativa\/","og_site_name":"Museu T\u00e0pies","article_publisher":"https:\/\/www.facebook.com\/museutapies","article_modified_time":"2026-03-02T14:31:09+00:00","og_image":[{"width":1538,"height":854,"url":"https:\/\/museutapies.org\/wp-content\/uploads\/2024\/02\/Pols.-Laboratori-de-recerca-col\u00b7laborativa.jpg","type":"image\/jpeg"}],"twitter_card":"summary_large_image","twitter_misc":{"Tiempo de lectura":"1 minuto"},"schema":{"@context":"https:\/\/schema.org","@graph":[{"@type":"WebPage","@id":"https:\/\/museutapies.org\/es\/event\/polvo-laboratorio-de-investigacion-colaborativa\/","url":"https:\/\/museutapies.org\/es\/event\/polvo-laboratorio-de-investigacion-colaborativa\/","name":"Polvo. Laboratorio de investigaci\u00f3n colaborativa - Museu T\u00e0pies","isPartOf":{"@id":"https:\/\/museutapies.org\/en\/#website"},"datePublished":"2024-02-26T20:29:18+00:00","dateModified":"2026-03-02T14:31:09+00:00","description":"Con motivo del A\u00f1o T\u00e0pies, la Sala d\u2019Art Jove y la Fundaci\u00f3 Antoni T\u00e0pies presentan esta convocatoria art\u00edstica.","breadcrumb":{"@id":"https:\/\/museutapies.org\/es\/event\/polvo-laboratorio-de-investigacion-colaborativa\/#breadcrumb"},"inLanguage":"es","potentialAction":[{"@type":"ReadAction","target":["https:\/\/museutapies.org\/es\/event\/polvo-laboratorio-de-investigacion-colaborativa\/"]}]},{"@type":"BreadcrumbList","@id":"https:\/\/museutapies.org\/es\/event\/polvo-laboratorio-de-investigacion-colaborativa\/#breadcrumb","itemListElement":[{"@type":"ListItem","position":1,"name":"Esdeveniments","item":"https:\/\/museutapies.org\/agenda\/"},{"@type":"ListItem","position":2,"name":"Polvo. Laboratorio de investigaci\u00f3n colaborativa"}]},{"@type":"WebSite","@id":"https:\/\/museutapies.org\/en\/#website","url":"https:\/\/museutapies.org\/en\/","name":"Museu T\u00e0pies","description":"","publisher":{"@id":"https:\/\/museutapies.org\/en\/#organization"},"potentialAction":[{"@type":"SearchAction","target":{"@type":"EntryPoint","urlTemplate":"https:\/\/museutapies.org\/en\/?s={search_term_string}"},"query-input":"required name=search_term_string"}],"inLanguage":"es"},{"@type":"Organization","@id":"https:\/\/museutapies.org\/en\/#organization","name":"Museu T\u00e0pies","url":"https:\/\/museutapies.org\/en\/","logo":{"@type":"ImageObject","inLanguage":"es","@id":"https:\/\/museutapies.org\/en\/#\/schema\/logo\/image\/","url":"https:\/\/museutapies.org\/wp-content\/uploads\/2024\/07\/mta.png","contentUrl":"https:\/\/museutapies.org\/wp-content\/uploads\/2024\/07\/mta.png","width":244,"height":110,"caption":"Museu T\u00e0pies"},"image":{"@id":"https:\/\/museutapies.org\/en\/#\/schema\/logo\/image\/"},"sameAs":["https:\/\/www.facebook.com\/museutapies","https:\/\/www.instagram.com\/museutapies\/","https:\/\/www.youtube.com\/channel\/UCPi65HBb48RMeoa12lR51cQ","https:\/\/x.com\/MuseuTapies"]}]}},"_links":{"self":[{"href":"https:\/\/museutapies.org\/es\/wp-json\/wp\/v2\/tribe_events\/31944"}],"collection":[{"href":"https:\/\/museutapies.org\/es\/wp-json\/wp\/v2\/tribe_events"}],"about":[{"href":"https:\/\/museutapies.org\/es\/wp-json\/wp\/v2\/types\/tribe_events"}],"author":[{"embeddable":true,"href":"https:\/\/museutapies.org\/es\/wp-json\/wp\/v2\/users\/3"}],"replies":[{"embeddable":true,"href":"https:\/\/museutapies.org\/es\/wp-json\/wp\/v2\/comments?post=31944"}],"version-history":[{"count":18,"href":"https:\/\/museutapies.org\/es\/wp-json\/wp\/v2\/tribe_events\/31944\/revisions"}],"predecessor-version":[{"id":44407,"href":"https:\/\/museutapies.org\/es\/wp-json\/wp\/v2\/tribe_events\/31944\/revisions\/44407"}],"wp:featuredmedia":[{"embeddable":true,"href":"https:\/\/museutapies.org\/es\/wp-json\/wp\/v2\/media\/31930"}],"wp:attachment":[{"href":"https:\/\/museutapies.org\/es\/wp-json\/wp\/v2\/media?parent=31944"}],"wp:term":[{"taxonomy":"post_tag","embeddable":true,"href":"https:\/\/museutapies.org\/es\/wp-json\/wp\/v2\/tags?post=31944"},{"taxonomy":"tribe_events_cat","embeddable":true,"href":"https:\/\/museutapies.org\/es\/wp-json\/wp\/v2\/tribe_events_cat?post=31944"}],"curies":[{"name":"wp","href":"https:\/\/api.w.org\/{rel}","templated":true}]}}