{"id":31991,"date":"2024-02-28T10:21:33","date_gmt":"2024-02-28T10:21:33","guid":{"rendered":"https:\/\/museutapies.org\/?post_type=tribe_events&#038;p=31991"},"modified":"2024-03-11T13:45:43","modified_gmt":"2024-03-11T13:45:43","slug":"1-2-3-tapies","status":"publish","type":"tribe_events","link":"https:\/\/museutapies.org\/es\/event\/1-2-3-tapies\/","title":{"rendered":"1, 2, 3, T\u00e0pies"},"content":{"rendered":"<p><img loading=\"lazy\" decoding=\"async\" class=\"alignnone size-medium wp-image-31992\" src=\"https:\/\/museutapies.org\/wp-content\/uploads\/2024\/02\/123-1-782x800.jpg\" alt=\"\" width=\"782\" height=\"800\" srcset=\"https:\/\/museutapies.org\/wp-content\/uploads\/2024\/02\/123-1-782x800.jpg 782w, https:\/\/museutapies.org\/wp-content\/uploads\/2024\/02\/123-1-684x700.jpg 684w, https:\/\/museutapies.org\/wp-content\/uploads\/2024\/02\/123-1-768x785.jpg 768w, https:\/\/museutapies.org\/wp-content\/uploads\/2024\/02\/123-1-1502x1536.jpg 1502w, https:\/\/museutapies.org\/wp-content\/uploads\/2024\/02\/123-1-500x511.jpg 500w, https:\/\/museutapies.org\/wp-content\/uploads\/2024\/02\/123-1-380x389.jpg 380w, https:\/\/museutapies.org\/wp-content\/uploads\/2024\/02\/123-1-600x614.jpg 600w, https:\/\/museutapies.org\/wp-content\/uploads\/2024\/02\/123-1.jpg 1800w\" sizes=\"(max-width: 782px) 100vw, 782px\" \/><\/p>\n<p>&nbsp;<\/p>\n<p><span style=\"font-weight: 400\">Propuesta de tres acciones colectivas y deslocalizadas para celebrar el <a href=\"https:\/\/museutapies.org\/es\/any-tapies\/\">A\u00f1o T\u00e0pies<\/a> en los centros educativos desde todo el territorio, concebidas desde el grupo de trabajo activado para pensar juntos una programaci\u00f3n global y comunitaria. <\/span><\/p>\n<p>&nbsp;<\/p>\n<p><span style=\"font-weight: 400\">\u00b7 <strong>La primera acci\u00f3n<\/strong> tendr\u00e1 lugar el 13 de diciembre de 2023 y consistir\u00e1 en leer y comentar el texto \u201cEl joc de saber mirar\u201d (El juego de saber mirar), de Antoni T\u00e0pies.<\/span><\/p>\n<p><span style=\"font-weight: 400\">\u00b7 <strong>La segunda acci\u00f3n<\/strong>, activada el 13 de marzo de 2024, propondr\u00e1 elaborar un muro fotogr\u00e1fico a partir de im\u00e1genes de paredes del entorno que tengan una proximidad est\u00e9tica con la obra de T\u00e0pies.<\/span><\/p>\n<p><span style=\"font-weight: 400\">\u00b7 <strong>La tercera acci\u00f3n<\/strong> se celebrar\u00e1 el 13 de junio de 2024 haciendo volar una cometa construida de forma colectiva que contenga un mensaje que se quiera transmitir al mundo.<\/span><\/p>\n<p>&nbsp;<\/p>\n<p><span style=\"font-weight: 400\">En cuanto a la primera acci\u00f3n, Catalunya R\u00e0dio colaborar\u00e1 con la iniciativa con una intervenci\u00f3n en el programa <\/span><i><span style=\"font-weight: 400\">L\u2019\u00faltima hora del mat\u00ed de Catalunya R\u00e0dio<\/span><\/i><span style=\"font-weight: 400\"> (La \u00faltima hora de la ma\u00f1ana de Catalunya R\u00e0dio). Hacia las 12 del mediod\u00eda, el presentador del espacio, Quim Morales, leer\u00e1 las primeras l\u00edneas de \u201cEl joc de saber mirar\u201d, escrito por Antoni T\u00e0pies en 1967 para los j\u00f3venes lectores de la revista <\/span><i><span style=\"font-weight: 400\">Cavall Fort<\/span><\/i><span style=\"font-weight: 400\">. De esta forma, los ni\u00f1os y j\u00f3venes que participen en esta acci\u00f3n pueden escuchar la lectura y continuarla en el centro educativo.<\/span><\/p>\n<p>&nbsp;<\/p>\n<p><a href=\"https:\/\/museutapies.org\/wp-content\/uploads\/2018\/06\/1-2-3-ANY-TAPIES-PROJECTE-EDUCATIU-2023_24_mod.pdf\"><strong>Enlace al pdf.<\/strong><\/a><\/p>\n<p>&nbsp;<\/p>\n<p><span style=\"font-weight: 400\">Esta iniciativa ha sido concebida por el grupo de trabajo de la Fundaci\u00f3 Antoni T\u00e0pies formado por:<\/span><\/p>\n<p>&nbsp;<\/p>\n<p><span style=\"font-weight: 400\">\u2013 Judith Barn\u00e9s, coordinadora del A\u00f1o T\u00e0pies.<\/span><\/p>\n<p><span style=\"font-weight: 400\">\u2013 Merc\u00e8 Batall\u00e9, Escola Thau de Barcelona.<\/span><\/p>\n<p><span style=\"font-weight: 400\">\u2013 Sonia Ben\u00edtez e Iris Herraiz, estudiantes en pr\u00e1cticas en la Fundaci\u00f3 Antoni T\u00e0pies.<\/span><\/p>\n<p><span style=\"font-weight: 400\">\u2013 Rosa Eva Campo y Maria Sellar\u00e8s, Departamento de Educaci\u00f3n de la Fundaci\u00f3.<\/span><\/p>\n<p><span style=\"font-weight: 400\">\u2013 Nella Escala, estudiante de Doctorado de la UOC.<\/span><\/p>\n<p><span style=\"font-weight: 400\">\u2013 Ramon Guimaraes y Arienne Serrat Navarro, Escola Solc de Barcelona.<\/span><\/p>\n<p><span style=\"font-weight: 400\">\u2013 Amelia Ma\u00f1\u00e0, IEA Oriol Martorell de Barcelona.<\/span><\/p>\n<p><span style=\"font-weight: 400\">\u2013 Eva Marichalar, Escola Cooperativa Waldorf La Font de Vic.<\/span><\/p>\n<p><span style=\"font-weight: 400\">\u2013 Marta Mestre, Escola Sant Gregori de Barcelona.<\/span><\/p>\n<p><span style=\"font-weight: 400\">\u2013 Meritxell Miret Florensa y Montserrat Remacha Selva, Institut de Ser\u00f2s.<\/span><\/p>\n<p><span style=\"font-weight: 400\">\u2013 Xavier N\u00fa\u00f1ez, Escola Samuntada de Sabadell.<\/span><\/p>\n<p><span style=\"font-weight: 400\">\u2013 Olga P\u00e9rez, INS Poeta Maragall de Barcelona.<\/span><\/p>\n<p><span style=\"font-weight: 400\">\u2013 Olga Piazuelo, Col\u00b7legi Oficial de Psicologia de Catalunya.<\/span><\/p>\n<p><span style=\"font-weight: 400\">\u2013 Lola Quirant y Lidia Llorca Garc\u00e9s, Escola Moss\u00e8n Jacint Verdaguer de Barcelona.<\/span><\/p>\n<p><span style=\"font-weight: 400\">\u2013 Maria Reyes, Escola Massana de Barcelona.<\/span><\/p>\n<p><span style=\"font-weight: 400\">\u2013 Neus Sagrera G\u00f3mez, Escola Antoni Balmanya de Barcelona.<\/span><\/p>\n<p>&nbsp;<\/p>\n<p>&nbsp;<\/p>\n","protected":false},"excerpt":{"rendered":"<p>Propuesta de tres acciones colectivas y deslocalizadas para celebrar el A\u00f1o T\u00e0pies en los centros educativos desde todo el territorio.<\/p>\n","protected":false},"author":3,"featured_media":31992,"comment_status":"closed","ping_status":"closed","template":"","meta":{"_tribe_events_status":"","_tribe_events_status_reason":"","_tribe_events_is_hybrid":"","_tribe_events_is_virtual":"","_tribe_events_virtual_video_source":"","_tribe_events_virtual_embed_video":"","_tribe_events_virtual_linked_button_text":"","_tribe_events_virtual_linked_button":"","_tribe_events_virtual_show_embed_at":"","_tribe_events_virtual_show_embed_to":[],"_tribe_events_virtual_show_on_event":"","_tribe_events_virtual_show_on_views":"","_tribe_events_virtual_url":"","footnotes":""},"tags":[],"tribe_events_cat":[5772],"acf":[],"yoast_head":"<!-- This site is optimized with the Yoast SEO plugin v20.11 - https:\/\/yoast.com\/wordpress\/plugins\/seo\/ -->\n<title>1, 2, 3, T\u00e0pies - Museu T\u00e0pies<\/title>\n<meta name=\"description\" content=\"Propuesta de tres acciones colectivas y deslocalizadas para celebrar el A\u00f1o T\u00e0pies en los centros educativos desde todo el territorio.\" \/>\n<meta name=\"robots\" content=\"index, follow, max-snippet:-1, max-image-preview:large, max-video-preview:-1\" \/>\n<meta property=\"og:locale\" content=\"es_ES\" \/>\n<meta property=\"og:type\" content=\"article\" \/>\n<meta property=\"og:title\" content=\"1, 2, 3, T\u00e0pies - Museu T\u00e0pies\" \/>\n<meta property=\"og:description\" content=\"Propuesta de tres acciones colectivas y deslocalizadas para celebrar el A\u00f1o T\u00e0pies en los centros educativos desde todo el territorio.\" \/>\n<meta property=\"og:url\" content=\"https:\/\/museutapies.org\/es\/event\/1-2-3-tapies\/\" \/>\n<meta property=\"og:site_name\" content=\"Museu T\u00e0pies\" \/>\n<meta property=\"article:publisher\" content=\"https:\/\/www.facebook.com\/museutapies\" \/>\n<meta property=\"article:modified_time\" content=\"2024-03-11T13:45:43+00:00\" \/>\n<meta property=\"og:image\" content=\"https:\/\/museutapies.org\/wp-content\/uploads\/2024\/02\/123-1.jpg\" \/>\n\t<meta property=\"og:image:width\" content=\"1800\" \/>\n\t<meta property=\"og:image:height\" content=\"1841\" \/>\n\t<meta property=\"og:image:type\" content=\"image\/jpeg\" \/>\n<meta name=\"twitter:card\" content=\"summary_large_image\" \/>\n<meta name=\"twitter:label1\" content=\"Tiempo de lectura\" \/>\n\t<meta name=\"twitter:data1\" content=\"2 minutos\" \/>\n<script type=\"application\/ld+json\" class=\"yoast-schema-graph\">{\"@context\":\"https:\/\/schema.org\",\"@graph\":[{\"@type\":\"WebPage\",\"@id\":\"https:\/\/museutapies.org\/es\/event\/1-2-3-tapies\/\",\"url\":\"https:\/\/museutapies.org\/es\/event\/1-2-3-tapies\/\",\"name\":\"1, 2, 3, T\u00e0pies - Museu T\u00e0pies\",\"isPartOf\":{\"@id\":\"https:\/\/museutapies.org\/en\/#website\"},\"datePublished\":\"2024-02-28T10:21:33+00:00\",\"dateModified\":\"2024-03-11T13:45:43+00:00\",\"description\":\"Propuesta de tres acciones colectivas y deslocalizadas para celebrar el A\u00f1o T\u00e0pies en los centros educativos desde todo el territorio.\",\"breadcrumb\":{\"@id\":\"https:\/\/museutapies.org\/es\/event\/1-2-3-tapies\/#breadcrumb\"},\"inLanguage\":\"es\",\"potentialAction\":[{\"@type\":\"ReadAction\",\"target\":[\"https:\/\/museutapies.org\/es\/event\/1-2-3-tapies\/\"]}]},{\"@type\":\"BreadcrumbList\",\"@id\":\"https:\/\/museutapies.org\/es\/event\/1-2-3-tapies\/#breadcrumb\",\"itemListElement\":[{\"@type\":\"ListItem\",\"position\":1,\"name\":\"Esdeveniments\",\"item\":\"https:\/\/museutapies.org\/agenda\/\"},{\"@type\":\"ListItem\",\"position\":2,\"name\":\"1, 2, 3, T\u00e0pies\"}]},{\"@type\":\"WebSite\",\"@id\":\"https:\/\/museutapies.org\/en\/#website\",\"url\":\"https:\/\/museutapies.org\/en\/\",\"name\":\"Museu T\u00e0pies\",\"description\":\"\",\"publisher\":{\"@id\":\"https:\/\/museutapies.org\/en\/#organization\"},\"potentialAction\":[{\"@type\":\"SearchAction\",\"target\":{\"@type\":\"EntryPoint\",\"urlTemplate\":\"https:\/\/museutapies.org\/en\/?s={search_term_string}\"},\"query-input\":\"required name=search_term_string\"}],\"inLanguage\":\"es\"},{\"@type\":\"Organization\",\"@id\":\"https:\/\/museutapies.org\/en\/#organization\",\"name\":\"Museu T\u00e0pies\",\"url\":\"https:\/\/museutapies.org\/en\/\",\"logo\":{\"@type\":\"ImageObject\",\"inLanguage\":\"es\",\"@id\":\"https:\/\/museutapies.org\/en\/#\/schema\/logo\/image\/\",\"url\":\"https:\/\/museutapies.org\/wp-content\/uploads\/2024\/07\/mta.png\",\"contentUrl\":\"https:\/\/museutapies.org\/wp-content\/uploads\/2024\/07\/mta.png\",\"width\":244,\"height\":110,\"caption\":\"Museu T\u00e0pies\"},\"image\":{\"@id\":\"https:\/\/museutapies.org\/en\/#\/schema\/logo\/image\/\"},\"sameAs\":[\"https:\/\/www.facebook.com\/museutapies\",\"https:\/\/www.instagram.com\/museutapies\/\",\"https:\/\/www.youtube.com\/channel\/UCPi65HBb48RMeoa12lR51cQ\",\"https:\/\/x.com\/MuseuTapies\"]}]}<\/script>\n<!-- \/ Yoast SEO plugin. -->","yoast_head_json":{"title":"1, 2, 3, T\u00e0pies - Museu T\u00e0pies","description":"Propuesta de tres acciones colectivas y deslocalizadas para celebrar el A\u00f1o T\u00e0pies en los centros educativos desde todo el territorio.","robots":{"index":"index","follow":"follow","max-snippet":"max-snippet:-1","max-image-preview":"max-image-preview:large","max-video-preview":"max-video-preview:-1"},"og_locale":"es_ES","og_type":"article","og_title":"1, 2, 3, T\u00e0pies - Museu T\u00e0pies","og_description":"Propuesta de tres acciones colectivas y deslocalizadas para celebrar el A\u00f1o T\u00e0pies en los centros educativos desde todo el territorio.","og_url":"https:\/\/museutapies.org\/es\/event\/1-2-3-tapies\/","og_site_name":"Museu T\u00e0pies","article_publisher":"https:\/\/www.facebook.com\/museutapies","article_modified_time":"2024-03-11T13:45:43+00:00","og_image":[{"width":1800,"height":1841,"url":"https:\/\/museutapies.org\/wp-content\/uploads\/2024\/02\/123-1.jpg","type":"image\/jpeg"}],"twitter_card":"summary_large_image","twitter_misc":{"Tiempo de lectura":"2 minutos"},"schema":{"@context":"https:\/\/schema.org","@graph":[{"@type":"WebPage","@id":"https:\/\/museutapies.org\/es\/event\/1-2-3-tapies\/","url":"https:\/\/museutapies.org\/es\/event\/1-2-3-tapies\/","name":"1, 2, 3, T\u00e0pies - Museu T\u00e0pies","isPartOf":{"@id":"https:\/\/museutapies.org\/en\/#website"},"datePublished":"2024-02-28T10:21:33+00:00","dateModified":"2024-03-11T13:45:43+00:00","description":"Propuesta de tres acciones colectivas y deslocalizadas para celebrar el A\u00f1o T\u00e0pies en los centros educativos desde todo el territorio.","breadcrumb":{"@id":"https:\/\/museutapies.org\/es\/event\/1-2-3-tapies\/#breadcrumb"},"inLanguage":"es","potentialAction":[{"@type":"ReadAction","target":["https:\/\/museutapies.org\/es\/event\/1-2-3-tapies\/"]}]},{"@type":"BreadcrumbList","@id":"https:\/\/museutapies.org\/es\/event\/1-2-3-tapies\/#breadcrumb","itemListElement":[{"@type":"ListItem","position":1,"name":"Esdeveniments","item":"https:\/\/museutapies.org\/agenda\/"},{"@type":"ListItem","position":2,"name":"1, 2, 3, T\u00e0pies"}]},{"@type":"WebSite","@id":"https:\/\/museutapies.org\/en\/#website","url":"https:\/\/museutapies.org\/en\/","name":"Museu T\u00e0pies","description":"","publisher":{"@id":"https:\/\/museutapies.org\/en\/#organization"},"potentialAction":[{"@type":"SearchAction","target":{"@type":"EntryPoint","urlTemplate":"https:\/\/museutapies.org\/en\/?s={search_term_string}"},"query-input":"required name=search_term_string"}],"inLanguage":"es"},{"@type":"Organization","@id":"https:\/\/museutapies.org\/en\/#organization","name":"Museu T\u00e0pies","url":"https:\/\/museutapies.org\/en\/","logo":{"@type":"ImageObject","inLanguage":"es","@id":"https:\/\/museutapies.org\/en\/#\/schema\/logo\/image\/","url":"https:\/\/museutapies.org\/wp-content\/uploads\/2024\/07\/mta.png","contentUrl":"https:\/\/museutapies.org\/wp-content\/uploads\/2024\/07\/mta.png","width":244,"height":110,"caption":"Museu T\u00e0pies"},"image":{"@id":"https:\/\/museutapies.org\/en\/#\/schema\/logo\/image\/"},"sameAs":["https:\/\/www.facebook.com\/museutapies","https:\/\/www.instagram.com\/museutapies\/","https:\/\/www.youtube.com\/channel\/UCPi65HBb48RMeoa12lR51cQ","https:\/\/x.com\/MuseuTapies"]}]}},"_links":{"self":[{"href":"https:\/\/museutapies.org\/es\/wp-json\/wp\/v2\/tribe_events\/31991"}],"collection":[{"href":"https:\/\/museutapies.org\/es\/wp-json\/wp\/v2\/tribe_events"}],"about":[{"href":"https:\/\/museutapies.org\/es\/wp-json\/wp\/v2\/types\/tribe_events"}],"author":[{"embeddable":true,"href":"https:\/\/museutapies.org\/es\/wp-json\/wp\/v2\/users\/3"}],"replies":[{"embeddable":true,"href":"https:\/\/museutapies.org\/es\/wp-json\/wp\/v2\/comments?post=31991"}],"version-history":[{"count":6,"href":"https:\/\/museutapies.org\/es\/wp-json\/wp\/v2\/tribe_events\/31991\/revisions"}],"predecessor-version":[{"id":32281,"href":"https:\/\/museutapies.org\/es\/wp-json\/wp\/v2\/tribe_events\/31991\/revisions\/32281"}],"wp:featuredmedia":[{"embeddable":true,"href":"https:\/\/museutapies.org\/es\/wp-json\/wp\/v2\/media\/31992"}],"wp:attachment":[{"href":"https:\/\/museutapies.org\/es\/wp-json\/wp\/v2\/media?parent=31991"}],"wp:term":[{"taxonomy":"post_tag","embeddable":true,"href":"https:\/\/museutapies.org\/es\/wp-json\/wp\/v2\/tags?post=31991"},{"taxonomy":"tribe_events_cat","embeddable":true,"href":"https:\/\/museutapies.org\/es\/wp-json\/wp\/v2\/tribe_events_cat?post=31991"}],"curies":[{"name":"wp","href":"https:\/\/api.w.org\/{rel}","templated":true}]}}