{"id":32784,"date":"2024-03-25T10:40:09","date_gmt":"2024-03-25T10:40:09","guid":{"rendered":"https:\/\/museutapies.org\/?post_type=tribe_events&#038;p=32784"},"modified":"2024-04-08T09:23:30","modified_gmt":"2024-04-08T09:23:30","slug":"hoy-es-tapies-marcelo-exposito-anna-pacheco","status":"publish","type":"tribe_events","link":"https:\/\/museutapies.org\/es\/event\/hoy-es-tapies-marcelo-exposito-anna-pacheco\/","title":{"rendered":"Hoy es T\u00e0pies: Marcelo Exp\u00f3sito y Anna Pacheco"},"content":{"rendered":"<div class=\"load-turitop\" data-service=\"P83\" data-lang=\"es\" data-embed=\"button\">Entradas<\/div>\n<p>&nbsp;<\/p>\n<p><img loading=\"lazy\" decoding=\"async\" class=\"alignnone size-medium wp-image-32962\" src=\"https:\/\/museutapies.org\/wp-content\/uploads\/2024\/01\/Exposito-Pacheco-800x567.jpg\" alt=\"\" width=\"800\" height=\"567\" srcset=\"https:\/\/museutapies.org\/wp-content\/uploads\/2024\/01\/Exposito-Pacheco-800x567.jpg 800w, https:\/\/museutapies.org\/wp-content\/uploads\/2024\/01\/Exposito-Pacheco-900x638.jpg 900w, https:\/\/museutapies.org\/wp-content\/uploads\/2024\/01\/Exposito-Pacheco-768x544.jpg 768w, https:\/\/museutapies.org\/wp-content\/uploads\/2024\/01\/Exposito-Pacheco-1536x1088.jpg 1536w, https:\/\/museutapies.org\/wp-content\/uploads\/2024\/01\/Exposito-Pacheco-500x355.jpg 500w, https:\/\/museutapies.org\/wp-content\/uploads\/2024\/01\/Exposito-Pacheco-380x269.jpg 380w, https:\/\/museutapies.org\/wp-content\/uploads\/2024\/01\/Exposito-Pacheco-600x425.jpg 600w, https:\/\/museutapies.org\/wp-content\/uploads\/2024\/01\/Exposito-Pacheco.jpg 1632w\" sizes=\"(max-width: 800px) 100vw, 800px\" \/><\/p>\n<p>&nbsp;<\/p>\n<p><a href=\"https:\/\/museutapies.org\/es\/activitat\/ciclo-hoy-es-tapies\/\"><em>Hoy es T\u00e0pies<\/em><\/a> es un ciclo de conversaciones intergeneracional e interdisciplinario conducido y moderado por la periodista cultural Rita Roig (Terrassa, 1997) y organizado por la Fundaci\u00f3 Antoni T\u00e0pies en el marco del A\u00f1o T\u00e0pies. Tiene la voluntad de interpretar los textos del artista como punto de partida para hablar sobre problem\u00e1ticas actuales como el ecologismo, la autodeterminaci\u00f3n de los pueblos, la interculturalidad o el compromiso pol\u00edtico del arte.<\/p>\n<p>El ciclo invitar\u00e1 a hacer presentes las palabras y el pensamiento del artista por medio de trece encuentros en la Fundaci\u00f3 Antoni T\u00e0pies en los que participar\u00e1n personas de \u00e1mbitos profesionales diferentes (cultura, educaci\u00f3n, ciencia, pol\u00edtica, medio ambiente, salud y ciencias humanas) y de diferentes generaciones. El conjunto permitir\u00e1 construir un relato polif\u00f3nico que quedar\u00e1 recogido en forma de p\u00f3dcast, gracias a la colaboraci\u00f3n de Catalunya R\u00e0dio, con tal de recuperar y vivir el conocimiento generado en otro formato y en otro contexto.<\/p>\n<p>&nbsp;<\/p>\n<p><strong>CAP\u00cdTULO 5. POL\u00cdTICA, LIBERTAD Y OTRAS CONTRADICCIONES<\/strong><\/p>\n<p>\u201cSe ha dicho muchas veces que la cultura importante siempre ha sido de izquierdas\u201d, apunt\u00f3 Antoni T\u00e0pies. El artista ya se preguntaba, ante esta afirmaci\u00f3n, a qu\u00e9 tipo de izquierdas nos referimos cuando hacemos sentencias de este tipo. Pero \u00bfla cultura es intr\u00ednsecamente radical y transformadora? Y las izquierdas, \u00bfcren en un arte realmente renovador y progresista? En esta conversaci\u00f3n, Anna Pacheco y Marcelo Exp\u00f3sito hablar\u00e1n de ideolog\u00eda y est\u00e9tica, de la funci\u00f3n social del arte y de la cultura por la cual deber\u00edamos luchar cuando luchamos por nuestros derechos sociales.<\/p>\n<p>&nbsp;<\/p>\n<p><strong>PARTICIPANTES<\/strong><\/p>\n<p><strong>Marcelo Exp\u00f3sito<\/strong> es artista, activista pol\u00edtico y cr\u00edtico cultural. Su trabajo art\u00edstico ha sido expuesto en museos, festivales y centros de arte y tambi\u00e9n ha publicado una veintena de t\u00edtulos, entre los cuales destacan\u00a0 <em>Walter Benjamin, productivista <\/em>(2013), <em>Conversaci\u00f3n con Manuel Borja-Villel <\/em>(2015) o <em>Discursos plebeyos<\/em> (2019). Como activista y pol\u00edtico, ha participado en movimientos sociales\u00a0 por la radicalizaci\u00f3n democr\u00e1tica desde hace tres d\u00e9cadas, en plataformas ciudadanas como el Movimiento 15-M, Democracia Real Ya y la Plataforma de Afectados por la Hipoteca, llegando a ejercer como diputado en las Cortes Generales espa\u00f1olas entre 2016 y 2019.<\/p>\n<p>&nbsp;<\/p>\n<p><strong>Anna Pacheco<\/strong> es periodista y escritora.\u00a0 Sus art\u00edculos ponen el foco en temas sociales, como la vivienda, el trabajo, los feminismos y la cultura popular desde una perspectiva de clase y g\u00e9nero. Sus textos han aparecido en medios como Vice, PlayGround, La Marea, El Pa\u00eds o El Diario. Adem\u00e1s, copresenta el programa Ciberlocutorio en R\u00e0dio Primavera Sound. Ha participado en diversas antolog\u00edas, como la de textos feministas <em>Aqu\u00ed estamos<\/em> (2019) y es autora del libro <em>Listas, guapas, limpias<\/em> (2019).<\/p>\n<p>&nbsp;<\/p>\n<p><a href=\"https:\/\/museutapies.org\/es\/activitat\/ciclo-hoy-es-tapies\/\">Enlace al ciclo completo.<\/a><\/p>\n<p>Enlace al <a href=\"https:\/\/www.ccma.cat\/3cat\/avui-es-tapies\/\">programa de podcasts<\/a> de Catalunya R\u00e0dio.<\/p>\n","protected":false},"excerpt":{"rendered":"<p>Quinta sesi\u00f3n del ciclo, titulada &#8220;Pol\u00edtica, libertad y otras contradicciones&#8221;<\/p>\n","protected":false},"author":3,"featured_media":32962,"comment_status":"closed","ping_status":"closed","template":"","meta":{"_tribe_events_status":"","_tribe_events_status_reason":"","_tribe_events_is_hybrid":"","_tribe_events_is_virtual":"","_tribe_events_virtual_video_source":"","_tribe_events_virtual_embed_video":"","_tribe_events_virtual_linked_button_text":"","_tribe_events_virtual_linked_button":"","_tribe_events_virtual_show_embed_at":"","_tribe_events_virtual_show_embed_to":[],"_tribe_events_virtual_show_on_event":"","_tribe_events_virtual_show_on_views":"","_tribe_events_virtual_url":"","footnotes":""},"tags":[],"tribe_events_cat":[5769],"acf":[],"yoast_head":"<!-- This site is optimized with the Yoast SEO plugin v20.11 - https:\/\/yoast.com\/wordpress\/plugins\/seo\/ -->\n<title>Hoy es T\u00e0pies: Marcelo Exp\u00f3sito y Anna Pacheco - Museu T\u00e0pies<\/title>\n<meta name=\"description\" content=\"Hoy es T\u00e0pies: Marcelo Exp\u00f3sito \u2013 Anna Pacheco. Quinta sesi\u00f3n del ciclo, titulada &quot;Pol\u00edtica, libertad y otras contradicciones&quot;\" \/>\n<meta name=\"robots\" content=\"index, follow, max-snippet:-1, max-image-preview:large, max-video-preview:-1\" \/>\n<meta property=\"og:locale\" content=\"es_ES\" \/>\n<meta property=\"og:type\" content=\"article\" \/>\n<meta property=\"og:title\" content=\"Hoy es T\u00e0pies: Marcelo Exp\u00f3sito y Anna Pacheco - Museu T\u00e0pies\" \/>\n<meta property=\"og:description\" content=\"Hoy es T\u00e0pies: Marcelo Exp\u00f3sito \u2013 Anna Pacheco. Quinta sesi\u00f3n del ciclo, titulada &quot;Pol\u00edtica, libertad y otras contradicciones&quot;\" \/>\n<meta property=\"og:url\" content=\"https:\/\/museutapies.org\/es\/event\/hoy-es-tapies-marcelo-exposito-anna-pacheco\/\" \/>\n<meta property=\"og:site_name\" content=\"Museu T\u00e0pies\" \/>\n<meta property=\"article:publisher\" content=\"https:\/\/www.facebook.com\/museutapies\" \/>\n<meta property=\"article:modified_time\" content=\"2024-04-08T09:23:30+00:00\" \/>\n<meta property=\"og:image\" content=\"https:\/\/museutapies.org\/wp-content\/uploads\/2024\/01\/Exposito-Pacheco.jpg\" \/>\n\t<meta property=\"og:image:width\" content=\"1632\" \/>\n\t<meta property=\"og:image:height\" content=\"1156\" \/>\n\t<meta property=\"og:image:type\" content=\"image\/jpeg\" \/>\n<meta name=\"twitter:card\" content=\"summary_large_image\" \/>\n<meta name=\"twitter:label1\" content=\"Tiempo de lectura\" \/>\n\t<meta name=\"twitter:data1\" content=\"2 minutos\" \/>\n<script type=\"application\/ld+json\" class=\"yoast-schema-graph\">{\"@context\":\"https:\/\/schema.org\",\"@graph\":[{\"@type\":\"WebPage\",\"@id\":\"https:\/\/museutapies.org\/es\/event\/hoy-es-tapies-marcelo-exposito-anna-pacheco\/\",\"url\":\"https:\/\/museutapies.org\/es\/event\/hoy-es-tapies-marcelo-exposito-anna-pacheco\/\",\"name\":\"Hoy es T\u00e0pies: Marcelo Exp\u00f3sito y Anna Pacheco - Museu T\u00e0pies\",\"isPartOf\":{\"@id\":\"https:\/\/museutapies.org\/en\/#website\"},\"datePublished\":\"2024-03-25T10:40:09+00:00\",\"dateModified\":\"2024-04-08T09:23:30+00:00\",\"description\":\"Hoy es T\u00e0pies: Marcelo Exp\u00f3sito \u2013 Anna Pacheco. Quinta sesi\u00f3n del ciclo, titulada \\\"Pol\u00edtica, libertad y otras contradicciones\\\"\",\"breadcrumb\":{\"@id\":\"https:\/\/museutapies.org\/es\/event\/hoy-es-tapies-marcelo-exposito-anna-pacheco\/#breadcrumb\"},\"inLanguage\":\"es\",\"potentialAction\":[{\"@type\":\"ReadAction\",\"target\":[\"https:\/\/museutapies.org\/es\/event\/hoy-es-tapies-marcelo-exposito-anna-pacheco\/\"]}]},{\"@type\":\"BreadcrumbList\",\"@id\":\"https:\/\/museutapies.org\/es\/event\/hoy-es-tapies-marcelo-exposito-anna-pacheco\/#breadcrumb\",\"itemListElement\":[{\"@type\":\"ListItem\",\"position\":1,\"name\":\"Esdeveniments\",\"item\":\"https:\/\/museutapies.org\/agenda\/\"},{\"@type\":\"ListItem\",\"position\":2,\"name\":\"Hoy es T\u00e0pies: Marcelo Exp\u00f3sito y Anna Pacheco\"}]},{\"@type\":\"WebSite\",\"@id\":\"https:\/\/museutapies.org\/en\/#website\",\"url\":\"https:\/\/museutapies.org\/en\/\",\"name\":\"Museu T\u00e0pies\",\"description\":\"\",\"publisher\":{\"@id\":\"https:\/\/museutapies.org\/en\/#organization\"},\"potentialAction\":[{\"@type\":\"SearchAction\",\"target\":{\"@type\":\"EntryPoint\",\"urlTemplate\":\"https:\/\/museutapies.org\/en\/?s={search_term_string}\"},\"query-input\":\"required name=search_term_string\"}],\"inLanguage\":\"es\"},{\"@type\":\"Organization\",\"@id\":\"https:\/\/museutapies.org\/en\/#organization\",\"name\":\"Museu T\u00e0pies\",\"url\":\"https:\/\/museutapies.org\/en\/\",\"logo\":{\"@type\":\"ImageObject\",\"inLanguage\":\"es\",\"@id\":\"https:\/\/museutapies.org\/en\/#\/schema\/logo\/image\/\",\"url\":\"https:\/\/museutapies.org\/wp-content\/uploads\/2024\/07\/mta.png\",\"contentUrl\":\"https:\/\/museutapies.org\/wp-content\/uploads\/2024\/07\/mta.png\",\"width\":244,\"height\":110,\"caption\":\"Museu T\u00e0pies\"},\"image\":{\"@id\":\"https:\/\/museutapies.org\/en\/#\/schema\/logo\/image\/\"},\"sameAs\":[\"https:\/\/www.facebook.com\/museutapies\",\"https:\/\/www.instagram.com\/museutapies\/\",\"https:\/\/www.youtube.com\/channel\/UCPi65HBb48RMeoa12lR51cQ\",\"https:\/\/x.com\/MuseuTapies\"]}]}<\/script>\n<!-- \/ Yoast SEO plugin. -->","yoast_head_json":{"title":"Hoy es T\u00e0pies: Marcelo Exp\u00f3sito y Anna Pacheco - Museu T\u00e0pies","description":"Hoy es T\u00e0pies: Marcelo Exp\u00f3sito \u2013 Anna Pacheco. Quinta sesi\u00f3n del ciclo, titulada \"Pol\u00edtica, libertad y otras contradicciones\"","robots":{"index":"index","follow":"follow","max-snippet":"max-snippet:-1","max-image-preview":"max-image-preview:large","max-video-preview":"max-video-preview:-1"},"og_locale":"es_ES","og_type":"article","og_title":"Hoy es T\u00e0pies: Marcelo Exp\u00f3sito y Anna Pacheco - Museu T\u00e0pies","og_description":"Hoy es T\u00e0pies: Marcelo Exp\u00f3sito \u2013 Anna Pacheco. Quinta sesi\u00f3n del ciclo, titulada \"Pol\u00edtica, libertad y otras contradicciones\"","og_url":"https:\/\/museutapies.org\/es\/event\/hoy-es-tapies-marcelo-exposito-anna-pacheco\/","og_site_name":"Museu T\u00e0pies","article_publisher":"https:\/\/www.facebook.com\/museutapies","article_modified_time":"2024-04-08T09:23:30+00:00","og_image":[{"width":1632,"height":1156,"url":"https:\/\/museutapies.org\/wp-content\/uploads\/2024\/01\/Exposito-Pacheco.jpg","type":"image\/jpeg"}],"twitter_card":"summary_large_image","twitter_misc":{"Tiempo de lectura":"2 minutos"},"schema":{"@context":"https:\/\/schema.org","@graph":[{"@type":"WebPage","@id":"https:\/\/museutapies.org\/es\/event\/hoy-es-tapies-marcelo-exposito-anna-pacheco\/","url":"https:\/\/museutapies.org\/es\/event\/hoy-es-tapies-marcelo-exposito-anna-pacheco\/","name":"Hoy es T\u00e0pies: Marcelo Exp\u00f3sito y Anna Pacheco - Museu T\u00e0pies","isPartOf":{"@id":"https:\/\/museutapies.org\/en\/#website"},"datePublished":"2024-03-25T10:40:09+00:00","dateModified":"2024-04-08T09:23:30+00:00","description":"Hoy es T\u00e0pies: Marcelo Exp\u00f3sito \u2013 Anna Pacheco. Quinta sesi\u00f3n del ciclo, titulada \"Pol\u00edtica, libertad y otras contradicciones\"","breadcrumb":{"@id":"https:\/\/museutapies.org\/es\/event\/hoy-es-tapies-marcelo-exposito-anna-pacheco\/#breadcrumb"},"inLanguage":"es","potentialAction":[{"@type":"ReadAction","target":["https:\/\/museutapies.org\/es\/event\/hoy-es-tapies-marcelo-exposito-anna-pacheco\/"]}]},{"@type":"BreadcrumbList","@id":"https:\/\/museutapies.org\/es\/event\/hoy-es-tapies-marcelo-exposito-anna-pacheco\/#breadcrumb","itemListElement":[{"@type":"ListItem","position":1,"name":"Esdeveniments","item":"https:\/\/museutapies.org\/agenda\/"},{"@type":"ListItem","position":2,"name":"Hoy es T\u00e0pies: Marcelo Exp\u00f3sito y Anna Pacheco"}]},{"@type":"WebSite","@id":"https:\/\/museutapies.org\/en\/#website","url":"https:\/\/museutapies.org\/en\/","name":"Museu T\u00e0pies","description":"","publisher":{"@id":"https:\/\/museutapies.org\/en\/#organization"},"potentialAction":[{"@type":"SearchAction","target":{"@type":"EntryPoint","urlTemplate":"https:\/\/museutapies.org\/en\/?s={search_term_string}"},"query-input":"required name=search_term_string"}],"inLanguage":"es"},{"@type":"Organization","@id":"https:\/\/museutapies.org\/en\/#organization","name":"Museu T\u00e0pies","url":"https:\/\/museutapies.org\/en\/","logo":{"@type":"ImageObject","inLanguage":"es","@id":"https:\/\/museutapies.org\/en\/#\/schema\/logo\/image\/","url":"https:\/\/museutapies.org\/wp-content\/uploads\/2024\/07\/mta.png","contentUrl":"https:\/\/museutapies.org\/wp-content\/uploads\/2024\/07\/mta.png","width":244,"height":110,"caption":"Museu T\u00e0pies"},"image":{"@id":"https:\/\/museutapies.org\/en\/#\/schema\/logo\/image\/"},"sameAs":["https:\/\/www.facebook.com\/museutapies","https:\/\/www.instagram.com\/museutapies\/","https:\/\/www.youtube.com\/channel\/UCPi65HBb48RMeoa12lR51cQ","https:\/\/x.com\/MuseuTapies"]}]}},"_links":{"self":[{"href":"https:\/\/museutapies.org\/es\/wp-json\/wp\/v2\/tribe_events\/32784"}],"collection":[{"href":"https:\/\/museutapies.org\/es\/wp-json\/wp\/v2\/tribe_events"}],"about":[{"href":"https:\/\/museutapies.org\/es\/wp-json\/wp\/v2\/types\/tribe_events"}],"author":[{"embeddable":true,"href":"https:\/\/museutapies.org\/es\/wp-json\/wp\/v2\/users\/3"}],"replies":[{"embeddable":true,"href":"https:\/\/museutapies.org\/es\/wp-json\/wp\/v2\/comments?post=32784"}],"version-history":[{"count":7,"href":"https:\/\/museutapies.org\/es\/wp-json\/wp\/v2\/tribe_events\/32784\/revisions"}],"predecessor-version":[{"id":33257,"href":"https:\/\/museutapies.org\/es\/wp-json\/wp\/v2\/tribe_events\/32784\/revisions\/33257"}],"wp:featuredmedia":[{"embeddable":true,"href":"https:\/\/museutapies.org\/es\/wp-json\/wp\/v2\/media\/32962"}],"wp:attachment":[{"href":"https:\/\/museutapies.org\/es\/wp-json\/wp\/v2\/media?parent=32784"}],"wp:term":[{"taxonomy":"post_tag","embeddable":true,"href":"https:\/\/museutapies.org\/es\/wp-json\/wp\/v2\/tags?post=32784"},{"taxonomy":"tribe_events_cat","embeddable":true,"href":"https:\/\/museutapies.org\/es\/wp-json\/wp\/v2\/tribe_events_cat?post=32784"}],"curies":[{"name":"wp","href":"https:\/\/api.w.org\/{rel}","templated":true}]}}