{"id":32995,"date":"2024-03-27T11:42:47","date_gmt":"2024-03-27T11:42:47","guid":{"rendered":"https:\/\/museutapies.org\/?post_type=tribe_events&#038;p=32995"},"modified":"2024-06-06T17:20:05","modified_gmt":"2024-06-06T15:20:05","slug":"hoy-es-tapies-eugenia-balcells-pilar-bonet","status":"publish","type":"tribe_events","link":"https:\/\/museutapies.org\/es\/event\/hoy-es-tapies-eugenia-balcells-pilar-bonet\/","title":{"rendered":"Hoy es T\u00e0pies: Eug\u00e8nia Balcells &#8211; Pilar Bonet"},"content":{"rendered":"<div class=\"load-turitop\" data-service=\"P85\" data-lang=\"es\" data-embed=\"button\">Entradas<\/div>\n<p>&nbsp;<\/p>\n<p><img loading=\"lazy\" decoding=\"async\" class=\"alignnone size-full wp-image-34114\" src=\"https:\/\/museutapies.org\/wp-content\/uploads\/2024\/01\/Balcells-Bonet-1-800x610-1.jpg\" alt=\"\" width=\"800\" height=\"610\" srcset=\"https:\/\/museutapies.org\/wp-content\/uploads\/2024\/01\/Balcells-Bonet-1-800x610-1.jpg 800w, https:\/\/museutapies.org\/wp-content\/uploads\/2024\/01\/Balcells-Bonet-1-800x610-1-768x586.jpg 768w, https:\/\/museutapies.org\/wp-content\/uploads\/2024\/01\/Balcells-Bonet-1-800x610-1-500x381.jpg 500w, https:\/\/museutapies.org\/wp-content\/uploads\/2024\/01\/Balcells-Bonet-1-800x610-1-380x290.jpg 380w, https:\/\/museutapies.org\/wp-content\/uploads\/2024\/01\/Balcells-Bonet-1-800x610-1-600x458.jpg 600w\" sizes=\"(max-width: 800px) 100vw, 800px\" \/><\/p>\n<p>&nbsp;<\/p>\n<p><a href=\"https:\/\/museutapies.org\/es\/activitat\/ciclo-hoy-es-tapies\/\"><em>Hoy es T\u00e0pies<\/em><\/a> es un ciclo de conversaciones intergeneracional e interdisciplinario conducido y moderado por la periodista cultural Rita Roig (Terrassa, 1997) y organizado por la Fundaci\u00f3 Antoni T\u00e0pies en el marco del A\u00f1o T\u00e0pies. Tiene la voluntad de interpretar los textos del artista como punto de partida para hablar sobre problem\u00e1ticas actuales como el ecologismo, la autodeterminaci\u00f3n de los pueblos, la interculturalidad o el compromiso pol\u00edtico del arte.<\/p>\n<p>El ciclo invitar\u00e1 a hacer presentes las palabras y el pensamiento del artista por medio de trece encuentros en la Fundaci\u00f3 Antoni T\u00e0pies en los que participar\u00e1n personas de \u00e1mbitos profesionales diferentes (cultura, educaci\u00f3n, ciencia, pol\u00edtica, medio ambiente, salud y ciencias humanas) y de diferentes generaciones. El conjunto permitir\u00e1 construir un relato polif\u00f3nico que quedar\u00e1 recogido en forma de p\u00f3dcast, gracias a la colaboraci\u00f3n de Catalunya R\u00e0dio, con tal de recuperar y vivir el conocimiento generado en otro formato y en otro contexto.<\/p>\n<p><strong>\u00a0<\/strong><\/p>\n<p><strong>Cap\u00edtulo 7. Hacia una espiritualidad emancipadora<\/strong><\/p>\n<p>En sus escritos, Antoni T\u00e0pies habla a menudo de espiritualidad. Frente a la idea de que la modernidad acabar\u00eda por liberarnos de la fe y de las creencias religiosas, el artista defend\u00eda que el progreso espiritual ten\u00eda que ir del brazo de los adelantos cient\u00edficos, tecnol\u00f3gicos y pol\u00edticos del momento. En ese progreso, T\u00e0pies cre\u00eda que los creadores jugar\u00edan un papel destacado. Recuperando una idea de Paul Klee seg\u00fan la cual el artista es \u201cun intermediario, un transmisor de la naturaleza\u201d, T\u00e0pies alegaba que a los creadores les tocar\u00eda ser transmisores de una espiritualidad que se adaptara a los nuevos tiempos. En esta conversaci\u00f3n, Eug\u00e8nia Balcells y Pilar Bonet abordar\u00e1n el binomio arte-espiritualidad, una relaci\u00f3n que ha existido desde el inicio de los tiempos y que nos ha dejado ejemplos que demuestran c\u00f3mo la creaci\u00f3n ha sido una v\u00eda de transmisi\u00f3n de los saberes del m\u00e1s all\u00e1 o de conocimiento de lo intangible.<\/p>\n<p><strong>\u00a0<\/strong><\/p>\n<p><strong>PARTICIPANTES<\/strong><\/p>\n<p><strong>Eug\u00e8nia Balcells<\/strong> es una artista pionera de la creaci\u00f3n audiovisual catalana. Inici\u00f3 su carrera art\u00edstica en los a\u00f1os setenta entre Nueva York y Barcelona en el contexto del arte conceptual y su pr\u00e1ctica ha situado la luz como eje central. Sus v\u00eddeos, pel\u00edculas, instalaciones lum\u00ednicas, performances y murales han sido expuestos en festivales y museos del mundo entero.<\/p>\n<p>&nbsp;<\/p>\n<p><strong>Pilar Bonet<\/strong> es profesora universitaria, cr\u00edtica de arte y curadora. Investiga sobre el feminismo y las espiritualidades emancipadoras, en especial sobre las aportaciones de autoras visionarias europeas nacidas antes de 1950, lo que la ha llevado a iniciar un nuevo espacio cr\u00edtico sobre la creaci\u00f3n gr\u00e1fica, textil y literaria de mujeres liminares en la historia del arte desde una perspectiva feminista, entre ellas la catalana Josefa Tolr\u00e0 (1880-1959) y la aragonesa Julia Aguilar (1899-1979). Es presidenta de la Asociaci\u00f3n Josefa Tolr\u00e0 y directora del grupo de investigaci\u00f3n Visionary Women Art.<\/p>\n<p><strong>\u00a0<\/strong><\/p>\n<p><a href=\"https:\/\/museutapies.org\/es\/activitat\/ciclo-hoy-es-tapies\/\">Enlace al ciclo completo.<\/a><\/p>\n<p>Enlace al <a href=\"https:\/\/www.ccma.cat\/3cat\/avui-es-tapies\/\">programa de podcasts<\/a> de Catalunya R\u00e0dio.<\/p>\n<p>&nbsp;<\/p>\n","protected":false},"excerpt":{"rendered":"<p>S\u00e9ptima sesi\u00f3n del ciclo, titulada &#8220;Hacia una espiritualidad emancipadora&#8221;<\/p>\n","protected":false},"author":3,"featured_media":34114,"comment_status":"closed","ping_status":"closed","template":"","meta":{"_tribe_events_status":"","_tribe_events_status_reason":"","_tribe_events_is_hybrid":"","_tribe_events_is_virtual":"","_tribe_events_virtual_video_source":"","_tribe_events_virtual_embed_video":"","_tribe_events_virtual_linked_button_text":"","_tribe_events_virtual_linked_button":"","_tribe_events_virtual_show_embed_at":"","_tribe_events_virtual_show_embed_to":[],"_tribe_events_virtual_show_on_event":"","_tribe_events_virtual_show_on_views":"","_tribe_events_virtual_url":"","footnotes":""},"tags":[],"tribe_events_cat":[5769],"acf":[],"yoast_head":"<!-- This site is optimized with the Yoast SEO plugin v20.11 - https:\/\/yoast.com\/wordpress\/plugins\/seo\/ -->\n<title>Hoy es T\u00e0pies: Eug\u00e8nia Balcells - Pilar Bonet - Museu T\u00e0pies<\/title>\n<meta name=\"description\" content=\"Hoy es T\u00e0pies: Eug\u00e8nia Balcells - Pilar Bonet. S\u00e9ptima sesi\u00f3n del ciclo, titulada &quot;Hacia una espiritualidad emancipadora&quot;\" \/>\n<meta name=\"robots\" content=\"index, follow, max-snippet:-1, max-image-preview:large, max-video-preview:-1\" \/>\n<meta property=\"og:locale\" content=\"es_ES\" \/>\n<meta property=\"og:type\" content=\"article\" \/>\n<meta property=\"og:title\" content=\"Hoy es T\u00e0pies: Eug\u00e8nia Balcells - Pilar Bonet - Museu T\u00e0pies\" \/>\n<meta property=\"og:description\" content=\"Hoy es T\u00e0pies: Eug\u00e8nia Balcells - Pilar Bonet. S\u00e9ptima sesi\u00f3n del ciclo, titulada &quot;Hacia una espiritualidad emancipadora&quot;\" \/>\n<meta property=\"og:url\" content=\"https:\/\/museutapies.org\/es\/event\/hoy-es-tapies-eugenia-balcells-pilar-bonet\/\" \/>\n<meta property=\"og:site_name\" content=\"Museu T\u00e0pies\" \/>\n<meta property=\"article:publisher\" content=\"https:\/\/www.facebook.com\/museutapies\" \/>\n<meta property=\"article:modified_time\" content=\"2024-06-06T15:20:05+00:00\" \/>\n<meta property=\"og:image\" content=\"https:\/\/museutapies.org\/wp-content\/uploads\/2024\/01\/Balcells-Bonet-1-800x610-1.jpg\" \/>\n\t<meta property=\"og:image:width\" content=\"800\" \/>\n\t<meta property=\"og:image:height\" content=\"610\" \/>\n\t<meta property=\"og:image:type\" content=\"image\/jpeg\" \/>\n<meta name=\"twitter:card\" content=\"summary_large_image\" \/>\n<meta name=\"twitter:label1\" content=\"Tiempo de lectura\" \/>\n\t<meta name=\"twitter:data1\" content=\"3 minutos\" \/>\n<script type=\"application\/ld+json\" class=\"yoast-schema-graph\">{\"@context\":\"https:\/\/schema.org\",\"@graph\":[{\"@type\":\"WebPage\",\"@id\":\"https:\/\/museutapies.org\/es\/event\/hoy-es-tapies-eugenia-balcells-pilar-bonet\/\",\"url\":\"https:\/\/museutapies.org\/es\/event\/hoy-es-tapies-eugenia-balcells-pilar-bonet\/\",\"name\":\"Hoy es T\u00e0pies: Eug\u00e8nia Balcells - Pilar Bonet - Museu T\u00e0pies\",\"isPartOf\":{\"@id\":\"https:\/\/museutapies.org\/en\/#website\"},\"datePublished\":\"2024-03-27T11:42:47+00:00\",\"dateModified\":\"2024-06-06T15:20:05+00:00\",\"description\":\"Hoy es T\u00e0pies: Eug\u00e8nia Balcells - Pilar Bonet. S\u00e9ptima sesi\u00f3n del ciclo, titulada \\\"Hacia una espiritualidad emancipadora\\\"\",\"breadcrumb\":{\"@id\":\"https:\/\/museutapies.org\/es\/event\/hoy-es-tapies-eugenia-balcells-pilar-bonet\/#breadcrumb\"},\"inLanguage\":\"es\",\"potentialAction\":[{\"@type\":\"ReadAction\",\"target\":[\"https:\/\/museutapies.org\/es\/event\/hoy-es-tapies-eugenia-balcells-pilar-bonet\/\"]}]},{\"@type\":\"BreadcrumbList\",\"@id\":\"https:\/\/museutapies.org\/es\/event\/hoy-es-tapies-eugenia-balcells-pilar-bonet\/#breadcrumb\",\"itemListElement\":[{\"@type\":\"ListItem\",\"position\":1,\"name\":\"Esdeveniments\",\"item\":\"https:\/\/museutapies.org\/agenda\/\"},{\"@type\":\"ListItem\",\"position\":2,\"name\":\"Hoy es T\u00e0pies: Eug\u00e8nia Balcells &#8211; Pilar Bonet\"}]},{\"@type\":\"WebSite\",\"@id\":\"https:\/\/museutapies.org\/en\/#website\",\"url\":\"https:\/\/museutapies.org\/en\/\",\"name\":\"Museu T\u00e0pies\",\"description\":\"\",\"publisher\":{\"@id\":\"https:\/\/museutapies.org\/en\/#organization\"},\"potentialAction\":[{\"@type\":\"SearchAction\",\"target\":{\"@type\":\"EntryPoint\",\"urlTemplate\":\"https:\/\/museutapies.org\/en\/?s={search_term_string}\"},\"query-input\":\"required name=search_term_string\"}],\"inLanguage\":\"es\"},{\"@type\":\"Organization\",\"@id\":\"https:\/\/museutapies.org\/en\/#organization\",\"name\":\"Museu T\u00e0pies\",\"url\":\"https:\/\/museutapies.org\/en\/\",\"logo\":{\"@type\":\"ImageObject\",\"inLanguage\":\"es\",\"@id\":\"https:\/\/museutapies.org\/en\/#\/schema\/logo\/image\/\",\"url\":\"https:\/\/museutapies.org\/wp-content\/uploads\/2024\/07\/mta.png\",\"contentUrl\":\"https:\/\/museutapies.org\/wp-content\/uploads\/2024\/07\/mta.png\",\"width\":244,\"height\":110,\"caption\":\"Museu T\u00e0pies\"},\"image\":{\"@id\":\"https:\/\/museutapies.org\/en\/#\/schema\/logo\/image\/\"},\"sameAs\":[\"https:\/\/www.facebook.com\/museutapies\",\"https:\/\/www.instagram.com\/museutapies\/\",\"https:\/\/www.youtube.com\/channel\/UCPi65HBb48RMeoa12lR51cQ\",\"https:\/\/x.com\/MuseuTapies\"]}]}<\/script>\n<!-- \/ Yoast SEO plugin. -->","yoast_head_json":{"title":"Hoy es T\u00e0pies: Eug\u00e8nia Balcells - Pilar Bonet - Museu T\u00e0pies","description":"Hoy es T\u00e0pies: Eug\u00e8nia Balcells - Pilar Bonet. S\u00e9ptima sesi\u00f3n del ciclo, titulada \"Hacia una espiritualidad emancipadora\"","robots":{"index":"index","follow":"follow","max-snippet":"max-snippet:-1","max-image-preview":"max-image-preview:large","max-video-preview":"max-video-preview:-1"},"og_locale":"es_ES","og_type":"article","og_title":"Hoy es T\u00e0pies: Eug\u00e8nia Balcells - Pilar Bonet - Museu T\u00e0pies","og_description":"Hoy es T\u00e0pies: Eug\u00e8nia Balcells - Pilar Bonet. S\u00e9ptima sesi\u00f3n del ciclo, titulada \"Hacia una espiritualidad emancipadora\"","og_url":"https:\/\/museutapies.org\/es\/event\/hoy-es-tapies-eugenia-balcells-pilar-bonet\/","og_site_name":"Museu T\u00e0pies","article_publisher":"https:\/\/www.facebook.com\/museutapies","article_modified_time":"2024-06-06T15:20:05+00:00","og_image":[{"width":800,"height":610,"url":"https:\/\/museutapies.org\/wp-content\/uploads\/2024\/01\/Balcells-Bonet-1-800x610-1.jpg","type":"image\/jpeg"}],"twitter_card":"summary_large_image","twitter_misc":{"Tiempo de lectura":"3 minutos"},"schema":{"@context":"https:\/\/schema.org","@graph":[{"@type":"WebPage","@id":"https:\/\/museutapies.org\/es\/event\/hoy-es-tapies-eugenia-balcells-pilar-bonet\/","url":"https:\/\/museutapies.org\/es\/event\/hoy-es-tapies-eugenia-balcells-pilar-bonet\/","name":"Hoy es T\u00e0pies: Eug\u00e8nia Balcells - Pilar Bonet - Museu T\u00e0pies","isPartOf":{"@id":"https:\/\/museutapies.org\/en\/#website"},"datePublished":"2024-03-27T11:42:47+00:00","dateModified":"2024-06-06T15:20:05+00:00","description":"Hoy es T\u00e0pies: Eug\u00e8nia Balcells - Pilar Bonet. S\u00e9ptima sesi\u00f3n del ciclo, titulada \"Hacia una espiritualidad emancipadora\"","breadcrumb":{"@id":"https:\/\/museutapies.org\/es\/event\/hoy-es-tapies-eugenia-balcells-pilar-bonet\/#breadcrumb"},"inLanguage":"es","potentialAction":[{"@type":"ReadAction","target":["https:\/\/museutapies.org\/es\/event\/hoy-es-tapies-eugenia-balcells-pilar-bonet\/"]}]},{"@type":"BreadcrumbList","@id":"https:\/\/museutapies.org\/es\/event\/hoy-es-tapies-eugenia-balcells-pilar-bonet\/#breadcrumb","itemListElement":[{"@type":"ListItem","position":1,"name":"Esdeveniments","item":"https:\/\/museutapies.org\/agenda\/"},{"@type":"ListItem","position":2,"name":"Hoy es T\u00e0pies: Eug\u00e8nia Balcells &#8211; Pilar Bonet"}]},{"@type":"WebSite","@id":"https:\/\/museutapies.org\/en\/#website","url":"https:\/\/museutapies.org\/en\/","name":"Museu T\u00e0pies","description":"","publisher":{"@id":"https:\/\/museutapies.org\/en\/#organization"},"potentialAction":[{"@type":"SearchAction","target":{"@type":"EntryPoint","urlTemplate":"https:\/\/museutapies.org\/en\/?s={search_term_string}"},"query-input":"required name=search_term_string"}],"inLanguage":"es"},{"@type":"Organization","@id":"https:\/\/museutapies.org\/en\/#organization","name":"Museu T\u00e0pies","url":"https:\/\/museutapies.org\/en\/","logo":{"@type":"ImageObject","inLanguage":"es","@id":"https:\/\/museutapies.org\/en\/#\/schema\/logo\/image\/","url":"https:\/\/museutapies.org\/wp-content\/uploads\/2024\/07\/mta.png","contentUrl":"https:\/\/museutapies.org\/wp-content\/uploads\/2024\/07\/mta.png","width":244,"height":110,"caption":"Museu T\u00e0pies"},"image":{"@id":"https:\/\/museutapies.org\/en\/#\/schema\/logo\/image\/"},"sameAs":["https:\/\/www.facebook.com\/museutapies","https:\/\/www.instagram.com\/museutapies\/","https:\/\/www.youtube.com\/channel\/UCPi65HBb48RMeoa12lR51cQ","https:\/\/x.com\/MuseuTapies"]}]}},"_links":{"self":[{"href":"https:\/\/museutapies.org\/es\/wp-json\/wp\/v2\/tribe_events\/32995"}],"collection":[{"href":"https:\/\/museutapies.org\/es\/wp-json\/wp\/v2\/tribe_events"}],"about":[{"href":"https:\/\/museutapies.org\/es\/wp-json\/wp\/v2\/types\/tribe_events"}],"author":[{"embeddable":true,"href":"https:\/\/museutapies.org\/es\/wp-json\/wp\/v2\/users\/3"}],"replies":[{"embeddable":true,"href":"https:\/\/museutapies.org\/es\/wp-json\/wp\/v2\/comments?post=32995"}],"version-history":[{"count":5,"href":"https:\/\/museutapies.org\/es\/wp-json\/wp\/v2\/tribe_events\/32995\/revisions"}],"predecessor-version":[{"id":34117,"href":"https:\/\/museutapies.org\/es\/wp-json\/wp\/v2\/tribe_events\/32995\/revisions\/34117"}],"wp:featuredmedia":[{"embeddable":true,"href":"https:\/\/museutapies.org\/es\/wp-json\/wp\/v2\/media\/34114"}],"wp:attachment":[{"href":"https:\/\/museutapies.org\/es\/wp-json\/wp\/v2\/media?parent=32995"}],"wp:term":[{"taxonomy":"post_tag","embeddable":true,"href":"https:\/\/museutapies.org\/es\/wp-json\/wp\/v2\/tags?post=32995"},{"taxonomy":"tribe_events_cat","embeddable":true,"href":"https:\/\/museutapies.org\/es\/wp-json\/wp\/v2\/tribe_events_cat?post=32995"}],"curies":[{"name":"wp","href":"https:\/\/api.w.org\/{rel}","templated":true}]}}