{"id":33370,"date":"2024-04-22T16:38:04","date_gmt":"2024-04-22T14:38:04","guid":{"rendered":"https:\/\/museutapies.org\/?post_type=tribe_events&#038;p=33370"},"modified":"2024-05-02T16:45:39","modified_gmt":"2024-05-02T14:45:39","slug":"las-sillas-de-tapies-joana-gomila","status":"publish","type":"tribe_events","link":"https:\/\/museutapies.org\/es\/event\/las-sillas-de-tapies-joana-gomila\/","title":{"rendered":"Las sillas de T\u00e0pies. Joana Gomila"},"content":{"rendered":"<div class=\"load-turitop\" data-service=\"P98\" data-lang=\"es\" data-embed=\"button\">Entradas<\/div>\n<p>&nbsp;<\/p>\n<p><img loading=\"lazy\" decoding=\"async\" class=\"alignnone size-medium wp-image-33368\" src=\"https:\/\/museutapies.org\/wp-content\/uploads\/2024\/01\/Joana-Gomila-b-800x533.jpg\" alt=\"\" width=\"800\" height=\"533\" srcset=\"https:\/\/museutapies.org\/wp-content\/uploads\/2024\/01\/Joana-Gomila-b-800x533.jpg 800w, https:\/\/museutapies.org\/wp-content\/uploads\/2024\/01\/Joana-Gomila-b-900x600.jpg 900w, https:\/\/museutapies.org\/wp-content\/uploads\/2024\/01\/Joana-Gomila-b-768x512.jpg 768w, https:\/\/museutapies.org\/wp-content\/uploads\/2024\/01\/Joana-Gomila-b-1536x1024.jpg 1536w, https:\/\/museutapies.org\/wp-content\/uploads\/2024\/01\/Joana-Gomila-b-500x333.jpg 500w, https:\/\/museutapies.org\/wp-content\/uploads\/2024\/01\/Joana-Gomila-b-380x253.jpg 380w, https:\/\/museutapies.org\/wp-content\/uploads\/2024\/01\/Joana-Gomila-b-600x400.jpg 600w, https:\/\/museutapies.org\/wp-content\/uploads\/2024\/01\/Joana-Gomila-b.jpg 2040w\" sizes=\"(max-width: 800px) 100vw, 800px\" \/><\/p>\n<p>&nbsp;<\/p>\n<p><a href=\"https:\/\/museutapies.org\/es\/activitat\/las-sillas-de-tapies\/\"><em>Las sillas de T\u00e0pies<\/em><\/a> es un ciclo de acciones sonoras de car\u00e1cter multidisciplinar organizado en el marco del <a href=\"https:\/\/museutapies.org\/es\/any-tapies\/\">A\u00f1o T\u00e0pies<\/a> con la colaboraci\u00f3n de la Universitat Pompeu Fabra. Se trata de una propuesta para hacer un acompa\u00f1amiento sonoro a la memoria oral. As\u00ed pues, cada una de las trece sesiones contar\u00e1 con la presencia de un creador que partir\u00e1 de la silla como elemento performativo para reconectar con el universo creativo del artista desde los lenguajes expresivos y las puestas en escena de hoy.<\/p>\n<p>La sexta silla de T\u00e0pies es <em>O\u00efm I<\/em> de Joana Gomila. En los \u00faltimos meses Gomila ha deambulado con un micr\u00f3fono de construcci\u00f3n artesanal (colocado sobre una cabeza de corcho), un guitarrillo, una silla y la versi\u00f3n del <em>Tao Te Ching <\/em>que realiz\u00f3 Ursula K. Le Guin. Ha buscado lugares que le fueran refugio. Al principio fueron iglesias o capillas. Durant el camino ha encontrado abrigo en jardines, calas, cuevas y sementeras. El prop\u00f3sito del camino era el de leer un poema del Tao y hacer una improvisaci\u00f3n-meditaci\u00f3n vocal que la hiciese ser toda una durante diez minutos en cada cobijo. Luego ha hecho una selecci\u00f3n del material que ha brotado, que es la base de esta instalaci\u00f3n viva que propone mostrar en la Fundaci\u00f3 Antoni T\u00e0pies. <em>O\u00efm<\/em> significa poner atenci\u00f3n en lo que percibimos con las orejas. <em>O\u00efm<\/em> es escucchar activamente y con voluntad. <em>O\u00efm<\/em> es implicarnos en el que nos rodea.<\/p>\n<p>&nbsp;<\/p>\n<p><strong>Joana Gomila<\/strong> es m\u00fasico, cantante, compositora y codirectora del centro de creaci\u00f3n Suralita. En sus proyectos discogr\u00e1ficos <em>Folk Souvenir<\/em>, <em>Parad\u00eds<\/em> y\u00a0<em>Aix\u00ed De\u00e7\u00e0<\/em> (los dos \u00faltimos con Laia Vall\u00e9s), el material sensible de la tradici\u00f3n ha sidoel motor inspirador, junto con la improvisaci\u00f3n, la experimentaci\u00f3n y el pensamiento como actitud vital y musical. Ha recibido el premio Altaveu en 2020, el Ciutat de Palma en 2017 (<em>Folk Souvenir<\/em>) y en 2020 (<em>Parad\u00eds<\/em>), el premio Enderrock de la cr\u00edtica en 2020 (<em>Parad\u00eds<\/em>) y el Bartomeu Rossell\u00f3-P\u00f2rcel de la OCB en 2018.<\/p>\n<p>Desde 2012 ha creado m\u00fasica y el espacio sonoro de numerosos espect\u00e1culos y documentales. Ha trabajado con Lali Ayguad\u00e9, Andr\u00e9s Lima, Els Escarlata, Hotel iocandi, Mariant\u00f2nia Oliver y Cesc Mulet, entre otros. Ha colaborado c\u00f3n m\u00fasicos como Joan Miquel Oliver, James Acaster, Miquel Serra, Iago Aguado, Marcel\u00b7l\u00ed Bayer, Toni Vaquer, Celeste Al\u00edas y Anna Subirana.<\/p>\n<p>&#8220;Soy una persona inquieta, soy m\u00fasico y mis obsesiones experimentales conectan con mi amor per las m\u00fasicas populares y los archivos sonoros, algo que tengo la suerte de buscar y rebuscar con el d\u00fao que tenemos con Laia Vall\u00e8s. Tambi\u00e9n tengo un v\u00ednculo y un amor muy grande con las artes esc\u00e9nicas y a menudo compongo m\u00fasicas para danza, circo, cine u otros lenguajes sin clasificar. Necesito so\u00f1ar y disparar futuros con la gente que tengo cerca y tener un flujo humano que me menee el esp\u00edritu constantemente.&#8221;<\/p>\n<p align=\"left\">\n","protected":false},"excerpt":{"rendered":"<p>La sexta edici\u00f3n del ciclo &#8220;Las sillas de T\u00e0pies&#8221;, titulada &#8220;O\u00efm I&#8221;, es una propuesta de Joana Gomila<\/p>\n","protected":false},"author":3,"featured_media":33368,"comment_status":"closed","ping_status":"closed","template":"","meta":{"_tribe_events_status":"","_tribe_events_status_reason":"","_tribe_events_is_hybrid":"","_tribe_events_is_virtual":"","_tribe_events_virtual_video_source":"","_tribe_events_virtual_embed_video":"","_tribe_events_virtual_linked_button_text":"","_tribe_events_virtual_linked_button":"","_tribe_events_virtual_show_embed_at":"","_tribe_events_virtual_show_embed_to":[],"_tribe_events_virtual_show_on_event":"","_tribe_events_virtual_show_on_views":"","_tribe_events_virtual_url":"","footnotes":""},"tags":[],"tribe_events_cat":[5769],"acf":[],"yoast_head":"<!-- This site is optimized with the Yoast SEO plugin v20.11 - https:\/\/yoast.com\/wordpress\/plugins\/seo\/ -->\n<title>Las sillas de T\u00e0pies. Joana Gomila - Museu T\u00e0pies<\/title>\n<meta name=\"description\" content=\"La sexta edici\u00f3n del ciclo &quot;Las sillas de T\u00e0pies&quot;, titulada &quot;O\u00efm I&quot;, es una propuesta de Joana Gomila\" \/>\n<meta name=\"robots\" content=\"index, follow, max-snippet:-1, max-image-preview:large, max-video-preview:-1\" \/>\n<meta property=\"og:locale\" content=\"es_ES\" \/>\n<meta property=\"og:type\" content=\"article\" \/>\n<meta property=\"og:title\" content=\"Las sillas de T\u00e0pies. Joana Gomila - Museu T\u00e0pies\" \/>\n<meta property=\"og:description\" content=\"La sexta edici\u00f3n del ciclo &quot;Las sillas de T\u00e0pies&quot;, titulada &quot;O\u00efm I&quot;, es una propuesta de Joana Gomila\" \/>\n<meta property=\"og:url\" content=\"https:\/\/museutapies.org\/es\/event\/las-sillas-de-tapies-joana-gomila\/\" \/>\n<meta property=\"og:site_name\" content=\"Museu T\u00e0pies\" \/>\n<meta property=\"article:publisher\" content=\"https:\/\/www.facebook.com\/museutapies\" \/>\n<meta property=\"article:modified_time\" content=\"2024-05-02T14:45:39+00:00\" \/>\n<meta property=\"og:image\" content=\"https:\/\/museutapies.org\/wp-content\/uploads\/2024\/01\/Joana-Gomila-b.jpg\" \/>\n\t<meta property=\"og:image:width\" content=\"2040\" \/>\n\t<meta property=\"og:image:height\" content=\"1360\" \/>\n\t<meta property=\"og:image:type\" content=\"image\/jpeg\" \/>\n<meta name=\"twitter:card\" content=\"summary_large_image\" \/>\n<meta name=\"twitter:label1\" content=\"Tiempo de lectura\" \/>\n\t<meta name=\"twitter:data1\" content=\"3 minutos\" \/>\n<script type=\"application\/ld+json\" class=\"yoast-schema-graph\">{\"@context\":\"https:\/\/schema.org\",\"@graph\":[{\"@type\":\"WebPage\",\"@id\":\"https:\/\/museutapies.org\/es\/event\/las-sillas-de-tapies-joana-gomila\/\",\"url\":\"https:\/\/museutapies.org\/es\/event\/las-sillas-de-tapies-joana-gomila\/\",\"name\":\"Las sillas de T\u00e0pies. Joana Gomila - Museu T\u00e0pies\",\"isPartOf\":{\"@id\":\"https:\/\/museutapies.org\/en\/#website\"},\"datePublished\":\"2024-04-22T14:38:04+00:00\",\"dateModified\":\"2024-05-02T14:45:39+00:00\",\"description\":\"La sexta edici\u00f3n del ciclo \\\"Las sillas de T\u00e0pies\\\", titulada \\\"O\u00efm I\\\", es una propuesta de Joana Gomila\",\"breadcrumb\":{\"@id\":\"https:\/\/museutapies.org\/es\/event\/las-sillas-de-tapies-joana-gomila\/#breadcrumb\"},\"inLanguage\":\"es\",\"potentialAction\":[{\"@type\":\"ReadAction\",\"target\":[\"https:\/\/museutapies.org\/es\/event\/las-sillas-de-tapies-joana-gomila\/\"]}]},{\"@type\":\"BreadcrumbList\",\"@id\":\"https:\/\/museutapies.org\/es\/event\/las-sillas-de-tapies-joana-gomila\/#breadcrumb\",\"itemListElement\":[{\"@type\":\"ListItem\",\"position\":1,\"name\":\"Esdeveniments\",\"item\":\"https:\/\/museutapies.org\/agenda\/\"},{\"@type\":\"ListItem\",\"position\":2,\"name\":\"Las sillas de T\u00e0pies. Joana Gomila\"}]},{\"@type\":\"WebSite\",\"@id\":\"https:\/\/museutapies.org\/en\/#website\",\"url\":\"https:\/\/museutapies.org\/en\/\",\"name\":\"Museu T\u00e0pies\",\"description\":\"\",\"publisher\":{\"@id\":\"https:\/\/museutapies.org\/en\/#organization\"},\"potentialAction\":[{\"@type\":\"SearchAction\",\"target\":{\"@type\":\"EntryPoint\",\"urlTemplate\":\"https:\/\/museutapies.org\/en\/?s={search_term_string}\"},\"query-input\":\"required name=search_term_string\"}],\"inLanguage\":\"es\"},{\"@type\":\"Organization\",\"@id\":\"https:\/\/museutapies.org\/en\/#organization\",\"name\":\"Museu T\u00e0pies\",\"url\":\"https:\/\/museutapies.org\/en\/\",\"logo\":{\"@type\":\"ImageObject\",\"inLanguage\":\"es\",\"@id\":\"https:\/\/museutapies.org\/en\/#\/schema\/logo\/image\/\",\"url\":\"https:\/\/museutapies.org\/wp-content\/uploads\/2024\/07\/mta.png\",\"contentUrl\":\"https:\/\/museutapies.org\/wp-content\/uploads\/2024\/07\/mta.png\",\"width\":244,\"height\":110,\"caption\":\"Museu T\u00e0pies\"},\"image\":{\"@id\":\"https:\/\/museutapies.org\/en\/#\/schema\/logo\/image\/\"},\"sameAs\":[\"https:\/\/www.facebook.com\/museutapies\",\"https:\/\/www.instagram.com\/museutapies\/\",\"https:\/\/www.youtube.com\/channel\/UCPi65HBb48RMeoa12lR51cQ\",\"https:\/\/x.com\/MuseuTapies\"]}]}<\/script>\n<!-- \/ Yoast SEO plugin. -->","yoast_head_json":{"title":"Las sillas de T\u00e0pies. Joana Gomila - Museu T\u00e0pies","description":"La sexta edici\u00f3n del ciclo \"Las sillas de T\u00e0pies\", titulada \"O\u00efm I\", es una propuesta de Joana Gomila","robots":{"index":"index","follow":"follow","max-snippet":"max-snippet:-1","max-image-preview":"max-image-preview:large","max-video-preview":"max-video-preview:-1"},"og_locale":"es_ES","og_type":"article","og_title":"Las sillas de T\u00e0pies. Joana Gomila - Museu T\u00e0pies","og_description":"La sexta edici\u00f3n del ciclo \"Las sillas de T\u00e0pies\", titulada \"O\u00efm I\", es una propuesta de Joana Gomila","og_url":"https:\/\/museutapies.org\/es\/event\/las-sillas-de-tapies-joana-gomila\/","og_site_name":"Museu T\u00e0pies","article_publisher":"https:\/\/www.facebook.com\/museutapies","article_modified_time":"2024-05-02T14:45:39+00:00","og_image":[{"width":2040,"height":1360,"url":"https:\/\/museutapies.org\/wp-content\/uploads\/2024\/01\/Joana-Gomila-b.jpg","type":"image\/jpeg"}],"twitter_card":"summary_large_image","twitter_misc":{"Tiempo de lectura":"3 minutos"},"schema":{"@context":"https:\/\/schema.org","@graph":[{"@type":"WebPage","@id":"https:\/\/museutapies.org\/es\/event\/las-sillas-de-tapies-joana-gomila\/","url":"https:\/\/museutapies.org\/es\/event\/las-sillas-de-tapies-joana-gomila\/","name":"Las sillas de T\u00e0pies. Joana Gomila - Museu T\u00e0pies","isPartOf":{"@id":"https:\/\/museutapies.org\/en\/#website"},"datePublished":"2024-04-22T14:38:04+00:00","dateModified":"2024-05-02T14:45:39+00:00","description":"La sexta edici\u00f3n del ciclo \"Las sillas de T\u00e0pies\", titulada \"O\u00efm I\", es una propuesta de Joana Gomila","breadcrumb":{"@id":"https:\/\/museutapies.org\/es\/event\/las-sillas-de-tapies-joana-gomila\/#breadcrumb"},"inLanguage":"es","potentialAction":[{"@type":"ReadAction","target":["https:\/\/museutapies.org\/es\/event\/las-sillas-de-tapies-joana-gomila\/"]}]},{"@type":"BreadcrumbList","@id":"https:\/\/museutapies.org\/es\/event\/las-sillas-de-tapies-joana-gomila\/#breadcrumb","itemListElement":[{"@type":"ListItem","position":1,"name":"Esdeveniments","item":"https:\/\/museutapies.org\/agenda\/"},{"@type":"ListItem","position":2,"name":"Las sillas de T\u00e0pies. Joana Gomila"}]},{"@type":"WebSite","@id":"https:\/\/museutapies.org\/en\/#website","url":"https:\/\/museutapies.org\/en\/","name":"Museu T\u00e0pies","description":"","publisher":{"@id":"https:\/\/museutapies.org\/en\/#organization"},"potentialAction":[{"@type":"SearchAction","target":{"@type":"EntryPoint","urlTemplate":"https:\/\/museutapies.org\/en\/?s={search_term_string}"},"query-input":"required name=search_term_string"}],"inLanguage":"es"},{"@type":"Organization","@id":"https:\/\/museutapies.org\/en\/#organization","name":"Museu T\u00e0pies","url":"https:\/\/museutapies.org\/en\/","logo":{"@type":"ImageObject","inLanguage":"es","@id":"https:\/\/museutapies.org\/en\/#\/schema\/logo\/image\/","url":"https:\/\/museutapies.org\/wp-content\/uploads\/2024\/07\/mta.png","contentUrl":"https:\/\/museutapies.org\/wp-content\/uploads\/2024\/07\/mta.png","width":244,"height":110,"caption":"Museu T\u00e0pies"},"image":{"@id":"https:\/\/museutapies.org\/en\/#\/schema\/logo\/image\/"},"sameAs":["https:\/\/www.facebook.com\/museutapies","https:\/\/www.instagram.com\/museutapies\/","https:\/\/www.youtube.com\/channel\/UCPi65HBb48RMeoa12lR51cQ","https:\/\/x.com\/MuseuTapies"]}]}},"_links":{"self":[{"href":"https:\/\/museutapies.org\/es\/wp-json\/wp\/v2\/tribe_events\/33370"}],"collection":[{"href":"https:\/\/museutapies.org\/es\/wp-json\/wp\/v2\/tribe_events"}],"about":[{"href":"https:\/\/museutapies.org\/es\/wp-json\/wp\/v2\/types\/tribe_events"}],"author":[{"embeddable":true,"href":"https:\/\/museutapies.org\/es\/wp-json\/wp\/v2\/users\/3"}],"replies":[{"embeddable":true,"href":"https:\/\/museutapies.org\/es\/wp-json\/wp\/v2\/comments?post=33370"}],"version-history":[{"count":9,"href":"https:\/\/museutapies.org\/es\/wp-json\/wp\/v2\/tribe_events\/33370\/revisions"}],"predecessor-version":[{"id":33508,"href":"https:\/\/museutapies.org\/es\/wp-json\/wp\/v2\/tribe_events\/33370\/revisions\/33508"}],"wp:featuredmedia":[{"embeddable":true,"href":"https:\/\/museutapies.org\/es\/wp-json\/wp\/v2\/media\/33368"}],"wp:attachment":[{"href":"https:\/\/museutapies.org\/es\/wp-json\/wp\/v2\/media?parent=33370"}],"wp:term":[{"taxonomy":"post_tag","embeddable":true,"href":"https:\/\/museutapies.org\/es\/wp-json\/wp\/v2\/tags?post=33370"},{"taxonomy":"tribe_events_cat","embeddable":true,"href":"https:\/\/museutapies.org\/es\/wp-json\/wp\/v2\/tribe_events_cat?post=33370"}],"curies":[{"name":"wp","href":"https:\/\/api.w.org\/{rel}","templated":true}]}}