{"id":33412,"date":"2024-04-23T16:04:30","date_gmt":"2024-04-23T14:04:30","guid":{"rendered":"https:\/\/museutapies.org\/?post_type=tribe_events&#038;p=33412"},"modified":"2024-05-21T14:28:01","modified_gmt":"2024-05-21T12:28:01","slug":"las-sillas-de-tapies-bartolome-ferrando","status":"publish","type":"tribe_events","link":"https:\/\/museutapies.org\/es\/event\/las-sillas-de-tapies-bartolome-ferrando\/","title":{"rendered":"Las sillas de T\u00e0pies. Bartolom\u00e9 Ferrando"},"content":{"rendered":"<div class=\"load-turitop\" data-service=\"P104\" data-lang=\"es\" data-embed=\"button\">Entradas<\/div>\n<p>&nbsp;<\/p>\n<p><img loading=\"lazy\" decoding=\"async\" class=\"alignnone size-medium wp-image-33410\" src=\"https:\/\/museutapies.org\/wp-content\/uploads\/2024\/01\/Ferrando.-Decadence-Festival.-Valencia.-2015-1.-Foto-Imke-Zeinstra.-Homenaje.-Poema-sonoro-800x533.jpg\" alt=\"\" width=\"800\" height=\"533\" srcset=\"https:\/\/museutapies.org\/wp-content\/uploads\/2024\/01\/Ferrando.-Decadence-Festival.-Valencia.-2015-1.-Foto-Imke-Zeinstra.-Homenaje.-Poema-sonoro-800x533.jpg 800w, https:\/\/museutapies.org\/wp-content\/uploads\/2024\/01\/Ferrando.-Decadence-Festival.-Valencia.-2015-1.-Foto-Imke-Zeinstra.-Homenaje.-Poema-sonoro-900x600.jpg 900w, https:\/\/museutapies.org\/wp-content\/uploads\/2024\/01\/Ferrando.-Decadence-Festival.-Valencia.-2015-1.-Foto-Imke-Zeinstra.-Homenaje.-Poema-sonoro-768x512.jpg 768w, https:\/\/museutapies.org\/wp-content\/uploads\/2024\/01\/Ferrando.-Decadence-Festival.-Valencia.-2015-1.-Foto-Imke-Zeinstra.-Homenaje.-Poema-sonoro-1536x1024.jpg 1536w, https:\/\/museutapies.org\/wp-content\/uploads\/2024\/01\/Ferrando.-Decadence-Festival.-Valencia.-2015-1.-Foto-Imke-Zeinstra.-Homenaje.-Poema-sonoro-2048x1365.jpg 2048w, https:\/\/museutapies.org\/wp-content\/uploads\/2024\/01\/Ferrando.-Decadence-Festival.-Valencia.-2015-1.-Foto-Imke-Zeinstra.-Homenaje.-Poema-sonoro-500x333.jpg 500w, https:\/\/museutapies.org\/wp-content\/uploads\/2024\/01\/Ferrando.-Decadence-Festival.-Valencia.-2015-1.-Foto-Imke-Zeinstra.-Homenaje.-Poema-sonoro-380x253.jpg 380w, https:\/\/museutapies.org\/wp-content\/uploads\/2024\/01\/Ferrando.-Decadence-Festival.-Valencia.-2015-1.-Foto-Imke-Zeinstra.-Homenaje.-Poema-sonoro-600x400.jpg 600w\" sizes=\"(max-width: 800px) 100vw, 800px\" \/><\/p>\n<p>&nbsp;<\/p>\n<p><a href=\"https:\/\/museutapies.org\/es\/series\/las-sillas-de-tapies\/\"><em>Las sillas de T\u00e0pies<\/em><\/a> es un ciclo de acciones sonoras de car\u00e1cter multidisciplinar organizado en el marco del <a href=\"https:\/\/museutapies.org\/es\/any-tapies\/\">A\u00f1o T\u00e0pies<\/a> con la colaboraci\u00f3n de la Universitat Pompeu Fabra. Se trata de una propuesta que pone en el centro la voz y la palabra para hacer un acompa\u00f1amiento sonoro a la memoria oral. As\u00ed pues, cada una de las trece sesiones contar\u00e1 con la presencia de un creador que partir\u00e1 de la silla como elemento performativo para reconectar con el universo creativo del artista desde los lenguajes expresivos y las puestas en escena de hoy.<\/p>\n<p>La acci\u00f3n de la s\u00e9ptima silla de T\u00e0pies es <em>Acciones fon\u00e9ticas breves<\/em>, una propuesta de Bartolom\u00e9 Ferrando. Se trata de una propuesta que re\u00fane piezas cortas, basadas en la descomposici\u00f3n y recomposici\u00f3n de la voz y de la palabra, algunas de ellas dedicadas a Antoni T\u00e0pies. El punto de partida de algunas de las piezas es el de la poes\u00eda fon\u00e9tica, situada a medio camino entre el habla y la m\u00fasica, derivada del dada\u00edsmo y muy cerca de la poes\u00eda concreta o el letrismo. En la mayor\u00eda, Ferrando tratar\u00e1 la emisi\u00f3n improvisada del lenguaje e ir\u00e1 en busca de rasgos del primitivismo oral.<\/p>\n<p>&nbsp;<\/p>\n<p><strong>Bartolom\u00e9 Ferrando<\/strong> es profesor de arte intermedia y performance en la Universitat Polit\u00e8cnica de Val\u00e8ncia. Como performer, ha participado en festivales y encuentros internacionales celebrados en Europa, Am\u00e9rica y Asia. Ha coordinado diferentes festivales internacionales en el IVAM y en el MNCARS. Ha expuesto su poes\u00eda visual en distintas ciudades de Espa\u00f1a, Italia y Francia. Forma parte de los grupos SIC y dosentredos. Ha publicado la revista <em>Texto po\u00e9tico <\/em>y los libros <em>Hacia una poes\u00eda del hacer<\/em>, <em>La mirada m\u00f3vil<\/em>, <em>El arte intermedia<\/em>, <em>El arte de la performance, elementos de creaci\u00f3n<\/em> y <em>De la poes\u00eda visual al arte de acci\u00f3n<\/em>, entre otros. Tambi\u00e9n ha publicado varias grabaciones en casete, vinilo y CD, as\u00ed como v\u00eddeos y DVD de performance.<\/p>\n<p>&nbsp;<\/p>\n<p><span style=\"font-size: 10pt\">[Fotografia: Bartolom\u00e9 Ferrando. Decadence Festival. Valencia. 2015-1. Foto Imke Zeinstra. Homenaje. Poema sonoro.]<\/span><\/p>\n","protected":false},"excerpt":{"rendered":"<p>La s\u00e9ptima silla de T\u00e0pies, titulada Acciones fon\u00e9ticas breves, es una propuesta de voz y palabra de Bartolom\u00e9 Ferrando<\/p>\n","protected":false},"author":3,"featured_media":33410,"comment_status":"closed","ping_status":"closed","template":"","meta":{"_tribe_events_status":"","_tribe_events_status_reason":"","_tribe_events_is_hybrid":"","_tribe_events_is_virtual":"","_tribe_events_virtual_video_source":"","_tribe_events_virtual_embed_video":"","_tribe_events_virtual_linked_button_text":"","_tribe_events_virtual_linked_button":"","_tribe_events_virtual_show_embed_at":"","_tribe_events_virtual_show_embed_to":[],"_tribe_events_virtual_show_on_event":"","_tribe_events_virtual_show_on_views":"","_tribe_events_virtual_url":"","footnotes":""},"tags":[],"tribe_events_cat":[5769],"acf":[],"yoast_head":"<!-- This site is optimized with the Yoast SEO plugin v20.11 - https:\/\/yoast.com\/wordpress\/plugins\/seo\/ -->\n<title>Las sillas de T\u00e0pies. Bartolom\u00e9 Ferrando - Museu T\u00e0pies<\/title>\n<meta name=\"description\" content=\"La s\u00e9ptima silla de T\u00e0pies, titulada Acciones fon\u00e9ticas breves, es una propuesta de voz y palabra de Bartolom\u00e9 Ferrando\" \/>\n<meta name=\"robots\" content=\"index, follow, max-snippet:-1, max-image-preview:large, max-video-preview:-1\" \/>\n<meta property=\"og:locale\" content=\"es_ES\" \/>\n<meta property=\"og:type\" content=\"article\" \/>\n<meta property=\"og:title\" content=\"Las sillas de T\u00e0pies. Bartolom\u00e9 Ferrando - Museu T\u00e0pies\" \/>\n<meta property=\"og:description\" content=\"La s\u00e9ptima silla de T\u00e0pies, titulada Acciones fon\u00e9ticas breves, es una propuesta de voz y palabra de Bartolom\u00e9 Ferrando\" \/>\n<meta property=\"og:url\" content=\"https:\/\/museutapies.org\/es\/event\/las-sillas-de-tapies-bartolome-ferrando\/\" \/>\n<meta property=\"og:site_name\" content=\"Museu T\u00e0pies\" \/>\n<meta property=\"article:publisher\" content=\"https:\/\/www.facebook.com\/museutapies\" \/>\n<meta property=\"article:modified_time\" content=\"2024-05-21T12:28:01+00:00\" \/>\n<meta property=\"og:image\" content=\"https:\/\/museutapies.org\/wp-content\/uploads\/2024\/01\/Ferrando.-Decadence-Festival.-Valencia.-2015-1.-Foto-Imke-Zeinstra.-Homenaje.-Poema-sonoro-scaled.jpg\" \/>\n\t<meta property=\"og:image:width\" content=\"2560\" \/>\n\t<meta property=\"og:image:height\" content=\"1707\" \/>\n\t<meta property=\"og:image:type\" content=\"image\/jpeg\" \/>\n<meta name=\"twitter:card\" content=\"summary_large_image\" \/>\n<meta name=\"twitter:label1\" content=\"Tiempo de lectura\" \/>\n\t<meta name=\"twitter:data1\" content=\"2 minutos\" \/>\n<script type=\"application\/ld+json\" class=\"yoast-schema-graph\">{\"@context\":\"https:\/\/schema.org\",\"@graph\":[{\"@type\":\"WebPage\",\"@id\":\"https:\/\/museutapies.org\/es\/event\/las-sillas-de-tapies-bartolome-ferrando\/\",\"url\":\"https:\/\/museutapies.org\/es\/event\/las-sillas-de-tapies-bartolome-ferrando\/\",\"name\":\"Las sillas de T\u00e0pies. Bartolom\u00e9 Ferrando - Museu T\u00e0pies\",\"isPartOf\":{\"@id\":\"https:\/\/museutapies.org\/en\/#website\"},\"datePublished\":\"2024-04-23T14:04:30+00:00\",\"dateModified\":\"2024-05-21T12:28:01+00:00\",\"description\":\"La s\u00e9ptima silla de T\u00e0pies, titulada Acciones fon\u00e9ticas breves, es una propuesta de voz y palabra de Bartolom\u00e9 Ferrando\",\"breadcrumb\":{\"@id\":\"https:\/\/museutapies.org\/es\/event\/las-sillas-de-tapies-bartolome-ferrando\/#breadcrumb\"},\"inLanguage\":\"es\",\"potentialAction\":[{\"@type\":\"ReadAction\",\"target\":[\"https:\/\/museutapies.org\/es\/event\/las-sillas-de-tapies-bartolome-ferrando\/\"]}]},{\"@type\":\"BreadcrumbList\",\"@id\":\"https:\/\/museutapies.org\/es\/event\/las-sillas-de-tapies-bartolome-ferrando\/#breadcrumb\",\"itemListElement\":[{\"@type\":\"ListItem\",\"position\":1,\"name\":\"Esdeveniments\",\"item\":\"https:\/\/museutapies.org\/agenda\/\"},{\"@type\":\"ListItem\",\"position\":2,\"name\":\"Las sillas de T\u00e0pies. Bartolom\u00e9 Ferrando\"}]},{\"@type\":\"WebSite\",\"@id\":\"https:\/\/museutapies.org\/en\/#website\",\"url\":\"https:\/\/museutapies.org\/en\/\",\"name\":\"Museu T\u00e0pies\",\"description\":\"\",\"publisher\":{\"@id\":\"https:\/\/museutapies.org\/en\/#organization\"},\"potentialAction\":[{\"@type\":\"SearchAction\",\"target\":{\"@type\":\"EntryPoint\",\"urlTemplate\":\"https:\/\/museutapies.org\/en\/?s={search_term_string}\"},\"query-input\":\"required name=search_term_string\"}],\"inLanguage\":\"es\"},{\"@type\":\"Organization\",\"@id\":\"https:\/\/museutapies.org\/en\/#organization\",\"name\":\"Museu T\u00e0pies\",\"url\":\"https:\/\/museutapies.org\/en\/\",\"logo\":{\"@type\":\"ImageObject\",\"inLanguage\":\"es\",\"@id\":\"https:\/\/museutapies.org\/en\/#\/schema\/logo\/image\/\",\"url\":\"https:\/\/museutapies.org\/wp-content\/uploads\/2024\/07\/mta.png\",\"contentUrl\":\"https:\/\/museutapies.org\/wp-content\/uploads\/2024\/07\/mta.png\",\"width\":244,\"height\":110,\"caption\":\"Museu T\u00e0pies\"},\"image\":{\"@id\":\"https:\/\/museutapies.org\/en\/#\/schema\/logo\/image\/\"},\"sameAs\":[\"https:\/\/www.facebook.com\/museutapies\",\"https:\/\/www.instagram.com\/museutapies\/\",\"https:\/\/www.youtube.com\/channel\/UCPi65HBb48RMeoa12lR51cQ\",\"https:\/\/x.com\/MuseuTapies\"]}]}<\/script>\n<!-- \/ Yoast SEO plugin. -->","yoast_head_json":{"title":"Las sillas de T\u00e0pies. Bartolom\u00e9 Ferrando - Museu T\u00e0pies","description":"La s\u00e9ptima silla de T\u00e0pies, titulada Acciones fon\u00e9ticas breves, es una propuesta de voz y palabra de Bartolom\u00e9 Ferrando","robots":{"index":"index","follow":"follow","max-snippet":"max-snippet:-1","max-image-preview":"max-image-preview:large","max-video-preview":"max-video-preview:-1"},"og_locale":"es_ES","og_type":"article","og_title":"Las sillas de T\u00e0pies. Bartolom\u00e9 Ferrando - Museu T\u00e0pies","og_description":"La s\u00e9ptima silla de T\u00e0pies, titulada Acciones fon\u00e9ticas breves, es una propuesta de voz y palabra de Bartolom\u00e9 Ferrando","og_url":"https:\/\/museutapies.org\/es\/event\/las-sillas-de-tapies-bartolome-ferrando\/","og_site_name":"Museu T\u00e0pies","article_publisher":"https:\/\/www.facebook.com\/museutapies","article_modified_time":"2024-05-21T12:28:01+00:00","og_image":[{"width":2560,"height":1707,"url":"https:\/\/museutapies.org\/wp-content\/uploads\/2024\/01\/Ferrando.-Decadence-Festival.-Valencia.-2015-1.-Foto-Imke-Zeinstra.-Homenaje.-Poema-sonoro-scaled.jpg","type":"image\/jpeg"}],"twitter_card":"summary_large_image","twitter_misc":{"Tiempo de lectura":"2 minutos"},"schema":{"@context":"https:\/\/schema.org","@graph":[{"@type":"WebPage","@id":"https:\/\/museutapies.org\/es\/event\/las-sillas-de-tapies-bartolome-ferrando\/","url":"https:\/\/museutapies.org\/es\/event\/las-sillas-de-tapies-bartolome-ferrando\/","name":"Las sillas de T\u00e0pies. Bartolom\u00e9 Ferrando - Museu T\u00e0pies","isPartOf":{"@id":"https:\/\/museutapies.org\/en\/#website"},"datePublished":"2024-04-23T14:04:30+00:00","dateModified":"2024-05-21T12:28:01+00:00","description":"La s\u00e9ptima silla de T\u00e0pies, titulada Acciones fon\u00e9ticas breves, es una propuesta de voz y palabra de Bartolom\u00e9 Ferrando","breadcrumb":{"@id":"https:\/\/museutapies.org\/es\/event\/las-sillas-de-tapies-bartolome-ferrando\/#breadcrumb"},"inLanguage":"es","potentialAction":[{"@type":"ReadAction","target":["https:\/\/museutapies.org\/es\/event\/las-sillas-de-tapies-bartolome-ferrando\/"]}]},{"@type":"BreadcrumbList","@id":"https:\/\/museutapies.org\/es\/event\/las-sillas-de-tapies-bartolome-ferrando\/#breadcrumb","itemListElement":[{"@type":"ListItem","position":1,"name":"Esdeveniments","item":"https:\/\/museutapies.org\/agenda\/"},{"@type":"ListItem","position":2,"name":"Las sillas de T\u00e0pies. Bartolom\u00e9 Ferrando"}]},{"@type":"WebSite","@id":"https:\/\/museutapies.org\/en\/#website","url":"https:\/\/museutapies.org\/en\/","name":"Museu T\u00e0pies","description":"","publisher":{"@id":"https:\/\/museutapies.org\/en\/#organization"},"potentialAction":[{"@type":"SearchAction","target":{"@type":"EntryPoint","urlTemplate":"https:\/\/museutapies.org\/en\/?s={search_term_string}"},"query-input":"required name=search_term_string"}],"inLanguage":"es"},{"@type":"Organization","@id":"https:\/\/museutapies.org\/en\/#organization","name":"Museu T\u00e0pies","url":"https:\/\/museutapies.org\/en\/","logo":{"@type":"ImageObject","inLanguage":"es","@id":"https:\/\/museutapies.org\/en\/#\/schema\/logo\/image\/","url":"https:\/\/museutapies.org\/wp-content\/uploads\/2024\/07\/mta.png","contentUrl":"https:\/\/museutapies.org\/wp-content\/uploads\/2024\/07\/mta.png","width":244,"height":110,"caption":"Museu T\u00e0pies"},"image":{"@id":"https:\/\/museutapies.org\/en\/#\/schema\/logo\/image\/"},"sameAs":["https:\/\/www.facebook.com\/museutapies","https:\/\/www.instagram.com\/museutapies\/","https:\/\/www.youtube.com\/channel\/UCPi65HBb48RMeoa12lR51cQ","https:\/\/x.com\/MuseuTapies"]}]}},"_links":{"self":[{"href":"https:\/\/museutapies.org\/es\/wp-json\/wp\/v2\/tribe_events\/33412"}],"collection":[{"href":"https:\/\/museutapies.org\/es\/wp-json\/wp\/v2\/tribe_events"}],"about":[{"href":"https:\/\/museutapies.org\/es\/wp-json\/wp\/v2\/types\/tribe_events"}],"author":[{"embeddable":true,"href":"https:\/\/museutapies.org\/es\/wp-json\/wp\/v2\/users\/3"}],"replies":[{"embeddable":true,"href":"https:\/\/museutapies.org\/es\/wp-json\/wp\/v2\/comments?post=33412"}],"version-history":[{"count":3,"href":"https:\/\/museutapies.org\/es\/wp-json\/wp\/v2\/tribe_events\/33412\/revisions"}],"predecessor-version":[{"id":33722,"href":"https:\/\/museutapies.org\/es\/wp-json\/wp\/v2\/tribe_events\/33412\/revisions\/33722"}],"wp:featuredmedia":[{"embeddable":true,"href":"https:\/\/museutapies.org\/es\/wp-json\/wp\/v2\/media\/33410"}],"wp:attachment":[{"href":"https:\/\/museutapies.org\/es\/wp-json\/wp\/v2\/media?parent=33412"}],"wp:term":[{"taxonomy":"post_tag","embeddable":true,"href":"https:\/\/museutapies.org\/es\/wp-json\/wp\/v2\/tags?post=33412"},{"taxonomy":"tribe_events_cat","embeddable":true,"href":"https:\/\/museutapies.org\/es\/wp-json\/wp\/v2\/tribe_events_cat?post=33412"}],"curies":[{"name":"wp","href":"https:\/\/api.w.org\/{rel}","templated":true}]}}