{"id":33528,"date":"2024-05-02T18:22:37","date_gmt":"2024-05-02T16:22:37","guid":{"rendered":"https:\/\/museutapies.org\/?post_type=tribe_events&#038;p=33528"},"modified":"2024-05-03T14:45:05","modified_gmt":"2024-05-03T12:45:05","slug":"la-nit-dels-museus-2024-en-la-fundacio-antoni-tapies","status":"publish","type":"tribe_events","link":"https:\/\/museutapies.org\/es\/event\/la-nit-dels-museus-2024-en-la-fundacio-antoni-tapies\/","title":{"rendered":"La Nit dels Museus 2024 en la Fundaci\u00f3 Antoni T\u00e0pies"},"content":{"rendered":"<p><img loading=\"lazy\" decoding=\"async\" class=\"alignnone size-medium wp-image-33476\" src=\"https:\/\/museutapies.org\/wp-content\/uploads\/2024\/04\/La-Nit-dels-Museus-2024-Barcelona-800x344.png\" alt=\"\" width=\"800\" height=\"344\" srcset=\"https:\/\/museutapies.org\/wp-content\/uploads\/2024\/04\/La-Nit-dels-Museus-2024-Barcelona-800x344.png 800w, https:\/\/museutapies.org\/wp-content\/uploads\/2024\/04\/La-Nit-dels-Museus-2024-Barcelona-900x386.png 900w, https:\/\/museutapies.org\/wp-content\/uploads\/2024\/04\/La-Nit-dels-Museus-2024-Barcelona-768x330.png 768w, https:\/\/museutapies.org\/wp-content\/uploads\/2024\/04\/La-Nit-dels-Museus-2024-Barcelona-500x215.png 500w, https:\/\/museutapies.org\/wp-content\/uploads\/2024\/04\/La-Nit-dels-Museus-2024-Barcelona-380x163.png 380w, https:\/\/museutapies.org\/wp-content\/uploads\/2024\/04\/La-Nit-dels-Museus-2024-Barcelona-600x258.png 600w, https:\/\/museutapies.org\/wp-content\/uploads\/2024\/04\/La-Nit-dels-Museus-2024-Barcelona.png 1239w\" sizes=\"(max-width: 800px) 100vw, 800px\" \/><\/p>\n<p>La Fundaci\u00f3 Antoni T\u00e0pies de Barcelona participa un a\u00f1o m\u00e1s en <a href=\"https:\/\/www.barcelona.cat\/lanitdelsmuseus\/ca\">La Nit dels Museus<\/a> (La noche de los museos), en su edici\u00f3n de 2024, con dos exposiciones, un recital po\u00e9tico y visitas comentadas gratuitas a las muestras.<\/p>\n<p>&nbsp;<\/p>\n<p>\u00b7 Las personas que visiten la Fundaci\u00f3 Antoni T\u00e0pies el s\u00e1bado 18 de mayo de 2024, entre las 19 h y la 1 h, podr\u00e1n disfrutar de las exposiciones <a href=\"https:\/\/museutapies.org\/es\/exposicio\/tapies-la-huella-japonesa\/\"><em>T\u00e0pies. La huella del zen<\/em><\/a> y <a href=\"https:\/\/museutapies.org\/es\/exposicio\/chiharu-shiota-hilos-de-memoria\/\"><em>Chiharu Shiota. Cada qui\u00e9n, un universo<\/em><\/a>, con visitas comentadas en catal\u00e1n gratuitas.<\/p>\n<p>\u00b7 En el marco del Festival Barcelona Poes\u00eda, tendr\u00e1 lugar el recital de poemas <a href=\"https:\/\/museutapies.org\/es\/event\/noche-de-los-museos-2024-festival-barcelona-poesia-en-almohada-de-hierba-con-miquel-desclot-y-horacio-curti\/\"><em>En coixi d&#8217;herba<\/em><\/a>, a cargo de Miquel Desclot, acompa\u00f1ado del flautista <em>shakuhachi<\/em> Horacio Curti.<\/p>\n<p>&nbsp;<\/p>\n<p>Horario de las visitas: 20 h, 22 hy 23 h | Duraci\u00f3n: 45 minutos | Aforo limitado. Inscripci\u00f3n seg\u00fan orden de llegada.<\/p>\n<p>Horario del recital: 21 h | Duraci\u00f3n: 1 h | Aforo limitado.<\/p>\n","protected":false},"excerpt":{"rendered":"<p>La Fundaci\u00f3 Antoni T\u00e0pies participa en La Nit dels Museus 2024, con dos exposiciones, un recital po\u00e9tico y visitas comentadas gratuitas.<\/p>\n","protected":false},"author":3,"featured_media":33472,"comment_status":"closed","ping_status":"closed","template":"","meta":{"_tribe_events_status":"","_tribe_events_status_reason":"","_tribe_events_is_hybrid":"","_tribe_events_is_virtual":"","_tribe_events_virtual_video_source":"","_tribe_events_virtual_embed_video":"","_tribe_events_virtual_linked_button_text":"","_tribe_events_virtual_linked_button":"","_tribe_events_virtual_show_embed_at":"","_tribe_events_virtual_show_embed_to":[],"_tribe_events_virtual_show_on_event":"","_tribe_events_virtual_show_on_views":"","_tribe_events_virtual_url":"","footnotes":""},"tags":[],"tribe_events_cat":[5769],"acf":[],"yoast_head":"<!-- This site is optimized with the Yoast SEO plugin v20.11 - https:\/\/yoast.com\/wordpress\/plugins\/seo\/ -->\n<title>La Nit dels Museus 2024 en la Fundaci\u00f3 Antoni T\u00e0pies - Museu T\u00e0pies<\/title>\n<meta name=\"description\" content=\"La Fundaci\u00f3 Antoni T\u00e0pies participa en La Nit dels Museus 2024, con dos exposiciones, un recital po\u00e9tico y visitas comentadas gratuitas.\" \/>\n<meta name=\"robots\" content=\"index, follow, max-snippet:-1, max-image-preview:large, max-video-preview:-1\" \/>\n<meta property=\"og:locale\" content=\"es_ES\" \/>\n<meta property=\"og:type\" content=\"article\" \/>\n<meta property=\"og:title\" content=\"La Nit dels Museus 2024 en la Fundaci\u00f3 Antoni T\u00e0pies - Museu T\u00e0pies\" \/>\n<meta property=\"og:description\" content=\"La Fundaci\u00f3 Antoni T\u00e0pies participa en La Nit dels Museus 2024, con dos exposiciones, un recital po\u00e9tico y visitas comentadas gratuitas.\" \/>\n<meta property=\"og:url\" content=\"https:\/\/museutapies.org\/es\/event\/la-nit-dels-museus-2024-en-la-fundacio-antoni-tapies\/\" \/>\n<meta property=\"og:site_name\" content=\"Museu T\u00e0pies\" \/>\n<meta property=\"article:publisher\" content=\"https:\/\/www.facebook.com\/museutapies\" \/>\n<meta property=\"article:modified_time\" content=\"2024-05-03T12:45:05+00:00\" \/>\n<meta property=\"og:image\" content=\"https:\/\/museutapies.org\/wp-content\/uploads\/2024\/04\/La-nit-dels-museus-2024-1.png\" \/>\n\t<meta property=\"og:image:width\" content=\"750\" \/>\n\t<meta property=\"og:image:height\" content=\"656\" \/>\n\t<meta property=\"og:image:type\" content=\"image\/png\" \/>\n<meta name=\"twitter:card\" content=\"summary_large_image\" \/>\n<meta name=\"twitter:label1\" content=\"Tiempo de lectura\" \/>\n\t<meta name=\"twitter:data1\" content=\"1 minuto\" \/>\n<script type=\"application\/ld+json\" class=\"yoast-schema-graph\">{\"@context\":\"https:\/\/schema.org\",\"@graph\":[{\"@type\":\"WebPage\",\"@id\":\"https:\/\/museutapies.org\/es\/event\/la-nit-dels-museus-2024-en-la-fundacio-antoni-tapies\/\",\"url\":\"https:\/\/museutapies.org\/es\/event\/la-nit-dels-museus-2024-en-la-fundacio-antoni-tapies\/\",\"name\":\"La Nit dels Museus 2024 en la Fundaci\u00f3 Antoni T\u00e0pies - Museu T\u00e0pies\",\"isPartOf\":{\"@id\":\"https:\/\/museutapies.org\/en\/#website\"},\"datePublished\":\"2024-05-02T16:22:37+00:00\",\"dateModified\":\"2024-05-03T12:45:05+00:00\",\"description\":\"La Fundaci\u00f3 Antoni T\u00e0pies participa en La Nit dels Museus 2024, con dos exposiciones, un recital po\u00e9tico y visitas comentadas gratuitas.\",\"breadcrumb\":{\"@id\":\"https:\/\/museutapies.org\/es\/event\/la-nit-dels-museus-2024-en-la-fundacio-antoni-tapies\/#breadcrumb\"},\"inLanguage\":\"es\",\"potentialAction\":[{\"@type\":\"ReadAction\",\"target\":[\"https:\/\/museutapies.org\/es\/event\/la-nit-dels-museus-2024-en-la-fundacio-antoni-tapies\/\"]}]},{\"@type\":\"BreadcrumbList\",\"@id\":\"https:\/\/museutapies.org\/es\/event\/la-nit-dels-museus-2024-en-la-fundacio-antoni-tapies\/#breadcrumb\",\"itemListElement\":[{\"@type\":\"ListItem\",\"position\":1,\"name\":\"Esdeveniments\",\"item\":\"https:\/\/museutapies.org\/agenda\/\"},{\"@type\":\"ListItem\",\"position\":2,\"name\":\"La Nit dels Museus 2024 en la Fundaci\u00f3 Antoni T\u00e0pies\"}]},{\"@type\":\"WebSite\",\"@id\":\"https:\/\/museutapies.org\/en\/#website\",\"url\":\"https:\/\/museutapies.org\/en\/\",\"name\":\"Museu T\u00e0pies\",\"description\":\"\",\"publisher\":{\"@id\":\"https:\/\/museutapies.org\/en\/#organization\"},\"potentialAction\":[{\"@type\":\"SearchAction\",\"target\":{\"@type\":\"EntryPoint\",\"urlTemplate\":\"https:\/\/museutapies.org\/en\/?s={search_term_string}\"},\"query-input\":\"required name=search_term_string\"}],\"inLanguage\":\"es\"},{\"@type\":\"Organization\",\"@id\":\"https:\/\/museutapies.org\/en\/#organization\",\"name\":\"Museu T\u00e0pies\",\"url\":\"https:\/\/museutapies.org\/en\/\",\"logo\":{\"@type\":\"ImageObject\",\"inLanguage\":\"es\",\"@id\":\"https:\/\/museutapies.org\/en\/#\/schema\/logo\/image\/\",\"url\":\"https:\/\/museutapies.org\/wp-content\/uploads\/2024\/07\/mta.png\",\"contentUrl\":\"https:\/\/museutapies.org\/wp-content\/uploads\/2024\/07\/mta.png\",\"width\":244,\"height\":110,\"caption\":\"Museu T\u00e0pies\"},\"image\":{\"@id\":\"https:\/\/museutapies.org\/en\/#\/schema\/logo\/image\/\"},\"sameAs\":[\"https:\/\/www.facebook.com\/museutapies\",\"https:\/\/www.instagram.com\/museutapies\/\",\"https:\/\/www.youtube.com\/channel\/UCPi65HBb48RMeoa12lR51cQ\",\"https:\/\/x.com\/MuseuTapies\"]}]}<\/script>\n<!-- \/ Yoast SEO plugin. -->","yoast_head_json":{"title":"La Nit dels Museus 2024 en la Fundaci\u00f3 Antoni T\u00e0pies - Museu T\u00e0pies","description":"La Fundaci\u00f3 Antoni T\u00e0pies participa en La Nit dels Museus 2024, con dos exposiciones, un recital po\u00e9tico y visitas comentadas gratuitas.","robots":{"index":"index","follow":"follow","max-snippet":"max-snippet:-1","max-image-preview":"max-image-preview:large","max-video-preview":"max-video-preview:-1"},"og_locale":"es_ES","og_type":"article","og_title":"La Nit dels Museus 2024 en la Fundaci\u00f3 Antoni T\u00e0pies - Museu T\u00e0pies","og_description":"La Fundaci\u00f3 Antoni T\u00e0pies participa en La Nit dels Museus 2024, con dos exposiciones, un recital po\u00e9tico y visitas comentadas gratuitas.","og_url":"https:\/\/museutapies.org\/es\/event\/la-nit-dels-museus-2024-en-la-fundacio-antoni-tapies\/","og_site_name":"Museu T\u00e0pies","article_publisher":"https:\/\/www.facebook.com\/museutapies","article_modified_time":"2024-05-03T12:45:05+00:00","og_image":[{"width":750,"height":656,"url":"https:\/\/museutapies.org\/wp-content\/uploads\/2024\/04\/La-nit-dels-museus-2024-1.png","type":"image\/png"}],"twitter_card":"summary_large_image","twitter_misc":{"Tiempo de lectura":"1 minuto"},"schema":{"@context":"https:\/\/schema.org","@graph":[{"@type":"WebPage","@id":"https:\/\/museutapies.org\/es\/event\/la-nit-dels-museus-2024-en-la-fundacio-antoni-tapies\/","url":"https:\/\/museutapies.org\/es\/event\/la-nit-dels-museus-2024-en-la-fundacio-antoni-tapies\/","name":"La Nit dels Museus 2024 en la Fundaci\u00f3 Antoni T\u00e0pies - Museu T\u00e0pies","isPartOf":{"@id":"https:\/\/museutapies.org\/en\/#website"},"datePublished":"2024-05-02T16:22:37+00:00","dateModified":"2024-05-03T12:45:05+00:00","description":"La Fundaci\u00f3 Antoni T\u00e0pies participa en La Nit dels Museus 2024, con dos exposiciones, un recital po\u00e9tico y visitas comentadas gratuitas.","breadcrumb":{"@id":"https:\/\/museutapies.org\/es\/event\/la-nit-dels-museus-2024-en-la-fundacio-antoni-tapies\/#breadcrumb"},"inLanguage":"es","potentialAction":[{"@type":"ReadAction","target":["https:\/\/museutapies.org\/es\/event\/la-nit-dels-museus-2024-en-la-fundacio-antoni-tapies\/"]}]},{"@type":"BreadcrumbList","@id":"https:\/\/museutapies.org\/es\/event\/la-nit-dels-museus-2024-en-la-fundacio-antoni-tapies\/#breadcrumb","itemListElement":[{"@type":"ListItem","position":1,"name":"Esdeveniments","item":"https:\/\/museutapies.org\/agenda\/"},{"@type":"ListItem","position":2,"name":"La Nit dels Museus 2024 en la Fundaci\u00f3 Antoni T\u00e0pies"}]},{"@type":"WebSite","@id":"https:\/\/museutapies.org\/en\/#website","url":"https:\/\/museutapies.org\/en\/","name":"Museu T\u00e0pies","description":"","publisher":{"@id":"https:\/\/museutapies.org\/en\/#organization"},"potentialAction":[{"@type":"SearchAction","target":{"@type":"EntryPoint","urlTemplate":"https:\/\/museutapies.org\/en\/?s={search_term_string}"},"query-input":"required name=search_term_string"}],"inLanguage":"es"},{"@type":"Organization","@id":"https:\/\/museutapies.org\/en\/#organization","name":"Museu T\u00e0pies","url":"https:\/\/museutapies.org\/en\/","logo":{"@type":"ImageObject","inLanguage":"es","@id":"https:\/\/museutapies.org\/en\/#\/schema\/logo\/image\/","url":"https:\/\/museutapies.org\/wp-content\/uploads\/2024\/07\/mta.png","contentUrl":"https:\/\/museutapies.org\/wp-content\/uploads\/2024\/07\/mta.png","width":244,"height":110,"caption":"Museu T\u00e0pies"},"image":{"@id":"https:\/\/museutapies.org\/en\/#\/schema\/logo\/image\/"},"sameAs":["https:\/\/www.facebook.com\/museutapies","https:\/\/www.instagram.com\/museutapies\/","https:\/\/www.youtube.com\/channel\/UCPi65HBb48RMeoa12lR51cQ","https:\/\/x.com\/MuseuTapies"]}]}},"_links":{"self":[{"href":"https:\/\/museutapies.org\/es\/wp-json\/wp\/v2\/tribe_events\/33528"}],"collection":[{"href":"https:\/\/museutapies.org\/es\/wp-json\/wp\/v2\/tribe_events"}],"about":[{"href":"https:\/\/museutapies.org\/es\/wp-json\/wp\/v2\/types\/tribe_events"}],"author":[{"embeddable":true,"href":"https:\/\/museutapies.org\/es\/wp-json\/wp\/v2\/users\/3"}],"replies":[{"embeddable":true,"href":"https:\/\/museutapies.org\/es\/wp-json\/wp\/v2\/comments?post=33528"}],"version-history":[{"count":7,"href":"https:\/\/museutapies.org\/es\/wp-json\/wp\/v2\/tribe_events\/33528\/revisions"}],"predecessor-version":[{"id":33563,"href":"https:\/\/museutapies.org\/es\/wp-json\/wp\/v2\/tribe_events\/33528\/revisions\/33563"}],"wp:featuredmedia":[{"embeddable":true,"href":"https:\/\/museutapies.org\/es\/wp-json\/wp\/v2\/media\/33472"}],"wp:attachment":[{"href":"https:\/\/museutapies.org\/es\/wp-json\/wp\/v2\/media?parent=33528"}],"wp:term":[{"taxonomy":"post_tag","embeddable":true,"href":"https:\/\/museutapies.org\/es\/wp-json\/wp\/v2\/tags?post=33528"},{"taxonomy":"tribe_events_cat","embeddable":true,"href":"https:\/\/museutapies.org\/es\/wp-json\/wp\/v2\/tribe_events_cat?post=33528"}],"curies":[{"name":"wp","href":"https:\/\/api.w.org\/{rel}","templated":true}]}}