{"id":33813,"date":"2024-05-28T17:59:20","date_gmt":"2024-05-28T15:59:20","guid":{"rendered":"https:\/\/museutapies.org\/?post_type=tribe_events&#038;p=33813"},"modified":"2024-06-24T20:36:33","modified_gmt":"2024-06-24T18:36:33","slug":"siguiendo-el-sol-belen-barenys","status":"publish","type":"tribe_events","link":"https:\/\/museutapies.org\/es\/event\/siguiendo-el-sol-belen-barenys\/","title":{"rendered":"Siguiendo el sol: Bel\u00e9n Barenys"},"content":{"rendered":"<div class=\"load-turitop\" data-service=\"P105\" data-lang=\"es\" data-embed=\"button\">Entradas<\/div>\n<p>&nbsp;<\/p>\n<p><img loading=\"lazy\" decoding=\"async\" class=\"alignnone size-medium wp-image-33805\" src=\"https:\/\/museutapies.org\/wp-content\/uploads\/2024\/05\/Fundacio-Tapies_Seguint-el-Sol_Post_Individual_4-BB-800x800.jpg\" alt=\"\" width=\"800\" height=\"800\" srcset=\"https:\/\/museutapies.org\/wp-content\/uploads\/2024\/05\/Fundacio-Tapies_Seguint-el-Sol_Post_Individual_4-BB-800x800.jpg 800w, https:\/\/museutapies.org\/wp-content\/uploads\/2024\/05\/Fundacio-Tapies_Seguint-el-Sol_Post_Individual_4-BB-700x700.jpg 700w, https:\/\/museutapies.org\/wp-content\/uploads\/2024\/05\/Fundacio-Tapies_Seguint-el-Sol_Post_Individual_4-BB-768x768.jpg 768w, https:\/\/museutapies.org\/wp-content\/uploads\/2024\/05\/Fundacio-Tapies_Seguint-el-Sol_Post_Individual_4-BB-500x500.jpg 500w, https:\/\/museutapies.org\/wp-content\/uploads\/2024\/05\/Fundacio-Tapies_Seguint-el-Sol_Post_Individual_4-BB-380x380.jpg 380w, https:\/\/museutapies.org\/wp-content\/uploads\/2024\/05\/Fundacio-Tapies_Seguint-el-Sol_Post_Individual_4-BB-350x350.jpg 350w, https:\/\/museutapies.org\/wp-content\/uploads\/2024\/05\/Fundacio-Tapies_Seguint-el-Sol_Post_Individual_4-BB-300x300.jpg 300w, https:\/\/museutapies.org\/wp-content\/uploads\/2024\/05\/Fundacio-Tapies_Seguint-el-Sol_Post_Individual_4-BB-600x600.jpg 600w, https:\/\/museutapies.org\/wp-content\/uploads\/2024\/05\/Fundacio-Tapies_Seguint-el-Sol_Post_Individual_4-BB-100x100.jpg 100w, https:\/\/museutapies.org\/wp-content\/uploads\/2024\/05\/Fundacio-Tapies_Seguint-el-Sol_Post_Individual_4-BB.jpg 1080w\" sizes=\"(max-width: 800px) 100vw, 800px\" \/><\/p>\n<p>&nbsp;<\/p>\n<p>La terraza de la Fundaci\u00f3 Antoni T\u00e0pies se convertir\u00e1 en una ludoteca experimental para Opimelissa, un colectivo que cocina, canta, baila y muchas cosas m\u00e1s. Seguiremos el sol con la iron\u00eda y el humor blando de J\u00falia Barbany, la arquitectura de la electrocanci\u00f3n enfadosa de Petit Ib\u00e8ric, los c\u00e1nticos en clave filos\u00f3fica de Max Grosse sobre la vida y el mal de amor de un calcet\u00edn agujereado y hu\u00e9rfano, el egodelirio de la dramaturga y escritora de pluma afilada Berta Prieto \u2014si todav\u00eda no la conoces, \u00a1vives en una cueva!\u2014, con el ritmo de la DJ performer y militante de la autogesti\u00f3n Meritxell de Soto, la energ\u00eda desbordante de la artista polifac\u00e9tica y tierna punki-madre Bel\u00e9n Barenys, con la m\u00fasica experimental de los Deprerreo, con el cuerpo contorsionado de Candela Capit\u00e1n, que muestra la sexualizaci\u00f3n de las mujeres a golpe de m\u00e9trica y convulsiones.<\/p>\n<div id=\":rq\" class=\"Ar Au Ao\">\n<div id=\":1vy\" class=\"Am aiL Al editable LW-avf tS-tW tS-tY\" role=\"textbox\" aria-label=\"Cos del missatge\">\n<p><a href=\"https:\/\/museutapies.org\/es\/series\/siguiendo-el-sol\/\"><em>Siguiendo el sol<\/em><\/a> es un ciclo experimental de manifestaciones sonoras y esc\u00e9nicas de car\u00e1cter performativo que presenta nueve sesiones in\u00e9ditas de j\u00f3venes creadores. El ciclo, comisariado por Carolina Olivares Esturillo, reivindica la energ\u00eda joven e inagotable de artistas que llenar\u00e1n de luz y dar\u00e1n una nueva vida al solitario calcet\u00edn de T\u00e0pies que preside la terraza de la Fundaci\u00f3.<\/p>\n<p>&nbsp;<\/p>\n<\/div>\n<\/div>\n<div id=\":rq\" class=\"Ar Au Ao\">\n<div id=\":1vy\" class=\"Am aiL Al editable LW-avf tS-tW tS-tY\" role=\"textbox\" aria-label=\"Cos del missatge\">\n<p><strong>Cuarta sesi\u00f3n: Bel\u00e9n Barenys<\/strong><\/p>\n<\/div>\n<\/div>\n<p><span style=\"font-weight: 400\">Hab\u00eda una vez una adolescente empollona que escrib\u00eda, dibujaba, bailaba y compon\u00eda canciones. Ahora ya es mayor y ense\u00f1a las cosas que hace, pero en ese momento solo exist\u00eda el arte por el arte, la poes\u00eda por la poes\u00eda, sin ninguna pretensi\u00f3n. La creaci\u00f3n art\u00edstica era un acto \u00edntimo consigo misma, una continuidad del juego de la infancia. Esta performance es la oportunidad de esa Bel\u00e9n adolescente de exponer sus canciones, textos y reflexiones de aquella \u00e9poca. Son cosas inmaduras, cosas que dan mucho <em>cringe<\/em>, pero quiz\u00e1s sean m\u00e1s honestas y genuinas que ha creado nunca. Es un homenaje al gesto art\u00edstico que se hace despu\u00e9s de los deberes de matem\u00e1ticas de 2o de ESO. Todo aquello que lleva a\u00f1os enterrado en libretas, saldr\u00e1 a la luz en una performance que cierra un c\u00edrculo y celebra las primeras veces que una adolescente se atrevi\u00f3 a ser algo parecido a una artista. <em> Feismo m\u00e1gico<\/em> es un experimento sonoro en clave autobiogr\u00e1fica de Bel\u00e9n Barenys comisariado por Carolina Olivares Esturillo.<\/span><\/p>\n<p>&nbsp;<\/p>\n<p><span style=\"font-weight: 400\"><strong>Bel\u00e9n Barenys<\/strong> (Barcelona, 1999) se expresa a trav\u00e9s de la escritura, la interpretaci\u00f3n, la danza, <\/span><span style=\"font-weight: 400\">el cine, el arte y las canciones. Mientras lleva una carrera de actriz y de <\/span><span style=\"font-weight: 400\">corista de la cantante Rigobert Bandini, MEM\u00c9 es su proyecto musical en <\/span><span style=\"font-weight: 400\">solitario que pretende ser radicalmente autoconsciente, original e <\/span><span style=\"font-weight: 400\">impredecible. Con la la iron\u00eda por bandera, esta artista quiere ahondar en <\/span><span style=\"font-weight: 400\">temas como internet, el sexo o el paso de la infancia a la vida adulta desde <\/span><span style=\"font-weight: 400\">una perspectiva personal y honesta.<\/span><\/p>\n<p>&nbsp;<\/p>\n<div id=\":rq\" class=\"Ar Au Ao\">\n<div id=\":1vy\" class=\"Am aiL Al editable LW-avf tS-tW tS-tY\" role=\"textbox\" aria-label=\"Cos del missatge\">\n<p>Comisariado y producci\u00f3n art\u00edstica: Carolina Olivares Esturillo<\/p>\n<p>Dise\u00f1o: Ana Habash e Ignasi Ayats.\u2028Ilustraci\u00f3n: Eduard Sales<\/p>\n<\/div>\n<\/div>\n<p lang=\"ca-ES\">Venta de entradas a trav\u00e9s de la web de la Fundaci\u00f3 y en la recepci\u00f3n del museo. Aforo limitado.<\/p>\n<p lang=\"ca-ES\"><a href=\"https:\/\/museutapies.org\/es\/series\/siguiendo-el-sol\/\">Enlace al ciclo completo.<\/a><\/p>\n","protected":false},"excerpt":{"rendered":"<p>Experimentos sonoros, formatos performativos y nuevas situaciones<\/p>\n","protected":false},"author":3,"featured_media":33808,"comment_status":"closed","ping_status":"closed","template":"","meta":{"_tribe_events_status":"","_tribe_events_status_reason":"","_tribe_events_is_hybrid":"","_tribe_events_is_virtual":"","_tribe_events_virtual_video_source":"","_tribe_events_virtual_embed_video":"","_tribe_events_virtual_linked_button_text":"","_tribe_events_virtual_linked_button":"","_tribe_events_virtual_show_embed_at":"","_tribe_events_virtual_show_embed_to":[],"_tribe_events_virtual_show_on_event":"","_tribe_events_virtual_show_on_views":"","_tribe_events_virtual_url":"","footnotes":""},"tags":[],"tribe_events_cat":[5769],"acf":[],"yoast_head":"<!-- This site is optimized with the Yoast SEO plugin v20.11 - https:\/\/yoast.com\/wordpress\/plugins\/seo\/ -->\n<title>Siguiendo el sol: Bel\u00e9n Barenys - Museu T\u00e0pies<\/title>\n<meta name=\"description\" content=\"Cuarta sesi\u00f3n del ciclo &quot;Siguiendo el sol&quot; con Bel\u00e9n Barenys\" \/>\n<meta name=\"robots\" content=\"index, follow, max-snippet:-1, max-image-preview:large, max-video-preview:-1\" \/>\n<meta property=\"og:locale\" content=\"es_ES\" \/>\n<meta property=\"og:type\" content=\"article\" \/>\n<meta property=\"og:title\" content=\"Siguiendo el sol: Bel\u00e9n Barenys - Museu T\u00e0pies\" \/>\n<meta property=\"og:description\" content=\"Cuarta sesi\u00f3n del ciclo &quot;Siguiendo el sol&quot; con Bel\u00e9n Barenys\" \/>\n<meta property=\"og:url\" content=\"https:\/\/museutapies.org\/es\/event\/siguiendo-el-sol-belen-barenys\/\" \/>\n<meta property=\"og:site_name\" content=\"Museu T\u00e0pies\" \/>\n<meta property=\"article:publisher\" content=\"https:\/\/www.facebook.com\/museutapies\" \/>\n<meta property=\"article:modified_time\" content=\"2024-06-24T18:36:33+00:00\" \/>\n<meta property=\"og:image\" content=\"https:\/\/museutapies.org\/wp-content\/uploads\/2024\/05\/bb-foto.jpg\" \/>\n\t<meta property=\"og:image:width\" content=\"960\" \/>\n\t<meta property=\"og:image:height\" content=\"1280\" \/>\n\t<meta property=\"og:image:type\" content=\"image\/jpeg\" \/>\n<meta name=\"twitter:card\" content=\"summary_large_image\" \/>\n<meta name=\"twitter:label1\" content=\"Tiempo de lectura\" \/>\n\t<meta name=\"twitter:data1\" content=\"3 minutos\" \/>\n<script type=\"application\/ld+json\" class=\"yoast-schema-graph\">{\"@context\":\"https:\/\/schema.org\",\"@graph\":[{\"@type\":\"WebPage\",\"@id\":\"https:\/\/museutapies.org\/es\/event\/siguiendo-el-sol-belen-barenys\/\",\"url\":\"https:\/\/museutapies.org\/es\/event\/siguiendo-el-sol-belen-barenys\/\",\"name\":\"Siguiendo el sol: Bel\u00e9n Barenys - Museu T\u00e0pies\",\"isPartOf\":{\"@id\":\"https:\/\/museutapies.org\/en\/#website\"},\"datePublished\":\"2024-05-28T15:59:20+00:00\",\"dateModified\":\"2024-06-24T18:36:33+00:00\",\"description\":\"Cuarta sesi\u00f3n del ciclo \\\"Siguiendo el sol\\\" con Bel\u00e9n Barenys\",\"breadcrumb\":{\"@id\":\"https:\/\/museutapies.org\/es\/event\/siguiendo-el-sol-belen-barenys\/#breadcrumb\"},\"inLanguage\":\"es\",\"potentialAction\":[{\"@type\":\"ReadAction\",\"target\":[\"https:\/\/museutapies.org\/es\/event\/siguiendo-el-sol-belen-barenys\/\"]}]},{\"@type\":\"BreadcrumbList\",\"@id\":\"https:\/\/museutapies.org\/es\/event\/siguiendo-el-sol-belen-barenys\/#breadcrumb\",\"itemListElement\":[{\"@type\":\"ListItem\",\"position\":1,\"name\":\"Esdeveniments\",\"item\":\"https:\/\/museutapies.org\/agenda\/\"},{\"@type\":\"ListItem\",\"position\":2,\"name\":\"Siguiendo el sol: Bel\u00e9n Barenys\"}]},{\"@type\":\"WebSite\",\"@id\":\"https:\/\/museutapies.org\/en\/#website\",\"url\":\"https:\/\/museutapies.org\/en\/\",\"name\":\"Museu T\u00e0pies\",\"description\":\"\",\"publisher\":{\"@id\":\"https:\/\/museutapies.org\/en\/#organization\"},\"potentialAction\":[{\"@type\":\"SearchAction\",\"target\":{\"@type\":\"EntryPoint\",\"urlTemplate\":\"https:\/\/museutapies.org\/en\/?s={search_term_string}\"},\"query-input\":\"required name=search_term_string\"}],\"inLanguage\":\"es\"},{\"@type\":\"Organization\",\"@id\":\"https:\/\/museutapies.org\/en\/#organization\",\"name\":\"Museu T\u00e0pies\",\"url\":\"https:\/\/museutapies.org\/en\/\",\"logo\":{\"@type\":\"ImageObject\",\"inLanguage\":\"es\",\"@id\":\"https:\/\/museutapies.org\/en\/#\/schema\/logo\/image\/\",\"url\":\"https:\/\/museutapies.org\/wp-content\/uploads\/2024\/07\/mta.png\",\"contentUrl\":\"https:\/\/museutapies.org\/wp-content\/uploads\/2024\/07\/mta.png\",\"width\":244,\"height\":110,\"caption\":\"Museu T\u00e0pies\"},\"image\":{\"@id\":\"https:\/\/museutapies.org\/en\/#\/schema\/logo\/image\/\"},\"sameAs\":[\"https:\/\/www.facebook.com\/museutapies\",\"https:\/\/www.instagram.com\/museutapies\/\",\"https:\/\/www.youtube.com\/channel\/UCPi65HBb48RMeoa12lR51cQ\",\"https:\/\/x.com\/MuseuTapies\"]}]}<\/script>\n<!-- \/ Yoast SEO plugin. -->","yoast_head_json":{"title":"Siguiendo el sol: Bel\u00e9n Barenys - Museu T\u00e0pies","description":"Cuarta sesi\u00f3n del ciclo \"Siguiendo el sol\" con Bel\u00e9n Barenys","robots":{"index":"index","follow":"follow","max-snippet":"max-snippet:-1","max-image-preview":"max-image-preview:large","max-video-preview":"max-video-preview:-1"},"og_locale":"es_ES","og_type":"article","og_title":"Siguiendo el sol: Bel\u00e9n Barenys - Museu T\u00e0pies","og_description":"Cuarta sesi\u00f3n del ciclo \"Siguiendo el sol\" con Bel\u00e9n Barenys","og_url":"https:\/\/museutapies.org\/es\/event\/siguiendo-el-sol-belen-barenys\/","og_site_name":"Museu T\u00e0pies","article_publisher":"https:\/\/www.facebook.com\/museutapies","article_modified_time":"2024-06-24T18:36:33+00:00","og_image":[{"width":960,"height":1280,"url":"https:\/\/museutapies.org\/wp-content\/uploads\/2024\/05\/bb-foto.jpg","type":"image\/jpeg"}],"twitter_card":"summary_large_image","twitter_misc":{"Tiempo de lectura":"3 minutos"},"schema":{"@context":"https:\/\/schema.org","@graph":[{"@type":"WebPage","@id":"https:\/\/museutapies.org\/es\/event\/siguiendo-el-sol-belen-barenys\/","url":"https:\/\/museutapies.org\/es\/event\/siguiendo-el-sol-belen-barenys\/","name":"Siguiendo el sol: Bel\u00e9n Barenys - Museu T\u00e0pies","isPartOf":{"@id":"https:\/\/museutapies.org\/en\/#website"},"datePublished":"2024-05-28T15:59:20+00:00","dateModified":"2024-06-24T18:36:33+00:00","description":"Cuarta sesi\u00f3n del ciclo \"Siguiendo el sol\" con Bel\u00e9n Barenys","breadcrumb":{"@id":"https:\/\/museutapies.org\/es\/event\/siguiendo-el-sol-belen-barenys\/#breadcrumb"},"inLanguage":"es","potentialAction":[{"@type":"ReadAction","target":["https:\/\/museutapies.org\/es\/event\/siguiendo-el-sol-belen-barenys\/"]}]},{"@type":"BreadcrumbList","@id":"https:\/\/museutapies.org\/es\/event\/siguiendo-el-sol-belen-barenys\/#breadcrumb","itemListElement":[{"@type":"ListItem","position":1,"name":"Esdeveniments","item":"https:\/\/museutapies.org\/agenda\/"},{"@type":"ListItem","position":2,"name":"Siguiendo el sol: Bel\u00e9n Barenys"}]},{"@type":"WebSite","@id":"https:\/\/museutapies.org\/en\/#website","url":"https:\/\/museutapies.org\/en\/","name":"Museu T\u00e0pies","description":"","publisher":{"@id":"https:\/\/museutapies.org\/en\/#organization"},"potentialAction":[{"@type":"SearchAction","target":{"@type":"EntryPoint","urlTemplate":"https:\/\/museutapies.org\/en\/?s={search_term_string}"},"query-input":"required name=search_term_string"}],"inLanguage":"es"},{"@type":"Organization","@id":"https:\/\/museutapies.org\/en\/#organization","name":"Museu T\u00e0pies","url":"https:\/\/museutapies.org\/en\/","logo":{"@type":"ImageObject","inLanguage":"es","@id":"https:\/\/museutapies.org\/en\/#\/schema\/logo\/image\/","url":"https:\/\/museutapies.org\/wp-content\/uploads\/2024\/07\/mta.png","contentUrl":"https:\/\/museutapies.org\/wp-content\/uploads\/2024\/07\/mta.png","width":244,"height":110,"caption":"Museu T\u00e0pies"},"image":{"@id":"https:\/\/museutapies.org\/en\/#\/schema\/logo\/image\/"},"sameAs":["https:\/\/www.facebook.com\/museutapies","https:\/\/www.instagram.com\/museutapies\/","https:\/\/www.youtube.com\/channel\/UCPi65HBb48RMeoa12lR51cQ","https:\/\/x.com\/MuseuTapies"]}]}},"_links":{"self":[{"href":"https:\/\/museutapies.org\/es\/wp-json\/wp\/v2\/tribe_events\/33813"}],"collection":[{"href":"https:\/\/museutapies.org\/es\/wp-json\/wp\/v2\/tribe_events"}],"about":[{"href":"https:\/\/museutapies.org\/es\/wp-json\/wp\/v2\/types\/tribe_events"}],"author":[{"embeddable":true,"href":"https:\/\/museutapies.org\/es\/wp-json\/wp\/v2\/users\/3"}],"replies":[{"embeddable":true,"href":"https:\/\/museutapies.org\/es\/wp-json\/wp\/v2\/comments?post=33813"}],"version-history":[{"count":7,"href":"https:\/\/museutapies.org\/es\/wp-json\/wp\/v2\/tribe_events\/33813\/revisions"}],"predecessor-version":[{"id":34281,"href":"https:\/\/museutapies.org\/es\/wp-json\/wp\/v2\/tribe_events\/33813\/revisions\/34281"}],"wp:featuredmedia":[{"embeddable":true,"href":"https:\/\/museutapies.org\/es\/wp-json\/wp\/v2\/media\/33808"}],"wp:attachment":[{"href":"https:\/\/museutapies.org\/es\/wp-json\/wp\/v2\/media?parent=33813"}],"wp:term":[{"taxonomy":"post_tag","embeddable":true,"href":"https:\/\/museutapies.org\/es\/wp-json\/wp\/v2\/tags?post=33813"},{"taxonomy":"tribe_events_cat","embeddable":true,"href":"https:\/\/museutapies.org\/es\/wp-json\/wp\/v2\/tribe_events_cat?post=33813"}],"curies":[{"name":"wp","href":"https:\/\/api.w.org\/{rel}","templated":true}]}}