{"id":34124,"date":"2024-06-10T10:13:41","date_gmt":"2024-06-10T08:13:41","guid":{"rendered":"https:\/\/museutapies.org\/?post_type=tribe_events&#038;p=34124"},"modified":"2024-06-12T14:44:11","modified_gmt":"2024-06-12T12:44:11","slug":"las-sillas-de-tapies-blanca-llum-vidal-y-los-sara-fontan","status":"publish","type":"tribe_events","link":"https:\/\/museutapies.org\/es\/event\/las-sillas-de-tapies-blanca-llum-vidal-y-los-sara-fontan\/","title":{"rendered":"Las sillas de T\u00e0pies: Blanca Llum Vidal y Los Sara Font\u00e1n"},"content":{"rendered":"<p>&nbsp;<\/p>\n<p><img loading=\"lazy\" decoding=\"async\" class=\"alignnone size-medium wp-image-34122\" src=\"https:\/\/museutapies.org\/wp-content\/uploads\/2024\/01\/I24-Blanca-Llum-001-800x534.jpg\" alt=\"\" width=\"800\" height=\"534\" srcset=\"https:\/\/museutapies.org\/wp-content\/uploads\/2024\/01\/I24-Blanca-Llum-001-800x534.jpg 800w, https:\/\/museutapies.org\/wp-content\/uploads\/2024\/01\/I24-Blanca-Llum-001-900x600.jpg 900w, https:\/\/museutapies.org\/wp-content\/uploads\/2024\/01\/I24-Blanca-Llum-001-768x512.jpg 768w, https:\/\/museutapies.org\/wp-content\/uploads\/2024\/01\/I24-Blanca-Llum-001-1536x1024.jpg 1536w, https:\/\/museutapies.org\/wp-content\/uploads\/2024\/01\/I24-Blanca-Llum-001-2048x1366.jpg 2048w, https:\/\/museutapies.org\/wp-content\/uploads\/2024\/01\/I24-Blanca-Llum-001-500x333.jpg 500w, https:\/\/museutapies.org\/wp-content\/uploads\/2024\/01\/I24-Blanca-Llum-001-380x253.jpg 380w, https:\/\/museutapies.org\/wp-content\/uploads\/2024\/01\/I24-Blanca-Llum-001-600x400.jpg 600w\" sizes=\"(max-width: 800px) 100vw, 800px\" \/><\/p>\n<p>&nbsp;<\/p>\n<p><a href=\"https:\/\/museutapies.org\/es\/series\/las-sillas-de-tapies\/\"><em>Las sillas de T\u00e0pies<\/em><\/a> es un ciclo de acciones sonoras de car\u00e1cter multidisciplinar organizado en el marco del <a href=\"https:\/\/museutapies.org\/es\/any-tapies\/\">A\u00f1o T\u00e0pies<\/a> con la colaboraci\u00f3n de la Universitat Pompeu Fabra. Se trata de una propuesta que pone en el centro la voz y la palabra para hacer un acompa\u00f1amiento sonoro a la memoria oral. As\u00ed pues, cada una de las trece sesiones contar\u00e1 con la presencia de un creador que partir\u00e1 de la silla como elemento performativo para reconectar con el universo creativo del artista desde los lenguajes expresivos y las puestas en escena de hoy.<\/p>\n<p>La octava propuesta del ciclo ser\u00e1 concebida por Blanca Llum Vidal y Los Sara Font\u00e1n, una acci\u00f3n que modular\u00e1 texturas, procesar\u00e1 voz y sonorizar\u00e1 lo que tal vez no estaba pensado para ser m\u00fasica. Convocando un mont\u00f3n de autores, los creadores invitados intentar\u00e1n transformar la palabra en materia r\u00edtmica y extraer sonidos de las cosas para construir un relato de ellas. La silla, como en T\u00e0pies, no solo ser\u00e1 idea. Ser\u00e1, sobre todo, objeto y realidad para pensar, para remover, para meditar.<\/p>\n<p>&nbsp;<\/p>\n<p><strong>Blanca Llum Vidal<\/strong> ha estudiado trabajo social, filolog\u00eda catalana y un m\u00e1ster de pensamiento contempor\u00e1neo. Trabaja en la Zona Franca en un piso tutelado para personas con diversidad funcional. Ha traducido, con Arnau Pons, <em>La <\/em><em>Douleur<\/em>, de Marguerite Duras y, de la misma autora, ha traducido en solitario <em>\u00c9crire<\/em>. Ha editado la poes\u00eda de \u00c0ngel Guimer\u00e0, las cartas de exilio de Merc\u00e8 Rodoreda a Anna Muri\u00e0, los cuentos de V\u00edctor Catal\u00e0, <em>Dues Catalunyes: jocfloralescos i xarons <\/em>de \u00c0ngel Carmona y, entre otros, el libro que acompa\u00f1\u00f3 la exposici\u00f3n Francesc Tosquelles o el cat\u00e1logo Agn\u00e8s Varda que se presentar\u00e1 este a\u00f1o en el CCCB. Se ha encargado de una antolog\u00eda del ensayo feminista de Maria Aur\u00e8lia Capmany. Ha recitado por todos los Pa\u00edses Catalanes y el Estado, en Ucrania, en Santiago de Chile y en Buenos Aires (en la Feria Internacional del Libro). Ha escrito sobre March, Blanchot, Kafka, Rodoreda, Arendt, Hersch, Catal\u00e0 y Duras, entre otros.<\/p>\n<p>En 2023 public\u00f3 una antolog\u00eda de su obra en Textos Sentido Edi\u00e7\u00e3o &amp; Letras, traducida al portugu\u00e9s por \u00c0lex Tarradellas, y actualmente se prepara una antolog\u00eda de su obra traducida al italiano por Marcelo Belotti y una al castellano traducida por Unai Velasco. Ha publicado <em>La cabra que hi havia<\/em>, <em>Nosaltres i tu<\/em>, <em>Homes i ocells<\/em>, <em>Visca!<\/em>, <em>Punyetera flor<\/em>, <em>Maripasoula (cr\u00f2nica d\u2019un viatge a la Guaiana francesa)<\/em>, <em>Aquest amor que no \u00e9s u <\/em>\/ <em>Este amor que no es uno<\/em> (con traducci\u00f3n de Berta Garc\u00eda Faet), <em>Amor a la brega, La princesa sou V\u00f3s <\/em>\/ <em>La princesa sois Vos<\/em> (con traducci\u00f3n de Unai Velasco), <em>Llegir petit i escriure sobre literatura i amor <\/em>y <em>No cometr\u00e0s adulteri<\/em>. Ha escrito en el <em>Quadern<\/em> de <em>El Pa\u00eds<\/em>, en el semanario de pol\u00edtica y cultura <em>El Temps<\/em> y en la actualidad regularmente en el digital <em>Catorze<\/em>. Ha subido al escenario con Maria Call\u00eds para representar <em>La infanticida<\/em>, de V\u00edctor Catal\u00e0, con la cl\u00e1sica y el <em>postrock<\/em> de Los Sara Font\u00e1n, y, \u00faltimamente, con los dise\u00f1os sonoros de Juli\u00e1n D\u2019Avino en un espect\u00e1culo sobre contradicciones pol\u00edticas, amorosas, \u00e9ticas, est\u00e9ticas, antiguas y nuevas. Este a\u00f1o ha sido invitada a la Feria del Libro de Guadalajara (M\u00e9xico).<\/p>\n<p><strong>Los Sara Font\u00e1n<\/strong> es un d\u00fao experimental formado por Sara Font\u00e1n y Edi Pou. Su terreno es el directo, siempre f\u00edsico, apasionado, punk, cambiante y permeable al entorno. Un concierto de Los Sara Font\u00e1n juega con lo mel\u00f3dico y lo r\u00edtmico conjugando elementos del romanticismo program\u00e1tico para narrar directa o indirectamente una historia, otorgando libertad al espectador para que todo ello lo interprete de forma personal.<\/p>\n<p>Estimulados por la duda de si es posible desarrollar una carrera musical sin seguir las rutinas productivas de la industria, Los Sara Font\u00e1n estuvieron cinco a\u00f1os girando por festivales y locales autogestionados de Europa sin grabar su m\u00fasica, gracias a una red musical-afectiva <em>underground<\/em> a la que se sienten afortunados de pertenecer. En oto\u00f1o de 2023 editan <em>Queda pendiente<\/em>, un \u00e1lbum hecho en su casa, grabado, interpretado y producido por ellos mismos.<\/p>\n<p>Su m\u00fasica es de c\u00f3digo abierto: el prol\u00edfico d\u00fao recompone constantemente sus creaciones para abrirlas a lo colectivo y multidisciplinar, ya sea con otros m\u00fasicos (<em>SO<\/em> con Amorante, <em>4132314<\/em> con Tarta Relena y Cocanha), con comunidades (Laborat\u00f3rio dos Riscos Imposs\u00edveis con vecinas del barrio de Fontainhas de Porto), con danza (<em>Fem una bona pena abans de morir<\/em> con S\u00f2nia G\u00f3mez), con poes\u00eda (<em>La princesa sou V\u00f3s<\/em> con Blanca Llum Vidal), con teatro (<em>Concrete Matter<\/em> de Los Detectives, <em>Songs for the bitch-witch women<\/em> de Mariona Naudin) o con series y pel\u00edculas (banda sonora de <em>Autodefensa<\/em>, <em>Magaluf Ghost Town<\/em> y <em>Remember my name<\/em>).<\/p>\n<p>&nbsp;<\/p>\n<p>Esta sesi\u00f3n del ciclo <em>Las sillas de T\u00e0pies\u00a0<\/em>formar\u00e1 parte del programa inaugural de la exposici\u00f3n <em>Antoni T\u00e0pies. La pr\u00e1ctica del arte<\/em>.<\/p>\n","protected":false},"excerpt":{"rendered":"<p>Octava propuesta del ciclo &#8220;Las sillas de T\u00e0pies&#8221; concebida por Blanca Llum Vidal y Los Sara Font\u00e1n<\/p>\n","protected":false},"author":3,"featured_media":34122,"comment_status":"closed","ping_status":"closed","template":"","meta":{"_tribe_events_status":"","_tribe_events_status_reason":"","_tribe_events_is_hybrid":"","_tribe_events_is_virtual":"","_tribe_events_virtual_video_source":"","_tribe_events_virtual_embed_video":"","_tribe_events_virtual_linked_button_text":"","_tribe_events_virtual_linked_button":"","_tribe_events_virtual_show_embed_at":"","_tribe_events_virtual_show_embed_to":[],"_tribe_events_virtual_show_on_event":"","_tribe_events_virtual_show_on_views":"","_tribe_events_virtual_url":"","footnotes":""},"tags":[],"tribe_events_cat":[5769],"acf":[],"yoast_head":"<!-- This site is optimized with the Yoast SEO plugin v20.11 - https:\/\/yoast.com\/wordpress\/plugins\/seo\/ -->\n<title>Las sillas de T\u00e0pies: Blanca Llum Vidal y Los Sara Font\u00e1n - Museu T\u00e0pies<\/title>\n<meta name=\"description\" content=\"Octava propuesta del ciclo &quot;Las sillas de T\u00e0pies&quot; concebida por Blanca Llum Vidal y Los Sara Font\u00e1n\" \/>\n<meta name=\"robots\" content=\"index, follow, max-snippet:-1, max-image-preview:large, max-video-preview:-1\" \/>\n<meta property=\"og:locale\" content=\"es_ES\" \/>\n<meta property=\"og:type\" content=\"article\" \/>\n<meta property=\"og:title\" content=\"Las sillas de T\u00e0pies: Blanca Llum Vidal y Los Sara Font\u00e1n - Museu T\u00e0pies\" \/>\n<meta property=\"og:description\" content=\"Octava propuesta del ciclo &quot;Las sillas de T\u00e0pies&quot; concebida por Blanca Llum Vidal y Los Sara Font\u00e1n\" \/>\n<meta property=\"og:url\" content=\"https:\/\/museutapies.org\/es\/event\/las-sillas-de-tapies-blanca-llum-vidal-y-los-sara-fontan\/\" \/>\n<meta property=\"og:site_name\" content=\"Museu T\u00e0pies\" \/>\n<meta property=\"article:publisher\" content=\"https:\/\/www.facebook.com\/museutapies\" \/>\n<meta property=\"article:modified_time\" content=\"2024-06-12T12:44:11+00:00\" \/>\n<meta property=\"og:image\" content=\"https:\/\/museutapies.org\/wp-content\/uploads\/2024\/01\/I24-Blanca-Llum-001-scaled.jpg\" \/>\n\t<meta property=\"og:image:width\" content=\"2560\" \/>\n\t<meta property=\"og:image:height\" content=\"1707\" \/>\n\t<meta property=\"og:image:type\" content=\"image\/jpeg\" \/>\n<meta name=\"twitter:card\" content=\"summary_large_image\" \/>\n<meta name=\"twitter:label1\" content=\"Tiempo de lectura\" \/>\n\t<meta name=\"twitter:data1\" content=\"4 minutos\" \/>\n<script type=\"application\/ld+json\" class=\"yoast-schema-graph\">{\"@context\":\"https:\/\/schema.org\",\"@graph\":[{\"@type\":\"WebPage\",\"@id\":\"https:\/\/museutapies.org\/es\/event\/las-sillas-de-tapies-blanca-llum-vidal-y-los-sara-fontan\/\",\"url\":\"https:\/\/museutapies.org\/es\/event\/las-sillas-de-tapies-blanca-llum-vidal-y-los-sara-fontan\/\",\"name\":\"Las sillas de T\u00e0pies: Blanca Llum Vidal y Los Sara Font\u00e1n - Museu T\u00e0pies\",\"isPartOf\":{\"@id\":\"https:\/\/museutapies.org\/en\/#website\"},\"datePublished\":\"2024-06-10T08:13:41+00:00\",\"dateModified\":\"2024-06-12T12:44:11+00:00\",\"description\":\"Octava propuesta del ciclo \\\"Las sillas de T\u00e0pies\\\" concebida por Blanca Llum Vidal y Los Sara Font\u00e1n\",\"breadcrumb\":{\"@id\":\"https:\/\/museutapies.org\/es\/event\/las-sillas-de-tapies-blanca-llum-vidal-y-los-sara-fontan\/#breadcrumb\"},\"inLanguage\":\"es\",\"potentialAction\":[{\"@type\":\"ReadAction\",\"target\":[\"https:\/\/museutapies.org\/es\/event\/las-sillas-de-tapies-blanca-llum-vidal-y-los-sara-fontan\/\"]}]},{\"@type\":\"BreadcrumbList\",\"@id\":\"https:\/\/museutapies.org\/es\/event\/las-sillas-de-tapies-blanca-llum-vidal-y-los-sara-fontan\/#breadcrumb\",\"itemListElement\":[{\"@type\":\"ListItem\",\"position\":1,\"name\":\"Esdeveniments\",\"item\":\"https:\/\/museutapies.org\/agenda\/\"},{\"@type\":\"ListItem\",\"position\":2,\"name\":\"Las sillas de T\u00e0pies: Blanca Llum Vidal y Los Sara Font\u00e1n\"}]},{\"@type\":\"WebSite\",\"@id\":\"https:\/\/museutapies.org\/en\/#website\",\"url\":\"https:\/\/museutapies.org\/en\/\",\"name\":\"Museu T\u00e0pies\",\"description\":\"\",\"publisher\":{\"@id\":\"https:\/\/museutapies.org\/en\/#organization\"},\"potentialAction\":[{\"@type\":\"SearchAction\",\"target\":{\"@type\":\"EntryPoint\",\"urlTemplate\":\"https:\/\/museutapies.org\/en\/?s={search_term_string}\"},\"query-input\":\"required name=search_term_string\"}],\"inLanguage\":\"es\"},{\"@type\":\"Organization\",\"@id\":\"https:\/\/museutapies.org\/en\/#organization\",\"name\":\"Museu T\u00e0pies\",\"url\":\"https:\/\/museutapies.org\/en\/\",\"logo\":{\"@type\":\"ImageObject\",\"inLanguage\":\"es\",\"@id\":\"https:\/\/museutapies.org\/en\/#\/schema\/logo\/image\/\",\"url\":\"https:\/\/museutapies.org\/wp-content\/uploads\/2024\/07\/mta.png\",\"contentUrl\":\"https:\/\/museutapies.org\/wp-content\/uploads\/2024\/07\/mta.png\",\"width\":244,\"height\":110,\"caption\":\"Museu T\u00e0pies\"},\"image\":{\"@id\":\"https:\/\/museutapies.org\/en\/#\/schema\/logo\/image\/\"},\"sameAs\":[\"https:\/\/www.facebook.com\/museutapies\",\"https:\/\/www.instagram.com\/museutapies\/\",\"https:\/\/www.youtube.com\/channel\/UCPi65HBb48RMeoa12lR51cQ\",\"https:\/\/x.com\/MuseuTapies\"]}]}<\/script>\n<!-- \/ Yoast SEO plugin. -->","yoast_head_json":{"title":"Las sillas de T\u00e0pies: Blanca Llum Vidal y Los Sara Font\u00e1n - Museu T\u00e0pies","description":"Octava propuesta del ciclo \"Las sillas de T\u00e0pies\" concebida por Blanca Llum Vidal y Los Sara Font\u00e1n","robots":{"index":"index","follow":"follow","max-snippet":"max-snippet:-1","max-image-preview":"max-image-preview:large","max-video-preview":"max-video-preview:-1"},"og_locale":"es_ES","og_type":"article","og_title":"Las sillas de T\u00e0pies: Blanca Llum Vidal y Los Sara Font\u00e1n - Museu T\u00e0pies","og_description":"Octava propuesta del ciclo \"Las sillas de T\u00e0pies\" concebida por Blanca Llum Vidal y Los Sara Font\u00e1n","og_url":"https:\/\/museutapies.org\/es\/event\/las-sillas-de-tapies-blanca-llum-vidal-y-los-sara-fontan\/","og_site_name":"Museu T\u00e0pies","article_publisher":"https:\/\/www.facebook.com\/museutapies","article_modified_time":"2024-06-12T12:44:11+00:00","og_image":[{"width":2560,"height":1707,"url":"https:\/\/museutapies.org\/wp-content\/uploads\/2024\/01\/I24-Blanca-Llum-001-scaled.jpg","type":"image\/jpeg"}],"twitter_card":"summary_large_image","twitter_misc":{"Tiempo de lectura":"4 minutos"},"schema":{"@context":"https:\/\/schema.org","@graph":[{"@type":"WebPage","@id":"https:\/\/museutapies.org\/es\/event\/las-sillas-de-tapies-blanca-llum-vidal-y-los-sara-fontan\/","url":"https:\/\/museutapies.org\/es\/event\/las-sillas-de-tapies-blanca-llum-vidal-y-los-sara-fontan\/","name":"Las sillas de T\u00e0pies: Blanca Llum Vidal y Los Sara Font\u00e1n - Museu T\u00e0pies","isPartOf":{"@id":"https:\/\/museutapies.org\/en\/#website"},"datePublished":"2024-06-10T08:13:41+00:00","dateModified":"2024-06-12T12:44:11+00:00","description":"Octava propuesta del ciclo \"Las sillas de T\u00e0pies\" concebida por Blanca Llum Vidal y Los Sara Font\u00e1n","breadcrumb":{"@id":"https:\/\/museutapies.org\/es\/event\/las-sillas-de-tapies-blanca-llum-vidal-y-los-sara-fontan\/#breadcrumb"},"inLanguage":"es","potentialAction":[{"@type":"ReadAction","target":["https:\/\/museutapies.org\/es\/event\/las-sillas-de-tapies-blanca-llum-vidal-y-los-sara-fontan\/"]}]},{"@type":"BreadcrumbList","@id":"https:\/\/museutapies.org\/es\/event\/las-sillas-de-tapies-blanca-llum-vidal-y-los-sara-fontan\/#breadcrumb","itemListElement":[{"@type":"ListItem","position":1,"name":"Esdeveniments","item":"https:\/\/museutapies.org\/agenda\/"},{"@type":"ListItem","position":2,"name":"Las sillas de T\u00e0pies: Blanca Llum Vidal y Los Sara Font\u00e1n"}]},{"@type":"WebSite","@id":"https:\/\/museutapies.org\/en\/#website","url":"https:\/\/museutapies.org\/en\/","name":"Museu T\u00e0pies","description":"","publisher":{"@id":"https:\/\/museutapies.org\/en\/#organization"},"potentialAction":[{"@type":"SearchAction","target":{"@type":"EntryPoint","urlTemplate":"https:\/\/museutapies.org\/en\/?s={search_term_string}"},"query-input":"required name=search_term_string"}],"inLanguage":"es"},{"@type":"Organization","@id":"https:\/\/museutapies.org\/en\/#organization","name":"Museu T\u00e0pies","url":"https:\/\/museutapies.org\/en\/","logo":{"@type":"ImageObject","inLanguage":"es","@id":"https:\/\/museutapies.org\/en\/#\/schema\/logo\/image\/","url":"https:\/\/museutapies.org\/wp-content\/uploads\/2024\/07\/mta.png","contentUrl":"https:\/\/museutapies.org\/wp-content\/uploads\/2024\/07\/mta.png","width":244,"height":110,"caption":"Museu T\u00e0pies"},"image":{"@id":"https:\/\/museutapies.org\/en\/#\/schema\/logo\/image\/"},"sameAs":["https:\/\/www.facebook.com\/museutapies","https:\/\/www.instagram.com\/museutapies\/","https:\/\/www.youtube.com\/channel\/UCPi65HBb48RMeoa12lR51cQ","https:\/\/x.com\/MuseuTapies"]}]}},"_links":{"self":[{"href":"https:\/\/museutapies.org\/es\/wp-json\/wp\/v2\/tribe_events\/34124"}],"collection":[{"href":"https:\/\/museutapies.org\/es\/wp-json\/wp\/v2\/tribe_events"}],"about":[{"href":"https:\/\/museutapies.org\/es\/wp-json\/wp\/v2\/types\/tribe_events"}],"author":[{"embeddable":true,"href":"https:\/\/museutapies.org\/es\/wp-json\/wp\/v2\/users\/3"}],"replies":[{"embeddable":true,"href":"https:\/\/museutapies.org\/es\/wp-json\/wp\/v2\/comments?post=34124"}],"version-history":[{"count":4,"href":"https:\/\/museutapies.org\/es\/wp-json\/wp\/v2\/tribe_events\/34124\/revisions"}],"predecessor-version":[{"id":34241,"href":"https:\/\/museutapies.org\/es\/wp-json\/wp\/v2\/tribe_events\/34124\/revisions\/34241"}],"wp:featuredmedia":[{"embeddable":true,"href":"https:\/\/museutapies.org\/es\/wp-json\/wp\/v2\/media\/34122"}],"wp:attachment":[{"href":"https:\/\/museutapies.org\/es\/wp-json\/wp\/v2\/media?parent=34124"}],"wp:term":[{"taxonomy":"post_tag","embeddable":true,"href":"https:\/\/museutapies.org\/es\/wp-json\/wp\/v2\/tags?post=34124"},{"taxonomy":"tribe_events_cat","embeddable":true,"href":"https:\/\/museutapies.org\/es\/wp-json\/wp\/v2\/tribe_events_cat?post=34124"}],"curies":[{"name":"wp","href":"https:\/\/api.w.org\/{rel}","templated":true}]}}