{"id":34571,"date":"2024-07-08T11:26:48","date_gmt":"2024-07-08T09:26:48","guid":{"rendered":"https:\/\/museutapies.org\/?post_type=tribe_events&#038;p=34571"},"modified":"2024-10-11T10:53:30","modified_gmt":"2024-10-11T08:53:30","slug":"las-sillas-de-tapies-ciclo-difraccions","status":"publish","type":"tribe_events","link":"https:\/\/museutapies.org\/es\/event\/las-sillas-de-tapies-ciclo-difraccions\/","title":{"rendered":"Las sillas de T\u00e0pies. Ciclo Difraccions"},"content":{"rendered":"<p><img loading=\"lazy\" decoding=\"async\" class=\"alignnone size-medium wp-image-34568\" src=\"https:\/\/museutapies.org\/wp-content\/uploads\/2024\/01\/Les-cadires-de-Tapies.-Cicle-Difraccions-800x534.jpg\" alt=\"\" width=\"800\" height=\"534\" srcset=\"https:\/\/museutapies.org\/wp-content\/uploads\/2024\/01\/Les-cadires-de-Tapies.-Cicle-Difraccions-800x534.jpg 800w, https:\/\/museutapies.org\/wp-content\/uploads\/2024\/01\/Les-cadires-de-Tapies.-Cicle-Difraccions-900x600.jpg 900w, https:\/\/museutapies.org\/wp-content\/uploads\/2024\/01\/Les-cadires-de-Tapies.-Cicle-Difraccions-768x512.jpg 768w, https:\/\/museutapies.org\/wp-content\/uploads\/2024\/01\/Les-cadires-de-Tapies.-Cicle-Difraccions-500x334.jpg 500w, https:\/\/museutapies.org\/wp-content\/uploads\/2024\/01\/Les-cadires-de-Tapies.-Cicle-Difraccions-380x254.jpg 380w, https:\/\/museutapies.org\/wp-content\/uploads\/2024\/01\/Les-cadires-de-Tapies.-Cicle-Difraccions-600x400.jpg 600w, https:\/\/museutapies.org\/wp-content\/uploads\/2024\/01\/Les-cadires-de-Tapies.-Cicle-Difraccions.jpg 1298w\" sizes=\"(max-width: 800px) 100vw, 800px\" \/><\/p>\n<p><a href=\"https:\/\/museutapies.org\/es\/series\/las-sillas-de-tapies\/\"><em>Las sillas de T\u00e0pies<\/em><\/a> es un ciclo de acciones sonoras de car\u00e1cter multidisciplinar organizado en el marco del A\u00f1o T\u00e0pies con la colaboraci\u00f3n de la Universitat Pompeu Fabra. Se trata de una propuesta que pone en el centro la voz y la palabra para hacer un acompa\u00f1amiento sonoro a la memoria oral. As\u00ed pues, cada una de las trece sesiones contar\u00e1 con la presencia de un creador que partir\u00e1 de la silla como elemento performativo para reconectar con el universo creativo del artista desde los lenguajes expresivos y las puestas en escena de hoy.<\/p>\n<p>&nbsp;<\/p>\n<p><b>Las sillas de T\u00e0pies: cicle Difraccions<\/b><\/p>\n<p><span style=\"font-weight: 400\">La d\u00e9cima acci\u00f3n sonora del ciclo es \u201cL\u2019escolta fuga\u00e7\u201d, una propuesta del cicle Difraccions. <\/span>La escucha, como acto central del hecho musical, alcanza su m\u00e1xima intensidad en el contexto de la improvisaci\u00f3n multidisciplinar, tanto por parte del p\u00fablico como de las int\u00e9rpretes. La generaci\u00f3n de material a trav\u00e9s de la improvisaci\u00f3n nos coloca en un estado de atenci\u00f3n constante, en el que hay que reaccionar a la aparici\u00f3n de nuevas ideas que pueden surgir del azar, de errores fortuitos, de desviaciones o incluso de nuevos imaginarios sonoros.<\/p>\n<p>La guitarrista Amidea Clotet nos propone un di\u00e1logo entre sonido y movimiento con la bailarina S\u00f2nia S\u00e1nchez. Este intercambio nos invita a reflexionar sobre el papel de la escucha en la improvisaci\u00f3n generativa. \u00bfC\u00f3mo se escucha una int\u00e9rprete a s\u00ed misma mientras improvisa y c\u00f3mo responde ante sus propias desviaciones, accidentes o nuevas soluciones que aparecen en directo? \u00bfC\u00f3mo reacciona el movimiento ante el sonido y c\u00f3mo se modifica el sonido seg\u00fan las propuestas del movimiento? La escucha, n\u00facleo del hecho musical, se manifiesta en este contexto con toda su intensidad.<\/p>\n<p>&nbsp;<\/p>\n<p><strong>Amidea Clotet<\/strong> es una de las figuras emergentes de la escena de la improvisaci\u00f3n generativa en Barcelona. Estudi\u00f3 guitarra el\u00e9ctrica en el Conservatori del Liceu de Barcelona y composici\u00f3n contempor\u00e1nea en Dinamarca, donde empez\u00f3 a encontrar su camino hacia la improvisaci\u00f3n. Amidea crea paisajes sonoros espont\u00e1neos mediante t\u00e9cnicas extendidas y objetos, y consigue una m\u00fasica cruda que, seg\u00fan ella, surge como respuesta a los tiempos en que vivimos. Sus creaciones se encuentran a medio camino entre el juego con la experimentaci\u00f3n sonora m\u00e1s arriesgada y la belleza de lo sutil.<\/p>\n<p>&nbsp;<\/p>\n<p><strong>S\u00f2nia S\u00e1nchez<\/strong> baila desde el flamenco, la improvisaci\u00f3n libre y la danza japonesa <em>body weather<\/em>. Se inclina por los laboratorios de sonido improvisado a trav\u00e9s del cuerpo. Los fundamentos de sus trabajos se hallan en la ra\u00edz flamenca del sonido en el espacio, el cuerpo que suena en movimiento y en el espacio bailado. Inici\u00f3 sus investigaciones entre la actitud del ritmo flamenco y la velocidad org\u00e1nica del <em>body weather<\/em> en 2001. En 2004 se a\u00f1adi\u00f3 a su camino emp\u00edrico la m\u00fasica libre; desde entonces se dedica cada d\u00eda a explorar todos estos mundos y horizontes.<\/p>\n<p>&nbsp;<\/p>\n","protected":false},"excerpt":{"rendered":"<p>La guitarrista Amidea Clotet propone un di\u00e1logo de sonido y movimiento en el que nos har\u00e1 reflexionar sobre la escucha<\/p>\n","protected":false},"author":208,"featured_media":34568,"comment_status":"closed","ping_status":"closed","template":"","meta":{"_tribe_events_status":"","_tribe_events_status_reason":"","_tribe_events_is_hybrid":"","_tribe_events_is_virtual":"","_tribe_events_virtual_video_source":"","_tribe_events_virtual_embed_video":"","_tribe_events_virtual_linked_button_text":"","_tribe_events_virtual_linked_button":"","_tribe_events_virtual_show_embed_at":"","_tribe_events_virtual_show_embed_to":[],"_tribe_events_virtual_show_on_event":"","_tribe_events_virtual_show_on_views":"","_tribe_events_virtual_url":"","footnotes":""},"tags":[],"tribe_events_cat":[5769],"acf":[],"yoast_head":"<!-- This site is optimized with the Yoast SEO plugin v20.11 - https:\/\/yoast.com\/wordpress\/plugins\/seo\/ -->\n<title>Las sillas de T\u00e0pies. Ciclo Difraccions - Museu T\u00e0pies<\/title>\n<meta name=\"description\" content=\"La guitarrista Amidea Clotet propone un di\u00e1logo de sonido y movimiento en el que nos har\u00e1 reflexionar sobre la escucha, en el Museu T\u00e0pies.\" \/>\n<meta name=\"robots\" content=\"index, follow, max-snippet:-1, max-image-preview:large, max-video-preview:-1\" \/>\n<meta property=\"og:locale\" content=\"es_ES\" \/>\n<meta property=\"og:type\" content=\"article\" \/>\n<meta property=\"og:title\" content=\"Las sillas de T\u00e0pies. Ciclo Difraccions - Museu T\u00e0pies\" \/>\n<meta property=\"og:description\" content=\"La guitarrista Amidea Clotet propone un di\u00e1logo de sonido y movimiento en el que nos har\u00e1 reflexionar sobre la escucha, en el Museu T\u00e0pies.\" \/>\n<meta property=\"og:url\" content=\"https:\/\/museutapies.org\/es\/event\/las-sillas-de-tapies-ciclo-difraccions\/\" \/>\n<meta property=\"og:site_name\" content=\"Museu T\u00e0pies\" \/>\n<meta property=\"article:publisher\" content=\"https:\/\/www.facebook.com\/museutapies\" \/>\n<meta property=\"article:modified_time\" content=\"2024-10-11T08:53:30+00:00\" \/>\n<meta property=\"og:image\" content=\"https:\/\/museutapies.org\/wp-content\/uploads\/2024\/01\/Les-cadires-de-Tapies.-Cicle-Difraccions.jpg\" \/>\n\t<meta property=\"og:image:width\" content=\"1298\" \/>\n\t<meta property=\"og:image:height\" content=\"866\" \/>\n\t<meta property=\"og:image:type\" content=\"image\/jpeg\" \/>\n<meta name=\"twitter:card\" content=\"summary_large_image\" \/>\n<meta name=\"twitter:label1\" content=\"Tiempo de lectura\" \/>\n\t<meta name=\"twitter:data1\" content=\"3 minutos\" \/>\n<script type=\"application\/ld+json\" class=\"yoast-schema-graph\">{\"@context\":\"https:\/\/schema.org\",\"@graph\":[{\"@type\":\"WebPage\",\"@id\":\"https:\/\/museutapies.org\/es\/event\/las-sillas-de-tapies-ciclo-difraccions\/\",\"url\":\"https:\/\/museutapies.org\/es\/event\/las-sillas-de-tapies-ciclo-difraccions\/\",\"name\":\"Las sillas de T\u00e0pies. Ciclo Difraccions - Museu T\u00e0pies\",\"isPartOf\":{\"@id\":\"https:\/\/museutapies.org\/en\/#website\"},\"datePublished\":\"2024-07-08T09:26:48+00:00\",\"dateModified\":\"2024-10-11T08:53:30+00:00\",\"description\":\"La guitarrista Amidea Clotet propone un di\u00e1logo de sonido y movimiento en el que nos har\u00e1 reflexionar sobre la escucha, en el Museu T\u00e0pies.\",\"breadcrumb\":{\"@id\":\"https:\/\/museutapies.org\/es\/event\/las-sillas-de-tapies-ciclo-difraccions\/#breadcrumb\"},\"inLanguage\":\"es\",\"potentialAction\":[{\"@type\":\"ReadAction\",\"target\":[\"https:\/\/museutapies.org\/es\/event\/las-sillas-de-tapies-ciclo-difraccions\/\"]}]},{\"@type\":\"BreadcrumbList\",\"@id\":\"https:\/\/museutapies.org\/es\/event\/las-sillas-de-tapies-ciclo-difraccions\/#breadcrumb\",\"itemListElement\":[{\"@type\":\"ListItem\",\"position\":1,\"name\":\"Esdeveniments\",\"item\":\"https:\/\/museutapies.org\/agenda\/\"},{\"@type\":\"ListItem\",\"position\":2,\"name\":\"Las sillas de T\u00e0pies. Ciclo Difraccions\"}]},{\"@type\":\"WebSite\",\"@id\":\"https:\/\/museutapies.org\/en\/#website\",\"url\":\"https:\/\/museutapies.org\/en\/\",\"name\":\"Museu T\u00e0pies\",\"description\":\"\",\"publisher\":{\"@id\":\"https:\/\/museutapies.org\/en\/#organization\"},\"potentialAction\":[{\"@type\":\"SearchAction\",\"target\":{\"@type\":\"EntryPoint\",\"urlTemplate\":\"https:\/\/museutapies.org\/en\/?s={search_term_string}\"},\"query-input\":\"required name=search_term_string\"}],\"inLanguage\":\"es\"},{\"@type\":\"Organization\",\"@id\":\"https:\/\/museutapies.org\/en\/#organization\",\"name\":\"Museu T\u00e0pies\",\"url\":\"https:\/\/museutapies.org\/en\/\",\"logo\":{\"@type\":\"ImageObject\",\"inLanguage\":\"es\",\"@id\":\"https:\/\/museutapies.org\/en\/#\/schema\/logo\/image\/\",\"url\":\"https:\/\/museutapies.org\/wp-content\/uploads\/2024\/07\/mta.png\",\"contentUrl\":\"https:\/\/museutapies.org\/wp-content\/uploads\/2024\/07\/mta.png\",\"width\":244,\"height\":110,\"caption\":\"Museu T\u00e0pies\"},\"image\":{\"@id\":\"https:\/\/museutapies.org\/en\/#\/schema\/logo\/image\/\"},\"sameAs\":[\"https:\/\/www.facebook.com\/museutapies\",\"https:\/\/www.instagram.com\/museutapies\/\",\"https:\/\/www.youtube.com\/channel\/UCPi65HBb48RMeoa12lR51cQ\",\"https:\/\/x.com\/MuseuTapies\"]}]}<\/script>\n<!-- \/ Yoast SEO plugin. -->","yoast_head_json":{"title":"Las sillas de T\u00e0pies. Ciclo Difraccions - Museu T\u00e0pies","description":"La guitarrista Amidea Clotet propone un di\u00e1logo de sonido y movimiento en el que nos har\u00e1 reflexionar sobre la escucha, en el Museu T\u00e0pies.","robots":{"index":"index","follow":"follow","max-snippet":"max-snippet:-1","max-image-preview":"max-image-preview:large","max-video-preview":"max-video-preview:-1"},"og_locale":"es_ES","og_type":"article","og_title":"Las sillas de T\u00e0pies. Ciclo Difraccions - Museu T\u00e0pies","og_description":"La guitarrista Amidea Clotet propone un di\u00e1logo de sonido y movimiento en el que nos har\u00e1 reflexionar sobre la escucha, en el Museu T\u00e0pies.","og_url":"https:\/\/museutapies.org\/es\/event\/las-sillas-de-tapies-ciclo-difraccions\/","og_site_name":"Museu T\u00e0pies","article_publisher":"https:\/\/www.facebook.com\/museutapies","article_modified_time":"2024-10-11T08:53:30+00:00","og_image":[{"width":1298,"height":866,"url":"https:\/\/museutapies.org\/wp-content\/uploads\/2024\/01\/Les-cadires-de-Tapies.-Cicle-Difraccions.jpg","type":"image\/jpeg"}],"twitter_card":"summary_large_image","twitter_misc":{"Tiempo de lectura":"3 minutos"},"schema":{"@context":"https:\/\/schema.org","@graph":[{"@type":"WebPage","@id":"https:\/\/museutapies.org\/es\/event\/las-sillas-de-tapies-ciclo-difraccions\/","url":"https:\/\/museutapies.org\/es\/event\/las-sillas-de-tapies-ciclo-difraccions\/","name":"Las sillas de T\u00e0pies. Ciclo Difraccions - Museu T\u00e0pies","isPartOf":{"@id":"https:\/\/museutapies.org\/en\/#website"},"datePublished":"2024-07-08T09:26:48+00:00","dateModified":"2024-10-11T08:53:30+00:00","description":"La guitarrista Amidea Clotet propone un di\u00e1logo de sonido y movimiento en el que nos har\u00e1 reflexionar sobre la escucha, en el Museu T\u00e0pies.","breadcrumb":{"@id":"https:\/\/museutapies.org\/es\/event\/las-sillas-de-tapies-ciclo-difraccions\/#breadcrumb"},"inLanguage":"es","potentialAction":[{"@type":"ReadAction","target":["https:\/\/museutapies.org\/es\/event\/las-sillas-de-tapies-ciclo-difraccions\/"]}]},{"@type":"BreadcrumbList","@id":"https:\/\/museutapies.org\/es\/event\/las-sillas-de-tapies-ciclo-difraccions\/#breadcrumb","itemListElement":[{"@type":"ListItem","position":1,"name":"Esdeveniments","item":"https:\/\/museutapies.org\/agenda\/"},{"@type":"ListItem","position":2,"name":"Las sillas de T\u00e0pies. Ciclo Difraccions"}]},{"@type":"WebSite","@id":"https:\/\/museutapies.org\/en\/#website","url":"https:\/\/museutapies.org\/en\/","name":"Museu T\u00e0pies","description":"","publisher":{"@id":"https:\/\/museutapies.org\/en\/#organization"},"potentialAction":[{"@type":"SearchAction","target":{"@type":"EntryPoint","urlTemplate":"https:\/\/museutapies.org\/en\/?s={search_term_string}"},"query-input":"required name=search_term_string"}],"inLanguage":"es"},{"@type":"Organization","@id":"https:\/\/museutapies.org\/en\/#organization","name":"Museu T\u00e0pies","url":"https:\/\/museutapies.org\/en\/","logo":{"@type":"ImageObject","inLanguage":"es","@id":"https:\/\/museutapies.org\/en\/#\/schema\/logo\/image\/","url":"https:\/\/museutapies.org\/wp-content\/uploads\/2024\/07\/mta.png","contentUrl":"https:\/\/museutapies.org\/wp-content\/uploads\/2024\/07\/mta.png","width":244,"height":110,"caption":"Museu T\u00e0pies"},"image":{"@id":"https:\/\/museutapies.org\/en\/#\/schema\/logo\/image\/"},"sameAs":["https:\/\/www.facebook.com\/museutapies","https:\/\/www.instagram.com\/museutapies\/","https:\/\/www.youtube.com\/channel\/UCPi65HBb48RMeoa12lR51cQ","https:\/\/x.com\/MuseuTapies"]}]}},"_links":{"self":[{"href":"https:\/\/museutapies.org\/es\/wp-json\/wp\/v2\/tribe_events\/34571"}],"collection":[{"href":"https:\/\/museutapies.org\/es\/wp-json\/wp\/v2\/tribe_events"}],"about":[{"href":"https:\/\/museutapies.org\/es\/wp-json\/wp\/v2\/types\/tribe_events"}],"author":[{"embeddable":true,"href":"https:\/\/museutapies.org\/es\/wp-json\/wp\/v2\/users\/208"}],"replies":[{"embeddable":true,"href":"https:\/\/museutapies.org\/es\/wp-json\/wp\/v2\/comments?post=34571"}],"version-history":[{"count":14,"href":"https:\/\/museutapies.org\/es\/wp-json\/wp\/v2\/tribe_events\/34571\/revisions"}],"predecessor-version":[{"id":36373,"href":"https:\/\/museutapies.org\/es\/wp-json\/wp\/v2\/tribe_events\/34571\/revisions\/36373"}],"wp:featuredmedia":[{"embeddable":true,"href":"https:\/\/museutapies.org\/es\/wp-json\/wp\/v2\/media\/34568"}],"wp:attachment":[{"href":"https:\/\/museutapies.org\/es\/wp-json\/wp\/v2\/media?parent=34571"}],"wp:term":[{"taxonomy":"post_tag","embeddable":true,"href":"https:\/\/museutapies.org\/es\/wp-json\/wp\/v2\/tags?post=34571"},{"taxonomy":"tribe_events_cat","embeddable":true,"href":"https:\/\/museutapies.org\/es\/wp-json\/wp\/v2\/tribe_events_cat?post=34571"}],"curies":[{"name":"wp","href":"https:\/\/api.w.org\/{rel}","templated":true}]}}