{"id":34765,"date":"2024-07-14T18:02:17","date_gmt":"2024-07-14T16:02:17","guid":{"rendered":"https:\/\/museutapies.org\/?post_type=tribe_events&#038;p=34765"},"modified":"2024-07-15T00:14:20","modified_gmt":"2024-07-14T22:14:20","slug":"antoni-tapies-la-practica-del-arte-programa-inaugural","status":"publish","type":"tribe_events","link":"https:\/\/museutapies.org\/es\/event\/antoni-tapies-la-practica-del-arte-programa-inaugural\/","title":{"rendered":"Antoni T\u00e0pies. La pr\u00e0ctica del arte | Programa inaugural"},"content":{"rendered":"<p><img loading=\"lazy\" decoding=\"async\" class=\"alignnone size-medium wp-image-34763\" src=\"https:\/\/museutapies.org\/wp-content\/uploads\/2024\/07\/Piano-amb-maquina-800x619.png\" alt=\"\" width=\"800\" height=\"619\" srcset=\"https:\/\/museutapies.org\/wp-content\/uploads\/2024\/07\/Piano-amb-maquina-800x619.png 800w, https:\/\/museutapies.org\/wp-content\/uploads\/2024\/07\/Piano-amb-maquina-900x696.png 900w, https:\/\/museutapies.org\/wp-content\/uploads\/2024\/07\/Piano-amb-maquina-768x594.png 768w, https:\/\/museutapies.org\/wp-content\/uploads\/2024\/07\/Piano-amb-maquina-500x387.png 500w, https:\/\/museutapies.org\/wp-content\/uploads\/2024\/07\/Piano-amb-maquina-380x294.png 380w, https:\/\/museutapies.org\/wp-content\/uploads\/2024\/07\/Piano-amb-maquina-600x464.png 600w, https:\/\/museutapies.org\/wp-content\/uploads\/2024\/07\/Piano-amb-maquina.png 905w\" sizes=\"(max-width: 800px) 100vw, 800px\" \/><\/p>\n<p>&nbsp;<\/p>\n<p><i><span style=\"font-weight: 400\">Antoni T\u00e0pies. La pr\u00e1ctica del arte<\/span><\/i><span style=\"font-weight: 400\"> se inaugura el 19 de julio a las 19 h, con un acto comisariado por Imma Prieto y Judith Barn\u00e9s, que contar\u00e1 con la participaci\u00f3n de Blanca Llum Vidal y Los Sara Font\u00e1n; Lolo&amp;Sosaku y el homenaje a Mika Vainio.\u00a0<\/span><\/p>\n<p>&nbsp;<\/p>\n<p><span style=\"text-decoration: underline\"><strong>Programa<\/strong><\/span><\/p>\n<p><strong>\u00b7 Blanca Llum Vidal y Los Sara Font\u00e1n. Acci\u00f3n po\u00e9tica\u00a0<\/strong><\/p>\n<p><span style=\"font-weight: 400\">Presentaci\u00f3n p\u00fablica de la octava \u201cSilla de T\u00e0pies\u201d. Una acci\u00f3n que modular\u00e1 texturas, procesar\u00e1 voces y sonorizar\u00e1 lo que quiz\u00e1s no estaba pensado para ser m\u00fasica. Convocando a un mont\u00f3n de autores, la poeta y los m\u00fasicos intentar\u00e1n transformar la palabra en materia r\u00edtmica y extraer sonidos de las cosas para construir un relato. La silla, como T\u00e0pies, no s\u00f3lo ser\u00e1 idea. Ser\u00e1, sobre todo, objeto y realidad para pensar, remover, meditar.<\/span><\/p>\n<p>&nbsp;<\/p>\n<p><strong>\u00b7 Interludio. Homenaje a Mika Vainio<\/strong><\/p>\n<p><span style=\"font-weight: 400\">A modo de interludio, la obra de Mika Vainio <\/span><i><span style=\"font-weight: 400\">Sondear<\/span><\/i><span style=\"font-weight: 400\"> nos permitir\u00e1 escuchar lo que sonar\u00eda en tiempo real si estuvi\u00e9ramos en la azotea del museo con la escultura de Antoni T\u00e0pies <\/span><i><span style=\"font-weight: 400\">N\u00favol i Cadira<\/span><\/i><span style=\"font-weight: 400\"> (1990). Esta instalaci\u00f3n sonora del artista finland\u00e9s, creada en 2001 en el marco de la exposici\u00f3n <\/span><i><span style=\"font-weight: 400\">Arquitecturas del discurso,<\/span><\/i><span style=\"font-weight: 400\"> fue reactivada con motivo del proyecto <\/span><i><span style=\"font-weight: 400\">Engagement <\/span><\/i><span style=\"font-weight: 400\">en el marco del festival S\u00f3nar 2022, que vuelve a colaborar con el museo para esta inauguraci\u00f3n.<\/span><\/p>\n<p>&nbsp;<\/p>\n<p><strong>\u00b7 Lolo &amp; Sosaku. Pieza sonora Tributo a Antoni T\u00e0pies<\/strong><\/p>\n<p><span style=\"font-weight: 400\">Por medio de un set de m\u00e1quinas y un piano de \u00e9poca, perteneciente al compositor y te\u00f3rico musical Josep Barber\u00e0 i Humbert, se construir\u00e1 un espacio sonoro que representar\u00e1 la relaci\u00f3n de T\u00e0pies con la m\u00fasica de Luigi Nonno o Giacinto Scelsi, entre otros. Para ello, se manipular\u00e1 el piano en cuesti\u00f3n con la intervenci\u00f3n de m\u00e1quinas, la voz humana y los textos que escrib\u00eda T\u00e0pies en sus pinturas. El conjunto de la propuesta contar\u00e1 con la participaci\u00f3n de la soprano Ximena Agurto y del artista multidisciplinar Renata Gelosi.<\/span><\/p>\n<p>&nbsp;<\/p>\n<p><strong>\u00b7 C\u00f3cktail en las terrazas con la m\u00fasica de la DJ Bla&amp;co<\/strong><\/p>\n<p>&nbsp;<\/p>\n<p><span style=\"font-size: 10pt\">[Imagen: <em>Piano con m\u00e1quinas<\/em>, Lolo &amp; Sosaku, 2020.]<\/span><\/p>\n","protected":false},"excerpt":{"rendered":"<p>Programa inaugural de la exposici\u00f3n &#8220;Antoni T\u00e0pies. La pr\u00e0ctica del arte&#8221;<\/p>\n","protected":false},"author":3,"featured_media":34763,"comment_status":"closed","ping_status":"closed","template":"","meta":{"_tribe_events_status":"","_tribe_events_status_reason":"","_tribe_events_is_hybrid":"","_tribe_events_is_virtual":"","_tribe_events_virtual_video_source":"","_tribe_events_virtual_embed_video":"","_tribe_events_virtual_linked_button_text":"","_tribe_events_virtual_linked_button":"","_tribe_events_virtual_show_embed_at":"","_tribe_events_virtual_show_embed_to":[],"_tribe_events_virtual_show_on_event":"","_tribe_events_virtual_show_on_views":"","_tribe_events_virtual_url":"","footnotes":""},"tags":[],"tribe_events_cat":[5769],"acf":[],"yoast_head":"<!-- This site is optimized with the Yoast SEO plugin v20.11 - https:\/\/yoast.com\/wordpress\/plugins\/seo\/ -->\n<title>Antoni T\u00e0pies. La pr\u00e0ctica del arte | Programa inaugural - Museu T\u00e0pies<\/title>\n<meta name=\"description\" content=\"Programa inaugural de la exposici\u00f3n &quot;Antoni T\u00e0pies. La pr\u00e0ctica del arte&quot; del Museu T\u00e0pies de Barcelona, comisariada por Borja-Villel.\" \/>\n<meta name=\"robots\" content=\"index, follow, max-snippet:-1, max-image-preview:large, max-video-preview:-1\" \/>\n<meta property=\"og:locale\" content=\"es_ES\" \/>\n<meta property=\"og:type\" content=\"article\" \/>\n<meta property=\"og:title\" content=\"Antoni T\u00e0pies. La pr\u00e0ctica del arte | Programa inaugural - Museu T\u00e0pies\" \/>\n<meta property=\"og:description\" content=\"Programa inaugural de la exposici\u00f3n &quot;Antoni T\u00e0pies. La pr\u00e0ctica del arte&quot; del Museu T\u00e0pies de Barcelona, comisariada por Borja-Villel.\" \/>\n<meta property=\"og:url\" content=\"https:\/\/museutapies.org\/es\/event\/antoni-tapies-la-practica-del-arte-programa-inaugural\/\" \/>\n<meta property=\"og:site_name\" content=\"Museu T\u00e0pies\" \/>\n<meta property=\"article:publisher\" content=\"https:\/\/www.facebook.com\/museutapies\" \/>\n<meta property=\"article:modified_time\" content=\"2024-07-14T22:14:20+00:00\" \/>\n<meta property=\"og:image\" content=\"https:\/\/museutapies.org\/wp-content\/uploads\/2024\/07\/Piano-amb-maquina.png\" \/>\n\t<meta property=\"og:image:width\" content=\"905\" \/>\n\t<meta property=\"og:image:height\" content=\"700\" \/>\n\t<meta property=\"og:image:type\" content=\"image\/png\" \/>\n<meta name=\"twitter:card\" content=\"summary_large_image\" \/>\n<meta name=\"twitter:label1\" content=\"Tiempo de lectura\" \/>\n\t<meta name=\"twitter:data1\" content=\"3 minutos\" \/>\n<script type=\"application\/ld+json\" class=\"yoast-schema-graph\">{\"@context\":\"https:\/\/schema.org\",\"@graph\":[{\"@type\":\"WebPage\",\"@id\":\"https:\/\/museutapies.org\/es\/event\/antoni-tapies-la-practica-del-arte-programa-inaugural\/\",\"url\":\"https:\/\/museutapies.org\/es\/event\/antoni-tapies-la-practica-del-arte-programa-inaugural\/\",\"name\":\"Antoni T\u00e0pies. La pr\u00e0ctica del arte | Programa inaugural - Museu T\u00e0pies\",\"isPartOf\":{\"@id\":\"https:\/\/museutapies.org\/en\/#website\"},\"datePublished\":\"2024-07-14T16:02:17+00:00\",\"dateModified\":\"2024-07-14T22:14:20+00:00\",\"description\":\"Programa inaugural de la exposici\u00f3n \\\"Antoni T\u00e0pies. La pr\u00e0ctica del arte\\\" del Museu T\u00e0pies de Barcelona, comisariada por Borja-Villel.\",\"breadcrumb\":{\"@id\":\"https:\/\/museutapies.org\/es\/event\/antoni-tapies-la-practica-del-arte-programa-inaugural\/#breadcrumb\"},\"inLanguage\":\"es\",\"potentialAction\":[{\"@type\":\"ReadAction\",\"target\":[\"https:\/\/museutapies.org\/es\/event\/antoni-tapies-la-practica-del-arte-programa-inaugural\/\"]}]},{\"@type\":\"BreadcrumbList\",\"@id\":\"https:\/\/museutapies.org\/es\/event\/antoni-tapies-la-practica-del-arte-programa-inaugural\/#breadcrumb\",\"itemListElement\":[{\"@type\":\"ListItem\",\"position\":1,\"name\":\"Esdeveniments\",\"item\":\"https:\/\/museutapies.org\/agenda\/\"},{\"@type\":\"ListItem\",\"position\":2,\"name\":\"Antoni T\u00e0pies. La pr\u00e0ctica del arte | Programa inaugural\"}]},{\"@type\":\"WebSite\",\"@id\":\"https:\/\/museutapies.org\/en\/#website\",\"url\":\"https:\/\/museutapies.org\/en\/\",\"name\":\"Museu T\u00e0pies\",\"description\":\"\",\"publisher\":{\"@id\":\"https:\/\/museutapies.org\/en\/#organization\"},\"potentialAction\":[{\"@type\":\"SearchAction\",\"target\":{\"@type\":\"EntryPoint\",\"urlTemplate\":\"https:\/\/museutapies.org\/en\/?s={search_term_string}\"},\"query-input\":\"required name=search_term_string\"}],\"inLanguage\":\"es\"},{\"@type\":\"Organization\",\"@id\":\"https:\/\/museutapies.org\/en\/#organization\",\"name\":\"Museu T\u00e0pies\",\"url\":\"https:\/\/museutapies.org\/en\/\",\"logo\":{\"@type\":\"ImageObject\",\"inLanguage\":\"es\",\"@id\":\"https:\/\/museutapies.org\/en\/#\/schema\/logo\/image\/\",\"url\":\"https:\/\/museutapies.org\/wp-content\/uploads\/2024\/07\/mta.png\",\"contentUrl\":\"https:\/\/museutapies.org\/wp-content\/uploads\/2024\/07\/mta.png\",\"width\":244,\"height\":110,\"caption\":\"Museu T\u00e0pies\"},\"image\":{\"@id\":\"https:\/\/museutapies.org\/en\/#\/schema\/logo\/image\/\"},\"sameAs\":[\"https:\/\/www.facebook.com\/museutapies\",\"https:\/\/www.instagram.com\/museutapies\/\",\"https:\/\/www.youtube.com\/channel\/UCPi65HBb48RMeoa12lR51cQ\",\"https:\/\/x.com\/MuseuTapies\"]}]}<\/script>\n<!-- \/ Yoast SEO plugin. -->","yoast_head_json":{"title":"Antoni T\u00e0pies. La pr\u00e0ctica del arte | Programa inaugural - Museu T\u00e0pies","description":"Programa inaugural de la exposici\u00f3n \"Antoni T\u00e0pies. La pr\u00e0ctica del arte\" del Museu T\u00e0pies de Barcelona, comisariada por Borja-Villel.","robots":{"index":"index","follow":"follow","max-snippet":"max-snippet:-1","max-image-preview":"max-image-preview:large","max-video-preview":"max-video-preview:-1"},"og_locale":"es_ES","og_type":"article","og_title":"Antoni T\u00e0pies. La pr\u00e0ctica del arte | Programa inaugural - Museu T\u00e0pies","og_description":"Programa inaugural de la exposici\u00f3n \"Antoni T\u00e0pies. La pr\u00e0ctica del arte\" del Museu T\u00e0pies de Barcelona, comisariada por Borja-Villel.","og_url":"https:\/\/museutapies.org\/es\/event\/antoni-tapies-la-practica-del-arte-programa-inaugural\/","og_site_name":"Museu T\u00e0pies","article_publisher":"https:\/\/www.facebook.com\/museutapies","article_modified_time":"2024-07-14T22:14:20+00:00","og_image":[{"width":905,"height":700,"url":"https:\/\/museutapies.org\/wp-content\/uploads\/2024\/07\/Piano-amb-maquina.png","type":"image\/png"}],"twitter_card":"summary_large_image","twitter_misc":{"Tiempo de lectura":"3 minutos"},"schema":{"@context":"https:\/\/schema.org","@graph":[{"@type":"WebPage","@id":"https:\/\/museutapies.org\/es\/event\/antoni-tapies-la-practica-del-arte-programa-inaugural\/","url":"https:\/\/museutapies.org\/es\/event\/antoni-tapies-la-practica-del-arte-programa-inaugural\/","name":"Antoni T\u00e0pies. La pr\u00e0ctica del arte | Programa inaugural - Museu T\u00e0pies","isPartOf":{"@id":"https:\/\/museutapies.org\/en\/#website"},"datePublished":"2024-07-14T16:02:17+00:00","dateModified":"2024-07-14T22:14:20+00:00","description":"Programa inaugural de la exposici\u00f3n \"Antoni T\u00e0pies. La pr\u00e0ctica del arte\" del Museu T\u00e0pies de Barcelona, comisariada por Borja-Villel.","breadcrumb":{"@id":"https:\/\/museutapies.org\/es\/event\/antoni-tapies-la-practica-del-arte-programa-inaugural\/#breadcrumb"},"inLanguage":"es","potentialAction":[{"@type":"ReadAction","target":["https:\/\/museutapies.org\/es\/event\/antoni-tapies-la-practica-del-arte-programa-inaugural\/"]}]},{"@type":"BreadcrumbList","@id":"https:\/\/museutapies.org\/es\/event\/antoni-tapies-la-practica-del-arte-programa-inaugural\/#breadcrumb","itemListElement":[{"@type":"ListItem","position":1,"name":"Esdeveniments","item":"https:\/\/museutapies.org\/agenda\/"},{"@type":"ListItem","position":2,"name":"Antoni T\u00e0pies. La pr\u00e0ctica del arte | Programa inaugural"}]},{"@type":"WebSite","@id":"https:\/\/museutapies.org\/en\/#website","url":"https:\/\/museutapies.org\/en\/","name":"Museu T\u00e0pies","description":"","publisher":{"@id":"https:\/\/museutapies.org\/en\/#organization"},"potentialAction":[{"@type":"SearchAction","target":{"@type":"EntryPoint","urlTemplate":"https:\/\/museutapies.org\/en\/?s={search_term_string}"},"query-input":"required name=search_term_string"}],"inLanguage":"es"},{"@type":"Organization","@id":"https:\/\/museutapies.org\/en\/#organization","name":"Museu T\u00e0pies","url":"https:\/\/museutapies.org\/en\/","logo":{"@type":"ImageObject","inLanguage":"es","@id":"https:\/\/museutapies.org\/en\/#\/schema\/logo\/image\/","url":"https:\/\/museutapies.org\/wp-content\/uploads\/2024\/07\/mta.png","contentUrl":"https:\/\/museutapies.org\/wp-content\/uploads\/2024\/07\/mta.png","width":244,"height":110,"caption":"Museu T\u00e0pies"},"image":{"@id":"https:\/\/museutapies.org\/en\/#\/schema\/logo\/image\/"},"sameAs":["https:\/\/www.facebook.com\/museutapies","https:\/\/www.instagram.com\/museutapies\/","https:\/\/www.youtube.com\/channel\/UCPi65HBb48RMeoa12lR51cQ","https:\/\/x.com\/MuseuTapies"]}]}},"_links":{"self":[{"href":"https:\/\/museutapies.org\/es\/wp-json\/wp\/v2\/tribe_events\/34765"}],"collection":[{"href":"https:\/\/museutapies.org\/es\/wp-json\/wp\/v2\/tribe_events"}],"about":[{"href":"https:\/\/museutapies.org\/es\/wp-json\/wp\/v2\/types\/tribe_events"}],"author":[{"embeddable":true,"href":"https:\/\/museutapies.org\/es\/wp-json\/wp\/v2\/users\/3"}],"replies":[{"embeddable":true,"href":"https:\/\/museutapies.org\/es\/wp-json\/wp\/v2\/comments?post=34765"}],"version-history":[{"count":2,"href":"https:\/\/museutapies.org\/es\/wp-json\/wp\/v2\/tribe_events\/34765\/revisions"}],"predecessor-version":[{"id":34817,"href":"https:\/\/museutapies.org\/es\/wp-json\/wp\/v2\/tribe_events\/34765\/revisions\/34817"}],"wp:featuredmedia":[{"embeddable":true,"href":"https:\/\/museutapies.org\/es\/wp-json\/wp\/v2\/media\/34763"}],"wp:attachment":[{"href":"https:\/\/museutapies.org\/es\/wp-json\/wp\/v2\/media?parent=34765"}],"wp:term":[{"taxonomy":"post_tag","embeddable":true,"href":"https:\/\/museutapies.org\/es\/wp-json\/wp\/v2\/tags?post=34765"},{"taxonomy":"tribe_events_cat","embeddable":true,"href":"https:\/\/museutapies.org\/es\/wp-json\/wp\/v2\/tribe_events_cat?post=34765"}],"curies":[{"name":"wp","href":"https:\/\/api.w.org\/{rel}","templated":true}]}}