{"id":34920,"date":"2024-07-18T09:37:11","date_gmt":"2024-07-18T07:37:11","guid":{"rendered":"https:\/\/museutapies.org\/?post_type=tribe_events&#038;p=34920"},"modified":"2024-10-22T17:45:15","modified_gmt":"2024-10-22T15:45:15","slug":"rerefluxus","status":"publish","type":"tribe_events","link":"https:\/\/museutapies.org\/es\/event\/rerefluxus\/","title":{"rendered":"Rereflux"},"content":{"rendered":"<p><img loading=\"lazy\" decoding=\"async\" class=\"alignnone size-full wp-image-34850\" src=\"https:\/\/museutapies.org\/wp-content\/uploads\/2024\/07\/REREFLUX.jpg\" alt=\"\" width=\"563\" height=\"375\" srcset=\"https:\/\/museutapies.org\/wp-content\/uploads\/2024\/07\/REREFLUX.jpg 563w, https:\/\/museutapies.org\/wp-content\/uploads\/2024\/07\/REREFLUX-500x333.jpg 500w, https:\/\/museutapies.org\/wp-content\/uploads\/2024\/07\/REREFLUX-380x253.jpg 380w\" sizes=\"(max-width: 563px) 100vw, 563px\" \/><\/p>\n<p><span style=\"font-weight: 400\">Hace treinta a\u00f1os justos, el Museu T\u00e0pies, bajo la direcci\u00f3n de Manuel Borja-Villel, inauguraba <\/span><a href=\"https:\/\/museutapies.org\/es\/exposicio\/en-el-espiritu-de-fluxus\/\"><i><span style=\"font-weight: 400\">En el esp\u00edritu de Fluxus<\/span><\/i><\/a><span style=\"font-weight: 400\">, una completa retrospectiva, curada por Elizabeth Armstrong y Joan Rothfuss, del movimiento que revolucion\u00f3 los cimientos del arte en la d\u00e9cada de los sesenta del siglo pasado. La exposici\u00f3n incluy\u00f3 obras de artistas como Joseph Beuys, George Brecht, Roberto Filliou, Dick Higgins, Shigeko Kubota, George Maciunas, Yoko Ono, Nam June Paik, Benjamin Patterson, Carolee Schneemann, Mieko (Chieko) Shiomi, Ben Vautier, Wolf Vostell, Emmett Williams y La Monte Young, entre otros muchos, y de artistas ZAJ como Juan Hidalgo y Esther Ferrer.<\/span><\/p>\n<p><span style=\"font-weight: 400\">La muestra se acompa\u00f1\u00f3, adem\u00e1s, con un ciclo de actividades en las que se incorpor\u00f3 el proyecto <\/span><i><span style=\"font-weight: 400\">Reflux<\/span><\/i><span style=\"font-weight: 400\">, un programa de <\/span><i><span style=\"font-weight: 400\">reenactments<\/span><\/i><span style=\"font-weight: 400\"> de acciones fluxus comisariado por Oscar Abril Ascaso y ejecutado por un grupo de j\u00f3venes artistas de performance locales como Borja Zabala, Jaume Alcalde, Denys Blacker, Luis Alabern, Julia Montilla, Joan Casellas, Quim Tarrida, Miguel Baixas, Alexis Tauler y Noel Tat\u00fa.<\/span><\/p>\n<p><i><span style=\"font-weight: 400\">En el esp\u00edritu de Fluxus<\/span><\/i><span style=\"font-weight: 400\"> jug\u00f3 un papel troncal de catalizaci\u00f3n de un momento de efervescencia de las pr\u00e1cticas performativas en nuestro pa\u00eds, en general, y del arte de acci\u00f3n, en particular, en nuestra ciudad. Intenso y colaborativo, pero no exento de cr\u00edticas y desavenencias, marc\u00f3 el pulso de una joven generaci\u00f3n de artistas y, entre otras derivadas, gener\u00f3 la creaci\u00f3n de la primera plataforma de artistas de performance en el Estado, el CLUB7, en las propias salas del museo.<\/span><\/p>\n<p><i><span style=\"font-weight: 400\">Rereflux<\/span><\/i><span style=\"font-weight: 400\"> es un programa de debate y acci\u00f3n cuyo objeto consiste en rememorar aquel crucial momento de la historia del arte de acci\u00f3n barcelonesa y de las pr\u00e1cticas art\u00edsticas en los a\u00f1os noventa del siglo pasado en nuestro pa\u00eds. A tal efecto, <\/span><i><span style=\"font-weight: 400\">Rereflux<\/span><\/i><span style=\"font-weight: 400\"> programar\u00e1 una mesa de debate con algunos de los protagonistas del proyecto <\/span><i><span style=\"font-weight: 400\">Reflux<\/span><\/i><span style=\"font-weight: 400\"> de 1994 y un programa de acciones fluxus ejecutadas por artistas de performance contempor\u00e1neas, lo que ahora vendr\u00eda a ser una nueva Re-Reflux Orchestra del siglo <\/span><span style=\"font-weight: 400\">xxi<\/span><span style=\"font-weight: 400\">.<\/span><\/p>\n<p><span style=\"font-weight: 400\">La iniciativa forma parte del programa de las jornadas ARTefACTe, un dispositivo de fomento de las pr\u00e1cticas performativas contempor\u00e1neas que opera como un laboratorio de nueva institucionalidad cultural. Un proyecto de CLUB9, plataforma heredera de Club7 y que se present\u00f3 p\u00fablicamente en el auditorio del Museu T\u00e0pies el 29 de mayo de 2021.<\/span><\/p>\n<p><span style=\"font-weight: 400\">\u00a0<\/span><\/p>\n<p><strong>PROGRAMA<\/strong><\/p>\n<p><span style=\"font-weight: 400\">18\u00a0h. Conferencia a cargo de Oscar Abril Ascaso, curador del proyecto <\/span><i><span style=\"font-weight: 400\">Reflux<\/span><\/i><span style=\"font-weight: 400\"> de 1994.<\/span><\/p>\n<p><span style=\"font-weight: 400\">19\u00a0h. Mesa redonda con Manuel Borja-Villel, exdirector del Museu T\u00e0pies, y Llu\u00eds Alabern y Joan Casellas, artistas del proyecto <\/span><i><span style=\"font-weight: 400\">Reflux<\/span><\/i><span style=\"font-weight: 400\"> de 1994.<\/span><\/p>\n<p><span style=\"font-weight: 400\">20 h. Performances fluxus a cargo de Estel Boada, Paloma Orts, Pia Sommer, Neus Masdeu y Llapispanc.<\/span><\/p>\n<p>&nbsp;<\/p>\n<p><strong>PARTICIPANTES<\/strong><\/p>\n<p><strong>Manuel Borja-Villel<\/strong> (1957) es historiador del arte y comisario. Ha sido director del Museo Nacional Centro de Arte Reina Sof\u00eda de Madrid de 2008 a 2023, del MACBA de Barcelona (1998-2007) y de la Fundaci\u00f3 Antoni T\u00e0pies (1989-1998). M\u00e1s recientemente, ha sido uno de los curadores de la 35\u00aa Bienal de Sao Paulo. Ha escrito numerosos art\u00edculos en diarios y revistas de arte, con \u00e9nfasis en la relaci\u00f3n entre el arte y sus instituciones. Ha dictado conferencias en universidades, museos y centros de arte. Asimismo, el desarrollo de programas educativos no normativos ha sido una preocupaci\u00f3n importante a lo largo de su pr\u00e1ctica. Actualmente, es el director del programa &#8220;Museu Habitat&#8221; del Departament de Cultura de la Generalitat de Catalunya.<\/p>\n<p><strong>Oscar Abril Ascaso<\/strong> (Barcelona, 1966) es un activista cultural que desempe\u00f1a labores de alta direcci\u00f3n, curadur\u00eda, gesti\u00f3n cultural, cr\u00edtica y docencia. Como artista es performer, compositor, escritor y realizador audiovisual. Estrechamente vinculado a las artes en vivo y especializado en pr\u00e1cticas performativas y estudios de la performatividad, ha desarrollado proyectos en \u00e1mbitos como las artes visuales, los nuevos medios, el arte sonoro y la m\u00fasica o los estudios culturales.<\/p>\n<p><strong>Llu\u00eds Alabern<\/strong> (Barcelona, 1968) es artista y muse\u00f3grafo. Fue miembro del consejo de direcci\u00f3n de Lateral. En la actualidad es Jefe de Museograf\u00eda del MNAC. Colaborador gr\u00e1fico en revistas y diarios. Form\u00f3 parte de la escena performativa conceptual catalana de los 90. Ha escrito el libro <em>Breviario del Viejo Corredor<\/em> (Siruela, 2023).<\/p>\n<p><strong>Joan Casellas<\/strong> (Tei\u00e0, 1960) es artista pl\u00e1stico, de acci\u00f3n y fot\u00f3grafo. Creador del Archivo Aire (1992-2020) y La Muga Caula (2015-2019) encuentro internacional de poes\u00eda de acci\u00f3n y performance. Tambi\u00e9n fue miembro fundador del Club7 (1996-98). Ha mostrado su trabajo en toda Europa y Am\u00e9rica y recientemente en el Macba (2020) y el MNAC (2023). Ha publicado numerosos art\u00edculos sobre arte de acci\u00f3n, fotograf\u00eda y sobre la presencia de Marcel Duchamp en Catalu\u00f1a.<\/p>\n<p><strong>Estel Boada<\/strong> (Matar\u00f3, 1991) es cantante y artista multidisciplinar, se describe como una juglar contextual. Despu\u00e9s de Bellas Artes, explora dise\u00f1o, dibujo, performance, espacio, colectividad y voz. Con humor, absurdo y <em>trash<\/em>, habla y canta burlescamente sobre su vida como diva frustrada. Le interesa la pedagog\u00eda experimental, la voz y la m\u00fasica como ejes de comunicaci\u00f3n multidireccionales y el humor como herramienta de cr\u00edtica y lucha diaria.<\/p>\n<p>N<strong>eus Masdeu<\/strong> (Arenys de Mar, 1995) se ha graduado en Arte y Dise\u00f1o en la Escuela Massana (2018-2023). Ha mostrado sus trabajos en festivales como el GREC, Poes\u00eda y +, Katharsis (Teatre Lliure), BAM Cultura Viva, ARTefACTe (Fundaci\u00f3 Joan Brossa) y Festival TNT (Terrassa), entre otros. Ha realizado diversas residencias art\u00edsticas en espacios como Roca Umbert (Granollers), Nau Estruch (Sabadell), El corralito (Terrassa), Konvent (Berga) o EsFar Cultural (Menorca), entre otros.<\/p>\n<p><strong>Paloma Orts<\/strong> (Alcoi, 1990) es una artista que abarca la performance, la creaci\u00f3n pian\u00edstica y la emergencia de nuevas realidades transdisciplinares. Formada como artista visual y pianista, crea im\u00e1genes accionadas y l\u00edneas mel\u00f3dicas canalizadas por un viaje emocional. En 2021 gana los Premios Llan\u00e7adora con la obra <em>El vol de les \u00e0nimes<\/em>, un sue\u00f1o acompa\u00f1ado que, como en sus otras creaciones, rescata y revisa lo arcaico, anhelando encontrar lo primario, et\u00e9reo y eterno.<\/p>\n<p><strong>Imma Prieto<\/strong> (Vilafranca del Pened\u00e8s, 1976). Directora del Museu T\u00e0pies desde 2023. Es comisaria de expocisiones, investigadora y escritora. Entre 2019 y 2023 fue directora de Es Baluard Museu d\u2019Art Contemporani de Palma. A lo largo de su carrera ha comisariado exposiciones en el \u00e1mbito nacional e internacional. Como docente ha impartido clases durante once a\u00f1os en diferentes universidades catalanas, y ha colaborado con diversas universidades en masters, postgrados y conferencias. Ha colaborado en diferentes cat\u00e1logos, libros de investigaci\u00f3n y medios de\u00a0 comunicaci\u00f3n especializados. Ha formado parte de diversos jurados, entre los cuales destacan: Premio Vel\u00e1zquez (Espa\u00f1a, 2021), Parlament de les Illes Balears (Espa\u00f1a, 2020), Biennal Internacional de Arte de Cuenca (Ecuador, 2018), entre otros.<\/p>\n<p><strong>Pia Sommer<\/strong> (Chile, 1981) es una artista. Trabaja con el sonido y lo visible, es poeta, artista visual y participante activa de La Internacional Ruid\u00edsta. Ha sido invitada a numerosas exposiciones, individuales y colectivas, festivales, charlas, lecturas, publicaciones, galer\u00edas y museos nacionales e internacionales en pa\u00edses de Latinoam\u00e9rica y Europa. Trabaja principalmente con soportes como la voz, v\u00eddeo, altavoces y obra gr\u00e1fica; formatos como instalaciones, performances, videoarte y nuevas tecnolog\u00edas.<\/p>\n<p><strong>Llapispanc<\/strong> (Barcelona, 1971) es un artista que trabaja con materiales de residuo del consumo cotidiano. Su obra se formaliza como performance, textos, mensajes de correo electr\u00f3nico, instalaci\u00f3n, m\u00fasica o ruido y con todo el material acumulado que guarda en varios trasteros. A lo largo de su carrera, ha colaborado con m\u00faltiples artistas, m\u00fasicos, performers y en diversas exposiciones. Es el ejemplo fehaciente del cruce entre diversas v\u00edas de exploraci\u00f3n de la creaci\u00f3n contempor\u00e1nea: investigaci\u00f3n, producci\u00f3n, performatividad, componente social y conexi\u00f3n con el entorno.<\/p>\n<p>&nbsp;<\/p>\n<p><span style=\"font-weight: 400;font-size: 10pt\">Cr\u00e9ditos de la imagen: Teresa Ram\u00edrez-Archivo Aire<\/span><\/p>\n<p><span style=\"font-weight: 400;font-size: 10pt\">Actuaci\u00f3n de la Reflux Orchestra en el auditorio del Museu T\u00e0pies el 29 de enero de 1995. De izquierda a derecha: Borja Zabala, Joan Casellas, Julia Montilla, Alexis Tauler, Noel Tat\u00fa, Quim Tarrida, Miquel Baixas, Llu\u00eds Alabern y Oscar Abril Ascaso.<\/span><\/p>\n<p>&nbsp;<\/p>\n","protected":false},"excerpt":{"rendered":"<p>Hace treinta a\u00f1os justos, el Museu T\u00e0pies, bajo la direcci\u00f3n de Manuel Borja-Villel, inauguraba En el esp\u00edritu de Fluxus, una [&hellip;]<\/p>\n","protected":false},"author":208,"featured_media":34850,"comment_status":"closed","ping_status":"closed","template":"","meta":{"_tribe_events_status":"","_tribe_events_status_reason":"","_tribe_events_is_hybrid":"","_tribe_events_is_virtual":"","_tribe_events_virtual_video_source":"","_tribe_events_virtual_embed_video":"","_tribe_events_virtual_linked_button_text":"","_tribe_events_virtual_linked_button":"","_tribe_events_virtual_show_embed_at":"","_tribe_events_virtual_show_embed_to":[],"_tribe_events_virtual_show_on_event":"","_tribe_events_virtual_show_on_views":"","_tribe_events_virtual_url":"","footnotes":""},"tags":[],"tribe_events_cat":[5769],"acf":[],"yoast_head":"<!-- This site is optimized with the Yoast SEO plugin v20.11 - https:\/\/yoast.com\/wordpress\/plugins\/seo\/ -->\n<title>Rereflux - Museu T\u00e0pies<\/title>\n<meta name=\"robots\" content=\"index, follow, max-snippet:-1, max-image-preview:large, max-video-preview:-1\" \/>\n<meta property=\"og:locale\" content=\"es_ES\" \/>\n<meta property=\"og:type\" content=\"article\" \/>\n<meta property=\"og:title\" content=\"Rereflux - Museu T\u00e0pies\" \/>\n<meta property=\"og:description\" content=\"Hace treinta a\u00f1os justos, el Museu T\u00e0pies, bajo la direcci\u00f3n de Manuel Borja-Villel, inauguraba En el esp\u00edritu de Fluxus, una [&hellip;]\" \/>\n<meta property=\"og:url\" content=\"https:\/\/museutapies.org\/es\/event\/rerefluxus\/\" \/>\n<meta property=\"og:site_name\" content=\"Museu T\u00e0pies\" \/>\n<meta property=\"article:publisher\" content=\"https:\/\/www.facebook.com\/museutapies\" \/>\n<meta property=\"article:modified_time\" content=\"2024-10-22T15:45:15+00:00\" \/>\n<meta property=\"og:image\" content=\"https:\/\/museutapies.org\/wp-content\/uploads\/2024\/07\/REREFLUX.jpg\" \/>\n\t<meta property=\"og:image:width\" content=\"563\" \/>\n\t<meta property=\"og:image:height\" content=\"375\" \/>\n\t<meta property=\"og:image:type\" content=\"image\/jpeg\" \/>\n<meta name=\"twitter:card\" content=\"summary_large_image\" \/>\n<meta name=\"twitter:label1\" content=\"Tiempo de lectura\" \/>\n\t<meta name=\"twitter:data1\" content=\"8 minutos\" \/>\n<script type=\"application\/ld+json\" class=\"yoast-schema-graph\">{\"@context\":\"https:\/\/schema.org\",\"@graph\":[{\"@type\":\"WebPage\",\"@id\":\"https:\/\/museutapies.org\/es\/event\/rerefluxus\/\",\"url\":\"https:\/\/museutapies.org\/es\/event\/rerefluxus\/\",\"name\":\"Rereflux - Museu T\u00e0pies\",\"isPartOf\":{\"@id\":\"https:\/\/museutapies.org\/en\/#website\"},\"datePublished\":\"2024-07-18T07:37:11+00:00\",\"dateModified\":\"2024-10-22T15:45:15+00:00\",\"breadcrumb\":{\"@id\":\"https:\/\/museutapies.org\/es\/event\/rerefluxus\/#breadcrumb\"},\"inLanguage\":\"es\",\"potentialAction\":[{\"@type\":\"ReadAction\",\"target\":[\"https:\/\/museutapies.org\/es\/event\/rerefluxus\/\"]}]},{\"@type\":\"BreadcrumbList\",\"@id\":\"https:\/\/museutapies.org\/es\/event\/rerefluxus\/#breadcrumb\",\"itemListElement\":[{\"@type\":\"ListItem\",\"position\":1,\"name\":\"Esdeveniments\",\"item\":\"https:\/\/museutapies.org\/agenda\/\"},{\"@type\":\"ListItem\",\"position\":2,\"name\":\"Rereflux\"}]},{\"@type\":\"WebSite\",\"@id\":\"https:\/\/museutapies.org\/en\/#website\",\"url\":\"https:\/\/museutapies.org\/en\/\",\"name\":\"Museu T\u00e0pies\",\"description\":\"\",\"publisher\":{\"@id\":\"https:\/\/museutapies.org\/en\/#organization\"},\"potentialAction\":[{\"@type\":\"SearchAction\",\"target\":{\"@type\":\"EntryPoint\",\"urlTemplate\":\"https:\/\/museutapies.org\/en\/?s={search_term_string}\"},\"query-input\":\"required name=search_term_string\"}],\"inLanguage\":\"es\"},{\"@type\":\"Organization\",\"@id\":\"https:\/\/museutapies.org\/en\/#organization\",\"name\":\"Museu T\u00e0pies\",\"url\":\"https:\/\/museutapies.org\/en\/\",\"logo\":{\"@type\":\"ImageObject\",\"inLanguage\":\"es\",\"@id\":\"https:\/\/museutapies.org\/en\/#\/schema\/logo\/image\/\",\"url\":\"https:\/\/museutapies.org\/wp-content\/uploads\/2024\/07\/mta.png\",\"contentUrl\":\"https:\/\/museutapies.org\/wp-content\/uploads\/2024\/07\/mta.png\",\"width\":244,\"height\":110,\"caption\":\"Museu T\u00e0pies\"},\"image\":{\"@id\":\"https:\/\/museutapies.org\/en\/#\/schema\/logo\/image\/\"},\"sameAs\":[\"https:\/\/www.facebook.com\/museutapies\",\"https:\/\/www.instagram.com\/museutapies\/\",\"https:\/\/www.youtube.com\/channel\/UCPi65HBb48RMeoa12lR51cQ\",\"https:\/\/x.com\/MuseuTapies\"]}]}<\/script>\n<!-- \/ Yoast SEO plugin. -->","yoast_head_json":{"title":"Rereflux - Museu T\u00e0pies","robots":{"index":"index","follow":"follow","max-snippet":"max-snippet:-1","max-image-preview":"max-image-preview:large","max-video-preview":"max-video-preview:-1"},"og_locale":"es_ES","og_type":"article","og_title":"Rereflux - Museu T\u00e0pies","og_description":"Hace treinta a\u00f1os justos, el Museu T\u00e0pies, bajo la direcci\u00f3n de Manuel Borja-Villel, inauguraba En el esp\u00edritu de Fluxus, una [&hellip;]","og_url":"https:\/\/museutapies.org\/es\/event\/rerefluxus\/","og_site_name":"Museu T\u00e0pies","article_publisher":"https:\/\/www.facebook.com\/museutapies","article_modified_time":"2024-10-22T15:45:15+00:00","og_image":[{"width":563,"height":375,"url":"https:\/\/museutapies.org\/wp-content\/uploads\/2024\/07\/REREFLUX.jpg","type":"image\/jpeg"}],"twitter_card":"summary_large_image","twitter_misc":{"Tiempo de lectura":"8 minutos"},"schema":{"@context":"https:\/\/schema.org","@graph":[{"@type":"WebPage","@id":"https:\/\/museutapies.org\/es\/event\/rerefluxus\/","url":"https:\/\/museutapies.org\/es\/event\/rerefluxus\/","name":"Rereflux - Museu T\u00e0pies","isPartOf":{"@id":"https:\/\/museutapies.org\/en\/#website"},"datePublished":"2024-07-18T07:37:11+00:00","dateModified":"2024-10-22T15:45:15+00:00","breadcrumb":{"@id":"https:\/\/museutapies.org\/es\/event\/rerefluxus\/#breadcrumb"},"inLanguage":"es","potentialAction":[{"@type":"ReadAction","target":["https:\/\/museutapies.org\/es\/event\/rerefluxus\/"]}]},{"@type":"BreadcrumbList","@id":"https:\/\/museutapies.org\/es\/event\/rerefluxus\/#breadcrumb","itemListElement":[{"@type":"ListItem","position":1,"name":"Esdeveniments","item":"https:\/\/museutapies.org\/agenda\/"},{"@type":"ListItem","position":2,"name":"Rereflux"}]},{"@type":"WebSite","@id":"https:\/\/museutapies.org\/en\/#website","url":"https:\/\/museutapies.org\/en\/","name":"Museu T\u00e0pies","description":"","publisher":{"@id":"https:\/\/museutapies.org\/en\/#organization"},"potentialAction":[{"@type":"SearchAction","target":{"@type":"EntryPoint","urlTemplate":"https:\/\/museutapies.org\/en\/?s={search_term_string}"},"query-input":"required name=search_term_string"}],"inLanguage":"es"},{"@type":"Organization","@id":"https:\/\/museutapies.org\/en\/#organization","name":"Museu T\u00e0pies","url":"https:\/\/museutapies.org\/en\/","logo":{"@type":"ImageObject","inLanguage":"es","@id":"https:\/\/museutapies.org\/en\/#\/schema\/logo\/image\/","url":"https:\/\/museutapies.org\/wp-content\/uploads\/2024\/07\/mta.png","contentUrl":"https:\/\/museutapies.org\/wp-content\/uploads\/2024\/07\/mta.png","width":244,"height":110,"caption":"Museu T\u00e0pies"},"image":{"@id":"https:\/\/museutapies.org\/en\/#\/schema\/logo\/image\/"},"sameAs":["https:\/\/www.facebook.com\/museutapies","https:\/\/www.instagram.com\/museutapies\/","https:\/\/www.youtube.com\/channel\/UCPi65HBb48RMeoa12lR51cQ","https:\/\/x.com\/MuseuTapies"]}]}},"_links":{"self":[{"href":"https:\/\/museutapies.org\/es\/wp-json\/wp\/v2\/tribe_events\/34920"}],"collection":[{"href":"https:\/\/museutapies.org\/es\/wp-json\/wp\/v2\/tribe_events"}],"about":[{"href":"https:\/\/museutapies.org\/es\/wp-json\/wp\/v2\/types\/tribe_events"}],"author":[{"embeddable":true,"href":"https:\/\/museutapies.org\/es\/wp-json\/wp\/v2\/users\/208"}],"replies":[{"embeddable":true,"href":"https:\/\/museutapies.org\/es\/wp-json\/wp\/v2\/comments?post=34920"}],"version-history":[{"count":12,"href":"https:\/\/museutapies.org\/es\/wp-json\/wp\/v2\/tribe_events\/34920\/revisions"}],"predecessor-version":[{"id":36578,"href":"https:\/\/museutapies.org\/es\/wp-json\/wp\/v2\/tribe_events\/34920\/revisions\/36578"}],"wp:featuredmedia":[{"embeddable":true,"href":"https:\/\/museutapies.org\/es\/wp-json\/wp\/v2\/media\/34850"}],"wp:attachment":[{"href":"https:\/\/museutapies.org\/es\/wp-json\/wp\/v2\/media?parent=34920"}],"wp:term":[{"taxonomy":"post_tag","embeddable":true,"href":"https:\/\/museutapies.org\/es\/wp-json\/wp\/v2\/tags?post=34920"},{"taxonomy":"tribe_events_cat","embeddable":true,"href":"https:\/\/museutapies.org\/es\/wp-json\/wp\/v2\/tribe_events_cat?post=34920"}],"curies":[{"name":"wp","href":"https:\/\/api.w.org\/{rel}","templated":true}]}}