{"id":35430,"date":"2024-07-29T17:55:56","date_gmt":"2024-07-29T15:55:56","guid":{"rendered":"https:\/\/museutapies.org\/?post_type=tribe_events&#038;p=35430"},"modified":"2024-10-18T13:22:32","modified_gmt":"2024-10-18T11:22:32","slug":"las-sillas-de-tapies-eduard-escoffet","status":"publish","type":"tribe_events","link":"https:\/\/museutapies.org\/es\/event\/las-sillas-de-tapies-eduard-escoffet\/","title":{"rendered":"Las sillas de T\u00e0pies: Eduard Escoffet"},"content":{"rendered":"<p><img loading=\"lazy\" decoding=\"async\" class=\"alignnone size-medium wp-image-35424\" src=\"https:\/\/museutapies.org\/wp-content\/uploads\/2024\/01\/Eduard-Escoffet-1-800x532.jpg\" alt=\"\" width=\"800\" height=\"532\" srcset=\"https:\/\/museutapies.org\/wp-content\/uploads\/2024\/01\/Eduard-Escoffet-1-800x532.jpg 800w, https:\/\/museutapies.org\/wp-content\/uploads\/2024\/01\/Eduard-Escoffet-1-900x599.jpg 900w, https:\/\/museutapies.org\/wp-content\/uploads\/2024\/01\/Eduard-Escoffet-1-768x511.jpg 768w, https:\/\/museutapies.org\/wp-content\/uploads\/2024\/01\/Eduard-Escoffet-1-1536x1022.jpg 1536w, https:\/\/museutapies.org\/wp-content\/uploads\/2024\/01\/Eduard-Escoffet-1-2048x1363.jpg 2048w, https:\/\/museutapies.org\/wp-content\/uploads\/2024\/01\/Eduard-Escoffet-1-500x333.jpg 500w, https:\/\/museutapies.org\/wp-content\/uploads\/2024\/01\/Eduard-Escoffet-1-380x253.jpg 380w, https:\/\/museutapies.org\/wp-content\/uploads\/2024\/01\/Eduard-Escoffet-1-600x399.jpg 600w\" sizes=\"(max-width: 800px) 100vw, 800px\" \/><\/p>\n<p><a href=\"https:\/\/museutapies.org\/es\/series\/las-sillas-de-tapies\/\"><em>Las sillas de T\u00e0pies<\/em><\/a>\u00a0es un ciclo de acciones sonoras de car\u00e1cter multidisciplinar organizado en el marco del A\u00f1o T\u00e0pies con la colaboraci\u00f3n de la Universitat Pompeu Fabra. Se trata de una propuesta que pone en el centro la voz y la palabra para hacer un acompa\u00f1amiento sonoro a la memoria oral. As\u00ed pues, cada una de las trece sesiones contar\u00e1 con la presencia de un creador que partir\u00e1 de la silla como elemento performativo para reconectar con el universo creativo del artista desde los lenguajes expresivos y las puestas en escena de hoy.<\/p>\n<p>La und\u00e9cima silla de T\u00e0pies es una propuesta de Eduard Escoffet.<\/p>\n<p><strong>Eduard Escoffet<\/strong> es poeta y artista sonoro. Ha publicado los libros de poes\u00eda <em>Gaire<\/em> (2012), <em>El terra i el cel<\/em> (2013, publicado en castellano en 2018 con el t\u00edtulo de<em> Suelo y cielo<\/em>) y <i><span style=\"font-weight: 400\">Menys i tot<\/span><\/i>\u00a0(2017), aparte del libro de artista <em>Estramps<\/em> con Evru (2012) y el p\u00f3ster-poema <em>Plan\u00e7\u00f3<\/em> (2021), premio Carles Hac Mor. En 2018 fue finalista del Prix Bernard Heidsieck, otorgado por el Centro Pompidou y la Fondazione Bonotto. Con la banda de electr\u00f3nica Bradien, con la que colabor\u00f3 \u200b\u200bentre 2009 y 2016, public\u00f3 los discos <em>Pols<\/em> (2012) y <em>Escala<\/em> (2015). Actualmente es miembro del grupo Barba Corsini, con el que public\u00f3 en 2021 el disco <em>Un nou incendi.<\/em> Es autor con Gianluca Abbate del filme en realidad virtual <em>Cos endins<\/em> (Italia, 2019), ganador del premio Goethe en el Zebra Poetry Film Festival de Berl\u00edn.<\/p>\n<p>En 2022 compuso la pieza <em>Ode to the Walking Class<\/em> para el grupo vocal alem\u00e1n Sprechbohrer en el marco del proyecto <em>The Poet&#8217;s Sound<\/em>. En 2022 estren\u00f3 en Barcelona la performance sonora para cintas <i><span style=\"font-weight: 400\">Utopia i esclavatge<\/span><\/i> <i><span style=\"font-weight: 400\">(pe\u00e7a per a 25 veus mec\u00e0niques)<\/span><\/i>, que posteriormente se pudo ver en Tarragona y Madrid. En 2023 present\u00f3 la doble exposici\u00f3n Crecimiento y decrecimiento de Howard Roark en Chiquita Room y The Green Parrot (Barcelona) y public\u00f3 el disco de poes\u00eda sonora e improvisaci\u00f3n vocal <em>Bastida<\/em>, publicado por Erratum (Par\u00eds) y Sonhoras (Barcelona).<\/p>\n<p>&nbsp;<\/p>\n<p><b>T\/H-partitura<\/b><\/p>\n<p><strong>Un di\u00e1logo sonoro entre Bernard Heidsieck y Antoni T\u00e0pies<\/strong><\/p>\n<p>Eduard Escoffet | Duraci\u00f3n: 25 min aprox.<\/p>\n<p>Entre 1959 y 1960, Bernard Hedisieck compone <em>Po\u00e8me-partition T<\/em>, un poema sonoro dedicado a un cuadro de T\u00e0pies, que en aquellos a\u00f1os se estaba abriendo paso en el circuito europeo de galer\u00edas y especialmente en Par\u00eds. Como hab\u00eda hecho con los cuadros de Jean Degottex y otros artistas, Heidsieck escribi\u00f3 y grab\u00f3 con su magnet\u00f3fono un poema que jugaba con la superposici\u00f3n y textura de la voz y que era, al fin y al cabo, un di\u00e1logo abierto con T\u00e0pies. Heidsieck envi\u00f3 el poema a T\u00e0pies, pero el pintor nunca respondi\u00f3 y ese di\u00e1logo qued\u00f3 interrumpido.<\/p>\n<p><em>T\/H-partitura<\/em> pretende, por tanto, hacer posible este di\u00e1logo entre los dos creadores. La pieza resultante rehace los materiales sonoros del poema de Heidsieck y a\u00f1ade elementos que establecen puentes entre las dos po\u00e9ticas, como la silla, eje central de este ciclo. Se trata de una pieza cuadrif\u00f3nica hecha con cuatro cintas de casete y voz en directo, pensada tambi\u00e9n para que dialogue con el edificio y los sonidos ferroviarios que lo atraviesan. Como en otras piezas anteriores de Escoffet como <i><span style=\"font-weight: 400\">Utopia i esclavatge<\/span><\/i> (La Capella, 2022) y <i><span style=\"font-weight: 400\">Eco l\u2019oracle<\/span><\/i> (CCCB, 2023), <em>T\/H-partitura<\/em> experimenta con la superposici\u00f3n y la fisicidad de la voz. En este caso, adem\u00e1s, investiga elementos comunes entre la obra de Bernard Heidsieck y la de T\u00e0pies.<\/p>\n<p>Aunque no llegaron a establecer un di\u00e1logo creativo, son muchos los elementos que les avecinan: ambos impregnan sus obras de realidad \u2014con objetos uno y con grabaciones de la calle al otro\u2014, manipulan los materiales \u2014las tierras y las pinturas uno, la cinta magnetof\u00f3nica el otro\u2014, desbordan los soportes \u2014la tela y la p\u00e1gina, respectivamente\u2014 para conseguir unas obras que deben ser vistas y escuchadas en directo y ponen el cuerpo en el centro \u2014el gesto y la voz, respectivamente. Muchos poetas han escrito sobre T\u00e0pies, pero ninguno como Bernard Heidsieck ha podido traspasar la esencia del c\u00f3digo art\u00edstico tapiano a otro soporte: hace de nuevo el cuadro trabajando el texto y la voz como lo hac\u00eda el propio T\u00e0pies. <em>T\/H-partitura<\/em> es la reconstrucci\u00f3n de estos ecos.<\/p>\n","protected":false},"excerpt":{"rendered":"<p>Und\u00e9cima sesi\u00f3n a cargo del artista Eduard Escoffet<\/p>\n","protected":false},"author":3,"featured_media":35424,"comment_status":"closed","ping_status":"closed","template":"","meta":{"_tribe_events_status":"","_tribe_events_status_reason":"","_tribe_events_is_hybrid":"","_tribe_events_is_virtual":"","_tribe_events_virtual_video_source":"","_tribe_events_virtual_embed_video":"","_tribe_events_virtual_linked_button_text":"","_tribe_events_virtual_linked_button":"","_tribe_events_virtual_show_embed_at":"","_tribe_events_virtual_show_embed_to":[],"_tribe_events_virtual_show_on_event":"","_tribe_events_virtual_show_on_views":"","_tribe_events_virtual_url":"","footnotes":""},"tags":[],"tribe_events_cat":[5769],"acf":[],"yoast_head":"<!-- This site is optimized with the Yoast SEO plugin v20.11 - https:\/\/yoast.com\/wordpress\/plugins\/seo\/ -->\n<title>Las sillas de T\u00e0pies: Eduard Escoffet - Museu T\u00e0pies<\/title>\n<meta name=\"description\" content=\"&quot;Las sillas de T\u00e0pies&quot;\u00a0es un ciclo de acciones sonoras del Museu T\u00e0pies de Barcelona. La und\u00e9cima sesi\u00f3n es con el artista Eduard Escoffet.\" \/>\n<meta name=\"robots\" content=\"index, follow, max-snippet:-1, max-image-preview:large, max-video-preview:-1\" \/>\n<meta property=\"og:locale\" content=\"es_ES\" \/>\n<meta property=\"og:type\" content=\"article\" \/>\n<meta property=\"og:title\" content=\"Las sillas de T\u00e0pies: Eduard Escoffet - Museu T\u00e0pies\" \/>\n<meta property=\"og:description\" content=\"&quot;Las sillas de T\u00e0pies&quot;\u00a0es un ciclo de acciones sonoras del Museu T\u00e0pies de Barcelona. La und\u00e9cima sesi\u00f3n es con el artista Eduard Escoffet.\" \/>\n<meta property=\"og:url\" content=\"https:\/\/museutapies.org\/es\/event\/las-sillas-de-tapies-eduard-escoffet\/\" \/>\n<meta property=\"og:site_name\" content=\"Museu T\u00e0pies\" \/>\n<meta property=\"article:publisher\" content=\"https:\/\/www.facebook.com\/museutapies\" \/>\n<meta property=\"article:modified_time\" content=\"2024-10-18T11:22:32+00:00\" \/>\n<meta property=\"og:image\" content=\"https:\/\/museutapies.org\/wp-content\/uploads\/2024\/01\/Eduard-Escoffet-1-scaled.jpg\" \/>\n\t<meta property=\"og:image:width\" content=\"2560\" \/>\n\t<meta property=\"og:image:height\" content=\"1703\" \/>\n\t<meta property=\"og:image:type\" content=\"image\/jpeg\" \/>\n<meta name=\"twitter:card\" content=\"summary_large_image\" \/>\n<meta name=\"twitter:label1\" content=\"Tiempo de lectura\" \/>\n\t<meta name=\"twitter:data1\" content=\"4 minutos\" \/>\n<script type=\"application\/ld+json\" class=\"yoast-schema-graph\">{\"@context\":\"https:\/\/schema.org\",\"@graph\":[{\"@type\":\"WebPage\",\"@id\":\"https:\/\/museutapies.org\/es\/event\/las-sillas-de-tapies-eduard-escoffet\/\",\"url\":\"https:\/\/museutapies.org\/es\/event\/las-sillas-de-tapies-eduard-escoffet\/\",\"name\":\"Las sillas de T\u00e0pies: Eduard Escoffet - Museu T\u00e0pies\",\"isPartOf\":{\"@id\":\"https:\/\/museutapies.org\/en\/#website\"},\"datePublished\":\"2024-07-29T15:55:56+00:00\",\"dateModified\":\"2024-10-18T11:22:32+00:00\",\"description\":\"\\\"Las sillas de T\u00e0pies\\\"\u00a0es un ciclo de acciones sonoras del Museu T\u00e0pies de Barcelona. La und\u00e9cima sesi\u00f3n es con el artista Eduard Escoffet.\",\"breadcrumb\":{\"@id\":\"https:\/\/museutapies.org\/es\/event\/las-sillas-de-tapies-eduard-escoffet\/#breadcrumb\"},\"inLanguage\":\"es\",\"potentialAction\":[{\"@type\":\"ReadAction\",\"target\":[\"https:\/\/museutapies.org\/es\/event\/las-sillas-de-tapies-eduard-escoffet\/\"]}]},{\"@type\":\"BreadcrumbList\",\"@id\":\"https:\/\/museutapies.org\/es\/event\/las-sillas-de-tapies-eduard-escoffet\/#breadcrumb\",\"itemListElement\":[{\"@type\":\"ListItem\",\"position\":1,\"name\":\"Esdeveniments\",\"item\":\"https:\/\/museutapies.org\/agenda\/\"},{\"@type\":\"ListItem\",\"position\":2,\"name\":\"Las sillas de T\u00e0pies: Eduard Escoffet\"}]},{\"@type\":\"WebSite\",\"@id\":\"https:\/\/museutapies.org\/en\/#website\",\"url\":\"https:\/\/museutapies.org\/en\/\",\"name\":\"Museu T\u00e0pies\",\"description\":\"\",\"publisher\":{\"@id\":\"https:\/\/museutapies.org\/en\/#organization\"},\"potentialAction\":[{\"@type\":\"SearchAction\",\"target\":{\"@type\":\"EntryPoint\",\"urlTemplate\":\"https:\/\/museutapies.org\/en\/?s={search_term_string}\"},\"query-input\":\"required name=search_term_string\"}],\"inLanguage\":\"es\"},{\"@type\":\"Organization\",\"@id\":\"https:\/\/museutapies.org\/en\/#organization\",\"name\":\"Museu T\u00e0pies\",\"url\":\"https:\/\/museutapies.org\/en\/\",\"logo\":{\"@type\":\"ImageObject\",\"inLanguage\":\"es\",\"@id\":\"https:\/\/museutapies.org\/en\/#\/schema\/logo\/image\/\",\"url\":\"https:\/\/museutapies.org\/wp-content\/uploads\/2024\/07\/mta.png\",\"contentUrl\":\"https:\/\/museutapies.org\/wp-content\/uploads\/2024\/07\/mta.png\",\"width\":244,\"height\":110,\"caption\":\"Museu T\u00e0pies\"},\"image\":{\"@id\":\"https:\/\/museutapies.org\/en\/#\/schema\/logo\/image\/\"},\"sameAs\":[\"https:\/\/www.facebook.com\/museutapies\",\"https:\/\/www.instagram.com\/museutapies\/\",\"https:\/\/www.youtube.com\/channel\/UCPi65HBb48RMeoa12lR51cQ\",\"https:\/\/x.com\/MuseuTapies\"]}]}<\/script>\n<!-- \/ Yoast SEO plugin. -->","yoast_head_json":{"title":"Las sillas de T\u00e0pies: Eduard Escoffet - Museu T\u00e0pies","description":"\"Las sillas de T\u00e0pies\"\u00a0es un ciclo de acciones sonoras del Museu T\u00e0pies de Barcelona. La und\u00e9cima sesi\u00f3n es con el artista Eduard Escoffet.","robots":{"index":"index","follow":"follow","max-snippet":"max-snippet:-1","max-image-preview":"max-image-preview:large","max-video-preview":"max-video-preview:-1"},"og_locale":"es_ES","og_type":"article","og_title":"Las sillas de T\u00e0pies: Eduard Escoffet - Museu T\u00e0pies","og_description":"\"Las sillas de T\u00e0pies\"\u00a0es un ciclo de acciones sonoras del Museu T\u00e0pies de Barcelona. La und\u00e9cima sesi\u00f3n es con el artista Eduard Escoffet.","og_url":"https:\/\/museutapies.org\/es\/event\/las-sillas-de-tapies-eduard-escoffet\/","og_site_name":"Museu T\u00e0pies","article_publisher":"https:\/\/www.facebook.com\/museutapies","article_modified_time":"2024-10-18T11:22:32+00:00","og_image":[{"width":2560,"height":1703,"url":"https:\/\/museutapies.org\/wp-content\/uploads\/2024\/01\/Eduard-Escoffet-1-scaled.jpg","type":"image\/jpeg"}],"twitter_card":"summary_large_image","twitter_misc":{"Tiempo de lectura":"4 minutos"},"schema":{"@context":"https:\/\/schema.org","@graph":[{"@type":"WebPage","@id":"https:\/\/museutapies.org\/es\/event\/las-sillas-de-tapies-eduard-escoffet\/","url":"https:\/\/museutapies.org\/es\/event\/las-sillas-de-tapies-eduard-escoffet\/","name":"Las sillas de T\u00e0pies: Eduard Escoffet - Museu T\u00e0pies","isPartOf":{"@id":"https:\/\/museutapies.org\/en\/#website"},"datePublished":"2024-07-29T15:55:56+00:00","dateModified":"2024-10-18T11:22:32+00:00","description":"\"Las sillas de T\u00e0pies\"\u00a0es un ciclo de acciones sonoras del Museu T\u00e0pies de Barcelona. La und\u00e9cima sesi\u00f3n es con el artista Eduard Escoffet.","breadcrumb":{"@id":"https:\/\/museutapies.org\/es\/event\/las-sillas-de-tapies-eduard-escoffet\/#breadcrumb"},"inLanguage":"es","potentialAction":[{"@type":"ReadAction","target":["https:\/\/museutapies.org\/es\/event\/las-sillas-de-tapies-eduard-escoffet\/"]}]},{"@type":"BreadcrumbList","@id":"https:\/\/museutapies.org\/es\/event\/las-sillas-de-tapies-eduard-escoffet\/#breadcrumb","itemListElement":[{"@type":"ListItem","position":1,"name":"Esdeveniments","item":"https:\/\/museutapies.org\/agenda\/"},{"@type":"ListItem","position":2,"name":"Las sillas de T\u00e0pies: Eduard Escoffet"}]},{"@type":"WebSite","@id":"https:\/\/museutapies.org\/en\/#website","url":"https:\/\/museutapies.org\/en\/","name":"Museu T\u00e0pies","description":"","publisher":{"@id":"https:\/\/museutapies.org\/en\/#organization"},"potentialAction":[{"@type":"SearchAction","target":{"@type":"EntryPoint","urlTemplate":"https:\/\/museutapies.org\/en\/?s={search_term_string}"},"query-input":"required name=search_term_string"}],"inLanguage":"es"},{"@type":"Organization","@id":"https:\/\/museutapies.org\/en\/#organization","name":"Museu T\u00e0pies","url":"https:\/\/museutapies.org\/en\/","logo":{"@type":"ImageObject","inLanguage":"es","@id":"https:\/\/museutapies.org\/en\/#\/schema\/logo\/image\/","url":"https:\/\/museutapies.org\/wp-content\/uploads\/2024\/07\/mta.png","contentUrl":"https:\/\/museutapies.org\/wp-content\/uploads\/2024\/07\/mta.png","width":244,"height":110,"caption":"Museu T\u00e0pies"},"image":{"@id":"https:\/\/museutapies.org\/en\/#\/schema\/logo\/image\/"},"sameAs":["https:\/\/www.facebook.com\/museutapies","https:\/\/www.instagram.com\/museutapies\/","https:\/\/www.youtube.com\/channel\/UCPi65HBb48RMeoa12lR51cQ","https:\/\/x.com\/MuseuTapies"]}]}},"_links":{"self":[{"href":"https:\/\/museutapies.org\/es\/wp-json\/wp\/v2\/tribe_events\/35430"}],"collection":[{"href":"https:\/\/museutapies.org\/es\/wp-json\/wp\/v2\/tribe_events"}],"about":[{"href":"https:\/\/museutapies.org\/es\/wp-json\/wp\/v2\/types\/tribe_events"}],"author":[{"embeddable":true,"href":"https:\/\/museutapies.org\/es\/wp-json\/wp\/v2\/users\/3"}],"replies":[{"embeddable":true,"href":"https:\/\/museutapies.org\/es\/wp-json\/wp\/v2\/comments?post=35430"}],"version-history":[{"count":7,"href":"https:\/\/museutapies.org\/es\/wp-json\/wp\/v2\/tribe_events\/35430\/revisions"}],"predecessor-version":[{"id":36459,"href":"https:\/\/museutapies.org\/es\/wp-json\/wp\/v2\/tribe_events\/35430\/revisions\/36459"}],"wp:featuredmedia":[{"embeddable":true,"href":"https:\/\/museutapies.org\/es\/wp-json\/wp\/v2\/media\/35424"}],"wp:attachment":[{"href":"https:\/\/museutapies.org\/es\/wp-json\/wp\/v2\/media?parent=35430"}],"wp:term":[{"taxonomy":"post_tag","embeddable":true,"href":"https:\/\/museutapies.org\/es\/wp-json\/wp\/v2\/tags?post=35430"},{"taxonomy":"tribe_events_cat","embeddable":true,"href":"https:\/\/museutapies.org\/es\/wp-json\/wp\/v2\/tribe_events_cat?post=35430"}],"curies":[{"name":"wp","href":"https:\/\/api.w.org\/{rel}","templated":true}]}}