{"id":36012,"date":"2024-09-30T11:15:42","date_gmt":"2024-09-30T09:15:42","guid":{"rendered":"https:\/\/museutapies.org\/?post_type=tribe_events&#038;p=36012"},"modified":"2024-10-02T14:47:58","modified_gmt":"2024-10-02T12:47:58","slug":"estetica-conflictual-activismo-artistico-y-esfera-publica","status":"publish","type":"tribe_events","link":"https:\/\/museutapies.org\/es\/event\/estetica-conflictual-activismo-artistico-y-esfera-publica\/","title":{"rendered":"Oliver Marchart. &#8220;Est\u00e9tica Conflictual&#8221;. Activismo art\u00edstico y esfera p\u00fablica"},"content":{"rendered":"<p><img loading=\"lazy\" decoding=\"async\" class=\"alignnone size-full wp-image-36213\" src=\"https:\/\/museutapies.org\/wp-content\/uploads\/2024\/09\/Oliver-Marchart.png\" alt=\"\" width=\"623\" height=\"413\" srcset=\"https:\/\/museutapies.org\/wp-content\/uploads\/2024\/09\/Oliver-Marchart.png 623w, https:\/\/museutapies.org\/wp-content\/uploads\/2024\/09\/Oliver-Marchart-500x331.png 500w, https:\/\/museutapies.org\/wp-content\/uploads\/2024\/09\/Oliver-Marchart-380x252.png 380w, https:\/\/museutapies.org\/wp-content\/uploads\/2024\/09\/Oliver-Marchart-600x398.png 600w\" sizes=\"(max-width: 623px) 100vw, 623px\" \/><\/p>\n<p>La editorial NED acaba de publicar el libro<em> Est\u00e9tica conflictual. Activismo art\u00edstico y esfera p\u00fablica<\/em>, de Oliver Marchart, con un pr\u00f3logo de Laura Llevadot. Esta publicaci\u00f3n explora la relaci\u00f3n de las pr\u00e1cticas art\u00edsticas con el activismo pol\u00edtico y la potencia pol\u00edtica del arte a trav\u00e9s de los activismos de la \u00faltima d\u00e9cada como una forma de reivindicar las revoluciones democr\u00e1ticas del presente.<\/p>\n<p>En este sentido, las dos \u00faltimas d\u00e9cadas han estado marcadas por dos acontecimientos: la crisis de 2008 y la pandemia de la covid. Este convulso momento pol\u00edtico ha dado lugar a toda una serie de activismos que han desafiado las demandas de austeridad y la condena a la precariedad que el neoliberalismo nos impone. Lejos de mantenerse al amparo de sus acomodadas instituciones, el arte ha reivindicado su vocaci\u00f3n pol\u00edtica interviniendo en la articulaci\u00f3n de estos activismos, abriendo espacios de conflicto y disenso para pensar otras formas de vida posibles en la esfera p\u00fablica.<\/p>\n<p>El Museu T\u00e0pies acoger\u00e1 la presentaci\u00f3n de este libro, la cual se acompa\u00f1ar\u00e1 de una mesa redonda sobre el giro activista del arte contempor\u00e1neo de las \u00faltimas d\u00e9cadas y su capacidad de intervenir en la esfera p\u00fablica. Este acto contar\u00e1 con la participaci\u00f3n de Imma Prieto, directora del Museo; Carles Guerra, comisario independiente; Laura Llevadot, fil\u00f3sofa y docente, y Oliver Marchart, autor de la publicaci\u00f3n y de otros libros, entre los que destacan <em>El pensamiento pol\u00edtico posfundacional<\/em> (2007) y <em>Thinking Antagonism: Political Ontology after Laclau<\/em> (2018). Modera: Juan Evaristo Valls Boix, Universidad Complutense de Madrid.<\/p>\n<p>&nbsp;<\/p>\n<p>Programa:<\/p>\n<p>11h-11.30 h.\u00a0 \u00a0 Presentaci\u00f3n del libro de Oliver Marchart, Est\u00e9tica conflictual (NED, 2024).<br \/>\n11h.\u00a0 \u00a0 \u00a0 \u00a0 \u00a0 \u00a0 \u00a0 \u00a0 \u00a0 Laura Llevadot (Prologuista del libro). Pensamiento posfundacional y est\u00e9tica posfundacional.<br \/>\n11.10 h.\u00a0 \u00a0 \u00a0 \u00a0 \u00a0 \u00a0 Juan Evaristo Valls Boix (Traductor). Oliver Marchart y la cuesti\u00f3n del arte pol\u00edtico<br \/>\n11.20 h.\u00a0 \u00a0 \u00a0 \u00a0 \u00a0 \u00a0Oliver Marchart (autor). Est\u00e9tica Conflictual<\/p>\n<p>11.30-12.30 h. Mesa redonda: El giro activista en el arte contempor\u00e1neo<br \/>\n11.30 h.\u00a0 \u00a0 \u00a0 \u00a0 \u00a0 \u00a0 \u00a0Imma Prieto (Directora Museu T\u00e0pies): Arte activista y arte pol\u00edtico + preguntas al autor<br \/>\n11. 45 h.\u00a0 \u00a0 \u00a0 \u00a0 \u00a0 \u00a0 Carles Guerra (Investigador independiente): Arte activista y arte pol\u00edtico + preguntas al autor<br \/>\n12h.\u00a0 \u00a0 \u00a0 \u00a0 \u00a0 \u00a0 \u00a0 \u00a0 \u00a0 \u00a0Respuestas del autor<br \/>\n12.25 h.\u00a0 \u00a0 \u00a0 \u00a0 \u00a0 \u00a0 Laura Llevadot: preguntas del p\u00fablico y cierre de la mesa.<\/p>\n<p>&nbsp;<\/p>\n<p><img loading=\"lazy\" decoding=\"async\" class=\"alignnone size-medium wp-image-36009\" src=\"https:\/\/museutapies.org\/wp-content\/uploads\/2024\/09\/olivier-marchant-800x800.jpg\" alt=\"\" width=\"800\" height=\"800\" srcset=\"https:\/\/museutapies.org\/wp-content\/uploads\/2024\/09\/olivier-marchant-800x800.jpg 800w, https:\/\/museutapies.org\/wp-content\/uploads\/2024\/09\/olivier-marchant-700x700.jpg 700w, https:\/\/museutapies.org\/wp-content\/uploads\/2024\/09\/olivier-marchant-768x768.jpg 768w, https:\/\/museutapies.org\/wp-content\/uploads\/2024\/09\/olivier-marchant-500x500.jpg 500w, https:\/\/museutapies.org\/wp-content\/uploads\/2024\/09\/olivier-marchant-380x380.jpg 380w, https:\/\/museutapies.org\/wp-content\/uploads\/2024\/09\/olivier-marchant-350x350.jpg 350w, https:\/\/museutapies.org\/wp-content\/uploads\/2024\/09\/olivier-marchant-300x300.jpg 300w, https:\/\/museutapies.org\/wp-content\/uploads\/2024\/09\/olivier-marchant-600x600.jpg 600w, https:\/\/museutapies.org\/wp-content\/uploads\/2024\/09\/olivier-marchant-100x100.jpg 100w, https:\/\/museutapies.org\/wp-content\/uploads\/2024\/09\/olivier-marchant.jpg 1080w\" sizes=\"(max-width: 800px) 100vw, 800px\" \/><\/p>\n<p>&nbsp;<\/p>\n","protected":false},"excerpt":{"rendered":"<p>Presentaci\u00f3n del libro con su autor, Oliver Marchart, Laura Llevadot, Carles Guerra e Imma Prieto, directora del Museu T\u00e0pies. Modera: Juan Evaristo Valle.<\/p>\n","protected":false},"author":207,"featured_media":36213,"comment_status":"closed","ping_status":"closed","template":"","meta":{"_tribe_events_status":"","_tribe_events_status_reason":"","_tribe_events_is_hybrid":"","_tribe_events_is_virtual":"","_tribe_events_virtual_video_source":"","_tribe_events_virtual_embed_video":"","_tribe_events_virtual_linked_button_text":"","_tribe_events_virtual_linked_button":"","_tribe_events_virtual_show_embed_at":"","_tribe_events_virtual_show_embed_to":[],"_tribe_events_virtual_show_on_event":"","_tribe_events_virtual_show_on_views":"","_tribe_events_virtual_url":"","footnotes":""},"tags":[],"tribe_events_cat":[5769],"acf":[],"yoast_head":"<!-- This site is optimized with the Yoast SEO plugin v20.11 - https:\/\/yoast.com\/wordpress\/plugins\/seo\/ -->\n<title>Oliver Marchart. &quot;Est\u00e9tica Conflictual&quot;. Activismo art\u00edstico y esfera p\u00fablica - Museu T\u00e0pies<\/title>\n<meta name=\"description\" content=\"Presentaci\u00f3n del libro Est\u00e9tica conflictual, de Oliver Marchart, con Laura Llevadot, Juan Evaristo Valle, Carles Guerra e Imma Prieto, directora del Museu T\u00e0pies.\" \/>\n<meta name=\"robots\" content=\"index, follow, max-snippet:-1, max-image-preview:large, max-video-preview:-1\" \/>\n<meta property=\"og:locale\" content=\"es_ES\" \/>\n<meta property=\"og:type\" content=\"article\" \/>\n<meta property=\"og:title\" content=\"Oliver Marchart. &quot;Est\u00e9tica Conflictual&quot;. Activismo art\u00edstico y esfera p\u00fablica - Museu T\u00e0pies\" \/>\n<meta property=\"og:description\" content=\"Presentaci\u00f3n del libro Est\u00e9tica conflictual, de Oliver Marchart, con Laura Llevadot, Juan Evaristo Valle, Carles Guerra e Imma Prieto, directora del Museu T\u00e0pies.\" \/>\n<meta property=\"og:url\" content=\"https:\/\/museutapies.org\/es\/event\/estetica-conflictual-activismo-artistico-y-esfera-publica\/\" \/>\n<meta property=\"og:site_name\" content=\"Museu T\u00e0pies\" \/>\n<meta property=\"article:publisher\" content=\"https:\/\/www.facebook.com\/museutapies\" \/>\n<meta property=\"article:modified_time\" content=\"2024-10-02T12:47:58+00:00\" \/>\n<meta property=\"og:image\" content=\"https:\/\/museutapies.org\/wp-content\/uploads\/2024\/09\/Oliver-Marchart.png\" \/>\n\t<meta property=\"og:image:width\" content=\"623\" \/>\n\t<meta property=\"og:image:height\" content=\"413\" \/>\n\t<meta property=\"og:image:type\" content=\"image\/png\" \/>\n<meta name=\"twitter:card\" content=\"summary_large_image\" \/>\n<meta name=\"twitter:label1\" content=\"Tiempo de lectura\" \/>\n\t<meta name=\"twitter:data1\" content=\"3 minutos\" \/>\n<script type=\"application\/ld+json\" class=\"yoast-schema-graph\">{\"@context\":\"https:\/\/schema.org\",\"@graph\":[{\"@type\":\"WebPage\",\"@id\":\"https:\/\/museutapies.org\/es\/event\/estetica-conflictual-activismo-artistico-y-esfera-publica\/\",\"url\":\"https:\/\/museutapies.org\/es\/event\/estetica-conflictual-activismo-artistico-y-esfera-publica\/\",\"name\":\"Oliver Marchart. \\\"Est\u00e9tica Conflictual\\\". Activismo art\u00edstico y esfera p\u00fablica - Museu T\u00e0pies\",\"isPartOf\":{\"@id\":\"https:\/\/museutapies.org\/en\/#website\"},\"datePublished\":\"2024-09-30T09:15:42+00:00\",\"dateModified\":\"2024-10-02T12:47:58+00:00\",\"description\":\"Presentaci\u00f3n del libro Est\u00e9tica conflictual, de Oliver Marchart, con Laura Llevadot, Juan Evaristo Valle, Carles Guerra e Imma Prieto, directora del Museu T\u00e0pies.\",\"breadcrumb\":{\"@id\":\"https:\/\/museutapies.org\/es\/event\/estetica-conflictual-activismo-artistico-y-esfera-publica\/#breadcrumb\"},\"inLanguage\":\"es\",\"potentialAction\":[{\"@type\":\"ReadAction\",\"target\":[\"https:\/\/museutapies.org\/es\/event\/estetica-conflictual-activismo-artistico-y-esfera-publica\/\"]}]},{\"@type\":\"BreadcrumbList\",\"@id\":\"https:\/\/museutapies.org\/es\/event\/estetica-conflictual-activismo-artistico-y-esfera-publica\/#breadcrumb\",\"itemListElement\":[{\"@type\":\"ListItem\",\"position\":1,\"name\":\"Esdeveniments\",\"item\":\"https:\/\/museutapies.org\/agenda\/\"},{\"@type\":\"ListItem\",\"position\":2,\"name\":\"Oliver Marchart. &#8220;Est\u00e9tica Conflictual&#8221;. Activismo art\u00edstico y esfera p\u00fablica\"}]},{\"@type\":\"WebSite\",\"@id\":\"https:\/\/museutapies.org\/en\/#website\",\"url\":\"https:\/\/museutapies.org\/en\/\",\"name\":\"Museu T\u00e0pies\",\"description\":\"\",\"publisher\":{\"@id\":\"https:\/\/museutapies.org\/en\/#organization\"},\"potentialAction\":[{\"@type\":\"SearchAction\",\"target\":{\"@type\":\"EntryPoint\",\"urlTemplate\":\"https:\/\/museutapies.org\/en\/?s={search_term_string}\"},\"query-input\":\"required name=search_term_string\"}],\"inLanguage\":\"es\"},{\"@type\":\"Organization\",\"@id\":\"https:\/\/museutapies.org\/en\/#organization\",\"name\":\"Museu T\u00e0pies\",\"url\":\"https:\/\/museutapies.org\/en\/\",\"logo\":{\"@type\":\"ImageObject\",\"inLanguage\":\"es\",\"@id\":\"https:\/\/museutapies.org\/en\/#\/schema\/logo\/image\/\",\"url\":\"https:\/\/museutapies.org\/wp-content\/uploads\/2024\/07\/mta.png\",\"contentUrl\":\"https:\/\/museutapies.org\/wp-content\/uploads\/2024\/07\/mta.png\",\"width\":244,\"height\":110,\"caption\":\"Museu T\u00e0pies\"},\"image\":{\"@id\":\"https:\/\/museutapies.org\/en\/#\/schema\/logo\/image\/\"},\"sameAs\":[\"https:\/\/www.facebook.com\/museutapies\",\"https:\/\/www.instagram.com\/museutapies\/\",\"https:\/\/www.youtube.com\/channel\/UCPi65HBb48RMeoa12lR51cQ\",\"https:\/\/x.com\/MuseuTapies\"]}]}<\/script>\n<!-- \/ Yoast SEO plugin. -->","yoast_head_json":{"title":"Oliver Marchart. \"Est\u00e9tica Conflictual\". Activismo art\u00edstico y esfera p\u00fablica - Museu T\u00e0pies","description":"Presentaci\u00f3n del libro Est\u00e9tica conflictual, de Oliver Marchart, con Laura Llevadot, Juan Evaristo Valle, Carles Guerra e Imma Prieto, directora del Museu T\u00e0pies.","robots":{"index":"index","follow":"follow","max-snippet":"max-snippet:-1","max-image-preview":"max-image-preview:large","max-video-preview":"max-video-preview:-1"},"og_locale":"es_ES","og_type":"article","og_title":"Oliver Marchart. \"Est\u00e9tica Conflictual\". Activismo art\u00edstico y esfera p\u00fablica - Museu T\u00e0pies","og_description":"Presentaci\u00f3n del libro Est\u00e9tica conflictual, de Oliver Marchart, con Laura Llevadot, Juan Evaristo Valle, Carles Guerra e Imma Prieto, directora del Museu T\u00e0pies.","og_url":"https:\/\/museutapies.org\/es\/event\/estetica-conflictual-activismo-artistico-y-esfera-publica\/","og_site_name":"Museu T\u00e0pies","article_publisher":"https:\/\/www.facebook.com\/museutapies","article_modified_time":"2024-10-02T12:47:58+00:00","og_image":[{"width":623,"height":413,"url":"https:\/\/museutapies.org\/wp-content\/uploads\/2024\/09\/Oliver-Marchart.png","type":"image\/png"}],"twitter_card":"summary_large_image","twitter_misc":{"Tiempo de lectura":"3 minutos"},"schema":{"@context":"https:\/\/schema.org","@graph":[{"@type":"WebPage","@id":"https:\/\/museutapies.org\/es\/event\/estetica-conflictual-activismo-artistico-y-esfera-publica\/","url":"https:\/\/museutapies.org\/es\/event\/estetica-conflictual-activismo-artistico-y-esfera-publica\/","name":"Oliver Marchart. \"Est\u00e9tica Conflictual\". Activismo art\u00edstico y esfera p\u00fablica - Museu T\u00e0pies","isPartOf":{"@id":"https:\/\/museutapies.org\/en\/#website"},"datePublished":"2024-09-30T09:15:42+00:00","dateModified":"2024-10-02T12:47:58+00:00","description":"Presentaci\u00f3n del libro Est\u00e9tica conflictual, de Oliver Marchart, con Laura Llevadot, Juan Evaristo Valle, Carles Guerra e Imma Prieto, directora del Museu T\u00e0pies.","breadcrumb":{"@id":"https:\/\/museutapies.org\/es\/event\/estetica-conflictual-activismo-artistico-y-esfera-publica\/#breadcrumb"},"inLanguage":"es","potentialAction":[{"@type":"ReadAction","target":["https:\/\/museutapies.org\/es\/event\/estetica-conflictual-activismo-artistico-y-esfera-publica\/"]}]},{"@type":"BreadcrumbList","@id":"https:\/\/museutapies.org\/es\/event\/estetica-conflictual-activismo-artistico-y-esfera-publica\/#breadcrumb","itemListElement":[{"@type":"ListItem","position":1,"name":"Esdeveniments","item":"https:\/\/museutapies.org\/agenda\/"},{"@type":"ListItem","position":2,"name":"Oliver Marchart. &#8220;Est\u00e9tica Conflictual&#8221;. Activismo art\u00edstico y esfera p\u00fablica"}]},{"@type":"WebSite","@id":"https:\/\/museutapies.org\/en\/#website","url":"https:\/\/museutapies.org\/en\/","name":"Museu T\u00e0pies","description":"","publisher":{"@id":"https:\/\/museutapies.org\/en\/#organization"},"potentialAction":[{"@type":"SearchAction","target":{"@type":"EntryPoint","urlTemplate":"https:\/\/museutapies.org\/en\/?s={search_term_string}"},"query-input":"required name=search_term_string"}],"inLanguage":"es"},{"@type":"Organization","@id":"https:\/\/museutapies.org\/en\/#organization","name":"Museu T\u00e0pies","url":"https:\/\/museutapies.org\/en\/","logo":{"@type":"ImageObject","inLanguage":"es","@id":"https:\/\/museutapies.org\/en\/#\/schema\/logo\/image\/","url":"https:\/\/museutapies.org\/wp-content\/uploads\/2024\/07\/mta.png","contentUrl":"https:\/\/museutapies.org\/wp-content\/uploads\/2024\/07\/mta.png","width":244,"height":110,"caption":"Museu T\u00e0pies"},"image":{"@id":"https:\/\/museutapies.org\/en\/#\/schema\/logo\/image\/"},"sameAs":["https:\/\/www.facebook.com\/museutapies","https:\/\/www.instagram.com\/museutapies\/","https:\/\/www.youtube.com\/channel\/UCPi65HBb48RMeoa12lR51cQ","https:\/\/x.com\/MuseuTapies"]}]}},"_links":{"self":[{"href":"https:\/\/museutapies.org\/es\/wp-json\/wp\/v2\/tribe_events\/36012"}],"collection":[{"href":"https:\/\/museutapies.org\/es\/wp-json\/wp\/v2\/tribe_events"}],"about":[{"href":"https:\/\/museutapies.org\/es\/wp-json\/wp\/v2\/types\/tribe_events"}],"author":[{"embeddable":true,"href":"https:\/\/museutapies.org\/es\/wp-json\/wp\/v2\/users\/207"}],"replies":[{"embeddable":true,"href":"https:\/\/museutapies.org\/es\/wp-json\/wp\/v2\/comments?post=36012"}],"version-history":[{"count":13,"href":"https:\/\/museutapies.org\/es\/wp-json\/wp\/v2\/tribe_events\/36012\/revisions"}],"predecessor-version":[{"id":36218,"href":"https:\/\/museutapies.org\/es\/wp-json\/wp\/v2\/tribe_events\/36012\/revisions\/36218"}],"wp:featuredmedia":[{"embeddable":true,"href":"https:\/\/museutapies.org\/es\/wp-json\/wp\/v2\/media\/36213"}],"wp:attachment":[{"href":"https:\/\/museutapies.org\/es\/wp-json\/wp\/v2\/media?parent=36012"}],"wp:term":[{"taxonomy":"post_tag","embeddable":true,"href":"https:\/\/museutapies.org\/es\/wp-json\/wp\/v2\/tags?post=36012"},{"taxonomy":"tribe_events_cat","embeddable":true,"href":"https:\/\/museutapies.org\/es\/wp-json\/wp\/v2\/tribe_events_cat?post=36012"}],"curies":[{"name":"wp","href":"https:\/\/api.w.org\/{rel}","templated":true}]}}