{"id":37016,"date":"2024-11-29T17:20:46","date_gmt":"2024-11-29T16:20:46","guid":{"rendered":"https:\/\/museutapies.org\/?post_type=tribe_events&#038;p=37016"},"modified":"2024-12-12T12:22:09","modified_gmt":"2024-12-12T11:22:09","slug":"les-sillas-de-tapies-nino-de-elche-lois-patino","status":"publish","type":"tribe_events","link":"https:\/\/museutapies.org\/es\/event\/les-sillas-de-tapies-nino-de-elche-lois-patino\/","title":{"rendered":"Las sillas de T\u00e0pies: Ni\u00f1o de Elche + Lois Pati\u00f1o"},"content":{"rendered":"<p><span style=\"color: #ff0000\">Las entradas estan agotadas<\/span><\/p>\n<p>&nbsp;<\/p>\n<p><img loading=\"lazy\" decoding=\"async\" class=\"alignnone size-medium wp-image-37007\" src=\"https:\/\/museutapies.org\/wp-content\/uploads\/2024\/01\/Nino-de-Elche-800x533.jpg\" alt=\"\" width=\"800\" height=\"533\" srcset=\"https:\/\/museutapies.org\/wp-content\/uploads\/2024\/01\/Nino-de-Elche-800x533.jpg 800w, https:\/\/museutapies.org\/wp-content\/uploads\/2024\/01\/Nino-de-Elche-900x600.jpg 900w, https:\/\/museutapies.org\/wp-content\/uploads\/2024\/01\/Nino-de-Elche-768x512.jpg 768w, https:\/\/museutapies.org\/wp-content\/uploads\/2024\/01\/Nino-de-Elche-1536x1024.jpg 1536w, https:\/\/museutapies.org\/wp-content\/uploads\/2024\/01\/Nino-de-Elche-2048x1365.jpg 2048w, https:\/\/museutapies.org\/wp-content\/uploads\/2024\/01\/Nino-de-Elche-500x333.jpg 500w, https:\/\/museutapies.org\/wp-content\/uploads\/2024\/01\/Nino-de-Elche-380x253.jpg 380w, https:\/\/museutapies.org\/wp-content\/uploads\/2024\/01\/Nino-de-Elche-600x400.jpg 600w\" sizes=\"(max-width: 800px) 100vw, 800px\" \/><\/p>\n<p><span style=\"font-size: 10pt\">Cr\u00e9dito de la imagen: Daniel Mordzinski.<\/span><\/p>\n<p>&nbsp;<\/p>\n<p>&#8220;De joven me hab\u00edan hablado con frecuencia de la necesidad de ser alguien. Ahora, en cambio, volv\u00eda a ver el valor de aquellos que pasan por ser nadie, la anulaci\u00f3n, el anonimato, la grisura de muchas vidas, de tantas vidas que nunca salen en los peri\u00f3dicos ni en las revistas, pero sin las que no funcionar\u00eda nada. La poes\u00eda y la verdad de las cosas peque\u00f1as, inocentes, cotidianas, incluso mon\u00f3tonas. El sentido de darse, de entregarse hasta la anulaci\u00f3n, es una lecci\u00f3n necesaria hoy para muchos. Porque quienes quedan o se desprenden \u2013del yo, del conocimiento, de las multiplicidades\u2013 son finalmente quienes m\u00e1s reciben. Es el premio, muy terrenal, del amor engendrado por el amor.&#8221;<\/p>\n<p style=\"text-align: right\">\u201cEl oriente y la pr\u00e1ctica de caminar\u201d, fragmento extra\u00eddo de &#8220;Memoria personal&#8221;, de Antoni T\u00e0pies.<\/p>\n<p>&nbsp;<\/p>\n<p><a href=\"https:\/\/museutapies.org\/es\/series\/las-sillas-de-tapies\/\"><em>Las sillas de T\u00e0pies<\/em><\/a>\u00a0es un ciclo de acciones sonoras de car\u00e1cter multidisciplinar organizado en el marco del A\u00f1o T\u00e0pies con la colaboraci\u00f3n de la Universitat Pompeu Fabra. Se trata de una propuesta que pone en el centro la voz y la palabra para hacer un acompa\u00f1amiento sonoro a la memoria oral. As\u00ed pues, cada una de las trece sesiones contar\u00e1 con la presencia de un creador que partir\u00e1 de la silla como elemento performativo para reconectar con el universo creativo del artista desde los lenguajes expresivos y las puestas en escena de hoy.<\/p>\n<p>Como acto de clausura de la primera edici\u00f3n del ciclo, y coincidiendo con el cierre del &#8220;A\u00f1o T\u00e0pies&#8221;, Ni\u00f1o de Elche, con la colaboraci\u00f3n del artista audiovisual Lois Pati\u00f1o, realizar\u00e1n la acci\u00f3n \u201c3+2+1 formas de servicio an\u00f3nimo\u201d en la \u201cSala de reflexi\u00f3n\u201d que Antoni T\u00e0pies concibi\u00f3 en la Universitat Pompeu Fabra. La propuesta consistir\u00e1 en desarrollar una serie de n\u00fameros a partir de la reflexi\u00f3n que Antoni T\u00e0pies escribe sobre la importancia del servicio an\u00f3nimo. Una cuesti\u00f3n que el artista ilicitano conectar\u00e1 con la biograf\u00eda familiar y la enfermedad medular que sufri\u00f3 el abuelo materno, que le oblig\u00f3 a ejercer el oficio de siller\u00eda durante el proceso de rehabilitaci\u00f3n. Utilizando la simbolog\u00eda del n\u00famero seis como representaci\u00f3n de la generosidad, la responsabilidad, el amor hacia los dem\u00e1s, la compasi\u00f3n, la familia y el hogar, Ni\u00f1o de Elche construir\u00e1 una selecci\u00f3n de gestos e im\u00e1genes que conformar\u00e1n una secuencia de gestos y sonidos en el que la reflexi\u00f3n nos har\u00e1 part\u00edcipes de un camino a\u00fan por recorrer.<\/p>\n<p>&nbsp;<\/p>\n<p><strong>BIOGRAF\u00cdAS<\/strong><\/p>\n<p>&nbsp;<\/p>\n<p>Francisco Contreras, <strong>NI\u00d1O DE ELCHE<\/strong> (1985) es un artista indisciplinario y exflamenco que ha sabido unir en sus diferentes propuestas art\u00edsticas g\u00e9neros como el flamenco, el rock, la improvisaci\u00f3n libre o las m\u00fasicas electr\u00f3nicas, junto con la poes\u00eda o la performance. Colaborador asiduo en proyectos art\u00edsticos variados, ha trabajado con grandes nombres de las artes pl\u00e1sticas, el cine, la danza y el teatro. En 2017 fue artista invitado, junto con Pedro G. Romero e Israel Galv\u00e1n, en la 14\u00aa Documenta de Kassel-Atenas con la propuesta \u201cLa farsa moneda\u201d. Protagoniz\u00f3 &#8220;Ni\u00f1os somos todos&#8221;, de Sergi Cameron, filmada en Bolivia y galardonada con el premio Gaud\u00ed a la mejor banda sonora. Para la Colecci\u00f3n del Museo Reina Sof\u00eda cre\u00f3 la obra &#8220;Auto Sacramental Invisible&#8221;, una representaci\u00f3n sonora a partir de Val del Omar, expuesta entre 2020 y 2021.<\/p>\n<p>En 2022, los cineastas Marc Sempere y Leire Apell\u00e1niz realizaron la pel\u00edcula &#8220;Canto c\u00f3smico&#8221;, inspirada en su vida y obra. Junto con el artista Pedro G. Romero, realiz\u00f3 para la Bienal de Sydney la exposici\u00f3n &#8220;Sadopitna. Ant\u00edpodas, o sigui, flamenc girat del rev\u00e9s i cap per avall&#8221;, que ha sido expuesta en varios pa\u00edses. Sus diecisiete trabajos discogr\u00e1ficos y la edici\u00f3n de cinco libros son una buena muestra de su prol\u00edfica producci\u00f3n art\u00edstica, tarea que combina cada semana como director y presentador de dos programas radiof\u00f3nicos en Radio Nacional de Espa\u00f1a: &#8220;eXtra\u00f1as heterodoXias&#8221;, en Radio 3, y &#8220;Los cl\u00e1sicos nos esperan ma\u00f1ana&#8221;, en Radio Cl\u00e1sica.<\/p>\n<p>&nbsp;<\/p>\n<p><img loading=\"lazy\" decoding=\"async\" class=\"alignnone size-full wp-image-37039\" src=\"https:\/\/museutapies.org\/wp-content\/uploads\/2024\/11\/Sin-titulo-1-copia.jpg\" alt=\"\" width=\"600\" height=\"166\" srcset=\"https:\/\/museutapies.org\/wp-content\/uploads\/2024\/11\/Sin-titulo-1-copia.jpg 600w, https:\/\/museutapies.org\/wp-content\/uploads\/2024\/11\/Sin-titulo-1-copia-500x138.jpg 500w, https:\/\/museutapies.org\/wp-content\/uploads\/2024\/11\/Sin-titulo-1-copia-380x105.jpg 380w\" sizes=\"(max-width: 600px) 100vw, 600px\" \/><\/p>\n<p><strong>LOIS PATI\u00d1O<\/strong> (1983) Cineasta y artista, su trabajo audiovisual, ya sea en formato de largometraje o video-instalaci\u00f3n, explora aspectos culturales y antropol\u00f3gicos desde propuestas \u00edntimas y contemplativas con una sensibilidad pl\u00e1stica y pict\u00f3rica. Siempre en busca de nuevas formas cinematogr\u00e1ficas, ha explorado conceptos como la distancia, la inmovilidad o lo invisible, trabajando en culturas cercanas, como su Galicia natal, o lejanas, como Jap\u00f3n, Islandia, Laos o Zanz\u00edbar. La reflexi\u00f3n sobre la muerte y la relaci\u00f3n con el otro mundo en culturas diversas est\u00e1 presente en varios de sus proyectos, como su largometraje &#8220;Samsara&#8221; (2023), &#8220;El sembrador de estrellas&#8221; (2022) o &#8220;L\u00faa roja&#8221; (2020). En &#8220;Samsara&#8221;, su apuesta por un cine \u00edntimo y meditativo y su voluntad de explorar las fronteras del cine le llev\u00f3 a proponer una pel\u00edcula para ser vista con los ojos cerrados.<\/p>\n<p>Sus obras se han visto y han sido premiadas en importantes festivales de cine como Cannes, Berlinale, Locarno, Toronto, Rotterdam\u2026 Festivales como el de Nueva York o pa\u00edses como Colombia, Corea del Sur, B\u00e9lgica o Argentina han dedicado foco en su trabajo. La Universidad de Harvard le otorg\u00f3 la beca Robert Fulton III (2016), destinada a cineastas emergentes de \u201cesp\u00edritu independiente, que exploran culturas diversas con una profunda sensibilidad est\u00e9tica\u201d.<\/p>\n<p>Con Ni\u00f1o de Elche ha colaborado en el proyecto &#8220;La exclusi\u00f3n&#8221;, creando la parte audiovisual. Actualmente, est\u00e1n preparando el largometraje de ficci\u00f3n &#8220;La nube del no saber&#8221;, que protagonizar\u00e1 Ni\u00f1o de Elche.<\/p>\n","protected":false},"excerpt":{"rendered":"<p>Ni\u00f1o de Elche y Lois Pati\u00f1o realizar\u00e1n una acci\u00f3n en la Universitat Pompeu Fabra<\/p>\n","protected":false},"author":3,"featured_media":37007,"comment_status":"closed","ping_status":"closed","template":"","meta":{"_tribe_events_status":"","_tribe_events_status_reason":"","_tribe_events_is_hybrid":"","_tribe_events_is_virtual":"","_tribe_events_virtual_video_source":"","_tribe_events_virtual_embed_video":"","_tribe_events_virtual_linked_button_text":"","_tribe_events_virtual_linked_button":"","_tribe_events_virtual_show_embed_at":"","_tribe_events_virtual_show_embed_to":[],"_tribe_events_virtual_show_on_event":"","_tribe_events_virtual_show_on_views":"","_tribe_events_virtual_url":"","footnotes":""},"tags":[],"tribe_events_cat":[5769],"acf":[],"yoast_head":"<!-- This site is optimized with the Yoast SEO plugin v20.11 - https:\/\/yoast.com\/wordpress\/plugins\/seo\/ -->\n<title>Las sillas de T\u00e0pies: Ni\u00f1o de Elche + Lois Pati\u00f1o - Museu T\u00e0pies<\/title>\n<meta name=\"description\" content=\"Como acto de clausura del &quot;A\u00f1o T\u00e0pies&quot;, Ni\u00f1o de Elche, con Lois Pati\u00f1o, realizar\u00e1n una acci\u00f3n en la Universitat Pompeu Fabra.\" \/>\n<meta name=\"robots\" content=\"index, follow, max-snippet:-1, max-image-preview:large, max-video-preview:-1\" \/>\n<meta property=\"og:locale\" content=\"es_ES\" \/>\n<meta property=\"og:type\" content=\"article\" \/>\n<meta property=\"og:title\" content=\"Las sillas de T\u00e0pies: Ni\u00f1o de Elche + Lois Pati\u00f1o - Museu T\u00e0pies\" \/>\n<meta property=\"og:description\" content=\"Como acto de clausura del &quot;A\u00f1o T\u00e0pies&quot;, Ni\u00f1o de Elche, con Lois Pati\u00f1o, realizar\u00e1n una acci\u00f3n en la Universitat Pompeu Fabra.\" \/>\n<meta property=\"og:url\" content=\"https:\/\/museutapies.org\/es\/event\/les-sillas-de-tapies-nino-de-elche-lois-patino\/\" \/>\n<meta property=\"og:site_name\" content=\"Museu T\u00e0pies\" \/>\n<meta property=\"article:publisher\" content=\"https:\/\/www.facebook.com\/museutapies\" \/>\n<meta property=\"article:modified_time\" content=\"2024-12-12T11:22:09+00:00\" \/>\n<meta property=\"og:image\" content=\"https:\/\/museutapies.org\/wp-content\/uploads\/2024\/01\/Nino-de-Elche-scaled.jpg\" \/>\n\t<meta property=\"og:image:width\" content=\"2560\" \/>\n\t<meta property=\"og:image:height\" content=\"1707\" \/>\n\t<meta property=\"og:image:type\" content=\"image\/jpeg\" \/>\n<meta name=\"twitter:card\" content=\"summary_large_image\" \/>\n<meta name=\"twitter:label1\" content=\"Tiempo de lectura\" \/>\n\t<meta name=\"twitter:data1\" content=\"6 minutos\" \/>\n<script type=\"application\/ld+json\" class=\"yoast-schema-graph\">{\"@context\":\"https:\/\/schema.org\",\"@graph\":[{\"@type\":\"WebPage\",\"@id\":\"https:\/\/museutapies.org\/es\/event\/les-sillas-de-tapies-nino-de-elche-lois-patino\/\",\"url\":\"https:\/\/museutapies.org\/es\/event\/les-sillas-de-tapies-nino-de-elche-lois-patino\/\",\"name\":\"Las sillas de T\u00e0pies: Ni\u00f1o de Elche + Lois Pati\u00f1o - Museu T\u00e0pies\",\"isPartOf\":{\"@id\":\"https:\/\/museutapies.org\/en\/#website\"},\"datePublished\":\"2024-11-29T16:20:46+00:00\",\"dateModified\":\"2024-12-12T11:22:09+00:00\",\"description\":\"Como acto de clausura del \\\"A\u00f1o T\u00e0pies\\\", Ni\u00f1o de Elche, con Lois Pati\u00f1o, realizar\u00e1n una acci\u00f3n en la Universitat Pompeu Fabra.\",\"breadcrumb\":{\"@id\":\"https:\/\/museutapies.org\/es\/event\/les-sillas-de-tapies-nino-de-elche-lois-patino\/#breadcrumb\"},\"inLanguage\":\"es\",\"potentialAction\":[{\"@type\":\"ReadAction\",\"target\":[\"https:\/\/museutapies.org\/es\/event\/les-sillas-de-tapies-nino-de-elche-lois-patino\/\"]}]},{\"@type\":\"BreadcrumbList\",\"@id\":\"https:\/\/museutapies.org\/es\/event\/les-sillas-de-tapies-nino-de-elche-lois-patino\/#breadcrumb\",\"itemListElement\":[{\"@type\":\"ListItem\",\"position\":1,\"name\":\"Esdeveniments\",\"item\":\"https:\/\/museutapies.org\/agenda\/\"},{\"@type\":\"ListItem\",\"position\":2,\"name\":\"Las sillas de T\u00e0pies: Ni\u00f1o de Elche + Lois Pati\u00f1o\"}]},{\"@type\":\"WebSite\",\"@id\":\"https:\/\/museutapies.org\/en\/#website\",\"url\":\"https:\/\/museutapies.org\/en\/\",\"name\":\"Museu T\u00e0pies\",\"description\":\"\",\"publisher\":{\"@id\":\"https:\/\/museutapies.org\/en\/#organization\"},\"potentialAction\":[{\"@type\":\"SearchAction\",\"target\":{\"@type\":\"EntryPoint\",\"urlTemplate\":\"https:\/\/museutapies.org\/en\/?s={search_term_string}\"},\"query-input\":\"required name=search_term_string\"}],\"inLanguage\":\"es\"},{\"@type\":\"Organization\",\"@id\":\"https:\/\/museutapies.org\/en\/#organization\",\"name\":\"Museu T\u00e0pies\",\"url\":\"https:\/\/museutapies.org\/en\/\",\"logo\":{\"@type\":\"ImageObject\",\"inLanguage\":\"es\",\"@id\":\"https:\/\/museutapies.org\/en\/#\/schema\/logo\/image\/\",\"url\":\"https:\/\/museutapies.org\/wp-content\/uploads\/2024\/07\/mta.png\",\"contentUrl\":\"https:\/\/museutapies.org\/wp-content\/uploads\/2024\/07\/mta.png\",\"width\":244,\"height\":110,\"caption\":\"Museu T\u00e0pies\"},\"image\":{\"@id\":\"https:\/\/museutapies.org\/en\/#\/schema\/logo\/image\/\"},\"sameAs\":[\"https:\/\/www.facebook.com\/museutapies\",\"https:\/\/www.instagram.com\/museutapies\/\",\"https:\/\/www.youtube.com\/channel\/UCPi65HBb48RMeoa12lR51cQ\",\"https:\/\/x.com\/MuseuTapies\"]}]}<\/script>\n<!-- \/ Yoast SEO plugin. -->","yoast_head_json":{"title":"Las sillas de T\u00e0pies: Ni\u00f1o de Elche + Lois Pati\u00f1o - Museu T\u00e0pies","description":"Como acto de clausura del \"A\u00f1o T\u00e0pies\", Ni\u00f1o de Elche, con Lois Pati\u00f1o, realizar\u00e1n una acci\u00f3n en la Universitat Pompeu Fabra.","robots":{"index":"index","follow":"follow","max-snippet":"max-snippet:-1","max-image-preview":"max-image-preview:large","max-video-preview":"max-video-preview:-1"},"og_locale":"es_ES","og_type":"article","og_title":"Las sillas de T\u00e0pies: Ni\u00f1o de Elche + Lois Pati\u00f1o - Museu T\u00e0pies","og_description":"Como acto de clausura del \"A\u00f1o T\u00e0pies\", Ni\u00f1o de Elche, con Lois Pati\u00f1o, realizar\u00e1n una acci\u00f3n en la Universitat Pompeu Fabra.","og_url":"https:\/\/museutapies.org\/es\/event\/les-sillas-de-tapies-nino-de-elche-lois-patino\/","og_site_name":"Museu T\u00e0pies","article_publisher":"https:\/\/www.facebook.com\/museutapies","article_modified_time":"2024-12-12T11:22:09+00:00","og_image":[{"width":2560,"height":1707,"url":"https:\/\/museutapies.org\/wp-content\/uploads\/2024\/01\/Nino-de-Elche-scaled.jpg","type":"image\/jpeg"}],"twitter_card":"summary_large_image","twitter_misc":{"Tiempo de lectura":"6 minutos"},"schema":{"@context":"https:\/\/schema.org","@graph":[{"@type":"WebPage","@id":"https:\/\/museutapies.org\/es\/event\/les-sillas-de-tapies-nino-de-elche-lois-patino\/","url":"https:\/\/museutapies.org\/es\/event\/les-sillas-de-tapies-nino-de-elche-lois-patino\/","name":"Las sillas de T\u00e0pies: Ni\u00f1o de Elche + Lois Pati\u00f1o - Museu T\u00e0pies","isPartOf":{"@id":"https:\/\/museutapies.org\/en\/#website"},"datePublished":"2024-11-29T16:20:46+00:00","dateModified":"2024-12-12T11:22:09+00:00","description":"Como acto de clausura del \"A\u00f1o T\u00e0pies\", Ni\u00f1o de Elche, con Lois Pati\u00f1o, realizar\u00e1n una acci\u00f3n en la Universitat Pompeu Fabra.","breadcrumb":{"@id":"https:\/\/museutapies.org\/es\/event\/les-sillas-de-tapies-nino-de-elche-lois-patino\/#breadcrumb"},"inLanguage":"es","potentialAction":[{"@type":"ReadAction","target":["https:\/\/museutapies.org\/es\/event\/les-sillas-de-tapies-nino-de-elche-lois-patino\/"]}]},{"@type":"BreadcrumbList","@id":"https:\/\/museutapies.org\/es\/event\/les-sillas-de-tapies-nino-de-elche-lois-patino\/#breadcrumb","itemListElement":[{"@type":"ListItem","position":1,"name":"Esdeveniments","item":"https:\/\/museutapies.org\/agenda\/"},{"@type":"ListItem","position":2,"name":"Las sillas de T\u00e0pies: Ni\u00f1o de Elche + Lois Pati\u00f1o"}]},{"@type":"WebSite","@id":"https:\/\/museutapies.org\/en\/#website","url":"https:\/\/museutapies.org\/en\/","name":"Museu T\u00e0pies","description":"","publisher":{"@id":"https:\/\/museutapies.org\/en\/#organization"},"potentialAction":[{"@type":"SearchAction","target":{"@type":"EntryPoint","urlTemplate":"https:\/\/museutapies.org\/en\/?s={search_term_string}"},"query-input":"required name=search_term_string"}],"inLanguage":"es"},{"@type":"Organization","@id":"https:\/\/museutapies.org\/en\/#organization","name":"Museu T\u00e0pies","url":"https:\/\/museutapies.org\/en\/","logo":{"@type":"ImageObject","inLanguage":"es","@id":"https:\/\/museutapies.org\/en\/#\/schema\/logo\/image\/","url":"https:\/\/museutapies.org\/wp-content\/uploads\/2024\/07\/mta.png","contentUrl":"https:\/\/museutapies.org\/wp-content\/uploads\/2024\/07\/mta.png","width":244,"height":110,"caption":"Museu T\u00e0pies"},"image":{"@id":"https:\/\/museutapies.org\/en\/#\/schema\/logo\/image\/"},"sameAs":["https:\/\/www.facebook.com\/museutapies","https:\/\/www.instagram.com\/museutapies\/","https:\/\/www.youtube.com\/channel\/UCPi65HBb48RMeoa12lR51cQ","https:\/\/x.com\/MuseuTapies"]}]}},"_links":{"self":[{"href":"https:\/\/museutapies.org\/es\/wp-json\/wp\/v2\/tribe_events\/37016"}],"collection":[{"href":"https:\/\/museutapies.org\/es\/wp-json\/wp\/v2\/tribe_events"}],"about":[{"href":"https:\/\/museutapies.org\/es\/wp-json\/wp\/v2\/types\/tribe_events"}],"author":[{"embeddable":true,"href":"https:\/\/museutapies.org\/es\/wp-json\/wp\/v2\/users\/3"}],"replies":[{"embeddable":true,"href":"https:\/\/museutapies.org\/es\/wp-json\/wp\/v2\/comments?post=37016"}],"version-history":[{"count":10,"href":"https:\/\/museutapies.org\/es\/wp-json\/wp\/v2\/tribe_events\/37016\/revisions"}],"predecessor-version":[{"id":37132,"href":"https:\/\/museutapies.org\/es\/wp-json\/wp\/v2\/tribe_events\/37016\/revisions\/37132"}],"wp:featuredmedia":[{"embeddable":true,"href":"https:\/\/museutapies.org\/es\/wp-json\/wp\/v2\/media\/37007"}],"wp:attachment":[{"href":"https:\/\/museutapies.org\/es\/wp-json\/wp\/v2\/media?parent=37016"}],"wp:term":[{"taxonomy":"post_tag","embeddable":true,"href":"https:\/\/museutapies.org\/es\/wp-json\/wp\/v2\/tags?post=37016"},{"taxonomy":"tribe_events_cat","embeddable":true,"href":"https:\/\/museutapies.org\/es\/wp-json\/wp\/v2\/tribe_events_cat?post=37016"}],"curies":[{"name":"wp","href":"https:\/\/api.w.org\/{rel}","templated":true}]}}