{"id":37445,"date":"2025-01-22T13:55:53","date_gmt":"2025-01-22T12:55:53","guid":{"rendered":"https:\/\/museutapies.org\/?post_type=tribe_events&#038;p=37445"},"modified":"2025-01-22T14:19:11","modified_gmt":"2025-01-22T13:19:11","slug":"presentacion-del-libro-tapies-y-la-ceguera","status":"publish","type":"tribe_events","link":"https:\/\/museutapies.org\/es\/event\/presentacion-del-libro-tapies-y-la-ceguera\/","title":{"rendered":"Presentaci\u00f3n del libro &#8220;T\u00e0pies y la ceguera&#8221;, de Pilar Parcerisas"},"content":{"rendered":"<p><img loading=\"lazy\" decoding=\"async\" class=\"alignnone size-medium wp-image-37458\" src=\"https:\/\/museutapies.org\/wp-content\/uploads\/2025\/01\/Tapies-y-la-ceguera-Pilar-Parcerisas-2-800x508.png\" alt=\"\" width=\"800\" height=\"508\" srcset=\"https:\/\/museutapies.org\/wp-content\/uploads\/2025\/01\/Tapies-y-la-ceguera-Pilar-Parcerisas-2-800x508.png 800w, https:\/\/museutapies.org\/wp-content\/uploads\/2025\/01\/Tapies-y-la-ceguera-Pilar-Parcerisas-2-768x488.png 768w, https:\/\/museutapies.org\/wp-content\/uploads\/2025\/01\/Tapies-y-la-ceguera-Pilar-Parcerisas-2-500x318.png 500w, https:\/\/museutapies.org\/wp-content\/uploads\/2025\/01\/Tapies-y-la-ceguera-Pilar-Parcerisas-2-380x241.png 380w, https:\/\/museutapies.org\/wp-content\/uploads\/2025\/01\/Tapies-y-la-ceguera-Pilar-Parcerisas-2-600x381.png 600w, https:\/\/museutapies.org\/wp-content\/uploads\/2025\/01\/Tapies-y-la-ceguera-Pilar-Parcerisas-2.png 812w\" sizes=\"(max-width: 800px) 100vw, 800px\" \/><\/p>\n<p><span style=\"font-weight: 400\">El Museu T\u00e0pies presenta el ensayo <\/span><i><span style=\"font-weight: 400\">T\u00e0pies y la ceguera<\/span><\/i><span style=\"font-weight: 400\">,<\/span> <span style=\"font-weight: 400\">de Pilar Parcerisas, editado por SD-Edicions. La publicaci\u00f3n recorre la obra de Antoni T\u00e0pies con la voluntad de explorar la b\u00fasqueda de la conciencia interior, as\u00ed como la fuerza de la p\u00e9rdida, tan caracter\u00edstica del \u00faltimo per\u00edodo del artista, y la presencia y la funci\u00f3n espiritual de aquellos \u00f3rganos que aluden a los dos sentidos m\u00e1s presentes en su obra: el ojo y la mano. El detonante de este libro fue la visita que la autora realiz\u00f3 al estudio de T\u00e0pies acompa\u00f1ada del escritor y fot\u00f3grafo ciego <\/span><span style=\"font-weight: 400\">Evgen Bav\u010dar (Eslovenia, 1946) en 1998, un encuentro que propici\u00f3 un intercambio de obra entre ellos.<\/span><\/p>\n<p><span style=\"font-weight: 400\">El acto de presentaci\u00f3n contar\u00e1 con un di\u00e1logo entre la autora, Pilar Parcerisas; Vicen\u00e7 Altai\u00f3, <\/span><span style=\"font-weight: 400\">poeta y traficante de ideas; y Jes\u00fas Mart\u00ednez Clar\u00e0, cr\u00edtico de arte.<\/span><\/p>\n<p>&nbsp;<\/p>\n<p><b>Pilar Parcerisas.<\/b><span style=\"font-weight: 400\"> Cr\u00edtica de arte y comisaria de exposiciones independiente con una amplia trayectoria en el \u00e1mbito cultural, es doctora en Historia del Arte y licenciada en Ciencias de la Informaci\u00f3n por la Universitat Aut\u00f2noma de Barcelona (UAB). Entre 1991 y 1992 complet\u00f3 sus estudios curatoriales bajo la direcci\u00f3n de Harald Szeemann y posteriormente se consolid\u00f3 como una figura clave de la curador\u00eda contempor\u00e1nea.<\/span><\/p>\n<p><span style=\"font-weight: 400\">Fue cofundadora del diario <\/span><i><span style=\"font-weight: 400\">Regi\u00f3 7<\/span><\/i><span style=\"font-weight: 400\"> y ha escrito numerosos textos sobre arte y guiones de cine. Ha comisariado m\u00e1s de sesenta exposiciones, entre las cuales destacan muestras dedicadas a Joan Brossa, Joan Pon\u00e7, Dal\u00ed, Mir\u00f3, Man Ray, Adolf Loos, Marcel Duchamp y Joseph Beuys y a movimientos como el surrealismo.<\/span><\/p>\n<p><span style=\"font-weight: 400\">Su labor ha sido esencial para recuperar la memoria de la generaci\u00f3n de artistas conceptuales, tal como reflejan la exposici\u00f3n <\/span><i><span style=\"font-weight: 400\">Idees i actituds<\/span><\/i><span style=\"font-weight: 400\"> (1992) y el libro <\/span><i><span style=\"font-weight: 400\">Conceptualismo(s). En torno al arte conceptual en Espa\u00f1a, 1964-1980<\/span><\/i><span style=\"font-weight: 400\"> (2007). Entre sus publicaciones m\u00e1s destacadas encontramos <\/span><i><span style=\"font-weight: 400\">Duchamp en Espa\u00f1a <\/span><\/i><span style=\"font-weight: 400\">(2009), la edici\u00f3n de <\/span><i><span style=\"font-weight: 400\">Joseph Beuys. Una geograf\u00eda espiritual<\/span><\/i><span style=\"font-weight: 400\"> (2021) y <\/span><i><span style=\"font-weight: 400\">Manresa Hauptbahnhof<\/span><\/i><span style=\"font-weight: 400\"> (2023).<\/span><\/p>\n<p><span style=\"font-weight: 400\">En el \u00e1mbito literario, ha publicado el libro de memorias <\/span><i><span style=\"font-weight: 400\">Equipatge de m\u00e0<\/span><\/i><span style=\"font-weight: 400\"> (1997) y el poemario <\/span><i><span style=\"font-weight: 400\">Fal\u00e7 i estrelles<\/span><\/i><span style=\"font-weight: 400\"> (2020). Ha ocupado cargos relevantes, como el de presidenta de la Associaci\u00f3 Catalana de Cr\u00edtics d\u2019Art (2007-2010), el de miembro del Consejo Nacional de la Cultura y de las Artes (2009-2019), el de presidenta de la Fundaci\u00f3 Angelus Novus y el de directora de la Escuela de Verano Walter Benjamin en Portbou desde 2016.<\/span><\/p>\n<p>&nbsp;<\/p>\n<p><span style=\"font-size: 10pt\">[Imagen: Antoni T\u00e0pies, \u201cMat\u00e8ria del ulls\u201d (2000). Colecci\u00f3n particular, Barcelona \u00a9 Comissi\u00f3 T\u00e0pies \/ VEGAP, 2025.]<\/span><\/p>\n","protected":false},"excerpt":{"rendered":"<p>Con presencia de la autora, Pilar Parcerisas,  Vicen\u00e7 Altai\u00f3, poeta,  y Jes\u00fas Mart\u00ednez Clar\u00e0, cr\u00edtico de arte.<\/p>\n","protected":false},"author":3,"featured_media":37432,"comment_status":"closed","ping_status":"closed","template":"","meta":{"_tribe_events_status":"","_tribe_events_status_reason":"","_tribe_events_is_hybrid":"","_tribe_events_is_virtual":"","_tribe_events_virtual_video_source":"","_tribe_events_virtual_embed_video":"","_tribe_events_virtual_linked_button_text":"","_tribe_events_virtual_linked_button":"","_tribe_events_virtual_show_embed_at":"","_tribe_events_virtual_show_embed_to":[],"_tribe_events_virtual_show_on_event":"","_tribe_events_virtual_show_on_views":"","_tribe_events_virtual_url":"","footnotes":""},"tags":[],"tribe_events_cat":[5769],"acf":[],"yoast_head":"<!-- This site is optimized with the Yoast SEO plugin v20.11 - https:\/\/yoast.com\/wordpress\/plugins\/seo\/ -->\n<title>Presentaci\u00f3n del libro &quot;T\u00e0pies y la ceguera&quot;, de Pilar Parcerisas - Museu T\u00e0pies<\/title>\n<meta name=\"description\" content=\"El Museu T\u00e0pies de Barcelona presenta el ensayo de arte titulado &quot;T\u00e0pies y la ceguera&quot;, de Pilar Parcerisas.\" \/>\n<meta name=\"robots\" content=\"index, follow, max-snippet:-1, max-image-preview:large, max-video-preview:-1\" \/>\n<meta property=\"og:locale\" content=\"es_ES\" \/>\n<meta property=\"og:type\" content=\"article\" \/>\n<meta property=\"og:title\" content=\"Presentaci\u00f3n del libro &quot;T\u00e0pies y la ceguera&quot;, de Pilar Parcerisas - Museu T\u00e0pies\" \/>\n<meta property=\"og:description\" content=\"El Museu T\u00e0pies de Barcelona presenta el ensayo de arte titulado &quot;T\u00e0pies y la ceguera&quot;, de Pilar Parcerisas.\" \/>\n<meta property=\"og:url\" content=\"https:\/\/museutapies.org\/es\/event\/presentacion-del-libro-tapies-y-la-ceguera\/\" \/>\n<meta property=\"og:site_name\" content=\"Museu T\u00e0pies\" \/>\n<meta property=\"article:publisher\" content=\"https:\/\/www.facebook.com\/museutapies\" \/>\n<meta property=\"article:modified_time\" content=\"2025-01-22T13:19:11+00:00\" \/>\n<meta property=\"og:image\" content=\"https:\/\/museutapies.org\/wp-content\/uploads\/2025\/01\/Antoni-Tapies-Materia-del-ulls-2000.png\" \/>\n\t<meta property=\"og:image:width\" content=\"546\" \/>\n\t<meta property=\"og:image:height\" content=\"479\" \/>\n\t<meta property=\"og:image:type\" content=\"image\/png\" \/>\n<meta name=\"twitter:card\" content=\"summary_large_image\" \/>\n<meta name=\"twitter:label1\" content=\"Tiempo de lectura\" \/>\n\t<meta name=\"twitter:data1\" content=\"3 minutos\" \/>\n<script type=\"application\/ld+json\" class=\"yoast-schema-graph\">{\"@context\":\"https:\/\/schema.org\",\"@graph\":[{\"@type\":\"WebPage\",\"@id\":\"https:\/\/museutapies.org\/es\/event\/presentacion-del-libro-tapies-y-la-ceguera\/\",\"url\":\"https:\/\/museutapies.org\/es\/event\/presentacion-del-libro-tapies-y-la-ceguera\/\",\"name\":\"Presentaci\u00f3n del libro \\\"T\u00e0pies y la ceguera\\\", de Pilar Parcerisas - Museu T\u00e0pies\",\"isPartOf\":{\"@id\":\"https:\/\/museutapies.org\/en\/#website\"},\"datePublished\":\"2025-01-22T12:55:53+00:00\",\"dateModified\":\"2025-01-22T13:19:11+00:00\",\"description\":\"El Museu T\u00e0pies de Barcelona presenta el ensayo de arte titulado \\\"T\u00e0pies y la ceguera\\\", de Pilar Parcerisas.\",\"breadcrumb\":{\"@id\":\"https:\/\/museutapies.org\/es\/event\/presentacion-del-libro-tapies-y-la-ceguera\/#breadcrumb\"},\"inLanguage\":\"es\",\"potentialAction\":[{\"@type\":\"ReadAction\",\"target\":[\"https:\/\/museutapies.org\/es\/event\/presentacion-del-libro-tapies-y-la-ceguera\/\"]}]},{\"@type\":\"BreadcrumbList\",\"@id\":\"https:\/\/museutapies.org\/es\/event\/presentacion-del-libro-tapies-y-la-ceguera\/#breadcrumb\",\"itemListElement\":[{\"@type\":\"ListItem\",\"position\":1,\"name\":\"Esdeveniments\",\"item\":\"https:\/\/museutapies.org\/agenda\/\"},{\"@type\":\"ListItem\",\"position\":2,\"name\":\"Presentaci\u00f3n del libro &#8220;T\u00e0pies y la ceguera&#8221;, de Pilar Parcerisas\"}]},{\"@type\":\"WebSite\",\"@id\":\"https:\/\/museutapies.org\/en\/#website\",\"url\":\"https:\/\/museutapies.org\/en\/\",\"name\":\"Museu T\u00e0pies\",\"description\":\"\",\"publisher\":{\"@id\":\"https:\/\/museutapies.org\/en\/#organization\"},\"potentialAction\":[{\"@type\":\"SearchAction\",\"target\":{\"@type\":\"EntryPoint\",\"urlTemplate\":\"https:\/\/museutapies.org\/en\/?s={search_term_string}\"},\"query-input\":\"required name=search_term_string\"}],\"inLanguage\":\"es\"},{\"@type\":\"Organization\",\"@id\":\"https:\/\/museutapies.org\/en\/#organization\",\"name\":\"Museu T\u00e0pies\",\"url\":\"https:\/\/museutapies.org\/en\/\",\"logo\":{\"@type\":\"ImageObject\",\"inLanguage\":\"es\",\"@id\":\"https:\/\/museutapies.org\/en\/#\/schema\/logo\/image\/\",\"url\":\"https:\/\/museutapies.org\/wp-content\/uploads\/2024\/07\/mta.png\",\"contentUrl\":\"https:\/\/museutapies.org\/wp-content\/uploads\/2024\/07\/mta.png\",\"width\":244,\"height\":110,\"caption\":\"Museu T\u00e0pies\"},\"image\":{\"@id\":\"https:\/\/museutapies.org\/en\/#\/schema\/logo\/image\/\"},\"sameAs\":[\"https:\/\/www.facebook.com\/museutapies\",\"https:\/\/www.instagram.com\/museutapies\/\",\"https:\/\/www.youtube.com\/channel\/UCPi65HBb48RMeoa12lR51cQ\",\"https:\/\/x.com\/MuseuTapies\"]}]}<\/script>\n<!-- \/ Yoast SEO plugin. -->","yoast_head_json":{"title":"Presentaci\u00f3n del libro \"T\u00e0pies y la ceguera\", de Pilar Parcerisas - Museu T\u00e0pies","description":"El Museu T\u00e0pies de Barcelona presenta el ensayo de arte titulado \"T\u00e0pies y la ceguera\", de Pilar Parcerisas.","robots":{"index":"index","follow":"follow","max-snippet":"max-snippet:-1","max-image-preview":"max-image-preview:large","max-video-preview":"max-video-preview:-1"},"og_locale":"es_ES","og_type":"article","og_title":"Presentaci\u00f3n del libro \"T\u00e0pies y la ceguera\", de Pilar Parcerisas - Museu T\u00e0pies","og_description":"El Museu T\u00e0pies de Barcelona presenta el ensayo de arte titulado \"T\u00e0pies y la ceguera\", de Pilar Parcerisas.","og_url":"https:\/\/museutapies.org\/es\/event\/presentacion-del-libro-tapies-y-la-ceguera\/","og_site_name":"Museu T\u00e0pies","article_publisher":"https:\/\/www.facebook.com\/museutapies","article_modified_time":"2025-01-22T13:19:11+00:00","og_image":[{"width":546,"height":479,"url":"https:\/\/museutapies.org\/wp-content\/uploads\/2025\/01\/Antoni-Tapies-Materia-del-ulls-2000.png","type":"image\/png"}],"twitter_card":"summary_large_image","twitter_misc":{"Tiempo de lectura":"3 minutos"},"schema":{"@context":"https:\/\/schema.org","@graph":[{"@type":"WebPage","@id":"https:\/\/museutapies.org\/es\/event\/presentacion-del-libro-tapies-y-la-ceguera\/","url":"https:\/\/museutapies.org\/es\/event\/presentacion-del-libro-tapies-y-la-ceguera\/","name":"Presentaci\u00f3n del libro \"T\u00e0pies y la ceguera\", de Pilar Parcerisas - Museu T\u00e0pies","isPartOf":{"@id":"https:\/\/museutapies.org\/en\/#website"},"datePublished":"2025-01-22T12:55:53+00:00","dateModified":"2025-01-22T13:19:11+00:00","description":"El Museu T\u00e0pies de Barcelona presenta el ensayo de arte titulado \"T\u00e0pies y la ceguera\", de Pilar Parcerisas.","breadcrumb":{"@id":"https:\/\/museutapies.org\/es\/event\/presentacion-del-libro-tapies-y-la-ceguera\/#breadcrumb"},"inLanguage":"es","potentialAction":[{"@type":"ReadAction","target":["https:\/\/museutapies.org\/es\/event\/presentacion-del-libro-tapies-y-la-ceguera\/"]}]},{"@type":"BreadcrumbList","@id":"https:\/\/museutapies.org\/es\/event\/presentacion-del-libro-tapies-y-la-ceguera\/#breadcrumb","itemListElement":[{"@type":"ListItem","position":1,"name":"Esdeveniments","item":"https:\/\/museutapies.org\/agenda\/"},{"@type":"ListItem","position":2,"name":"Presentaci\u00f3n del libro &#8220;T\u00e0pies y la ceguera&#8221;, de Pilar Parcerisas"}]},{"@type":"WebSite","@id":"https:\/\/museutapies.org\/en\/#website","url":"https:\/\/museutapies.org\/en\/","name":"Museu T\u00e0pies","description":"","publisher":{"@id":"https:\/\/museutapies.org\/en\/#organization"},"potentialAction":[{"@type":"SearchAction","target":{"@type":"EntryPoint","urlTemplate":"https:\/\/museutapies.org\/en\/?s={search_term_string}"},"query-input":"required name=search_term_string"}],"inLanguage":"es"},{"@type":"Organization","@id":"https:\/\/museutapies.org\/en\/#organization","name":"Museu T\u00e0pies","url":"https:\/\/museutapies.org\/en\/","logo":{"@type":"ImageObject","inLanguage":"es","@id":"https:\/\/museutapies.org\/en\/#\/schema\/logo\/image\/","url":"https:\/\/museutapies.org\/wp-content\/uploads\/2024\/07\/mta.png","contentUrl":"https:\/\/museutapies.org\/wp-content\/uploads\/2024\/07\/mta.png","width":244,"height":110,"caption":"Museu T\u00e0pies"},"image":{"@id":"https:\/\/museutapies.org\/en\/#\/schema\/logo\/image\/"},"sameAs":["https:\/\/www.facebook.com\/museutapies","https:\/\/www.instagram.com\/museutapies\/","https:\/\/www.youtube.com\/channel\/UCPi65HBb48RMeoa12lR51cQ","https:\/\/x.com\/MuseuTapies"]}]}},"_links":{"self":[{"href":"https:\/\/museutapies.org\/es\/wp-json\/wp\/v2\/tribe_events\/37445"}],"collection":[{"href":"https:\/\/museutapies.org\/es\/wp-json\/wp\/v2\/tribe_events"}],"about":[{"href":"https:\/\/museutapies.org\/es\/wp-json\/wp\/v2\/types\/tribe_events"}],"author":[{"embeddable":true,"href":"https:\/\/museutapies.org\/es\/wp-json\/wp\/v2\/users\/3"}],"replies":[{"embeddable":true,"href":"https:\/\/museutapies.org\/es\/wp-json\/wp\/v2\/comments?post=37445"}],"version-history":[{"count":11,"href":"https:\/\/museutapies.org\/es\/wp-json\/wp\/v2\/tribe_events\/37445\/revisions"}],"predecessor-version":[{"id":37463,"href":"https:\/\/museutapies.org\/es\/wp-json\/wp\/v2\/tribe_events\/37445\/revisions\/37463"}],"wp:featuredmedia":[{"embeddable":true,"href":"https:\/\/museutapies.org\/es\/wp-json\/wp\/v2\/media\/37432"}],"wp:attachment":[{"href":"https:\/\/museutapies.org\/es\/wp-json\/wp\/v2\/media?parent=37445"}],"wp:term":[{"taxonomy":"post_tag","embeddable":true,"href":"https:\/\/museutapies.org\/es\/wp-json\/wp\/v2\/tags?post=37445"},{"taxonomy":"tribe_events_cat","embeddable":true,"href":"https:\/\/museutapies.org\/es\/wp-json\/wp\/v2\/tribe_events_cat?post=37445"}],"curies":[{"name":"wp","href":"https:\/\/api.w.org\/{rel}","templated":true}]}}