{"id":38557,"date":"2025-03-17T11:23:34","date_gmt":"2025-03-17T10:23:34","guid":{"rendered":"https:\/\/museutapies.org\/?post_type=tribe_events&#038;p=38557"},"modified":"2025-11-27T18:05:42","modified_gmt":"2025-11-27T17:05:42","slug":"siguiendo-el-sol-segunda-edicion","status":"publish","type":"tribe_events","link":"https:\/\/museutapies.org\/es\/event\/siguiendo-el-sol-segunda-edicion\/","title":{"rendered":"Siguiendo el sol. Segunda edici\u00f3n"},"content":{"rendered":"<p><img loading=\"lazy\" decoding=\"async\" class=\"alignnone size-medium wp-image-38553\" src=\"https:\/\/museutapies.org\/wp-content\/uploads\/2025\/03\/Seguint_el_sol_entrega_2-1-685x800.jpg\" alt=\"\" width=\"685\" height=\"800\" srcset=\"https:\/\/museutapies.org\/wp-content\/uploads\/2025\/03\/Seguint_el_sol_entrega_2-1-685x800.jpg 685w, https:\/\/museutapies.org\/wp-content\/uploads\/2025\/03\/Seguint_el_sol_entrega_2-1-599x700.jpg 599w, https:\/\/museutapies.org\/wp-content\/uploads\/2025\/03\/Seguint_el_sol_entrega_2-1-768x898.jpg 768w, https:\/\/museutapies.org\/wp-content\/uploads\/2025\/03\/Seguint_el_sol_entrega_2-1-1314x1536.jpg 1314w, https:\/\/museutapies.org\/wp-content\/uploads\/2025\/03\/Seguint_el_sol_entrega_2-1-1752x2048.jpg 1752w, https:\/\/museutapies.org\/wp-content\/uploads\/2025\/03\/Seguint_el_sol_entrega_2-1-500x584.jpg 500w, https:\/\/museutapies.org\/wp-content\/uploads\/2025\/03\/Seguint_el_sol_entrega_2-1-380x444.jpg 380w, https:\/\/museutapies.org\/wp-content\/uploads\/2025\/03\/Seguint_el_sol_entrega_2-1-600x701.jpg 600w\" sizes=\"(max-width: 685px) 100vw, 685px\" \/><\/p>\n<p>&nbsp;<\/p>\n<p><strong>Experimentos sonoros, formatos performativos y nuevas situaciones<\/strong><\/p>\n<p><strong>\u00a0<\/strong><\/p>\n<p>Tomando como punto de partida la mitolog\u00eda contempor\u00e1nea que se desprende de la obra <em>Mitj\u00f3<\/em> (Calcet\u00edn, 2010) de Antoni T\u00e0pies \u2014entendida como un gesto de desobediencia, iron\u00eda y celebraci\u00f3n de lo menospreciado y marginalizado\u2014, la segunda edici\u00f3n del ciclo <em>Siguiendo el sol<\/em> aspira a entablar nuevos di\u00e1logos performativos con otros cuerpos e identidades con el fin de generar fricciones con la normatividad de la sociedad:<\/p>\n<p>&nbsp;<\/p>\n<p><em>La liberaci\u00f3n conquistada por los artistas durante los \u00faltimos cien a\u00f1os no debe llevarnos a pensar que les niega forzosamente la posibilidad de asumir otras propuestas, creencias, filosof\u00edas o culturas, si las consideran m\u00e1s apropiadas para la mentalidad moderna. En particular porque precisamente gracias a esa liberaci\u00f3n y a esa independencia podemos aprender realmente a respetar \u2014no me gusta la palabra tolerar, como explicar\u00e9 m\u00e1s adelante\u2014 y a valorar como se merecen todas esas manifestaciones humanas mencionadas, tanto si provienen de nuestra tradici\u00f3n como de otras civilizaciones. Desde esa libertad abriremos m\u00e1s f\u00e1cilmente y sin prejuicios un inmenso foro donde puedan o\u00edrse voces de todas las culturas y tengan cabida todas las propuestas. Y, muy especialmente, dejaremos de creer que este min\u00fasculo reducto nuestro al que denominamos \u00abcivilizaci\u00f3n de Occidente\u00bb ha sido algo excepcional.<\/em><\/p>\n<p style=\"text-align: right\">Fragmento extra\u00eddo del texto de Antoni T\u00e0pies \u00abLa imaginaci\u00f3 del m\u00f3n\u00bb (La imaginaci\u00f3n del mundo)<\/p>\n<p>&nbsp;<\/p>\n<p>El vanguardismo apostaba siempre por gestos que revelaban cierta introspecci\u00f3n en cuanto a las reverberaciones y posibilidades de nuestras acciones, palabras y pertenencias cotidianas. <em>Mitj\u00f3<\/em>, concebida en 1991 y realizada e instalade en 2010 en la terraza del Museu T\u00e0pies, es un resumen certero de esas actitudes de \u00abliberaci\u00f3n\u00bb (por citar a T\u00e0pies) que se dan mediante la incomodidad colectivizada y la desobediencia. \u00bfQu\u00e9 sucede cuando realizamos gestos inesperados e inusitados, cuando incidimos en contextos donde no \u00abdeber\u00edamos\u00bb incidir?<\/p>\n<p>Entendiendo <em>Mitj\u00f3<\/em> como efigie y s\u00edmbolo de la marginalizaci\u00f3n, este ciclo se concibe como un ritual pagano que invita a nueve artistas a venerar este objeto y a activarlo con nuevos relatos pertenecientes a las realidades de les creadores. \u00bfC\u00f3mo incide el cuerpo <em>queer <\/em>en la sociedad en los aspectos visual y posicional? \u00bfPor qu\u00e9 ciertos cuerpos se consideran disruptivos, provocadores, pol\u00e9micos o inferiores? \u00bfC\u00f3mo podemos aprender a disfrutar m\u00e1s de lo extravagante y obviado?<\/p>\n<p><em>Siguiendo el sol <\/em>es un solsticio prolongado, un ciclo menstrual celebrador y una ofrenda al Museu T\u00e0pies como lugar de encuentro, fricci\u00f3n y acci\u00f3n. El ciclo busca reunir a varias voces que creen hablando desde la marginalizaci\u00f3n, la lucha y la resistencia, pero tambi\u00e9n desde la celebraci\u00f3n y el juego. Sus activaciones performativas y sonoras dejan claro que el vanguardismo sigue m\u00e1s vivo que nunca, y las realidades <em>queer<\/em>, descoloniales, disidentes y antiautoritarias de las que provienen resuenan en la filosof\u00eda de T\u00e0pies, en cuanto a su huida del Occidente y a la creatividad desplegada con el gesto de <em>Mitj\u00f3<\/em>, que sigue zarandeando y haciendo tambalear la normatividad.<\/p>\n<p>La programaci\u00f3n y el comisariado de la segunda edici\u00f3n del ciclo <em>Siguiendo el sol<\/em> han corrido a cargo de <strong>Gabriel Virgilio Luciani<\/strong>. La gr\u00e1fica del programa y el calendario de navegaci\u00f3n solar son una propuesta de los dise\u00f1adores <strong>Ignasi Ayats<\/strong> y <strong>Ana Habash<\/strong>, y las ilustraciones son obra de <strong>Eduard Sales<\/strong>.<\/p>\n<p>&nbsp;<\/p>\n<p><strong>Gabriel Virgilio Luciani <\/strong>es comisario y profesor de Historia del Arte residente en Barcelona. Su investigaci\u00f3n se sit\u00faa en la intersecci\u00f3n entre la teor\u00eda <em>queer<\/em>, la magia, el descolonialismo, la poes\u00eda y la afectividad objetual. Entre 2017 y 2019, en paralelo a sus estudios de Bellas Artes en la Escola Massana, ejerci\u00f3 como comisario del espacio autogestionado CERA 13, un laboratorio altamente experimental y radical situado en el barrio del Raval. En 2020 finaliz\u00f3 el m\u00e1ster en Comisariado de Artes Digitales en la Universitat Ramon Llull &#8211; ESDi, en Barcelona, durante el cual colabor\u00f3 con la galer\u00eda Dilalica. Entre 2021 y 2024 fue jefe de redacci\u00f3n de <a href=\"http:\/\/exibart.es\/\">exibart.es<\/a>, una revista de cultura que informa sobre exposiciones y festivales de arte contempor\u00e1neo, con entrevistas a artistas, comisarios y directores de instituciones.<\/p>\n<p>A lo largo de los \u00faltimos nueve a\u00f1os, sus exposiciones comisariadas se han presentado en Art Nou y en el festival de videoarte Loop, y ha comisariado, en solitario o en colaboraci\u00f3n, proyectos en THEFLOOR, CERA 13, TKM Room, Escola Massana, \u00e0ngels barcelona &#8211; espai 2, Tangent Projects, L&amp;B gallery, Galeria H2O, Reial Cercle Art\u00edstic (como comisario invitado para la edici\u00f3n comisariada 1+1+1 de Loop) y M\u00e8dol &#8211; Centre d\u2019Arts Contempor\u00e0nies de Tarragona, entre otros.<\/p>\n<p>&nbsp;<\/p>\n<p><strong>Sesiones programadas<\/strong><\/p>\n<p>S\u00e1bado 22 de marzo, a las 13 h: <a href=\"https:\/\/museutapies.org\/es\/event\/siguiendo-el-sol-amaru-personaje-personaje-pena\/\">Amaru \u00abPersonaje Personaje\u00bb Pe\u00f1a<\/a><\/p>\n<p>S\u00e1bado 12 de abril, a las 13\u00a0h: <a href=\"https:\/\/museutapies.org\/es\/event\/siguiendo-el-sol-agnes-essonti-luque\/\">Agnes Essonti Luque<\/a><\/p>\n<p>S\u00e1bado 17 de mayo, a las 13 h: <a href=\"https:\/\/museutapies.org\/es\/event\/siguiendo-el-sol-feyfeyfey\/\">feyfeyfey<\/a><\/p>\n<p>S\u00e1bado 14 de junio, a las 19 h: <a href=\"https:\/\/museutapies.org\/es\/event\/siguiendo-el-sol-adrasha\/\">Adrasha<\/a><\/p>\n<p>S\u00e1bado 20 de septiembre, a las 18 h: <a href=\"https:\/\/museutapies.org\/es\/event\/siguiendo-el-sol-guillem-jimenez-lasadcum\/\">laSADCUM Guillem Jim\u00e9nez<\/a><\/p>\n<p>S\u00e1bado 20 de septiembre, a las 19 h: <a href=\"https:\/\/museutapies.org\/es\/event\/siguiendo-el-sol-sejal-parekh\/\">Sejal Parekh<\/a><\/p>\n<p>S\u00e1bado 18 de octubre, a las 13 h: <a href=\"https:\/\/museutapies.org\/es\/event\/venus-jasper-weeping-swamp-pantano-lloron\/\">Venus Jasper<\/a><\/p>\n<p>S\u00e1bado 15 de noviembre, a las 13 h: <a href=\"https:\/\/museutapies.org\/es\/event\/bella-baguena-jardin-de-piel\/\">Bella B\u00e1guena<\/a><\/p>\n<p>S\u00e1bado 13 de diciembre, a las 13 h: <a href=\"https:\/\/museutapies.org\/es\/event\/mami-sugar-busqueda-no-3-reescritura\/\">Silvia Albert Sopale<\/a><\/p>\n<p>&nbsp;<\/p>\n<hr \/>\n<p><a href=\"https:\/\/museutapies.org\/es\/series\/siguiendo-el-sol\/\">Enlace a la primera edici\u00f3n del ciclo<\/a><\/p>\n<p>&nbsp;<\/p>\n<p>&nbsp;<\/p>\n","protected":false},"excerpt":{"rendered":"<p>Experimentos sonoros, formatos performativos y nuevas situaciones. La programaci\u00f3n y el comisariado de la segunda edici\u00f3n del ciclo han corrido a cargo de Gabriel Virgilio Luciani.<\/p>\n","protected":false},"author":207,"featured_media":38553,"comment_status":"closed","ping_status":"closed","template":"","meta":{"_tribe_events_status":"","_tribe_events_status_reason":"","_tribe_events_is_hybrid":"","_tribe_events_is_virtual":"","_tribe_events_virtual_video_source":"","_tribe_events_virtual_embed_video":"","_tribe_events_virtual_linked_button_text":"","_tribe_events_virtual_linked_button":"","_tribe_events_virtual_show_embed_at":"","_tribe_events_virtual_show_embed_to":[],"_tribe_events_virtual_show_on_event":"","_tribe_events_virtual_show_on_views":"","_tribe_events_virtual_url":"","footnotes":""},"tags":[],"tribe_events_cat":[5769],"acf":[],"yoast_head":"<!-- This site is optimized with the Yoast SEO plugin v20.11 - https:\/\/yoast.com\/wordpress\/plugins\/seo\/ -->\n<title>Siguiendo el sol. Segunda edici\u00f3n - Museu T\u00e0pies<\/title>\n<meta name=\"description\" content=\"Segunda edici\u00f3n del ciclo de arte &quot;Siguiendo el sol 2025&quot;, del Museu T\u00e0ies de Barcelona, comisariado por Gabriel Virgilio Luciani.\" \/>\n<meta name=\"robots\" content=\"index, follow, max-snippet:-1, max-image-preview:large, max-video-preview:-1\" \/>\n<meta property=\"og:locale\" content=\"es_ES\" \/>\n<meta property=\"og:type\" content=\"article\" \/>\n<meta property=\"og:title\" content=\"Siguiendo el sol. Segunda edici\u00f3n - Museu T\u00e0pies\" \/>\n<meta property=\"og:description\" content=\"Segunda edici\u00f3n del ciclo de arte &quot;Siguiendo el sol 2025&quot;, del Museu T\u00e0ies de Barcelona, comisariado por Gabriel Virgilio Luciani.\" \/>\n<meta property=\"og:url\" content=\"https:\/\/museutapies.org\/es\/event\/siguiendo-el-sol-segunda-edicion\/\" \/>\n<meta property=\"og:site_name\" content=\"Museu T\u00e0pies\" \/>\n<meta property=\"article:publisher\" content=\"https:\/\/www.facebook.com\/museutapies\" \/>\n<meta property=\"article:modified_time\" content=\"2025-11-27T17:05:42+00:00\" \/>\n<meta property=\"og:image\" content=\"https:\/\/museutapies.org\/wp-content\/uploads\/2025\/03\/Seguint_el_sol_entrega_2-1-scaled.jpg\" \/>\n\t<meta property=\"og:image:width\" content=\"2191\" \/>\n\t<meta property=\"og:image:height\" content=\"2560\" \/>\n\t<meta property=\"og:image:type\" content=\"image\/jpeg\" \/>\n<meta name=\"twitter:card\" content=\"summary_large_image\" \/>\n<meta name=\"twitter:label1\" content=\"Tiempo de lectura\" \/>\n\t<meta name=\"twitter:data1\" content=\"5 minutos\" \/>\n<script type=\"application\/ld+json\" class=\"yoast-schema-graph\">{\"@context\":\"https:\/\/schema.org\",\"@graph\":[{\"@type\":\"WebPage\",\"@id\":\"https:\/\/museutapies.org\/es\/event\/siguiendo-el-sol-segunda-edicion\/\",\"url\":\"https:\/\/museutapies.org\/es\/event\/siguiendo-el-sol-segunda-edicion\/\",\"name\":\"Siguiendo el sol. Segunda edici\u00f3n - Museu T\u00e0pies\",\"isPartOf\":{\"@id\":\"https:\/\/museutapies.org\/en\/#website\"},\"datePublished\":\"2025-03-17T10:23:34+00:00\",\"dateModified\":\"2025-11-27T17:05:42+00:00\",\"description\":\"Segunda edici\u00f3n del ciclo de arte \\\"Siguiendo el sol 2025\\\", del Museu T\u00e0ies de Barcelona, comisariado por Gabriel Virgilio Luciani.\",\"breadcrumb\":{\"@id\":\"https:\/\/museutapies.org\/es\/event\/siguiendo-el-sol-segunda-edicion\/#breadcrumb\"},\"inLanguage\":\"es\",\"potentialAction\":[{\"@type\":\"ReadAction\",\"target\":[\"https:\/\/museutapies.org\/es\/event\/siguiendo-el-sol-segunda-edicion\/\"]}]},{\"@type\":\"BreadcrumbList\",\"@id\":\"https:\/\/museutapies.org\/es\/event\/siguiendo-el-sol-segunda-edicion\/#breadcrumb\",\"itemListElement\":[{\"@type\":\"ListItem\",\"position\":1,\"name\":\"Esdeveniments\",\"item\":\"https:\/\/museutapies.org\/agenda\/\"},{\"@type\":\"ListItem\",\"position\":2,\"name\":\"Siguiendo el sol. Segunda edici\u00f3n\"}]},{\"@type\":\"WebSite\",\"@id\":\"https:\/\/museutapies.org\/en\/#website\",\"url\":\"https:\/\/museutapies.org\/en\/\",\"name\":\"Museu T\u00e0pies\",\"description\":\"\",\"publisher\":{\"@id\":\"https:\/\/museutapies.org\/en\/#organization\"},\"potentialAction\":[{\"@type\":\"SearchAction\",\"target\":{\"@type\":\"EntryPoint\",\"urlTemplate\":\"https:\/\/museutapies.org\/en\/?s={search_term_string}\"},\"query-input\":\"required name=search_term_string\"}],\"inLanguage\":\"es\"},{\"@type\":\"Organization\",\"@id\":\"https:\/\/museutapies.org\/en\/#organization\",\"name\":\"Museu T\u00e0pies\",\"url\":\"https:\/\/museutapies.org\/en\/\",\"logo\":{\"@type\":\"ImageObject\",\"inLanguage\":\"es\",\"@id\":\"https:\/\/museutapies.org\/en\/#\/schema\/logo\/image\/\",\"url\":\"https:\/\/museutapies.org\/wp-content\/uploads\/2024\/07\/mta.png\",\"contentUrl\":\"https:\/\/museutapies.org\/wp-content\/uploads\/2024\/07\/mta.png\",\"width\":244,\"height\":110,\"caption\":\"Museu T\u00e0pies\"},\"image\":{\"@id\":\"https:\/\/museutapies.org\/en\/#\/schema\/logo\/image\/\"},\"sameAs\":[\"https:\/\/www.facebook.com\/museutapies\",\"https:\/\/www.instagram.com\/museutapies\/\",\"https:\/\/www.youtube.com\/channel\/UCPi65HBb48RMeoa12lR51cQ\",\"https:\/\/x.com\/MuseuTapies\"]}]}<\/script>\n<!-- \/ Yoast SEO plugin. -->","yoast_head_json":{"title":"Siguiendo el sol. Segunda edici\u00f3n - Museu T\u00e0pies","description":"Segunda edici\u00f3n del ciclo de arte \"Siguiendo el sol 2025\", del Museu T\u00e0ies de Barcelona, comisariado por Gabriel Virgilio Luciani.","robots":{"index":"index","follow":"follow","max-snippet":"max-snippet:-1","max-image-preview":"max-image-preview:large","max-video-preview":"max-video-preview:-1"},"og_locale":"es_ES","og_type":"article","og_title":"Siguiendo el sol. Segunda edici\u00f3n - Museu T\u00e0pies","og_description":"Segunda edici\u00f3n del ciclo de arte \"Siguiendo el sol 2025\", del Museu T\u00e0ies de Barcelona, comisariado por Gabriel Virgilio Luciani.","og_url":"https:\/\/museutapies.org\/es\/event\/siguiendo-el-sol-segunda-edicion\/","og_site_name":"Museu T\u00e0pies","article_publisher":"https:\/\/www.facebook.com\/museutapies","article_modified_time":"2025-11-27T17:05:42+00:00","og_image":[{"width":2191,"height":2560,"url":"https:\/\/museutapies.org\/wp-content\/uploads\/2025\/03\/Seguint_el_sol_entrega_2-1-scaled.jpg","type":"image\/jpeg"}],"twitter_card":"summary_large_image","twitter_misc":{"Tiempo de lectura":"5 minutos"},"schema":{"@context":"https:\/\/schema.org","@graph":[{"@type":"WebPage","@id":"https:\/\/museutapies.org\/es\/event\/siguiendo-el-sol-segunda-edicion\/","url":"https:\/\/museutapies.org\/es\/event\/siguiendo-el-sol-segunda-edicion\/","name":"Siguiendo el sol. Segunda edici\u00f3n - Museu T\u00e0pies","isPartOf":{"@id":"https:\/\/museutapies.org\/en\/#website"},"datePublished":"2025-03-17T10:23:34+00:00","dateModified":"2025-11-27T17:05:42+00:00","description":"Segunda edici\u00f3n del ciclo de arte \"Siguiendo el sol 2025\", del Museu T\u00e0ies de Barcelona, comisariado por Gabriel Virgilio Luciani.","breadcrumb":{"@id":"https:\/\/museutapies.org\/es\/event\/siguiendo-el-sol-segunda-edicion\/#breadcrumb"},"inLanguage":"es","potentialAction":[{"@type":"ReadAction","target":["https:\/\/museutapies.org\/es\/event\/siguiendo-el-sol-segunda-edicion\/"]}]},{"@type":"BreadcrumbList","@id":"https:\/\/museutapies.org\/es\/event\/siguiendo-el-sol-segunda-edicion\/#breadcrumb","itemListElement":[{"@type":"ListItem","position":1,"name":"Esdeveniments","item":"https:\/\/museutapies.org\/agenda\/"},{"@type":"ListItem","position":2,"name":"Siguiendo el sol. Segunda edici\u00f3n"}]},{"@type":"WebSite","@id":"https:\/\/museutapies.org\/en\/#website","url":"https:\/\/museutapies.org\/en\/","name":"Museu T\u00e0pies","description":"","publisher":{"@id":"https:\/\/museutapies.org\/en\/#organization"},"potentialAction":[{"@type":"SearchAction","target":{"@type":"EntryPoint","urlTemplate":"https:\/\/museutapies.org\/en\/?s={search_term_string}"},"query-input":"required name=search_term_string"}],"inLanguage":"es"},{"@type":"Organization","@id":"https:\/\/museutapies.org\/en\/#organization","name":"Museu T\u00e0pies","url":"https:\/\/museutapies.org\/en\/","logo":{"@type":"ImageObject","inLanguage":"es","@id":"https:\/\/museutapies.org\/en\/#\/schema\/logo\/image\/","url":"https:\/\/museutapies.org\/wp-content\/uploads\/2024\/07\/mta.png","contentUrl":"https:\/\/museutapies.org\/wp-content\/uploads\/2024\/07\/mta.png","width":244,"height":110,"caption":"Museu T\u00e0pies"},"image":{"@id":"https:\/\/museutapies.org\/en\/#\/schema\/logo\/image\/"},"sameAs":["https:\/\/www.facebook.com\/museutapies","https:\/\/www.instagram.com\/museutapies\/","https:\/\/www.youtube.com\/channel\/UCPi65HBb48RMeoa12lR51cQ","https:\/\/x.com\/MuseuTapies"]}]}},"_links":{"self":[{"href":"https:\/\/museutapies.org\/es\/wp-json\/wp\/v2\/tribe_events\/38557"}],"collection":[{"href":"https:\/\/museutapies.org\/es\/wp-json\/wp\/v2\/tribe_events"}],"about":[{"href":"https:\/\/museutapies.org\/es\/wp-json\/wp\/v2\/types\/tribe_events"}],"author":[{"embeddable":true,"href":"https:\/\/museutapies.org\/es\/wp-json\/wp\/v2\/users\/207"}],"replies":[{"embeddable":true,"href":"https:\/\/museutapies.org\/es\/wp-json\/wp\/v2\/comments?post=38557"}],"version-history":[{"count":20,"href":"https:\/\/museutapies.org\/es\/wp-json\/wp\/v2\/tribe_events\/38557\/revisions"}],"predecessor-version":[{"id":42717,"href":"https:\/\/museutapies.org\/es\/wp-json\/wp\/v2\/tribe_events\/38557\/revisions\/42717"}],"wp:featuredmedia":[{"embeddable":true,"href":"https:\/\/museutapies.org\/es\/wp-json\/wp\/v2\/media\/38553"}],"wp:attachment":[{"href":"https:\/\/museutapies.org\/es\/wp-json\/wp\/v2\/media?parent=38557"}],"wp:term":[{"taxonomy":"post_tag","embeddable":true,"href":"https:\/\/museutapies.org\/es\/wp-json\/wp\/v2\/tags?post=38557"},{"taxonomy":"tribe_events_cat","embeddable":true,"href":"https:\/\/museutapies.org\/es\/wp-json\/wp\/v2\/tribe_events_cat?post=38557"}],"curies":[{"name":"wp","href":"https:\/\/api.w.org\/{rel}","templated":true}]}}