{"id":38972,"date":"2025-04-06T21:24:20","date_gmt":"2025-04-06T19:24:20","guid":{"rendered":"https:\/\/museutapies.org\/?post_type=tribe_events&#038;p=38972"},"modified":"2025-05-06T15:32:41","modified_gmt":"2025-05-06T13:32:41","slug":"fragmentos-de-la-tierra","status":"publish","type":"tribe_events","link":"https:\/\/museutapies.org\/es\/event\/fragmentos-de-la-tierra\/","title":{"rendered":"Fragmentos de la tierra"},"content":{"rendered":"<p><img loading=\"lazy\" decoding=\"async\" class=\"alignnone size-medium wp-image-38969\" src=\"https:\/\/museutapies.org\/wp-content\/uploads\/2025\/04\/Matria-800x554.jpg\" alt=\"\" width=\"800\" height=\"554\" srcset=\"https:\/\/museutapies.org\/wp-content\/uploads\/2025\/04\/Matria-800x554.jpg 800w, https:\/\/museutapies.org\/wp-content\/uploads\/2025\/04\/Matria-900x623.jpg 900w, https:\/\/museutapies.org\/wp-content\/uploads\/2025\/04\/Matria-768x532.jpg 768w, https:\/\/museutapies.org\/wp-content\/uploads\/2025\/04\/Matria-500x346.jpg 500w, https:\/\/museutapies.org\/wp-content\/uploads\/2025\/04\/Matria-380x263.jpg 380w, https:\/\/museutapies.org\/wp-content\/uploads\/2025\/04\/Matria-600x416.jpg 600w, https:\/\/museutapies.org\/wp-content\/uploads\/2025\/04\/Matria.jpg 1080w\" sizes=\"(max-width: 800px) 100vw, 800px\" \/><\/p>\n<p><span style=\"font-weight: 400\">Matria Libre &#8211; Arte sin Fronteras presenta una pieza de danza pol\u00edtica en la que los cuerpos se convierten en materia en movimiento y dejan huellas ef\u00edmeras sobre el espacio, como si fuesen cicatrices de un tiempo que se borra y se reescribe. <\/span><\/p>\n<p><span style=\"font-weight: 400\">En esta pieza, la danza no es solo gesto, sino tambi\u00e9n inscripci\u00f3n y borrador; una escritura hecha de presencia y ausencia, en la que cada pisada resuena como una marca de identidad y memoria colectiva. Los bailarines atraviesan veladuras invisibles, revelan y ocultan fragmentos de realidad, como si excavaran en la materia de lo olvidado. <\/span><\/p>\n<p><span style=\"font-weight: 400\">Entre la tierra y el aire, entre el peso y el ascenso, la danza dibuja un camino hacia una espiritualidad que no se encuentra en la forma, sino en el espacio vac\u00edo que esta deja tras de s\u00ed.<\/span><\/p>\n<p>&nbsp;<\/p>\n<p><b>Matria Libre &#8211; Arte sin Fronteras<\/b><span style=\"font-weight: 400\"> es una compa\u00f1\u00eda pionera en danza pol\u00edtica. Su obra <\/span><i><span style=\"font-weight: 400\">Sabia Tierra<\/span><\/i><span style=\"font-weight: 400\"> ha sido presentada en el Museo Nacional Centro de Arte Reina Sof\u00eda. La compa\u00f1\u00eda fue galardonada recientemente en el festival de videodanza Lens Dans con la obra <\/span><i><span style=\"font-weight: 400\">Abolici\u00f3n de la guerra<\/span><\/i><span style=\"font-weight: 400\">. Su propuesta art\u00edstica se basa en la recuperaci\u00f3n de saberes ancestrales y en la creaci\u00f3n de un lenguaje corporal en favor de la justicia, que es universal y abre fronteras. La compa\u00f1\u00eda est\u00e1 formada por Ada Saliou y Mayaymara Behoteguy Ch\u00e1vez. <\/span><\/p>\n<p><b>Ada Saliou<\/b><span style=\"font-weight: 400\"> es un destacado bailar\u00edn, core\u00f3grafo y maestro de danza africana. A trav\u00e9s de un lenguaje corporal \u00fanico, expresa emociones profundas y explora temas sociales relevantes, como la inmigraci\u00f3n y el medio ambiente. <\/span><\/p>\n<p><b>Mayaymara Behoteguy Ch\u00e1vez<\/b><span style=\"font-weight: 400\"> es bailarina y activista internacional. Forjada en un contexto de realismo m\u00e1gico y marcada por la lucha por la justicia social, ha convertido su danza en un grito de denuncia al capitalismo que busca despertar conciencias y promover el cambio.<\/span><\/p>\n<p>&nbsp;<\/p>\n<p>Una sesi\u00f3n de la segunda edici\u00f3n del ciclo<a href=\"https:\/\/museutapies.org\/es\/event\/las-sillas-de-tapies-memorias-tatuadas\/\">\u00a0<em>Las sillas de T\u00e0pies.<\/em><\/a><\/p>\n<p>&nbsp;<\/p>\n","protected":false},"excerpt":{"rendered":"<p>Sesi\u00f3n de danza pol\u00edtica con Matria Libre &#8211; Arte sin fronteras en el marco de la segunda edici\u00f3n del ciclo Las Sillas de T\u00e0pies, Memorias Tatuadas<\/p>\n","protected":false},"author":3,"featured_media":38969,"comment_status":"closed","ping_status":"closed","template":"","meta":{"_tribe_events_status":"","_tribe_events_status_reason":"","_tribe_events_is_hybrid":"","_tribe_events_is_virtual":"","_tribe_events_virtual_video_source":"","_tribe_events_virtual_embed_video":"","_tribe_events_virtual_linked_button_text":"","_tribe_events_virtual_linked_button":"","_tribe_events_virtual_show_embed_at":"","_tribe_events_virtual_show_embed_to":[],"_tribe_events_virtual_show_on_event":"","_tribe_events_virtual_show_on_views":"","_tribe_events_virtual_url":"","footnotes":""},"tags":[],"tribe_events_cat":[5769],"acf":[],"yoast_head":"<!-- This site is optimized with the Yoast SEO plugin v20.11 - https:\/\/yoast.com\/wordpress\/plugins\/seo\/ -->\n<title>Fragmentos de la tierra - Museu T\u00e0pies<\/title>\n<meta name=\"description\" content=\"Sesi\u00f3n de danza pol\u00edtica con Matria Libre - Arte sin fronteras Ada Saliou y Mayaymara Behoteguy Ch\u00e1vez en el marco de la segunda edici\u00f3n del ciclo Las Sillas de T\u00e0pies, Memorias Tatuadas comisariado por Judith Barn\u00e9s\" \/>\n<meta name=\"robots\" content=\"index, follow, max-snippet:-1, max-image-preview:large, max-video-preview:-1\" \/>\n<meta property=\"og:locale\" content=\"es_ES\" \/>\n<meta property=\"og:type\" content=\"article\" \/>\n<meta property=\"og:title\" content=\"Fragmentos de la tierra - Museu T\u00e0pies\" \/>\n<meta property=\"og:description\" content=\"Sesi\u00f3n de danza pol\u00edtica con Matria Libre - Arte sin fronteras Ada Saliou y Mayaymara Behoteguy Ch\u00e1vez en el marco de la segunda edici\u00f3n del ciclo Las Sillas de T\u00e0pies, Memorias Tatuadas comisariado por Judith Barn\u00e9s\" \/>\n<meta property=\"og:url\" content=\"https:\/\/museutapies.org\/es\/event\/fragmentos-de-la-tierra\/\" \/>\n<meta property=\"og:site_name\" content=\"Museu T\u00e0pies\" \/>\n<meta property=\"article:publisher\" content=\"https:\/\/www.facebook.com\/museutapies\" \/>\n<meta property=\"article:modified_time\" content=\"2025-05-06T13:32:41+00:00\" \/>\n<meta property=\"og:image\" content=\"https:\/\/museutapies.org\/wp-content\/uploads\/2025\/04\/Matria.jpg\" \/>\n\t<meta property=\"og:image:width\" content=\"1080\" \/>\n\t<meta property=\"og:image:height\" content=\"748\" \/>\n\t<meta property=\"og:image:type\" content=\"image\/jpeg\" \/>\n<meta name=\"twitter:card\" content=\"summary_large_image\" \/>\n<meta name=\"twitter:label1\" content=\"Tiempo de lectura\" \/>\n\t<meta name=\"twitter:data1\" content=\"2 minutos\" \/>\n<script type=\"application\/ld+json\" class=\"yoast-schema-graph\">{\"@context\":\"https:\/\/schema.org\",\"@graph\":[{\"@type\":\"WebPage\",\"@id\":\"https:\/\/museutapies.org\/es\/event\/fragmentos-de-la-tierra\/\",\"url\":\"https:\/\/museutapies.org\/es\/event\/fragmentos-de-la-tierra\/\",\"name\":\"Fragmentos de la tierra - Museu T\u00e0pies\",\"isPartOf\":{\"@id\":\"https:\/\/museutapies.org\/en\/#website\"},\"datePublished\":\"2025-04-06T19:24:20+00:00\",\"dateModified\":\"2025-05-06T13:32:41+00:00\",\"description\":\"Sesi\u00f3n de danza pol\u00edtica con Matria Libre - Arte sin fronteras Ada Saliou y Mayaymara Behoteguy Ch\u00e1vez en el marco de la segunda edici\u00f3n del ciclo Las Sillas de T\u00e0pies, Memorias Tatuadas comisariado por Judith Barn\u00e9s\",\"breadcrumb\":{\"@id\":\"https:\/\/museutapies.org\/es\/event\/fragmentos-de-la-tierra\/#breadcrumb\"},\"inLanguage\":\"es\",\"potentialAction\":[{\"@type\":\"ReadAction\",\"target\":[\"https:\/\/museutapies.org\/es\/event\/fragmentos-de-la-tierra\/\"]}]},{\"@type\":\"BreadcrumbList\",\"@id\":\"https:\/\/museutapies.org\/es\/event\/fragmentos-de-la-tierra\/#breadcrumb\",\"itemListElement\":[{\"@type\":\"ListItem\",\"position\":1,\"name\":\"Esdeveniments\",\"item\":\"https:\/\/museutapies.org\/agenda\/\"},{\"@type\":\"ListItem\",\"position\":2,\"name\":\"Fragmentos de la tierra\"}]},{\"@type\":\"WebSite\",\"@id\":\"https:\/\/museutapies.org\/en\/#website\",\"url\":\"https:\/\/museutapies.org\/en\/\",\"name\":\"Museu T\u00e0pies\",\"description\":\"\",\"publisher\":{\"@id\":\"https:\/\/museutapies.org\/en\/#organization\"},\"potentialAction\":[{\"@type\":\"SearchAction\",\"target\":{\"@type\":\"EntryPoint\",\"urlTemplate\":\"https:\/\/museutapies.org\/en\/?s={search_term_string}\"},\"query-input\":\"required name=search_term_string\"}],\"inLanguage\":\"es\"},{\"@type\":\"Organization\",\"@id\":\"https:\/\/museutapies.org\/en\/#organization\",\"name\":\"Museu T\u00e0pies\",\"url\":\"https:\/\/museutapies.org\/en\/\",\"logo\":{\"@type\":\"ImageObject\",\"inLanguage\":\"es\",\"@id\":\"https:\/\/museutapies.org\/en\/#\/schema\/logo\/image\/\",\"url\":\"https:\/\/museutapies.org\/wp-content\/uploads\/2024\/07\/mta.png\",\"contentUrl\":\"https:\/\/museutapies.org\/wp-content\/uploads\/2024\/07\/mta.png\",\"width\":244,\"height\":110,\"caption\":\"Museu T\u00e0pies\"},\"image\":{\"@id\":\"https:\/\/museutapies.org\/en\/#\/schema\/logo\/image\/\"},\"sameAs\":[\"https:\/\/www.facebook.com\/museutapies\",\"https:\/\/www.instagram.com\/museutapies\/\",\"https:\/\/www.youtube.com\/channel\/UCPi65HBb48RMeoa12lR51cQ\",\"https:\/\/x.com\/MuseuTapies\"]}]}<\/script>\n<!-- \/ Yoast SEO plugin. -->","yoast_head_json":{"title":"Fragmentos de la tierra - Museu T\u00e0pies","description":"Sesi\u00f3n de danza pol\u00edtica con Matria Libre - Arte sin fronteras Ada Saliou y Mayaymara Behoteguy Ch\u00e1vez en el marco de la segunda edici\u00f3n del ciclo Las Sillas de T\u00e0pies, Memorias Tatuadas comisariado por Judith Barn\u00e9s","robots":{"index":"index","follow":"follow","max-snippet":"max-snippet:-1","max-image-preview":"max-image-preview:large","max-video-preview":"max-video-preview:-1"},"og_locale":"es_ES","og_type":"article","og_title":"Fragmentos de la tierra - Museu T\u00e0pies","og_description":"Sesi\u00f3n de danza pol\u00edtica con Matria Libre - Arte sin fronteras Ada Saliou y Mayaymara Behoteguy Ch\u00e1vez en el marco de la segunda edici\u00f3n del ciclo Las Sillas de T\u00e0pies, Memorias Tatuadas comisariado por Judith Barn\u00e9s","og_url":"https:\/\/museutapies.org\/es\/event\/fragmentos-de-la-tierra\/","og_site_name":"Museu T\u00e0pies","article_publisher":"https:\/\/www.facebook.com\/museutapies","article_modified_time":"2025-05-06T13:32:41+00:00","og_image":[{"width":1080,"height":748,"url":"https:\/\/museutapies.org\/wp-content\/uploads\/2025\/04\/Matria.jpg","type":"image\/jpeg"}],"twitter_card":"summary_large_image","twitter_misc":{"Tiempo de lectura":"2 minutos"},"schema":{"@context":"https:\/\/schema.org","@graph":[{"@type":"WebPage","@id":"https:\/\/museutapies.org\/es\/event\/fragmentos-de-la-tierra\/","url":"https:\/\/museutapies.org\/es\/event\/fragmentos-de-la-tierra\/","name":"Fragmentos de la tierra - Museu T\u00e0pies","isPartOf":{"@id":"https:\/\/museutapies.org\/en\/#website"},"datePublished":"2025-04-06T19:24:20+00:00","dateModified":"2025-05-06T13:32:41+00:00","description":"Sesi\u00f3n de danza pol\u00edtica con Matria Libre - Arte sin fronteras Ada Saliou y Mayaymara Behoteguy Ch\u00e1vez en el marco de la segunda edici\u00f3n del ciclo Las Sillas de T\u00e0pies, Memorias Tatuadas comisariado por Judith Barn\u00e9s","breadcrumb":{"@id":"https:\/\/museutapies.org\/es\/event\/fragmentos-de-la-tierra\/#breadcrumb"},"inLanguage":"es","potentialAction":[{"@type":"ReadAction","target":["https:\/\/museutapies.org\/es\/event\/fragmentos-de-la-tierra\/"]}]},{"@type":"BreadcrumbList","@id":"https:\/\/museutapies.org\/es\/event\/fragmentos-de-la-tierra\/#breadcrumb","itemListElement":[{"@type":"ListItem","position":1,"name":"Esdeveniments","item":"https:\/\/museutapies.org\/agenda\/"},{"@type":"ListItem","position":2,"name":"Fragmentos de la tierra"}]},{"@type":"WebSite","@id":"https:\/\/museutapies.org\/en\/#website","url":"https:\/\/museutapies.org\/en\/","name":"Museu T\u00e0pies","description":"","publisher":{"@id":"https:\/\/museutapies.org\/en\/#organization"},"potentialAction":[{"@type":"SearchAction","target":{"@type":"EntryPoint","urlTemplate":"https:\/\/museutapies.org\/en\/?s={search_term_string}"},"query-input":"required name=search_term_string"}],"inLanguage":"es"},{"@type":"Organization","@id":"https:\/\/museutapies.org\/en\/#organization","name":"Museu T\u00e0pies","url":"https:\/\/museutapies.org\/en\/","logo":{"@type":"ImageObject","inLanguage":"es","@id":"https:\/\/museutapies.org\/en\/#\/schema\/logo\/image\/","url":"https:\/\/museutapies.org\/wp-content\/uploads\/2024\/07\/mta.png","contentUrl":"https:\/\/museutapies.org\/wp-content\/uploads\/2024\/07\/mta.png","width":244,"height":110,"caption":"Museu T\u00e0pies"},"image":{"@id":"https:\/\/museutapies.org\/en\/#\/schema\/logo\/image\/"},"sameAs":["https:\/\/www.facebook.com\/museutapies","https:\/\/www.instagram.com\/museutapies\/","https:\/\/www.youtube.com\/channel\/UCPi65HBb48RMeoa12lR51cQ","https:\/\/x.com\/MuseuTapies"]}]}},"_links":{"self":[{"href":"https:\/\/museutapies.org\/es\/wp-json\/wp\/v2\/tribe_events\/38972"}],"collection":[{"href":"https:\/\/museutapies.org\/es\/wp-json\/wp\/v2\/tribe_events"}],"about":[{"href":"https:\/\/museutapies.org\/es\/wp-json\/wp\/v2\/types\/tribe_events"}],"author":[{"embeddable":true,"href":"https:\/\/museutapies.org\/es\/wp-json\/wp\/v2\/users\/3"}],"replies":[{"embeddable":true,"href":"https:\/\/museutapies.org\/es\/wp-json\/wp\/v2\/comments?post=38972"}],"version-history":[{"count":4,"href":"https:\/\/museutapies.org\/es\/wp-json\/wp\/v2\/tribe_events\/38972\/revisions"}],"predecessor-version":[{"id":39393,"href":"https:\/\/museutapies.org\/es\/wp-json\/wp\/v2\/tribe_events\/38972\/revisions\/39393"}],"wp:featuredmedia":[{"embeddable":true,"href":"https:\/\/museutapies.org\/es\/wp-json\/wp\/v2\/media\/38969"}],"wp:attachment":[{"href":"https:\/\/museutapies.org\/es\/wp-json\/wp\/v2\/media?parent=38972"}],"wp:term":[{"taxonomy":"post_tag","embeddable":true,"href":"https:\/\/museutapies.org\/es\/wp-json\/wp\/v2\/tags?post=38972"},{"taxonomy":"tribe_events_cat","embeddable":true,"href":"https:\/\/museutapies.org\/es\/wp-json\/wp\/v2\/tribe_events_cat?post=38972"}],"curies":[{"name":"wp","href":"https:\/\/api.w.org\/{rel}","templated":true}]}}