{"id":40989,"date":"2025-09-08T15:34:24","date_gmt":"2025-09-08T13:34:24","guid":{"rendered":"https:\/\/museutapies.org\/?post_type=tribe_events&#038;p=40989"},"modified":"2025-11-17T16:48:35","modified_gmt":"2025-11-17T15:48:35","slug":"presentacion-del-vinilo-las-sillas-de-tapies-2024","status":"publish","type":"tribe_events","link":"https:\/\/museutapies.org\/es\/event\/presentacion-del-vinilo-las-sillas-de-tapies-2024\/","title":{"rendered":"Presentaci\u00f3n del vinilo del ciclo &#8220;Las sillas de T\u00e0pies&#8221; 2024"},"content":{"rendered":"<p><img loading=\"lazy\" decoding=\"async\" class=\"alignnone size-medium wp-image-41226\" src=\"https:\/\/museutapies.org\/wp-content\/uploads\/2025\/09\/Screenshot_12-800x412.png\" alt=\"\" width=\"800\" height=\"412\" srcset=\"https:\/\/museutapies.org\/wp-content\/uploads\/2025\/09\/Screenshot_12-800x412.png 800w, https:\/\/museutapies.org\/wp-content\/uploads\/2025\/09\/Screenshot_12-900x463.png 900w, https:\/\/museutapies.org\/wp-content\/uploads\/2025\/09\/Screenshot_12-768x395.png 768w, https:\/\/museutapies.org\/wp-content\/uploads\/2025\/09\/Screenshot_12-500x257.png 500w, https:\/\/museutapies.org\/wp-content\/uploads\/2025\/09\/Screenshot_12-380x195.png 380w, https:\/\/museutapies.org\/wp-content\/uploads\/2025\/09\/Screenshot_12-600x309.png 600w, https:\/\/museutapies.org\/wp-content\/uploads\/2025\/09\/Screenshot_12.png 1180w\" sizes=\"(max-width: 800px) 100vw, 800px\" \/><\/p>\n<p>&nbsp;<\/p>\n<p class=\"Cuerpo\" style=\"text-align: justify;line-height: 115%\"><span lang=\"ES-TRAD\" style=\"font-family: 'Georgia',serif\">El Museu T\u00e0pies presenta el vinilo fruto de la <a href=\"https:\/\/museutapies.org\/es\/series\/las-sillas-de-tapies\/\">primera edici\u00f3n del ciclo <i>Las sillas de T\u00e0pies<\/i><\/a>, un dispositivo que recoge una selecci\u00f3n de las acciones sonoras que se realizaron el a\u00f1o pasado con motivo del A\u00f1o T\u00e0pies. Esta primera edici\u00f3n del ciclo, de car\u00e1cter multidisciplinar, reuni\u00f3 propuestas de artistas que trabajaron a partir de la voz, la palabra y la memoria oral recurriendo al universo tapiano como punto de partida para la experimentaci\u00f3n performativa.<\/span><\/p>\n<p class=\"Cuerpo\" style=\"text-align: justify;line-height: 115%\"><span lang=\"ES-TRAD\" style=\"font-family: 'Georgia',serif\">Las acciones, desarrolladas en el marco de la conmemoraci\u00f3n del centenario del nacimiento del artista, fueron concebidas a prop\u00f3sito para el museo y desplegaron lenguajes diversos, que abarcaron de la m\u00fasica al texto y del gesto al sonido, desde perspectivas muy singulares. La primera edici\u00f3n del ciclo <i>Las sillas de T\u00e0pies<\/i> cont\u00f3 con la participaci\u00f3n de MUOM, F\u00e9lix Denuit, Biel Mesquida, Itziar Ok\u00e1riz, Cabosanroque, Joana Gomila, Bartolom\u00e9 Ferrando, Blanca Llum Vidal y Los Sara Font\u00e1n, Hugo G\u00f3mez-Chao Porta, Amidea Clotet (Cicle Difraccions), Eduard Escoffet, Mal Pelo y Ni\u00f1o de Elche.<\/span><\/p>\n<p class=\"Cuerpo\" style=\"text-align: justify;line-height: 115%\"><span lang=\"ES-TRAD\" style=\"font-family: 'Georgia',serif\">La publicaci\u00f3n de este vinilo responde a la voluntad de dar continuidad y permanencia a un proyecto pensado para ser vivido en directo. Fijar una parte del mismo en un soporte f\u00edsico como el vinilo permite escucharlo desde un lugar m\u00e1s \u00edntimo, a la vez que prolonga la potencia evocadora de las acciones sonoras. Con este gesto, el Museu T\u00e0pies reivindica el valor de la escucha y el archivo sonoro como formas activas de transmisi\u00f3n de la memoria art\u00edstica.<\/span><\/p>\n<p class=\"Cuerpo\" style=\"text-align: justify;line-height: 115%\">En el marco de la presentaci\u00f3n, se realizar\u00e1 una audici\u00f3n del vinilo y se contar\u00e1 con la presencia de algunos de los artistas invitados. Adem\u00e1s, quien quiera adquirir el vinilo en esta ocasi\u00f3n, gozar\u00e1 de un precio especial de 25 euros (el precio oficial es de 30 euros).<\/p>\n<p>En el marco de la C\u00e0tedra Antoni T\u00e0pies \u2013 UPF d\u2019Art i Pensament Contemporanis.<\/p>\n<p>&nbsp;<\/p>\n<p><img loading=\"lazy\" decoding=\"async\" class=\"alignnone size-full wp-image-40987\" src=\"https:\/\/museutapies.org\/wp-content\/uploads\/2025\/09\/vinil-cadires-2024.jpg\" alt=\"\" width=\"566\" height=\"352\" srcset=\"https:\/\/museutapies.org\/wp-content\/uploads\/2025\/09\/vinil-cadires-2024.jpg 566w, https:\/\/museutapies.org\/wp-content\/uploads\/2025\/09\/vinil-cadires-2024-500x311.jpg 500w, https:\/\/museutapies.org\/wp-content\/uploads\/2025\/09\/vinil-cadires-2024-380x236.jpg 380w\" sizes=\"(max-width: 566px) 100vw, 566px\" \/><\/p>\n","protected":false},"excerpt":{"rendered":"<p>El disco, de edici\u00f3n limitada, presenta una selecci\u00f3n de las acciones sonoras con motivo del A\u00f1o T\u00e0pies.<\/p>\n","protected":false},"author":207,"featured_media":41226,"comment_status":"closed","ping_status":"closed","template":"","meta":{"_tribe_events_status":"","_tribe_events_status_reason":"","_tribe_events_is_hybrid":"","_tribe_events_is_virtual":"","_tribe_events_virtual_video_source":"","_tribe_events_virtual_embed_video":"","_tribe_events_virtual_linked_button_text":"","_tribe_events_virtual_linked_button":"","_tribe_events_virtual_show_embed_at":"","_tribe_events_virtual_show_embed_to":[],"_tribe_events_virtual_show_on_event":"","_tribe_events_virtual_show_on_views":"","_tribe_events_virtual_url":"","footnotes":""},"tags":[],"tribe_events_cat":[5769],"acf":[],"yoast_head":"<!-- This site is optimized with the Yoast SEO plugin v20.11 - https:\/\/yoast.com\/wordpress\/plugins\/seo\/ -->\n<title>Presentaci\u00f3n del vinilo del ciclo &quot;Las sillas de T\u00e0pies&quot; 2024 - Museu T\u00e0pies<\/title>\n<meta name=\"description\" content=\"El Museu T\u00e0pies presenta el vinilo fruto de la 1a edici\u00f3n del ciclo &quot;Las sillas de T\u00e0pies&quot;, disco de edici\u00f3n limitada con acciones sonoras.\" \/>\n<meta name=\"robots\" content=\"index, follow, max-snippet:-1, max-image-preview:large, max-video-preview:-1\" \/>\n<meta property=\"og:locale\" content=\"es_ES\" \/>\n<meta property=\"og:type\" content=\"article\" \/>\n<meta property=\"og:title\" content=\"Presentaci\u00f3n del vinilo del ciclo &quot;Las sillas de T\u00e0pies&quot; 2024 - Museu T\u00e0pies\" \/>\n<meta property=\"og:description\" content=\"El Museu T\u00e0pies presenta el vinilo fruto de la 1a edici\u00f3n del ciclo &quot;Las sillas de T\u00e0pies&quot;, disco de edici\u00f3n limitada con acciones sonoras.\" \/>\n<meta property=\"og:url\" content=\"https:\/\/museutapies.org\/es\/event\/presentacion-del-vinilo-las-sillas-de-tapies-2024\/\" \/>\n<meta property=\"og:site_name\" content=\"Museu T\u00e0pies\" \/>\n<meta property=\"article:publisher\" content=\"https:\/\/www.facebook.com\/museutapies\" \/>\n<meta property=\"article:modified_time\" content=\"2025-11-17T15:48:35+00:00\" \/>\n<meta property=\"og:image\" content=\"https:\/\/museutapies.org\/wp-content\/uploads\/2025\/09\/Screenshot_12.png\" \/>\n\t<meta property=\"og:image:width\" content=\"1180\" \/>\n\t<meta property=\"og:image:height\" content=\"607\" \/>\n\t<meta property=\"og:image:type\" content=\"image\/png\" \/>\n<meta name=\"twitter:card\" content=\"summary_large_image\" \/>\n<meta name=\"twitter:label1\" content=\"Tiempo de lectura\" \/>\n\t<meta name=\"twitter:data1\" content=\"3 minutos\" \/>\n<script type=\"application\/ld+json\" class=\"yoast-schema-graph\">{\"@context\":\"https:\/\/schema.org\",\"@graph\":[{\"@type\":\"WebPage\",\"@id\":\"https:\/\/museutapies.org\/es\/event\/presentacion-del-vinilo-las-sillas-de-tapies-2024\/\",\"url\":\"https:\/\/museutapies.org\/es\/event\/presentacion-del-vinilo-las-sillas-de-tapies-2024\/\",\"name\":\"Presentaci\u00f3n del vinilo del ciclo \\\"Las sillas de T\u00e0pies\\\" 2024 - Museu T\u00e0pies\",\"isPartOf\":{\"@id\":\"https:\/\/museutapies.org\/en\/#website\"},\"datePublished\":\"2025-09-08T13:34:24+00:00\",\"dateModified\":\"2025-11-17T15:48:35+00:00\",\"description\":\"El Museu T\u00e0pies presenta el vinilo fruto de la 1a edici\u00f3n del ciclo \\\"Las sillas de T\u00e0pies\\\", disco de edici\u00f3n limitada con acciones sonoras.\",\"breadcrumb\":{\"@id\":\"https:\/\/museutapies.org\/es\/event\/presentacion-del-vinilo-las-sillas-de-tapies-2024\/#breadcrumb\"},\"inLanguage\":\"es\",\"potentialAction\":[{\"@type\":\"ReadAction\",\"target\":[\"https:\/\/museutapies.org\/es\/event\/presentacion-del-vinilo-las-sillas-de-tapies-2024\/\"]}]},{\"@type\":\"BreadcrumbList\",\"@id\":\"https:\/\/museutapies.org\/es\/event\/presentacion-del-vinilo-las-sillas-de-tapies-2024\/#breadcrumb\",\"itemListElement\":[{\"@type\":\"ListItem\",\"position\":1,\"name\":\"Esdeveniments\",\"item\":\"https:\/\/museutapies.org\/agenda\/\"},{\"@type\":\"ListItem\",\"position\":2,\"name\":\"Presentaci\u00f3n del vinilo del ciclo &#8220;Las sillas de T\u00e0pies&#8221; 2024\"}]},{\"@type\":\"WebSite\",\"@id\":\"https:\/\/museutapies.org\/en\/#website\",\"url\":\"https:\/\/museutapies.org\/en\/\",\"name\":\"Museu T\u00e0pies\",\"description\":\"\",\"publisher\":{\"@id\":\"https:\/\/museutapies.org\/en\/#organization\"},\"potentialAction\":[{\"@type\":\"SearchAction\",\"target\":{\"@type\":\"EntryPoint\",\"urlTemplate\":\"https:\/\/museutapies.org\/en\/?s={search_term_string}\"},\"query-input\":\"required name=search_term_string\"}],\"inLanguage\":\"es\"},{\"@type\":\"Organization\",\"@id\":\"https:\/\/museutapies.org\/en\/#organization\",\"name\":\"Museu T\u00e0pies\",\"url\":\"https:\/\/museutapies.org\/en\/\",\"logo\":{\"@type\":\"ImageObject\",\"inLanguage\":\"es\",\"@id\":\"https:\/\/museutapies.org\/en\/#\/schema\/logo\/image\/\",\"url\":\"https:\/\/museutapies.org\/wp-content\/uploads\/2024\/07\/mta.png\",\"contentUrl\":\"https:\/\/museutapies.org\/wp-content\/uploads\/2024\/07\/mta.png\",\"width\":244,\"height\":110,\"caption\":\"Museu T\u00e0pies\"},\"image\":{\"@id\":\"https:\/\/museutapies.org\/en\/#\/schema\/logo\/image\/\"},\"sameAs\":[\"https:\/\/www.facebook.com\/museutapies\",\"https:\/\/www.instagram.com\/museutapies\/\",\"https:\/\/www.youtube.com\/channel\/UCPi65HBb48RMeoa12lR51cQ\",\"https:\/\/x.com\/MuseuTapies\"]}]}<\/script>\n<!-- \/ Yoast SEO plugin. -->","yoast_head_json":{"title":"Presentaci\u00f3n del vinilo del ciclo \"Las sillas de T\u00e0pies\" 2024 - Museu T\u00e0pies","description":"El Museu T\u00e0pies presenta el vinilo fruto de la 1a edici\u00f3n del ciclo \"Las sillas de T\u00e0pies\", disco de edici\u00f3n limitada con acciones sonoras.","robots":{"index":"index","follow":"follow","max-snippet":"max-snippet:-1","max-image-preview":"max-image-preview:large","max-video-preview":"max-video-preview:-1"},"og_locale":"es_ES","og_type":"article","og_title":"Presentaci\u00f3n del vinilo del ciclo \"Las sillas de T\u00e0pies\" 2024 - Museu T\u00e0pies","og_description":"El Museu T\u00e0pies presenta el vinilo fruto de la 1a edici\u00f3n del ciclo \"Las sillas de T\u00e0pies\", disco de edici\u00f3n limitada con acciones sonoras.","og_url":"https:\/\/museutapies.org\/es\/event\/presentacion-del-vinilo-las-sillas-de-tapies-2024\/","og_site_name":"Museu T\u00e0pies","article_publisher":"https:\/\/www.facebook.com\/museutapies","article_modified_time":"2025-11-17T15:48:35+00:00","og_image":[{"width":1180,"height":607,"url":"https:\/\/museutapies.org\/wp-content\/uploads\/2025\/09\/Screenshot_12.png","type":"image\/png"}],"twitter_card":"summary_large_image","twitter_misc":{"Tiempo de lectura":"3 minutos"},"schema":{"@context":"https:\/\/schema.org","@graph":[{"@type":"WebPage","@id":"https:\/\/museutapies.org\/es\/event\/presentacion-del-vinilo-las-sillas-de-tapies-2024\/","url":"https:\/\/museutapies.org\/es\/event\/presentacion-del-vinilo-las-sillas-de-tapies-2024\/","name":"Presentaci\u00f3n del vinilo del ciclo \"Las sillas de T\u00e0pies\" 2024 - Museu T\u00e0pies","isPartOf":{"@id":"https:\/\/museutapies.org\/en\/#website"},"datePublished":"2025-09-08T13:34:24+00:00","dateModified":"2025-11-17T15:48:35+00:00","description":"El Museu T\u00e0pies presenta el vinilo fruto de la 1a edici\u00f3n del ciclo \"Las sillas de T\u00e0pies\", disco de edici\u00f3n limitada con acciones sonoras.","breadcrumb":{"@id":"https:\/\/museutapies.org\/es\/event\/presentacion-del-vinilo-las-sillas-de-tapies-2024\/#breadcrumb"},"inLanguage":"es","potentialAction":[{"@type":"ReadAction","target":["https:\/\/museutapies.org\/es\/event\/presentacion-del-vinilo-las-sillas-de-tapies-2024\/"]}]},{"@type":"BreadcrumbList","@id":"https:\/\/museutapies.org\/es\/event\/presentacion-del-vinilo-las-sillas-de-tapies-2024\/#breadcrumb","itemListElement":[{"@type":"ListItem","position":1,"name":"Esdeveniments","item":"https:\/\/museutapies.org\/agenda\/"},{"@type":"ListItem","position":2,"name":"Presentaci\u00f3n del vinilo del ciclo &#8220;Las sillas de T\u00e0pies&#8221; 2024"}]},{"@type":"WebSite","@id":"https:\/\/museutapies.org\/en\/#website","url":"https:\/\/museutapies.org\/en\/","name":"Museu T\u00e0pies","description":"","publisher":{"@id":"https:\/\/museutapies.org\/en\/#organization"},"potentialAction":[{"@type":"SearchAction","target":{"@type":"EntryPoint","urlTemplate":"https:\/\/museutapies.org\/en\/?s={search_term_string}"},"query-input":"required name=search_term_string"}],"inLanguage":"es"},{"@type":"Organization","@id":"https:\/\/museutapies.org\/en\/#organization","name":"Museu T\u00e0pies","url":"https:\/\/museutapies.org\/en\/","logo":{"@type":"ImageObject","inLanguage":"es","@id":"https:\/\/museutapies.org\/en\/#\/schema\/logo\/image\/","url":"https:\/\/museutapies.org\/wp-content\/uploads\/2024\/07\/mta.png","contentUrl":"https:\/\/museutapies.org\/wp-content\/uploads\/2024\/07\/mta.png","width":244,"height":110,"caption":"Museu T\u00e0pies"},"image":{"@id":"https:\/\/museutapies.org\/en\/#\/schema\/logo\/image\/"},"sameAs":["https:\/\/www.facebook.com\/museutapies","https:\/\/www.instagram.com\/museutapies\/","https:\/\/www.youtube.com\/channel\/UCPi65HBb48RMeoa12lR51cQ","https:\/\/x.com\/MuseuTapies"]}]}},"_links":{"self":[{"href":"https:\/\/museutapies.org\/es\/wp-json\/wp\/v2\/tribe_events\/40989"}],"collection":[{"href":"https:\/\/museutapies.org\/es\/wp-json\/wp\/v2\/tribe_events"}],"about":[{"href":"https:\/\/museutapies.org\/es\/wp-json\/wp\/v2\/types\/tribe_events"}],"author":[{"embeddable":true,"href":"https:\/\/museutapies.org\/es\/wp-json\/wp\/v2\/users\/207"}],"replies":[{"embeddable":true,"href":"https:\/\/museutapies.org\/es\/wp-json\/wp\/v2\/comments?post=40989"}],"version-history":[{"count":10,"href":"https:\/\/museutapies.org\/es\/wp-json\/wp\/v2\/tribe_events\/40989\/revisions"}],"predecessor-version":[{"id":42297,"href":"https:\/\/museutapies.org\/es\/wp-json\/wp\/v2\/tribe_events\/40989\/revisions\/42297"}],"wp:featuredmedia":[{"embeddable":true,"href":"https:\/\/museutapies.org\/es\/wp-json\/wp\/v2\/media\/41226"}],"wp:attachment":[{"href":"https:\/\/museutapies.org\/es\/wp-json\/wp\/v2\/media?parent=40989"}],"wp:term":[{"taxonomy":"post_tag","embeddable":true,"href":"https:\/\/museutapies.org\/es\/wp-json\/wp\/v2\/tags?post=40989"},{"taxonomy":"tribe_events_cat","embeddable":true,"href":"https:\/\/museutapies.org\/es\/wp-json\/wp\/v2\/tribe_events_cat?post=40989"}],"curies":[{"name":"wp","href":"https:\/\/api.w.org\/{rel}","templated":true}]}}