{"id":41777,"date":"2025-10-22T12:54:38","date_gmt":"2025-10-22T10:54:38","guid":{"rendered":"https:\/\/museutapies.org\/?post_type=tribe_events&#038;p=41777"},"modified":"2025-11-27T10:40:41","modified_gmt":"2025-11-27T09:40:41","slug":"mireia-calafell-he-ri-das","status":"publish","type":"tribe_events","link":"https:\/\/museutapies.org\/es\/event\/mireia-calafell-he-ri-das\/","title":{"rendered":"Mireia Calafell. FE-RI-DES (HERIDAS)"},"content":{"rendered":"<p><img loading=\"lazy\" decoding=\"async\" class=\"alignnone size-medium wp-image-41774\" src=\"https:\/\/museutapies.org\/wp-content\/uploads\/2025\/10\/mcalafell-2025-Alex_Espuny_7_2-1-800x533.jpg\" alt=\"\" width=\"800\" height=\"533\" srcset=\"https:\/\/museutapies.org\/wp-content\/uploads\/2025\/10\/mcalafell-2025-Alex_Espuny_7_2-1-800x533.jpg 800w, https:\/\/museutapies.org\/wp-content\/uploads\/2025\/10\/mcalafell-2025-Alex_Espuny_7_2-1-900x600.jpg 900w, https:\/\/museutapies.org\/wp-content\/uploads\/2025\/10\/mcalafell-2025-Alex_Espuny_7_2-1-768x512.jpg 768w, https:\/\/museutapies.org\/wp-content\/uploads\/2025\/10\/mcalafell-2025-Alex_Espuny_7_2-1-1536x1024.jpg 1536w, https:\/\/museutapies.org\/wp-content\/uploads\/2025\/10\/mcalafell-2025-Alex_Espuny_7_2-1-2048x1366.jpg 2048w, https:\/\/museutapies.org\/wp-content\/uploads\/2025\/10\/mcalafell-2025-Alex_Espuny_7_2-1-500x333.jpg 500w, https:\/\/museutapies.org\/wp-content\/uploads\/2025\/10\/mcalafell-2025-Alex_Espuny_7_2-1-380x253.jpg 380w, https:\/\/museutapies.org\/wp-content\/uploads\/2025\/10\/mcalafell-2025-Alex_Espuny_7_2-1-600x400.jpg 600w\" sizes=\"(max-width: 800px) 100vw, 800px\" \/><\/p>\n<p><i><span style=\"font-weight: 400\">\u00bfQu\u00e9 es pensar a trav\u00e9s de la herida? \u00bfQu\u00e9 significa vivir desde la herida? \u00bfPuede la poes\u00eda escribir la cicatriz m\u00e1s all\u00e1 de la met\u00e1fora? \u00bfQu\u00e9 sentido tiene intentarlo?<\/span><\/i><\/p>\n<p>&nbsp;<\/p>\n<p><span style=\"font-weight: 400\">El punto de partida est\u00e1 marcado por una silla situada al lado de otra, es decir, un encuentro entre amigos, es decir, la posibilidad de decir la herida. Mireia Calafell convoca la amistad para hablar y reflexionar sobre la cicatriz a partir de la lectura de poemas propios, pero no solo. Se acompa\u00f1a de las palabras de Fina Birul\u00e9s, Miquel Miss\u00e9 y Pol Guasch, as\u00ed como de otras voces que hoy reclaman presencia cuando hablamos de heridas. Todo con el acompa\u00f1amiento de otra amiga y su piano: la compositora <\/span>Clara Peya<span style=\"font-weight: 400\">.<\/span><\/p>\n<p><span style=\"font-weight: 400\">Esta actividad cuenta con la complicidad y el apoyo del Concurso Internacional de Piano Maria Canals de Barcelona. En el marco de la segunda edici\u00f3n del ciclo de acci\u00f3n <a href=\"https:\/\/museutapies.org\/es\/event\/las-sillas-de-tapies-memorias-tatuadas\/\"><em>Las sillas de T\u00e0pies<\/em><\/a>, a cargo de Judith Barn\u00e9s, responsable de programas p\u00fablicos del Museu T\u00e0pies.<\/span><\/p>\n<p>&nbsp;<\/p>\n<p><b>Mireia Calafell<\/b><span style=\"font-weight: 400\"> es poeta. Ha publicado <\/span><i><span style=\"font-weight: 400\">Po\u00e8tiques del cos <\/span><\/i><span style=\"font-weight: 400\">(2006), <\/span><i><span style=\"font-weight: 400\">Costures <\/span><\/i><span style=\"font-weight: 400\">(2010), <\/span><i><span style=\"font-weight: 400\">Tantes mudes <\/span><\/i><span style=\"font-weight: 400\">(2014), <\/span><i><span style=\"font-weight: 400\">Nosaltres, qui <\/span><\/i><span style=\"font-weight: 400\">(2020) y <\/span><i><span style=\"font-weight: 400\">Si una emerg\u00e8ncia<\/span><\/i><span style=\"font-weight: 400\"> (2024). Entre los premios que ha recibido destacan la Lletra d\u2019Or al mejor libro de 2014, el Premio Josep Maria Llopart al mejor poemario publicado en 2020 yo el Premi Carles Riba 2023.\u00a0\u00a0<\/span><span style=\"font-weight: 400\">Es codirectora de la productora cultural La Sullivan. Ha sido codirectora del festival POESIA i + (2015-2016) y de Barcelona Poesia (2018-2021).<\/span><\/p>\n<p><strong>Clara Peya<\/strong> es pianista, compositora y una de las creadoras m\u00e1s singulares de la escena musical catalana. Con una trayectoria que fusiona jazz, pop, electr\u00f3nica ha publicado trece discos y firmado numerosas bandas sonoras para espect\u00e1culos esc\u00e9nicos y cine. Galardonada con el Premio Nacional de Cultura (2019), su obra aborda temas como el feminismo, la disidencia y la vulnerabilidad desde una gran potencia po\u00e9tica y esc\u00e9nica.<\/p>\n<p>&nbsp;<\/p>\n<p><strong>Una colaboraci\u00f3n con el Concurso Internacional de Piano Maria Canals<\/strong><\/p>\n<p><span style=\"font-weight: 400\">La relaci\u00f3n de Antoni T\u00e0pies con la m\u00fasica fue constante a lo largo de su trayectoria. Su inter\u00e9s abarcaba tanto la m\u00fasica contempor\u00e1nea \u2014con la que mantuvo una proximidad intelectual y creativa\u2014 como la pr\u00e1ctica musical entendida como un lenguaje comunicativo de car\u00e1cter universal. No es casual que T\u00e0pies colaborase en diversas iniciativas que pon\u00edan en di\u00e1logo la m\u00fasica y las artes visuales, como las promovidas por el Club 49, un espacio clave para la difusi\u00f3n de la vanguardia art\u00edstica en la Barcelona de la posguerra.<\/span><\/p>\n<p><span style=\"font-weight: 400\">En el marco de la colaboraci\u00f3n establecida entre el Museu T\u00e0pies y el Concurso Maria Canals, durante tres d\u00edas (28, 29 y 30 de noviembre de 2025) se integrar\u00e1 un piano del concurso en la exposici\u00f3n <\/span><a href=\"https:\/\/museutapies.org\/es\/exposicio\/antoni-tapies-la-imaginacion-del-mundo\/\"><i><span style=\"font-weight: 400\">Antoni T\u00e0pies. La imaginaci\u00f3n del mundo<\/span><\/i><\/a><span style=\"font-weight: 400\">, en di\u00e1logo con la amplia muestra de invitaciones de las actividades culturales que organizaba el Club 49. La proximidad entre el piano y estos documentos permite ahondar en la atm\u00f3sfera de intercambio creativo en que se movi\u00f3 T\u00e0pies y el papel que tuvo en ello la m\u00fasica contempor\u00e1nea.\u00a0<\/span><\/p>\n<p><span style=\"font-weight: 400\">Como es sabido, a partir de la recuperaci\u00f3n democr\u00e1tica T\u00e0pies intensific\u00f3 su participaci\u00f3n en proyectos culturales y sociales mediante la creaci\u00f3n de carteles, un medio comunicativo que consideraba accesible. En este marco se inscribe el cartel que el artista cre\u00f3 para el 50\u00ba aniversario del<a href=\"https:\/\/mariacanals.org\/\"> Concurso Internacional de Piano Maria Canals<\/a>, fruto de su vinculaci\u00f3n con el mundo musical barcelon\u00e9s. La implicaci\u00f3n de T\u00e0pies fue posible gracias a la mediaci\u00f3n de la familia Gaspar Farreras y de la Galeria Gaspar, especialmente a trav\u00e9s de Elvira Farreras de Gaspar y su hija, Elvira Gaspar Farreras. La amistad entre T\u00e0pies y el m\u00fasico Rossend Llates, marido de la pianista Maria Canals, queda plasmada en el cartel con las iniciales R. LL., que se suman a las de la fundadora del concurso.<\/span><\/p>\n<p><span style=\"font-weight: 400\">En la sala del museo, la presencia de la maqueta original de T\u00e0pies a partir de la cual se imprimi\u00f3 la tirada del cartel ofrece asimismo la oportunidad de situar la obra en su contexto: el di\u00e1logo entre artes visuales y m\u00fasica, la complicidad entre creadores e instituciones culturales, y el papel de T\u00e0pies como artista estrechamente vinculado con el tejido social y cultural de la Catalu\u00f1a de su tiempo.<\/span><\/p>\n<p>&nbsp;<\/p>\n<p><span style=\"font-size: 10pt\">[<span style=\"font-weight: 400\">Fotografia de \u00c0lex Espuny]<\/span><\/span><\/p>\n","protected":false},"excerpt":{"rendered":"<p>La poeta Mireia Calafell protagoniza una acci\u00f3n sonora del ciclo &#8220;Las sillas de T\u00e0pies&#8221;. Con la colaboraci\u00f3n de la pianista Clara Peya<\/p>\n","protected":false},"author":3,"featured_media":41774,"comment_status":"closed","ping_status":"closed","template":"","meta":{"_tribe_events_status":"","_tribe_events_status_reason":"","_tribe_events_is_hybrid":"","_tribe_events_is_virtual":"","_tribe_events_virtual_video_source":"","_tribe_events_virtual_embed_video":"","_tribe_events_virtual_linked_button_text":"","_tribe_events_virtual_linked_button":"","_tribe_events_virtual_show_embed_at":"","_tribe_events_virtual_show_embed_to":[],"_tribe_events_virtual_show_on_event":"","_tribe_events_virtual_show_on_views":"","_tribe_events_virtual_url":"","footnotes":""},"tags":[],"tribe_events_cat":[5769],"acf":[],"yoast_head":"<!-- This site is optimized with the Yoast SEO plugin v20.11 - https:\/\/yoast.com\/wordpress\/plugins\/seo\/ -->\n<title>Mireia Calafell. FE-RI-DES (HERIDAS) - Museu T\u00e0pies<\/title>\n<meta name=\"description\" content=\"La poeta Mireia Calafell protagoniza una nueva acci\u00f3n sonora del ciclo &quot;Las sillas de T\u00e0pies&quot; del Museu T\u00e0pies de Barcelona.\" \/>\n<meta name=\"robots\" content=\"index, follow, max-snippet:-1, max-image-preview:large, max-video-preview:-1\" \/>\n<meta property=\"og:locale\" content=\"es_ES\" \/>\n<meta property=\"og:type\" content=\"article\" \/>\n<meta property=\"og:title\" content=\"Mireia Calafell. FE-RI-DES (HERIDAS) - Museu T\u00e0pies\" \/>\n<meta property=\"og:description\" content=\"La poeta Mireia Calafell protagoniza una nueva acci\u00f3n sonora del ciclo &quot;Las sillas de T\u00e0pies&quot; del Museu T\u00e0pies de Barcelona.\" \/>\n<meta property=\"og:url\" content=\"https:\/\/museutapies.org\/es\/event\/mireia-calafell-he-ri-das\/\" \/>\n<meta property=\"og:site_name\" content=\"Museu T\u00e0pies\" \/>\n<meta property=\"article:publisher\" content=\"https:\/\/www.facebook.com\/museutapies\" \/>\n<meta property=\"article:modified_time\" content=\"2025-11-27T09:40:41+00:00\" \/>\n<meta property=\"og:image\" content=\"https:\/\/museutapies.org\/wp-content\/uploads\/2025\/10\/mcalafell-2025-Alex_Espuny_7_2-1.jpg\" \/>\n\t<meta property=\"og:image:width\" content=\"2116\" \/>\n\t<meta property=\"og:image:height\" content=\"1411\" \/>\n\t<meta property=\"og:image:type\" content=\"image\/jpeg\" \/>\n<meta name=\"twitter:card\" content=\"summary_large_image\" \/>\n<meta name=\"twitter:label1\" content=\"Tiempo de lectura\" \/>\n\t<meta name=\"twitter:data1\" content=\"5 minutos\" \/>\n<script type=\"application\/ld+json\" class=\"yoast-schema-graph\">{\"@context\":\"https:\/\/schema.org\",\"@graph\":[{\"@type\":\"WebPage\",\"@id\":\"https:\/\/museutapies.org\/es\/event\/mireia-calafell-he-ri-das\/\",\"url\":\"https:\/\/museutapies.org\/es\/event\/mireia-calafell-he-ri-das\/\",\"name\":\"Mireia Calafell. FE-RI-DES (HERIDAS) - Museu T\u00e0pies\",\"isPartOf\":{\"@id\":\"https:\/\/museutapies.org\/en\/#website\"},\"datePublished\":\"2025-10-22T10:54:38+00:00\",\"dateModified\":\"2025-11-27T09:40:41+00:00\",\"description\":\"La poeta Mireia Calafell protagoniza una nueva acci\u00f3n sonora del ciclo \\\"Las sillas de T\u00e0pies\\\" del Museu T\u00e0pies de Barcelona.\",\"breadcrumb\":{\"@id\":\"https:\/\/museutapies.org\/es\/event\/mireia-calafell-he-ri-das\/#breadcrumb\"},\"inLanguage\":\"es\",\"potentialAction\":[{\"@type\":\"ReadAction\",\"target\":[\"https:\/\/museutapies.org\/es\/event\/mireia-calafell-he-ri-das\/\"]}]},{\"@type\":\"BreadcrumbList\",\"@id\":\"https:\/\/museutapies.org\/es\/event\/mireia-calafell-he-ri-das\/#breadcrumb\",\"itemListElement\":[{\"@type\":\"ListItem\",\"position\":1,\"name\":\"Esdeveniments\",\"item\":\"https:\/\/museutapies.org\/agenda\/\"},{\"@type\":\"ListItem\",\"position\":2,\"name\":\"Mireia Calafell. FE-RI-DES (HERIDAS)\"}]},{\"@type\":\"WebSite\",\"@id\":\"https:\/\/museutapies.org\/en\/#website\",\"url\":\"https:\/\/museutapies.org\/en\/\",\"name\":\"Museu T\u00e0pies\",\"description\":\"\",\"publisher\":{\"@id\":\"https:\/\/museutapies.org\/en\/#organization\"},\"potentialAction\":[{\"@type\":\"SearchAction\",\"target\":{\"@type\":\"EntryPoint\",\"urlTemplate\":\"https:\/\/museutapies.org\/en\/?s={search_term_string}\"},\"query-input\":\"required name=search_term_string\"}],\"inLanguage\":\"es\"},{\"@type\":\"Organization\",\"@id\":\"https:\/\/museutapies.org\/en\/#organization\",\"name\":\"Museu T\u00e0pies\",\"url\":\"https:\/\/museutapies.org\/en\/\",\"logo\":{\"@type\":\"ImageObject\",\"inLanguage\":\"es\",\"@id\":\"https:\/\/museutapies.org\/en\/#\/schema\/logo\/image\/\",\"url\":\"https:\/\/museutapies.org\/wp-content\/uploads\/2024\/07\/mta.png\",\"contentUrl\":\"https:\/\/museutapies.org\/wp-content\/uploads\/2024\/07\/mta.png\",\"width\":244,\"height\":110,\"caption\":\"Museu T\u00e0pies\"},\"image\":{\"@id\":\"https:\/\/museutapies.org\/en\/#\/schema\/logo\/image\/\"},\"sameAs\":[\"https:\/\/www.facebook.com\/museutapies\",\"https:\/\/www.instagram.com\/museutapies\/\",\"https:\/\/www.youtube.com\/channel\/UCPi65HBb48RMeoa12lR51cQ\",\"https:\/\/x.com\/MuseuTapies\"]}]}<\/script>\n<!-- \/ Yoast SEO plugin. -->","yoast_head_json":{"title":"Mireia Calafell. FE-RI-DES (HERIDAS) - Museu T\u00e0pies","description":"La poeta Mireia Calafell protagoniza una nueva acci\u00f3n sonora del ciclo \"Las sillas de T\u00e0pies\" del Museu T\u00e0pies de Barcelona.","robots":{"index":"index","follow":"follow","max-snippet":"max-snippet:-1","max-image-preview":"max-image-preview:large","max-video-preview":"max-video-preview:-1"},"og_locale":"es_ES","og_type":"article","og_title":"Mireia Calafell. FE-RI-DES (HERIDAS) - Museu T\u00e0pies","og_description":"La poeta Mireia Calafell protagoniza una nueva acci\u00f3n sonora del ciclo \"Las sillas de T\u00e0pies\" del Museu T\u00e0pies de Barcelona.","og_url":"https:\/\/museutapies.org\/es\/event\/mireia-calafell-he-ri-das\/","og_site_name":"Museu T\u00e0pies","article_publisher":"https:\/\/www.facebook.com\/museutapies","article_modified_time":"2025-11-27T09:40:41+00:00","og_image":[{"width":2116,"height":1411,"url":"https:\/\/museutapies.org\/wp-content\/uploads\/2025\/10\/mcalafell-2025-Alex_Espuny_7_2-1.jpg","type":"image\/jpeg"}],"twitter_card":"summary_large_image","twitter_misc":{"Tiempo de lectura":"5 minutos"},"schema":{"@context":"https:\/\/schema.org","@graph":[{"@type":"WebPage","@id":"https:\/\/museutapies.org\/es\/event\/mireia-calafell-he-ri-das\/","url":"https:\/\/museutapies.org\/es\/event\/mireia-calafell-he-ri-das\/","name":"Mireia Calafell. FE-RI-DES (HERIDAS) - Museu T\u00e0pies","isPartOf":{"@id":"https:\/\/museutapies.org\/en\/#website"},"datePublished":"2025-10-22T10:54:38+00:00","dateModified":"2025-11-27T09:40:41+00:00","description":"La poeta Mireia Calafell protagoniza una nueva acci\u00f3n sonora del ciclo \"Las sillas de T\u00e0pies\" del Museu T\u00e0pies de Barcelona.","breadcrumb":{"@id":"https:\/\/museutapies.org\/es\/event\/mireia-calafell-he-ri-das\/#breadcrumb"},"inLanguage":"es","potentialAction":[{"@type":"ReadAction","target":["https:\/\/museutapies.org\/es\/event\/mireia-calafell-he-ri-das\/"]}]},{"@type":"BreadcrumbList","@id":"https:\/\/museutapies.org\/es\/event\/mireia-calafell-he-ri-das\/#breadcrumb","itemListElement":[{"@type":"ListItem","position":1,"name":"Esdeveniments","item":"https:\/\/museutapies.org\/agenda\/"},{"@type":"ListItem","position":2,"name":"Mireia Calafell. FE-RI-DES (HERIDAS)"}]},{"@type":"WebSite","@id":"https:\/\/museutapies.org\/en\/#website","url":"https:\/\/museutapies.org\/en\/","name":"Museu T\u00e0pies","description":"","publisher":{"@id":"https:\/\/museutapies.org\/en\/#organization"},"potentialAction":[{"@type":"SearchAction","target":{"@type":"EntryPoint","urlTemplate":"https:\/\/museutapies.org\/en\/?s={search_term_string}"},"query-input":"required name=search_term_string"}],"inLanguage":"es"},{"@type":"Organization","@id":"https:\/\/museutapies.org\/en\/#organization","name":"Museu T\u00e0pies","url":"https:\/\/museutapies.org\/en\/","logo":{"@type":"ImageObject","inLanguage":"es","@id":"https:\/\/museutapies.org\/en\/#\/schema\/logo\/image\/","url":"https:\/\/museutapies.org\/wp-content\/uploads\/2024\/07\/mta.png","contentUrl":"https:\/\/museutapies.org\/wp-content\/uploads\/2024\/07\/mta.png","width":244,"height":110,"caption":"Museu T\u00e0pies"},"image":{"@id":"https:\/\/museutapies.org\/en\/#\/schema\/logo\/image\/"},"sameAs":["https:\/\/www.facebook.com\/museutapies","https:\/\/www.instagram.com\/museutapies\/","https:\/\/www.youtube.com\/channel\/UCPi65HBb48RMeoa12lR51cQ","https:\/\/x.com\/MuseuTapies"]}]}},"_links":{"self":[{"href":"https:\/\/museutapies.org\/es\/wp-json\/wp\/v2\/tribe_events\/41777"}],"collection":[{"href":"https:\/\/museutapies.org\/es\/wp-json\/wp\/v2\/tribe_events"}],"about":[{"href":"https:\/\/museutapies.org\/es\/wp-json\/wp\/v2\/types\/tribe_events"}],"author":[{"embeddable":true,"href":"https:\/\/museutapies.org\/es\/wp-json\/wp\/v2\/users\/3"}],"replies":[{"embeddable":true,"href":"https:\/\/museutapies.org\/es\/wp-json\/wp\/v2\/comments?post=41777"}],"version-history":[{"count":17,"href":"https:\/\/museutapies.org\/es\/wp-json\/wp\/v2\/tribe_events\/41777\/revisions"}],"predecessor-version":[{"id":42669,"href":"https:\/\/museutapies.org\/es\/wp-json\/wp\/v2\/tribe_events\/41777\/revisions\/42669"}],"wp:featuredmedia":[{"embeddable":true,"href":"https:\/\/museutapies.org\/es\/wp-json\/wp\/v2\/media\/41774"}],"wp:attachment":[{"href":"https:\/\/museutapies.org\/es\/wp-json\/wp\/v2\/media?parent=41777"}],"wp:term":[{"taxonomy":"post_tag","embeddable":true,"href":"https:\/\/museutapies.org\/es\/wp-json\/wp\/v2\/tags?post=41777"},{"taxonomy":"tribe_events_cat","embeddable":true,"href":"https:\/\/museutapies.org\/es\/wp-json\/wp\/v2\/tribe_events_cat?post=41777"}],"curies":[{"name":"wp","href":"https:\/\/api.w.org\/{rel}","templated":true}]}}