{"id":43725,"date":"2026-01-29T18:45:29","date_gmt":"2026-01-29T17:45:29","guid":{"rendered":"https:\/\/museutapies.org\/?post_type=tribe_events&#038;p=43725"},"modified":"2026-02-12T10:29:24","modified_gmt":"2026-02-12T09:29:24","slug":"inauguracion-de-la-exposicion-antoni-tapies-el-movimiento-perpetuo-del-muro","status":"publish","type":"tribe_events","link":"https:\/\/museutapies.org\/es\/event\/inauguracion-de-la-exposicion-antoni-tapies-el-movimiento-perpetuo-del-muro\/","title":{"rendered":"Inauguraci\u00f3n de la exposici\u00f3n &#8220;Antoni T\u00e0pies. El movimiento perpetuo del muro&#8221;"},"content":{"rendered":"<p data-start=\"248\" data-end=\"697\"><img loading=\"lazy\" decoding=\"async\" class=\"alignnone size-medium wp-image-43590\" src=\"https:\/\/museutapies.org\/wp-content\/uploads\/2025\/11\/Antoni-Tapies-El-foc-encantat-de-Farefa-1949-633x800.png\" alt=\"\" width=\"633\" height=\"800\" srcset=\"https:\/\/museutapies.org\/wp-content\/uploads\/2025\/11\/Antoni-Tapies-El-foc-encantat-de-Farefa-1949-633x800.png 633w, https:\/\/museutapies.org\/wp-content\/uploads\/2025\/11\/Antoni-Tapies-El-foc-encantat-de-Farefa-1949-554x700.png 554w, https:\/\/museutapies.org\/wp-content\/uploads\/2025\/11\/Antoni-Tapies-El-foc-encantat-de-Farefa-1949-500x632.png 500w, https:\/\/museutapies.org\/wp-content\/uploads\/2025\/11\/Antoni-Tapies-El-foc-encantat-de-Farefa-1949-380x480.png 380w, https:\/\/museutapies.org\/wp-content\/uploads\/2025\/11\/Antoni-Tapies-El-foc-encantat-de-Farefa-1949-600x758.png 600w, https:\/\/museutapies.org\/wp-content\/uploads\/2025\/11\/Antoni-Tapies-El-foc-encantat-de-Farefa-1949.png 638w\" sizes=\"(max-width: 633px) 100vw, 633px\" \/><\/p>\n<p><span style=\"color: #ff0000\">NUEVA FECHA<\/span><\/p>\n<p>El Museu T\u00e0pies abrir\u00e1 oficialmente el viernes, 13 de febrero de 2026, a las 19.00 h, la nueva exposici\u00f3n <a href=\"https:\/\/museutapies.org\/es\/exposicio\/antoni-tapies-el-movimiento-perpetuo-del-muro\/\"><em>Antoni T\u00e0pies. El movimiento perpetuo del muro<\/em><\/a>. El acto de inauguraci\u00f3n ser\u00e1 p\u00fablico y gratuito, y no ser\u00e1 necesario realizar reserva previa. Esta muestra estar\u00e1 disponible hasta el 6 de septiembre de 2026, ofreciendo al p\u00fablico la oportunidad de adentrarse en un momento fundamental de la obra de Antoni T\u00e0pies.<\/p>\n<p>El proyecto monogr\u00e1fico se adentra en la d\u00e9cada de 1950, un per\u00edodo clave en la trayectoria del artista. La exposici\u00f3n examina cuatro muestras individuales que T\u00e0pies realiz\u00f3 durante estos a\u00f1os, cada una con obras y montajes muy distintos entre s\u00ed, permitiendo relacionar su producci\u00f3n con debates contempor\u00e1neos sobre arquitectura, industria, dise\u00f1o gr\u00e1fico y espacio urbano. Esta aproximaci\u00f3n ofrece nuevas perspectivas sobre la transformaci\u00f3n de la pr\u00e1ctica art\u00edstica de T\u00e0pies en ese per\u00edodo.<\/p>\n<p>La muestra ha sido comisariada por Imma Prieto, directora del Museu T\u00e0pies, y Pablo Allepuz, jefe de colecci\u00f3n del museo.<\/p>\n<p data-start=\"1293\" data-end=\"1565\"><span style=\"color: #ffffff\">:<\/span><\/p>\n<p><span style=\"font-size: 10pt\">[Imagen: Antoni T\u00e0pies, <em>El foc encantat de Farefa,<\/em> 1949. Colecci\u00f3n particular, Barcelona. \u00a9 Comissi\u00f3 T\u00e0pies \/ VEGAP, 2026.]<\/span><\/p>\n","protected":false},"excerpt":{"rendered":"<p>El proyecto monogr\u00e1fico se adentra en la d\u00e9cada de 1950, un per\u00edodo clave en la trayectoria de Antoni T\u00e0pies.<\/p>\n","protected":false},"author":3,"featured_media":43589,"comment_status":"closed","ping_status":"closed","template":"","meta":{"_tribe_events_status":"","_tribe_events_status_reason":"","_tribe_events_is_hybrid":"","_tribe_events_is_virtual":"","_tribe_events_virtual_video_source":"","_tribe_events_virtual_embed_video":"","_tribe_events_virtual_linked_button_text":"","_tribe_events_virtual_linked_button":"","_tribe_events_virtual_show_embed_at":"","_tribe_events_virtual_show_embed_to":[],"_tribe_events_virtual_show_on_event":"","_tribe_events_virtual_show_on_views":"","_tribe_events_virtual_url":"","footnotes":""},"tags":[],"tribe_events_cat":[5769],"acf":[],"yoast_head":"<!-- This site is optimized with the Yoast SEO plugin v20.11 - https:\/\/yoast.com\/wordpress\/plugins\/seo\/ -->\n<title>Inauguraci\u00f3n de la exposici\u00f3n &quot;Antoni T\u00e0pies. El movimiento perpetuo del muro&quot; - Museu T\u00e0pies<\/title>\n<meta name=\"description\" content=\"El proyecto monogr\u00e1fico se adentra en la d\u00e9cada de 1950, un per\u00edodo clave en la trayectoria de Antoni T\u00e0pies.\" \/>\n<meta name=\"robots\" content=\"index, follow, max-snippet:-1, max-image-preview:large, max-video-preview:-1\" \/>\n<meta property=\"og:locale\" content=\"es_ES\" \/>\n<meta property=\"og:type\" content=\"article\" \/>\n<meta property=\"og:title\" content=\"Inauguraci\u00f3n de la exposici\u00f3n &quot;Antoni T\u00e0pies. El movimiento perpetuo del muro&quot; - Museu T\u00e0pies\" \/>\n<meta property=\"og:description\" content=\"El proyecto monogr\u00e1fico se adentra en la d\u00e9cada de 1950, un per\u00edodo clave en la trayectoria de Antoni T\u00e0pies.\" \/>\n<meta property=\"og:url\" content=\"https:\/\/museutapies.org\/es\/event\/inauguracion-de-la-exposicion-antoni-tapies-el-movimiento-perpetuo-del-muro\/\" \/>\n<meta property=\"og:site_name\" content=\"Museu T\u00e0pies\" \/>\n<meta property=\"article:publisher\" content=\"https:\/\/www.facebook.com\/museutapies\" \/>\n<meta property=\"article:modified_time\" content=\"2026-02-12T09:29:24+00:00\" \/>\n<meta property=\"og:image\" content=\"https:\/\/museutapies.org\/wp-content\/uploads\/2025\/11\/Antoni-Tapies-El-foc-encantat-de-Farefa-1949.png\" \/>\n\t<meta property=\"og:image:width\" content=\"638\" \/>\n\t<meta property=\"og:image:height\" content=\"806\" \/>\n\t<meta property=\"og:image:type\" content=\"image\/png\" \/>\n<meta name=\"twitter:card\" content=\"summary_large_image\" \/>\n<meta name=\"twitter:label1\" content=\"Tiempo de lectura\" \/>\n\t<meta name=\"twitter:data1\" content=\"2 minutos\" \/>\n<script type=\"application\/ld+json\" class=\"yoast-schema-graph\">{\"@context\":\"https:\/\/schema.org\",\"@graph\":[{\"@type\":\"WebPage\",\"@id\":\"https:\/\/museutapies.org\/es\/event\/inauguracion-de-la-exposicion-antoni-tapies-el-movimiento-perpetuo-del-muro\/\",\"url\":\"https:\/\/museutapies.org\/es\/event\/inauguracion-de-la-exposicion-antoni-tapies-el-movimiento-perpetuo-del-muro\/\",\"name\":\"Inauguraci\u00f3n de la exposici\u00f3n \\\"Antoni T\u00e0pies. El movimiento perpetuo del muro\\\" - Museu T\u00e0pies\",\"isPartOf\":{\"@id\":\"https:\/\/museutapies.org\/en\/#website\"},\"datePublished\":\"2026-01-29T17:45:29+00:00\",\"dateModified\":\"2026-02-12T09:29:24+00:00\",\"description\":\"El proyecto monogr\u00e1fico se adentra en la d\u00e9cada de 1950, un per\u00edodo clave en la trayectoria de Antoni T\u00e0pies.\",\"breadcrumb\":{\"@id\":\"https:\/\/museutapies.org\/es\/event\/inauguracion-de-la-exposicion-antoni-tapies-el-movimiento-perpetuo-del-muro\/#breadcrumb\"},\"inLanguage\":\"es\",\"potentialAction\":[{\"@type\":\"ReadAction\",\"target\":[\"https:\/\/museutapies.org\/es\/event\/inauguracion-de-la-exposicion-antoni-tapies-el-movimiento-perpetuo-del-muro\/\"]}]},{\"@type\":\"BreadcrumbList\",\"@id\":\"https:\/\/museutapies.org\/es\/event\/inauguracion-de-la-exposicion-antoni-tapies-el-movimiento-perpetuo-del-muro\/#breadcrumb\",\"itemListElement\":[{\"@type\":\"ListItem\",\"position\":1,\"name\":\"Esdeveniments\",\"item\":\"https:\/\/museutapies.org\/agenda\/\"},{\"@type\":\"ListItem\",\"position\":2,\"name\":\"Inauguraci\u00f3n de la exposici\u00f3n &#8220;Antoni T\u00e0pies. El movimiento perpetuo del muro&#8221;\"}]},{\"@type\":\"WebSite\",\"@id\":\"https:\/\/museutapies.org\/en\/#website\",\"url\":\"https:\/\/museutapies.org\/en\/\",\"name\":\"Museu T\u00e0pies\",\"description\":\"\",\"publisher\":{\"@id\":\"https:\/\/museutapies.org\/en\/#organization\"},\"potentialAction\":[{\"@type\":\"SearchAction\",\"target\":{\"@type\":\"EntryPoint\",\"urlTemplate\":\"https:\/\/museutapies.org\/en\/?s={search_term_string}\"},\"query-input\":\"required name=search_term_string\"}],\"inLanguage\":\"es\"},{\"@type\":\"Organization\",\"@id\":\"https:\/\/museutapies.org\/en\/#organization\",\"name\":\"Museu T\u00e0pies\",\"url\":\"https:\/\/museutapies.org\/en\/\",\"logo\":{\"@type\":\"ImageObject\",\"inLanguage\":\"es\",\"@id\":\"https:\/\/museutapies.org\/en\/#\/schema\/logo\/image\/\",\"url\":\"https:\/\/museutapies.org\/wp-content\/uploads\/2024\/07\/mta.png\",\"contentUrl\":\"https:\/\/museutapies.org\/wp-content\/uploads\/2024\/07\/mta.png\",\"width\":244,\"height\":110,\"caption\":\"Museu T\u00e0pies\"},\"image\":{\"@id\":\"https:\/\/museutapies.org\/en\/#\/schema\/logo\/image\/\"},\"sameAs\":[\"https:\/\/www.facebook.com\/museutapies\",\"https:\/\/www.instagram.com\/museutapies\/\",\"https:\/\/www.youtube.com\/channel\/UCPi65HBb48RMeoa12lR51cQ\",\"https:\/\/x.com\/MuseuTapies\"]}]}<\/script>\n<!-- \/ Yoast SEO plugin. -->","yoast_head_json":{"title":"Inauguraci\u00f3n de la exposici\u00f3n \"Antoni T\u00e0pies. El movimiento perpetuo del muro\" - Museu T\u00e0pies","description":"El proyecto monogr\u00e1fico se adentra en la d\u00e9cada de 1950, un per\u00edodo clave en la trayectoria de Antoni T\u00e0pies.","robots":{"index":"index","follow":"follow","max-snippet":"max-snippet:-1","max-image-preview":"max-image-preview:large","max-video-preview":"max-video-preview:-1"},"og_locale":"es_ES","og_type":"article","og_title":"Inauguraci\u00f3n de la exposici\u00f3n \"Antoni T\u00e0pies. El movimiento perpetuo del muro\" - Museu T\u00e0pies","og_description":"El proyecto monogr\u00e1fico se adentra en la d\u00e9cada de 1950, un per\u00edodo clave en la trayectoria de Antoni T\u00e0pies.","og_url":"https:\/\/museutapies.org\/es\/event\/inauguracion-de-la-exposicion-antoni-tapies-el-movimiento-perpetuo-del-muro\/","og_site_name":"Museu T\u00e0pies","article_publisher":"https:\/\/www.facebook.com\/museutapies","article_modified_time":"2026-02-12T09:29:24+00:00","og_image":[{"width":638,"height":806,"url":"https:\/\/museutapies.org\/wp-content\/uploads\/2025\/11\/Antoni-Tapies-El-foc-encantat-de-Farefa-1949.png","type":"image\/png"}],"twitter_card":"summary_large_image","twitter_misc":{"Tiempo de lectura":"2 minutos"},"schema":{"@context":"https:\/\/schema.org","@graph":[{"@type":"WebPage","@id":"https:\/\/museutapies.org\/es\/event\/inauguracion-de-la-exposicion-antoni-tapies-el-movimiento-perpetuo-del-muro\/","url":"https:\/\/museutapies.org\/es\/event\/inauguracion-de-la-exposicion-antoni-tapies-el-movimiento-perpetuo-del-muro\/","name":"Inauguraci\u00f3n de la exposici\u00f3n \"Antoni T\u00e0pies. El movimiento perpetuo del muro\" - Museu T\u00e0pies","isPartOf":{"@id":"https:\/\/museutapies.org\/en\/#website"},"datePublished":"2026-01-29T17:45:29+00:00","dateModified":"2026-02-12T09:29:24+00:00","description":"El proyecto monogr\u00e1fico se adentra en la d\u00e9cada de 1950, un per\u00edodo clave en la trayectoria de Antoni T\u00e0pies.","breadcrumb":{"@id":"https:\/\/museutapies.org\/es\/event\/inauguracion-de-la-exposicion-antoni-tapies-el-movimiento-perpetuo-del-muro\/#breadcrumb"},"inLanguage":"es","potentialAction":[{"@type":"ReadAction","target":["https:\/\/museutapies.org\/es\/event\/inauguracion-de-la-exposicion-antoni-tapies-el-movimiento-perpetuo-del-muro\/"]}]},{"@type":"BreadcrumbList","@id":"https:\/\/museutapies.org\/es\/event\/inauguracion-de-la-exposicion-antoni-tapies-el-movimiento-perpetuo-del-muro\/#breadcrumb","itemListElement":[{"@type":"ListItem","position":1,"name":"Esdeveniments","item":"https:\/\/museutapies.org\/agenda\/"},{"@type":"ListItem","position":2,"name":"Inauguraci\u00f3n de la exposici\u00f3n &#8220;Antoni T\u00e0pies. El movimiento perpetuo del muro&#8221;"}]},{"@type":"WebSite","@id":"https:\/\/museutapies.org\/en\/#website","url":"https:\/\/museutapies.org\/en\/","name":"Museu T\u00e0pies","description":"","publisher":{"@id":"https:\/\/museutapies.org\/en\/#organization"},"potentialAction":[{"@type":"SearchAction","target":{"@type":"EntryPoint","urlTemplate":"https:\/\/museutapies.org\/en\/?s={search_term_string}"},"query-input":"required name=search_term_string"}],"inLanguage":"es"},{"@type":"Organization","@id":"https:\/\/museutapies.org\/en\/#organization","name":"Museu T\u00e0pies","url":"https:\/\/museutapies.org\/en\/","logo":{"@type":"ImageObject","inLanguage":"es","@id":"https:\/\/museutapies.org\/en\/#\/schema\/logo\/image\/","url":"https:\/\/museutapies.org\/wp-content\/uploads\/2024\/07\/mta.png","contentUrl":"https:\/\/museutapies.org\/wp-content\/uploads\/2024\/07\/mta.png","width":244,"height":110,"caption":"Museu T\u00e0pies"},"image":{"@id":"https:\/\/museutapies.org\/en\/#\/schema\/logo\/image\/"},"sameAs":["https:\/\/www.facebook.com\/museutapies","https:\/\/www.instagram.com\/museutapies\/","https:\/\/www.youtube.com\/channel\/UCPi65HBb48RMeoa12lR51cQ","https:\/\/x.com\/MuseuTapies"]}]}},"_links":{"self":[{"href":"https:\/\/museutapies.org\/es\/wp-json\/wp\/v2\/tribe_events\/43725"}],"collection":[{"href":"https:\/\/museutapies.org\/es\/wp-json\/wp\/v2\/tribe_events"}],"about":[{"href":"https:\/\/museutapies.org\/es\/wp-json\/wp\/v2\/types\/tribe_events"}],"author":[{"embeddable":true,"href":"https:\/\/museutapies.org\/es\/wp-json\/wp\/v2\/users\/3"}],"replies":[{"embeddable":true,"href":"https:\/\/museutapies.org\/es\/wp-json\/wp\/v2\/comments?post=43725"}],"version-history":[{"count":3,"href":"https:\/\/museutapies.org\/es\/wp-json\/wp\/v2\/tribe_events\/43725\/revisions"}],"predecessor-version":[{"id":43884,"href":"https:\/\/museutapies.org\/es\/wp-json\/wp\/v2\/tribe_events\/43725\/revisions\/43884"}],"wp:featuredmedia":[{"embeddable":true,"href":"https:\/\/museutapies.org\/es\/wp-json\/wp\/v2\/media\/43589"}],"wp:attachment":[{"href":"https:\/\/museutapies.org\/es\/wp-json\/wp\/v2\/media?parent=43725"}],"wp:term":[{"taxonomy":"post_tag","embeddable":true,"href":"https:\/\/museutapies.org\/es\/wp-json\/wp\/v2\/tags?post=43725"},{"taxonomy":"tribe_events_cat","embeddable":true,"href":"https:\/\/museutapies.org\/es\/wp-json\/wp\/v2\/tribe_events_cat?post=43725"}],"curies":[{"name":"wp","href":"https:\/\/api.w.org\/{rel}","templated":true}]}}