{"id":45703,"date":"2026-04-27T12:13:33","date_gmt":"2026-04-27T10:13:33","guid":{"rendered":"https:\/\/museutapies.org\/?post_type=tribe_events&#038;p=45703"},"modified":"2026-04-27T12:13:33","modified_gmt":"2026-04-27T10:13:33","slug":"la-nit-dels-museus-en-el-museu-tapies","status":"publish","type":"tribe_events","link":"https:\/\/museutapies.org\/es\/event\/la-nit-dels-museus-en-el-museu-tapies\/","title":{"rendered":"&#8220;La Nit dels Museus&#8221; en el Museu T\u00e0pies"},"content":{"rendered":"<p><img loading=\"lazy\" decoding=\"async\" class=\"alignnone size-medium wp-image-45697\" src=\"https:\/\/museutapies.org\/wp-content\/uploads\/2026\/04\/i-sDmsG66-X3-800x534.jpg\" alt=\"\" width=\"800\" height=\"534\" srcset=\"https:\/\/museutapies.org\/wp-content\/uploads\/2026\/04\/i-sDmsG66-X3-800x534.jpg 800w, https:\/\/museutapies.org\/wp-content\/uploads\/2026\/04\/i-sDmsG66-X3-900x600.jpg 900w, https:\/\/museutapies.org\/wp-content\/uploads\/2026\/04\/i-sDmsG66-X3-768x512.jpg 768w, https:\/\/museutapies.org\/wp-content\/uploads\/2026\/04\/i-sDmsG66-X3-1536x1024.jpg 1536w, https:\/\/museutapies.org\/wp-content\/uploads\/2026\/04\/i-sDmsG66-X3-500x333.jpg 500w, https:\/\/museutapies.org\/wp-content\/uploads\/2026\/04\/i-sDmsG66-X3-380x253.jpg 380w, https:\/\/museutapies.org\/wp-content\/uploads\/2026\/04\/i-sDmsG66-X3-600x400.jpg 600w, https:\/\/museutapies.org\/wp-content\/uploads\/2026\/04\/i-sDmsG66-X3.jpg 1600w\" sizes=\"(max-width: 800px) 100vw, 800px\" \/><\/p>\n<p>El Museu T\u00e0pies participa, un a\u00f1o m\u00e1s, en La Nit dels Museus (La Noche de los Museos), en su edici\u00f3n del 16 de mayo de 2026, con puertas abiertas, dos exposiciones, visitas comentadas gratuitas a las muestras y un paisaje sonoro, a cargo del artista Agn\u00e8s Pe.<\/p>\n<p>&nbsp;<\/p>\n<p><span style=\"text-decoration: underline\"><strong>Programa<\/strong><\/span><\/p>\n<p>\u00b7 <strong>Puertas Abiertas:<\/strong> Las personas que visiten el Museu T\u00e0pies el s\u00e1bado, 16 de mayo de 2026, entre las 19.00 h y la 1.00 h, podr\u00e1n disfrutar de las siguientes exposiciones: &#8220;<a href=\"https:\/\/museutapies.org\/es\/exposicio\/antoni-tapies-el-movimiento-perpetuo-del-muro\/\">Antoni T\u00e0pies. El movimiento perpetuo del muro<\/a>&#8221; y &#8220;<a href=\"https:\/\/museutapies.org\/es\/exposicio\/angel-jove-de-intactu\/\">\u00c0ngel Jov\u00e9. De intactu<\/a>&#8220;.<\/p>\n<p>\u00b7 <strong>Visitas comentadas gratuitas a las exposiciones<\/strong>:\u00a0en lengua catalana.A las 20.00 h., a las 21.00 h., a las 22.00 h. ya las 23.00 h. Duraci\u00f3n de cada visita: 45 minutos. | Inscripciones en recepci\u00f3n del museo, seg\u00fan orden de llegada. Aforo limitado.<\/p>\n<p>\u00b7 <strong>Paisaje sonoro<\/strong>, en di\u00e1logo con las exposiciones: A cargo de la artista sonora<strong> Agn\u00e8s Pe<\/strong>. En el Auditorio del Museu T\u00e0pies. Tres pases de 20 minutos: a las 22 h, a las 22.40 hy a las 23.20 h.Actividad gratuita, sin reserva previa y con aforo limitado.<\/p>\n","protected":false},"excerpt":{"rendered":"<p>El Museu T\u00e0pies participa en &#8220;La Noche de los Museos&#8221; 2026 con puertas abiertas, visitas comentadas gratuitas y un paisaje sonoro con Agn\u00e8s Pe.<\/p>\n","protected":false},"author":3,"featured_media":45699,"comment_status":"closed","ping_status":"closed","template":"","meta":{"_tribe_events_status":"","_tribe_events_status_reason":"","_tribe_events_is_hybrid":"","_tribe_events_is_virtual":"","_tribe_events_virtual_video_source":"","_tribe_events_virtual_embed_video":"","_tribe_events_virtual_linked_button_text":"","_tribe_events_virtual_linked_button":"","_tribe_events_virtual_show_embed_at":"","_tribe_events_virtual_show_embed_to":[],"_tribe_events_virtual_show_on_event":"","_tribe_events_virtual_show_on_views":"","_tribe_events_virtual_url":"","footnotes":""},"tags":[],"tribe_events_cat":[],"acf":[],"yoast_head":"<!-- This site is optimized with the Yoast SEO plugin v20.11 - https:\/\/yoast.com\/wordpress\/plugins\/seo\/ -->\n<title>&quot;La Nit dels Museus&quot; en el Museu T\u00e0pies - Museu T\u00e0pies<\/title>\n<meta name=\"description\" content=\"El Museu T\u00e0pies participa en &quot;La Noche de los Museos&quot; con puertas abiertas, visitas comentadas gratuitas y un paisaje sonoro con Agn\u00e8s Pe\" \/>\n<meta name=\"robots\" content=\"index, follow, max-snippet:-1, max-image-preview:large, max-video-preview:-1\" \/>\n<meta property=\"og:locale\" content=\"es_ES\" \/>\n<meta property=\"og:type\" content=\"article\" \/>\n<meta property=\"og:title\" content=\"&quot;La Nit dels Museus&quot; en el Museu T\u00e0pies - Museu T\u00e0pies\" \/>\n<meta property=\"og:description\" content=\"El Museu T\u00e0pies participa en &quot;La Noche de los Museos&quot; con puertas abiertas, visitas comentadas gratuitas y un paisaje sonoro con Agn\u00e8s Pe\" \/>\n<meta property=\"og:url\" content=\"https:\/\/museutapies.org\/es\/event\/la-nit-dels-museus-en-el-museu-tapies\/\" \/>\n<meta property=\"og:site_name\" content=\"Museu T\u00e0pies\" \/>\n<meta property=\"article:publisher\" content=\"https:\/\/www.facebook.com\/museutapies\" \/>\n<meta property=\"og:image\" content=\"https:\/\/museutapies.org\/wp-content\/uploads\/2026\/04\/i-sDmsG66-X3.jpg\" \/>\n\t<meta property=\"og:image:width\" content=\"1600\" \/>\n\t<meta property=\"og:image:height\" content=\"1067\" \/>\n\t<meta property=\"og:image:type\" content=\"image\/jpeg\" \/>\n<meta name=\"twitter:card\" content=\"summary_large_image\" \/>\n<meta name=\"twitter:label1\" content=\"Tiempo de lectura\" \/>\n\t<meta name=\"twitter:data1\" content=\"2 minutos\" \/>\n<script type=\"application\/ld+json\" class=\"yoast-schema-graph\">{\"@context\":\"https:\/\/schema.org\",\"@graph\":[{\"@type\":\"WebPage\",\"@id\":\"https:\/\/museutapies.org\/es\/event\/la-nit-dels-museus-en-el-museu-tapies\/\",\"url\":\"https:\/\/museutapies.org\/es\/event\/la-nit-dels-museus-en-el-museu-tapies\/\",\"name\":\"\\\"La Nit dels Museus\\\" en el Museu T\u00e0pies - Museu T\u00e0pies\",\"isPartOf\":{\"@id\":\"https:\/\/museutapies.org\/en\/#website\"},\"datePublished\":\"2026-04-27T10:13:33+00:00\",\"dateModified\":\"2026-04-27T10:13:33+00:00\",\"description\":\"El Museu T\u00e0pies participa en \\\"La Noche de los Museos\\\" con puertas abiertas, visitas comentadas gratuitas y un paisaje sonoro con Agn\u00e8s Pe\",\"breadcrumb\":{\"@id\":\"https:\/\/museutapies.org\/es\/event\/la-nit-dels-museus-en-el-museu-tapies\/#breadcrumb\"},\"inLanguage\":\"es\",\"potentialAction\":[{\"@type\":\"ReadAction\",\"target\":[\"https:\/\/museutapies.org\/es\/event\/la-nit-dels-museus-en-el-museu-tapies\/\"]}]},{\"@type\":\"BreadcrumbList\",\"@id\":\"https:\/\/museutapies.org\/es\/event\/la-nit-dels-museus-en-el-museu-tapies\/#breadcrumb\",\"itemListElement\":[{\"@type\":\"ListItem\",\"position\":1,\"name\":\"Esdeveniments\",\"item\":\"https:\/\/museutapies.org\/agenda\/\"},{\"@type\":\"ListItem\",\"position\":2,\"name\":\"&#8220;La Nit dels Museus&#8221; en el Museu T\u00e0pies\"}]},{\"@type\":\"WebSite\",\"@id\":\"https:\/\/museutapies.org\/en\/#website\",\"url\":\"https:\/\/museutapies.org\/en\/\",\"name\":\"Museu T\u00e0pies\",\"description\":\"\",\"publisher\":{\"@id\":\"https:\/\/museutapies.org\/en\/#organization\"},\"potentialAction\":[{\"@type\":\"SearchAction\",\"target\":{\"@type\":\"EntryPoint\",\"urlTemplate\":\"https:\/\/museutapies.org\/en\/?s={search_term_string}\"},\"query-input\":\"required name=search_term_string\"}],\"inLanguage\":\"es\"},{\"@type\":\"Organization\",\"@id\":\"https:\/\/museutapies.org\/en\/#organization\",\"name\":\"Museu T\u00e0pies\",\"url\":\"https:\/\/museutapies.org\/en\/\",\"logo\":{\"@type\":\"ImageObject\",\"inLanguage\":\"es\",\"@id\":\"https:\/\/museutapies.org\/en\/#\/schema\/logo\/image\/\",\"url\":\"https:\/\/museutapies.org\/wp-content\/uploads\/2024\/07\/mta.png\",\"contentUrl\":\"https:\/\/museutapies.org\/wp-content\/uploads\/2024\/07\/mta.png\",\"width\":244,\"height\":110,\"caption\":\"Museu T\u00e0pies\"},\"image\":{\"@id\":\"https:\/\/museutapies.org\/en\/#\/schema\/logo\/image\/\"},\"sameAs\":[\"https:\/\/www.facebook.com\/museutapies\",\"https:\/\/www.instagram.com\/museutapies\/\",\"https:\/\/www.youtube.com\/channel\/UCPi65HBb48RMeoa12lR51cQ\",\"https:\/\/x.com\/MuseuTapies\"]}]}<\/script>\n<!-- \/ Yoast SEO plugin. -->","yoast_head_json":{"title":"\"La Nit dels Museus\" en el Museu T\u00e0pies - Museu T\u00e0pies","description":"El Museu T\u00e0pies participa en \"La Noche de los Museos\" con puertas abiertas, visitas comentadas gratuitas y un paisaje sonoro con Agn\u00e8s Pe","robots":{"index":"index","follow":"follow","max-snippet":"max-snippet:-1","max-image-preview":"max-image-preview:large","max-video-preview":"max-video-preview:-1"},"og_locale":"es_ES","og_type":"article","og_title":"\"La Nit dels Museus\" en el Museu T\u00e0pies - Museu T\u00e0pies","og_description":"El Museu T\u00e0pies participa en \"La Noche de los Museos\" con puertas abiertas, visitas comentadas gratuitas y un paisaje sonoro con Agn\u00e8s Pe","og_url":"https:\/\/museutapies.org\/es\/event\/la-nit-dels-museus-en-el-museu-tapies\/","og_site_name":"Museu T\u00e0pies","article_publisher":"https:\/\/www.facebook.com\/museutapies","og_image":[{"width":1600,"height":1067,"url":"https:\/\/museutapies.org\/wp-content\/uploads\/2026\/04\/i-sDmsG66-X3.jpg","type":"image\/jpeg"}],"twitter_card":"summary_large_image","twitter_misc":{"Tiempo de lectura":"2 minutos"},"schema":{"@context":"https:\/\/schema.org","@graph":[{"@type":"WebPage","@id":"https:\/\/museutapies.org\/es\/event\/la-nit-dels-museus-en-el-museu-tapies\/","url":"https:\/\/museutapies.org\/es\/event\/la-nit-dels-museus-en-el-museu-tapies\/","name":"\"La Nit dels Museus\" en el Museu T\u00e0pies - Museu T\u00e0pies","isPartOf":{"@id":"https:\/\/museutapies.org\/en\/#website"},"datePublished":"2026-04-27T10:13:33+00:00","dateModified":"2026-04-27T10:13:33+00:00","description":"El Museu T\u00e0pies participa en \"La Noche de los Museos\" con puertas abiertas, visitas comentadas gratuitas y un paisaje sonoro con Agn\u00e8s Pe","breadcrumb":{"@id":"https:\/\/museutapies.org\/es\/event\/la-nit-dels-museus-en-el-museu-tapies\/#breadcrumb"},"inLanguage":"es","potentialAction":[{"@type":"ReadAction","target":["https:\/\/museutapies.org\/es\/event\/la-nit-dels-museus-en-el-museu-tapies\/"]}]},{"@type":"BreadcrumbList","@id":"https:\/\/museutapies.org\/es\/event\/la-nit-dels-museus-en-el-museu-tapies\/#breadcrumb","itemListElement":[{"@type":"ListItem","position":1,"name":"Esdeveniments","item":"https:\/\/museutapies.org\/agenda\/"},{"@type":"ListItem","position":2,"name":"&#8220;La Nit dels Museus&#8221; en el Museu T\u00e0pies"}]},{"@type":"WebSite","@id":"https:\/\/museutapies.org\/en\/#website","url":"https:\/\/museutapies.org\/en\/","name":"Museu T\u00e0pies","description":"","publisher":{"@id":"https:\/\/museutapies.org\/en\/#organization"},"potentialAction":[{"@type":"SearchAction","target":{"@type":"EntryPoint","urlTemplate":"https:\/\/museutapies.org\/en\/?s={search_term_string}"},"query-input":"required name=search_term_string"}],"inLanguage":"es"},{"@type":"Organization","@id":"https:\/\/museutapies.org\/en\/#organization","name":"Museu T\u00e0pies","url":"https:\/\/museutapies.org\/en\/","logo":{"@type":"ImageObject","inLanguage":"es","@id":"https:\/\/museutapies.org\/en\/#\/schema\/logo\/image\/","url":"https:\/\/museutapies.org\/wp-content\/uploads\/2024\/07\/mta.png","contentUrl":"https:\/\/museutapies.org\/wp-content\/uploads\/2024\/07\/mta.png","width":244,"height":110,"caption":"Museu T\u00e0pies"},"image":{"@id":"https:\/\/museutapies.org\/en\/#\/schema\/logo\/image\/"},"sameAs":["https:\/\/www.facebook.com\/museutapies","https:\/\/www.instagram.com\/museutapies\/","https:\/\/www.youtube.com\/channel\/UCPi65HBb48RMeoa12lR51cQ","https:\/\/x.com\/MuseuTapies"]}]}},"_links":{"self":[{"href":"https:\/\/museutapies.org\/es\/wp-json\/wp\/v2\/tribe_events\/45703"}],"collection":[{"href":"https:\/\/museutapies.org\/es\/wp-json\/wp\/v2\/tribe_events"}],"about":[{"href":"https:\/\/museutapies.org\/es\/wp-json\/wp\/v2\/types\/tribe_events"}],"author":[{"embeddable":true,"href":"https:\/\/museutapies.org\/es\/wp-json\/wp\/v2\/users\/3"}],"replies":[{"embeddable":true,"href":"https:\/\/museutapies.org\/es\/wp-json\/wp\/v2\/comments?post=45703"}],"version-history":[{"count":1,"href":"https:\/\/museutapies.org\/es\/wp-json\/wp\/v2\/tribe_events\/45703\/revisions"}],"predecessor-version":[{"id":45704,"href":"https:\/\/museutapies.org\/es\/wp-json\/wp\/v2\/tribe_events\/45703\/revisions\/45704"}],"wp:featuredmedia":[{"embeddable":true,"href":"https:\/\/museutapies.org\/es\/wp-json\/wp\/v2\/media\/45699"}],"wp:attachment":[{"href":"https:\/\/museutapies.org\/es\/wp-json\/wp\/v2\/media?parent=45703"}],"wp:term":[{"taxonomy":"post_tag","embeddable":true,"href":"https:\/\/museutapies.org\/es\/wp-json\/wp\/v2\/tags?post=45703"},{"taxonomy":"tribe_events_cat","embeddable":true,"href":"https:\/\/museutapies.org\/es\/wp-json\/wp\/v2\/tribe_events_cat?post=45703"}],"curies":[{"name":"wp","href":"https:\/\/api.w.org\/{rel}","templated":true}]}}