{"id":46975,"date":"2026-09-01T12:50:39","date_gmt":"2026-09-01T10:50:39","guid":{"rendered":"https:\/\/museutapies.org\/?post_type=tribe_events&#038;p=46975"},"modified":"2026-09-01T13:34:43","modified_gmt":"2026-09-01T11:34:43","slug":"presentacion-del-programa-de-acciones-para-la-comunidad-educativa-para-el-curso-2026-2027","status":"publish","type":"tribe_events","link":"https:\/\/museutapies.org\/es\/event\/presentacion-del-programa-de-acciones-para-la-comunidad-educativa-para-el-curso-2026-2027\/","title":{"rendered":"Presentaci\u00f3n del programa de acciones para la comunidad educativa para el curso 2026-2027"},"content":{"rendered":"<p><img loading=\"lazy\" decoding=\"async\" class=\"alignnone size-medium wp-image-46969\" src=\"https:\/\/museutapies.org\/wp-content\/uploads\/2026\/09\/MTa-present-curs-26-27-800x593.jpg\" alt=\"\" width=\"800\" height=\"593\" srcset=\"https:\/\/museutapies.org\/wp-content\/uploads\/2026\/09\/MTa-present-curs-26-27-800x593.jpg 800w, https:\/\/museutapies.org\/wp-content\/uploads\/2026\/09\/MTa-present-curs-26-27-900x667.jpg 900w, https:\/\/museutapies.org\/wp-content\/uploads\/2026\/09\/MTa-present-curs-26-27-768x569.jpg 768w, https:\/\/museutapies.org\/wp-content\/uploads\/2026\/09\/MTa-present-curs-26-27-500x371.jpg 500w, https:\/\/museutapies.org\/wp-content\/uploads\/2026\/09\/MTa-present-curs-26-27-380x282.jpg 380w, https:\/\/museutapies.org\/wp-content\/uploads\/2026\/09\/MTa-present-curs-26-27-600x445.jpg 600w, https:\/\/museutapies.org\/wp-content\/uploads\/2026\/09\/MTa-present-curs-26-27.jpg 1000w\" sizes=\"(max-width: 800px) 100vw, 800px\" \/><\/p>\n<p>&nbsp;<\/p>\n<p><span style=\"font-weight: 400\">&#8220;En un mundo sin las artes, \u00bfd\u00f3nde queda la curiosidad? \u00bfD\u00f3nde queda la imaginaci\u00f3n? \u00bfD\u00f3nde queda la humanidad de los humanos?&#8221;<\/span><\/p>\n<p><b>Eul\u00e0lia Bosch<\/b><\/p>\n<p><span style=\"font-weight: 400\">\u00a0<\/span><\/p>\n<p><span style=\"font-weight: 400\">Presentaci\u00f3n del programa de acciones del Museu T\u00e0pies dirigidas a la comunidad educativa para el curso 2026-2027. Iniciaremos la sesi\u00f3n con una charla, a cargo de Lali Bosch, profesora de filosof\u00eda, comisaria de exposiciones, escritora y editora, en torno a la presencia de las artes en la educaci\u00f3n. Seguidamente, explicaremos las distintas propuestas y novedades que ofrecemos para este curso.<\/span><\/p>\n<p><span style=\"font-weight: 400\">Os recordamos que las inscripciones de las actividades para p\u00fablico escolar del curso 2026-2027 ya est\u00e1n abiertas desde el final del curso pasado. En el<\/span><a href=\"https:\/\/museutapies.org\/es\/servei-educatiu\/acciones-en-el-museo\/\">\u00a0<span style=\"font-weight: 400\">web<\/span><\/a><span style=\"font-weight: 400\"> del Museu T\u00e0pies encontrar\u00e1 todas nuestras propuestas y solicitar informaci\u00f3n o hacer reservas en: reserves@museutapies.org.<\/span><\/p>\n<p><span style=\"font-weight: 400\"><strong>Eulalia Bosch<\/strong> (Barcelona, \u200b\u200b1949) inicia su carrera profesional como profesora de filosof\u00eda. En 2000 publica su primer libro <\/span><i><span style=\"font-weight: 400\">El placer de mirar: el museo del visitante<\/span><\/i><span style=\"font-weight: 400\">. Le han seguido <\/span><i><span style=\"font-weight: 400\">\u00bfQui\u00e9n educa a qui\u00e9n? <\/span><\/i><span style=\"font-weight: 400\">y<\/span><span style=\"font-weight: 400\">\u00a0<\/span><i><span style=\"font-weight: 400\">Un lugar llamado escuela, <\/span><\/i><span style=\"font-weight: 400\">entre otros. Desde 1992 idea y organiza las exposiciones de arte contempor\u00e1neo &#8220;Criaturas misteriosas&#8221; y &#8220;La caja m\u00e1gica&#8221;, que la llevan a aceptar la creaci\u00f3n y direcci\u00f3n del Servicio Educativo del MACBA, que inaugur\u00f3 con la exposici\u00f3n &#8220;Ver la luz: Eugenia Balcells&#8221; que, como las anteriores, itiner\u00f3 internacionalmente. La colaboraci\u00f3n con Eug\u00e8nia Balcells se mantiene y con ella ha organizado, entre otros, la exposici\u00f3n Anys Llum, presentada tanto en museos de arte como de ciencia. <\/span><span style=\"font-weight: 400\">Como editora ha publicado libros como <\/span><i><span style=\"font-weight: 400\">Te env\u00edo este rojo cadmio: una correspondencia entre John Berger y John Christie. <\/span><\/i><span style=\"font-weight: 400\">Actualmente centra su inter\u00e9s en proyectos expositivos y en la escritura.<\/span><\/p>\n<p>&nbsp;<\/p>\n<p><span style=\"font-size: 8pt\">[Imagen: Antoni T\u00e0pies. <em>Llinda<\/em>, 1975. Col\u00b7lecci\u00f3 Museu T\u00e0pies, Barcelona. \u00a9 Comissi\u00f3 T\u00e0pies \/ VEGAP, 2026.]<\/span><\/p>\n","protected":false},"excerpt":{"rendered":"<p>La sesi\u00f3n para explicar las propuestas y novedades para este curso se iniciar\u00e1 con una charla a cargo de Lali Bosch, profesora de filosof\u00eda, comisaria de exposiciones, escritora y editora, en torno a la presencia de las artes en la educaci\u00f3n. <\/p>\n","protected":false},"author":207,"featured_media":46969,"comment_status":"closed","ping_status":"closed","template":"","meta":{"_tribe_events_status":"","_tribe_events_status_reason":"","_tribe_events_is_hybrid":"","_tribe_events_is_virtual":"","_tribe_events_virtual_video_source":"","_tribe_events_virtual_embed_video":"","_tribe_events_virtual_linked_button_text":"","_tribe_events_virtual_linked_button":"","_tribe_events_virtual_show_embed_at":"","_tribe_events_virtual_show_embed_to":[],"_tribe_events_virtual_show_on_event":"","_tribe_events_virtual_show_on_views":"","_tribe_events_virtual_url":"","footnotes":""},"tags":[],"tribe_events_cat":[5772],"acf":[],"yoast_head":"<!-- This site is optimized with the Yoast SEO plugin v20.11 - https:\/\/yoast.com\/wordpress\/plugins\/seo\/ -->\n<title>Presentaci\u00f3n del programa de acciones para la comunidad educativa para el curso 2026-2027 - Museu T\u00e0pies<\/title>\n<meta name=\"robots\" content=\"index, follow, max-snippet:-1, max-image-preview:large, max-video-preview:-1\" \/>\n<meta property=\"og:locale\" content=\"es_ES\" \/>\n<meta property=\"og:type\" content=\"article\" \/>\n<meta property=\"og:title\" content=\"Presentaci\u00f3n del programa de acciones para la comunidad educativa para el curso 2026-2027 - Museu T\u00e0pies\" \/>\n<meta property=\"og:description\" content=\"La sesi\u00f3n para explicar las propuestas y novedades para este curso se iniciar\u00e1 con una charla a cargo de Lali Bosch, profesora de filosof\u00eda, comisaria de exposiciones, escritora y editora, en torno a la presencia de las artes en la educaci\u00f3n.\" \/>\n<meta property=\"og:url\" content=\"https:\/\/museutapies.org\/es\/event\/presentacion-del-programa-de-acciones-para-la-comunidad-educativa-para-el-curso-2026-2027\/\" \/>\n<meta property=\"og:site_name\" content=\"Museu T\u00e0pies\" \/>\n<meta property=\"article:publisher\" content=\"https:\/\/www.facebook.com\/museutapies\" \/>\n<meta property=\"article:modified_time\" content=\"2026-09-01T11:34:43+00:00\" \/>\n<meta property=\"og:image\" content=\"https:\/\/museutapies.org\/wp-content\/uploads\/2026\/09\/MTa-present-curs-26-27.jpg\" \/>\n\t<meta property=\"og:image:width\" content=\"1000\" \/>\n\t<meta property=\"og:image:height\" content=\"741\" \/>\n\t<meta property=\"og:image:type\" content=\"image\/jpeg\" \/>\n<meta name=\"twitter:card\" content=\"summary_large_image\" \/>\n<meta name=\"twitter:label1\" content=\"Tiempo de lectura\" \/>\n\t<meta name=\"twitter:data1\" content=\"2 minutos\" \/>\n<script type=\"application\/ld+json\" class=\"yoast-schema-graph\">{\"@context\":\"https:\/\/schema.org\",\"@graph\":[{\"@type\":\"WebPage\",\"@id\":\"https:\/\/museutapies.org\/es\/event\/presentacion-del-programa-de-acciones-para-la-comunidad-educativa-para-el-curso-2026-2027\/\",\"url\":\"https:\/\/museutapies.org\/es\/event\/presentacion-del-programa-de-acciones-para-la-comunidad-educativa-para-el-curso-2026-2027\/\",\"name\":\"Presentaci\u00f3n del programa de acciones para la comunidad educativa para el curso 2026-2027 - Museu T\u00e0pies\",\"isPartOf\":{\"@id\":\"https:\/\/museutapies.org\/en\/#website\"},\"datePublished\":\"2026-09-01T10:50:39+00:00\",\"dateModified\":\"2026-09-01T11:34:43+00:00\",\"breadcrumb\":{\"@id\":\"https:\/\/museutapies.org\/es\/event\/presentacion-del-programa-de-acciones-para-la-comunidad-educativa-para-el-curso-2026-2027\/#breadcrumb\"},\"inLanguage\":\"es\",\"potentialAction\":[{\"@type\":\"ReadAction\",\"target\":[\"https:\/\/museutapies.org\/es\/event\/presentacion-del-programa-de-acciones-para-la-comunidad-educativa-para-el-curso-2026-2027\/\"]}]},{\"@type\":\"BreadcrumbList\",\"@id\":\"https:\/\/museutapies.org\/es\/event\/presentacion-del-programa-de-acciones-para-la-comunidad-educativa-para-el-curso-2026-2027\/#breadcrumb\",\"itemListElement\":[{\"@type\":\"ListItem\",\"position\":1,\"name\":\"Esdeveniments\",\"item\":\"https:\/\/museutapies.org\/agenda\/\"},{\"@type\":\"ListItem\",\"position\":2,\"name\":\"Presentaci\u00f3n del programa de acciones para la comunidad educativa para el curso 2026-2027\"}]},{\"@type\":\"WebSite\",\"@id\":\"https:\/\/museutapies.org\/en\/#website\",\"url\":\"https:\/\/museutapies.org\/en\/\",\"name\":\"Museu T\u00e0pies\",\"description\":\"\",\"publisher\":{\"@id\":\"https:\/\/museutapies.org\/en\/#organization\"},\"potentialAction\":[{\"@type\":\"SearchAction\",\"target\":{\"@type\":\"EntryPoint\",\"urlTemplate\":\"https:\/\/museutapies.org\/en\/?s={search_term_string}\"},\"query-input\":\"required name=search_term_string\"}],\"inLanguage\":\"es\"},{\"@type\":\"Organization\",\"@id\":\"https:\/\/museutapies.org\/en\/#organization\",\"name\":\"Museu T\u00e0pies\",\"url\":\"https:\/\/museutapies.org\/en\/\",\"logo\":{\"@type\":\"ImageObject\",\"inLanguage\":\"es\",\"@id\":\"https:\/\/museutapies.org\/en\/#\/schema\/logo\/image\/\",\"url\":\"https:\/\/museutapies.org\/wp-content\/uploads\/2024\/07\/mta.png\",\"contentUrl\":\"https:\/\/museutapies.org\/wp-content\/uploads\/2024\/07\/mta.png\",\"width\":244,\"height\":110,\"caption\":\"Museu T\u00e0pies\"},\"image\":{\"@id\":\"https:\/\/museutapies.org\/en\/#\/schema\/logo\/image\/\"},\"sameAs\":[\"https:\/\/www.facebook.com\/museutapies\",\"https:\/\/www.instagram.com\/museutapies\/\",\"https:\/\/www.youtube.com\/channel\/UCPi65HBb48RMeoa12lR51cQ\",\"https:\/\/x.com\/MuseuTapies\"]}]}<\/script>\n<!-- \/ Yoast SEO plugin. -->","yoast_head_json":{"title":"Presentaci\u00f3n del programa de acciones para la comunidad educativa para el curso 2026-2027 - Museu T\u00e0pies","robots":{"index":"index","follow":"follow","max-snippet":"max-snippet:-1","max-image-preview":"max-image-preview:large","max-video-preview":"max-video-preview:-1"},"og_locale":"es_ES","og_type":"article","og_title":"Presentaci\u00f3n del programa de acciones para la comunidad educativa para el curso 2026-2027 - Museu T\u00e0pies","og_description":"La sesi\u00f3n para explicar las propuestas y novedades para este curso se iniciar\u00e1 con una charla a cargo de Lali Bosch, profesora de filosof\u00eda, comisaria de exposiciones, escritora y editora, en torno a la presencia de las artes en la educaci\u00f3n.","og_url":"https:\/\/museutapies.org\/es\/event\/presentacion-del-programa-de-acciones-para-la-comunidad-educativa-para-el-curso-2026-2027\/","og_site_name":"Museu T\u00e0pies","article_publisher":"https:\/\/www.facebook.com\/museutapies","article_modified_time":"2026-09-01T11:34:43+00:00","og_image":[{"width":1000,"height":741,"url":"https:\/\/museutapies.org\/wp-content\/uploads\/2026\/09\/MTa-present-curs-26-27.jpg","type":"image\/jpeg"}],"twitter_card":"summary_large_image","twitter_misc":{"Tiempo de lectura":"2 minutos"},"schema":{"@context":"https:\/\/schema.org","@graph":[{"@type":"WebPage","@id":"https:\/\/museutapies.org\/es\/event\/presentacion-del-programa-de-acciones-para-la-comunidad-educativa-para-el-curso-2026-2027\/","url":"https:\/\/museutapies.org\/es\/event\/presentacion-del-programa-de-acciones-para-la-comunidad-educativa-para-el-curso-2026-2027\/","name":"Presentaci\u00f3n del programa de acciones para la comunidad educativa para el curso 2026-2027 - Museu T\u00e0pies","isPartOf":{"@id":"https:\/\/museutapies.org\/en\/#website"},"datePublished":"2026-09-01T10:50:39+00:00","dateModified":"2026-09-01T11:34:43+00:00","breadcrumb":{"@id":"https:\/\/museutapies.org\/es\/event\/presentacion-del-programa-de-acciones-para-la-comunidad-educativa-para-el-curso-2026-2027\/#breadcrumb"},"inLanguage":"es","potentialAction":[{"@type":"ReadAction","target":["https:\/\/museutapies.org\/es\/event\/presentacion-del-programa-de-acciones-para-la-comunidad-educativa-para-el-curso-2026-2027\/"]}]},{"@type":"BreadcrumbList","@id":"https:\/\/museutapies.org\/es\/event\/presentacion-del-programa-de-acciones-para-la-comunidad-educativa-para-el-curso-2026-2027\/#breadcrumb","itemListElement":[{"@type":"ListItem","position":1,"name":"Esdeveniments","item":"https:\/\/museutapies.org\/agenda\/"},{"@type":"ListItem","position":2,"name":"Presentaci\u00f3n del programa de acciones para la comunidad educativa para el curso 2026-2027"}]},{"@type":"WebSite","@id":"https:\/\/museutapies.org\/en\/#website","url":"https:\/\/museutapies.org\/en\/","name":"Museu T\u00e0pies","description":"","publisher":{"@id":"https:\/\/museutapies.org\/en\/#organization"},"potentialAction":[{"@type":"SearchAction","target":{"@type":"EntryPoint","urlTemplate":"https:\/\/museutapies.org\/en\/?s={search_term_string}"},"query-input":"required name=search_term_string"}],"inLanguage":"es"},{"@type":"Organization","@id":"https:\/\/museutapies.org\/en\/#organization","name":"Museu T\u00e0pies","url":"https:\/\/museutapies.org\/en\/","logo":{"@type":"ImageObject","inLanguage":"es","@id":"https:\/\/museutapies.org\/en\/#\/schema\/logo\/image\/","url":"https:\/\/museutapies.org\/wp-content\/uploads\/2024\/07\/mta.png","contentUrl":"https:\/\/museutapies.org\/wp-content\/uploads\/2024\/07\/mta.png","width":244,"height":110,"caption":"Museu T\u00e0pies"},"image":{"@id":"https:\/\/museutapies.org\/en\/#\/schema\/logo\/image\/"},"sameAs":["https:\/\/www.facebook.com\/museutapies","https:\/\/www.instagram.com\/museutapies\/","https:\/\/www.youtube.com\/channel\/UCPi65HBb48RMeoa12lR51cQ","https:\/\/x.com\/MuseuTapies"]}]}},"_links":{"self":[{"href":"https:\/\/museutapies.org\/es\/wp-json\/wp\/v2\/tribe_events\/46975"}],"collection":[{"href":"https:\/\/museutapies.org\/es\/wp-json\/wp\/v2\/tribe_events"}],"about":[{"href":"https:\/\/museutapies.org\/es\/wp-json\/wp\/v2\/types\/tribe_events"}],"author":[{"embeddable":true,"href":"https:\/\/museutapies.org\/es\/wp-json\/wp\/v2\/users\/207"}],"replies":[{"embeddable":true,"href":"https:\/\/museutapies.org\/es\/wp-json\/wp\/v2\/comments?post=46975"}],"version-history":[{"count":2,"href":"https:\/\/museutapies.org\/es\/wp-json\/wp\/v2\/tribe_events\/46975\/revisions"}],"predecessor-version":[{"id":46977,"href":"https:\/\/museutapies.org\/es\/wp-json\/wp\/v2\/tribe_events\/46975\/revisions\/46977"}],"wp:featuredmedia":[{"embeddable":true,"href":"https:\/\/museutapies.org\/es\/wp-json\/wp\/v2\/media\/46969"}],"wp:attachment":[{"href":"https:\/\/museutapies.org\/es\/wp-json\/wp\/v2\/media?parent=46975"}],"wp:term":[{"taxonomy":"post_tag","embeddable":true,"href":"https:\/\/museutapies.org\/es\/wp-json\/wp\/v2\/tags?post=46975"},{"taxonomy":"tribe_events_cat","embeddable":true,"href":"https:\/\/museutapies.org\/es\/wp-json\/wp\/v2\/tribe_events_cat?post=46975"}],"curies":[{"name":"wp","href":"https:\/\/api.w.org\/{rel}","templated":true}]}}